{"id":1005,"date":"2018-11-08T13:56:00","date_gmt":"2018-11-08T13:56:00","guid":{"rendered":"https:\/\/clinicaviher.com\/?page_id=1005"},"modified":"2023-07-27T12:52:28","modified_gmt":"2023-07-27T10:52:28","slug":"addiccio-al-mobil-adolescents","status":"publish","type":"page","link":"https:\/\/clinicaviher.com\/cat\/addiccio-al-mobil-adolescents\/","title":{"rendered":"Addicci\u00f3 al m\u00f2bil"},"content":{"rendered":"\t\t<div data-elementor-type=\"wp-page\" data-elementor-id=\"1005\" class=\"elementor elementor-1005\">\n\t\t\t\t\t\t\t\t\t<section class=\"elementor-section elementor-top-section elementor-element elementor-element-18842283 elementor-section-stretched elementor-section-boxed elementor-section-height-default elementor-section-height-default\" data-id=\"18842283\" data-element_type=\"section\" data-settings=\"{&quot;stretch_section&quot;:&quot;section-stretched&quot;,&quot;background_background&quot;:&quot;classic&quot;}\">\n\t\t\t\t\t\t<div class=\"elementor-container elementor-column-gap-default\">\n\t\t\t\t\t<div class=\"elementor-column elementor-col-100 elementor-top-column elementor-element elementor-element-49f2da74\" data-id=\"49f2da74\" data-element_type=\"column\">\n\t\t\t<div class=\"elementor-widget-wrap elementor-element-populated\">\n\t\t\t\t\t\t\t\t<div class=\"elementor-element elementor-element-2a01c8e3 elementor-widget elementor-widget-heading\" data-id=\"2a01c8e3\" data-element_type=\"widget\" data-widget_type=\"heading.default\">\n\t\t\t\t<div class=\"elementor-widget-container\">\n\t\t\t<style>\/*! elementor - v3.13.3 - 28-05-2023 *\/\n.elementor-heading-title{padding:0;margin:0;line-height:1}.elementor-widget-heading .elementor-heading-title[class*=elementor-size-]>a{color:inherit;font-size:inherit;line-height:inherit}.elementor-widget-heading .elementor-heading-title.elementor-size-small{font-size:15px}.elementor-widget-heading .elementor-heading-title.elementor-size-medium{font-size:19px}.elementor-widget-heading .elementor-heading-title.elementor-size-large{font-size:29px}.elementor-widget-heading .elementor-heading-title.elementor-size-xl{font-size:39px}.elementor-widget-heading .elementor-heading-title.elementor-size-xxl{font-size:59px}<\/style><h1 class=\"elementor-heading-title elementor-size-default\">Nomof\u00f2bia: l'addicci\u00f3 al m\u00f2bil\n<\/h1>\t\t<\/div>\n\t\t\t\t<\/div>\n\t\t\t\t\t<\/div>\n\t\t<\/div>\n\t\t\t\t\t\t\t<\/div>\n\t\t<\/section>\n\t\t\t\t<section class=\"elementor-section elementor-top-section elementor-element elementor-element-459fd902 elementor-section-boxed elementor-section-height-default elementor-section-height-default\" data-id=\"459fd902\" data-element_type=\"section\">\n\t\t\t\t\t\t<div class=\"elementor-container elementor-column-gap-default\">\n\t\t\t\t\t<div class=\"elementor-column elementor-col-100 elementor-top-column elementor-element elementor-element-576d7a2d\" data-id=\"576d7a2d\" data-element_type=\"column\">\n\t\t\t<div class=\"elementor-widget-wrap elementor-element-populated\">\n\t\t\t\t\t\t\t\t<div class=\"elementor-element elementor-element-2b893db7 elementor-widget elementor-widget-text-editor\" data-id=\"2b893db7\" data-element_type=\"widget\" data-widget_type=\"text-editor.default\">\n\t\t\t\t<div class=\"elementor-widget-container\">\n\t\t\t<style>\/*! elementor - v3.13.3 - 28-05-2023 *\/\n.elementor-widget-text-editor.elementor-drop-cap-view-stacked .elementor-drop-cap{background-color:#69727d;color:#fff}.elementor-widget-text-editor.elementor-drop-cap-view-framed .elementor-drop-cap{color:#69727d;border:3px solid;background-color:transparent}.elementor-widget-text-editor:not(.elementor-drop-cap-view-default) .elementor-drop-cap{margin-top:8px}.elementor-widget-text-editor:not(.elementor-drop-cap-view-default) .elementor-drop-cap-letter{width:1em;height:1em}.elementor-widget-text-editor .elementor-drop-cap{float:left;text-align:center;line-height:1;font-size:50px}.elementor-widget-text-editor .elementor-drop-cap-letter{display:inline-block}<\/style>\t\t\t\t<p>Els brit\u00e0nics han encunyat el terme de nomof\u00f2bia per referir &#8211; se a l&#8217;\u00a0<b>addicci\u00f3 al m\u00f2bil\u00a0<\/b>.\u00a0Val a dir que \u00e9s un neologisme i no un diagn\u00f2stic cl\u00ednic.\u00a0Moltes persones es defineixen a si mateixes com a addictes al m\u00f2bil, per\u00f2 conv\u00e9 aclarir que una addicci\u00f3 \u00e9s un diagn\u00f2stic complex que no es limita a passar moltes hores davant de la pantalla del tel\u00e8fon m\u00f2bil.\u00a0Considerem que una persona \u00e9s addicta quan pot controlar sobre l&#8217;\u00fas del m\u00f2bil, quan aquest li comporta problemes en l&#8217;\u00e0mbit personal i familiar i quan hi ha pres\u00e8ncia de s\u00edndrome d&#8217;abstin\u00e8ncia davant la manca de connexi\u00f3.\u00a0El\u00a0<b>tractament addicci\u00f3 Barcelona\u00a0<\/b>apunta a descobrir la\u00a0<b>causa de l&#8217;addicci\u00f3 al m\u00f2bil\u00a0<\/b>\u00a0per resoldre el problema des de l&#8217;arrel.<\/p>\t\t\t\t\t\t<\/div>\n\t\t\t\t<\/div>\n\t\t\t\t<section class=\"elementor-section elementor-inner-section elementor-element elementor-element-6e042df3 elementor-section-content-middle elementor-section-boxed elementor-section-height-default elementor-section-height-default\" data-id=\"6e042df3\" data-element_type=\"section\">\n\t\t\t\t\t\t<div class=\"elementor-container elementor-column-gap-default\">\n\t\t\t\t\t<div class=\"elementor-column elementor-col-50 elementor-inner-column elementor-element elementor-element-6779d911\" data-id=\"6779d911\" data-element_type=\"column\">\n\t\t\t<div class=\"elementor-widget-wrap elementor-element-populated\">\n\t\t\t\t\t\t\t\t<div class=\"elementor-element elementor-element-33ebe401 elementor-widget elementor-widget-heading\" data-id=\"33ebe401\" data-element_type=\"widget\" data-widget_type=\"heading.default\">\n\t\t\t\t<div class=\"elementor-widget-container\">\n\t\t\t<h2 class=\"elementor-heading-title elementor-size-default\">Psic\u00f2legs addicci\u00f3 al m\u00f2bil<\/h2>\t\t<\/div>\n\t\t\t\t<\/div>\n\t\t\t\t<div class=\"elementor-element elementor-element-22b56ffa elementor-widget elementor-widget-text-editor\" data-id=\"22b56ffa\" data-element_type=\"widget\" data-widget_type=\"text-editor.default\">\n\t\t\t\t<div class=\"elementor-widget-container\">\n\t\t\t\t\t\t\t<div class=\"kc-elm kc-css-565452 kc_text_block\"><p><span>Els\u00a0<\/span><b><span>centres de desintoxicaci\u00f3\u00a0<\/span><\/b><span>o les\u00a0<\/span><b><span>cl\u00edniques d&#8217;addiccions\u00a0<\/span><\/b><span>han hagut d&#8217;incloure als programes terap\u00e8utics,\u00a0<\/span><b><span>tractaments per a l&#8217;addicci\u00f3 al m\u00f2bil\u00a0<\/span><\/b><span>o\u00a0<\/span><b><span>psic\u00f2legs addicci\u00f3 al m\u00f2bil\u00a0<\/span><\/b><span>o les noves tecnologies.\u00a0Tot i que encara no estem en el punt de rebre demandes de tractament d&#8217;ingr\u00e9s per a l&#8217;\u00a0<\/span><b><span>addicci\u00f3 al m\u00f2bil\u00a0<\/span><\/b><span>, cada vegada s\u00f3n m\u00e9s freq\u00fcents les consultes a\u00a0<\/span><b><span>psic\u00f2legs especialistes en addiccions\u00a0<\/span><\/b><span>.\u00a0<\/span><b><span>El tractament de l&#8217;addicci\u00f3 al m\u00f2bil\u00a0<\/span><\/b><span>\u00e9s fonamentalment psicol\u00f2gic i consisteix que la persona pugui saber l&#8217;origen del problema, ja que moltes vegades l&#8217;\u00a0<\/span><b><span>addicci\u00f3 al m\u00f2bil\u00a0<\/span><\/b><span>\u00e9s el s\u00edmptoma que no acaba d&#8217;anar b\u00e9.<\/span><\/p><\/div>\t\t\t\t\t\t<\/div>\n\t\t\t\t<\/div>\n\t\t\t\t\t<\/div>\n\t\t<\/div>\n\t\t\t\t<div class=\"elementor-column elementor-col-50 elementor-inner-column elementor-element elementor-element-7e88347c\" data-id=\"7e88347c\" data-element_type=\"column\">\n\t\t\t<div class=\"elementor-widget-wrap elementor-element-populated\">\n\t\t\t\t\t\t\t\t<div class=\"elementor-element elementor-element-66b2ffbc elementor-widget elementor-widget-image\" data-id=\"66b2ffbc\" data-element_type=\"widget\" data-widget_type=\"image.default\">\n\t\t\t\t<div class=\"elementor-widget-container\">\n\t\t\t<style>\/*! elementor - v3.13.3 - 28-05-2023 *\/\n.elementor-widget-image{text-align:center}.elementor-widget-image a{display:inline-block}.elementor-widget-image a img[src$=\".svg\"]{width:48px}.elementor-widget-image img{vertical-align:middle;display:inline-block}<\/style>\t\t\t\t\t\t\t\t\t\t\t\t<img loading=\"lazy\" decoding=\"async\" width=\"1024\" height=\"785\" src=\"https:\/\/clinicaviher.com\/cat\/wp-content\/uploads\/2023\/06\/adiccion-movil-1024x785.webp\" class=\"attachment-large size-large wp-image-1851\" alt=\"adicci\u00f3n a los m\u00f3viles psic\u00f3logos\" srcset=\"https:\/\/clinicaviher.com\/cat\/wp-content\/uploads\/2023\/06\/adiccion-movil-1024x785.webp 1024w, https:\/\/clinicaviher.com\/cat\/wp-content\/uploads\/2023\/06\/adiccion-movil-300x230.webp 300w, https:\/\/clinicaviher.com\/cat\/wp-content\/uploads\/2023\/06\/adiccion-movil-768x589.webp 768w, https:\/\/clinicaviher.com\/cat\/wp-content\/uploads\/2023\/06\/adiccion-movil-600x460.webp 600w, https:\/\/clinicaviher.com\/cat\/wp-content\/uploads\/2023\/06\/adiccion-movil.webp 1160w\" sizes=\"(max-width: 1024px) 100vw, 1024px\" \/>\t\t\t\t\t\t\t\t\t\t\t\t\t\t\t<\/div>\n\t\t\t\t<\/div>\n\t\t\t\t\t<\/div>\n\t\t<\/div>\n\t\t\t\t\t\t\t<\/div>\n\t\t<\/section>\n\t\t\t\t\t<\/div>\n\t\t<\/div>\n\t\t\t\t\t\t\t<\/div>\n\t\t<\/section>\n\t\t\t\t<section class=\"elementor-section elementor-top-section elementor-element elementor-element-3b095125 elementor-section-stretched elementor-section-boxed elementor-section-height-default elementor-section-height-default\" data-id=\"3b095125\" data-element_type=\"section\" data-settings=\"{&quot;stretch_section&quot;:&quot;section-stretched&quot;,&quot;background_background&quot;:&quot;classic&quot;}\">\n\t\t\t\t\t\t<div class=\"elementor-container elementor-column-gap-default\">\n\t\t\t\t\t<div class=\"elementor-column elementor-col-100 elementor-top-column elementor-element elementor-element-69d4f3a4\" data-id=\"69d4f3a4\" data-element_type=\"column\">\n\t\t\t<div class=\"elementor-widget-wrap elementor-element-populated\">\n\t\t\t\t\t\t\t\t<div class=\"elementor-element elementor-element-ed02fed elementor-widget elementor-widget-heading\" data-id=\"ed02fed\" data-element_type=\"widget\" data-widget_type=\"heading.default\">\n\t\t\t\t<div class=\"elementor-widget-container\">\n\t\t\t<h2 class=\"elementor-heading-title elementor-size-default\">Psic\u00f2legs addiccions Barcelona<\/h2>\t\t<\/div>\n\t\t\t\t<\/div>\n\t\t\t\t<div class=\"elementor-element elementor-element-2dac1965 elementor-widget elementor-widget-text-editor\" data-id=\"2dac1965\" data-element_type=\"widget\" data-widget_type=\"text-editor.default\">\n\t\t\t\t<div class=\"elementor-widget-container\">\n\t\t\t\t\t\t\t<p>Hi ha\u00a0<b>psic\u00f2legs addiccions Barcelona\u00a0<\/b>que siguin especialitzats en l&#8217;\u00a0<b>addicci\u00f3 al m\u00f2bil\u00a0<\/b>o en l&#8217;\u00a0<b>addicci\u00f3 a les noves tecnologies\u00a0<\/b>.\u00a0Tot i aix\u00f2, \u00e9s possible adre\u00e7ar-se a un\u00a0<b>psic\u00f2leg d&#8217;addiccions\u00a0<\/b>per demanar un\u00a0<b>tractament per a l&#8217;addicci\u00f3 al m\u00f2bil\u00a0<\/b>, ja que molts aspectes de l&#8217;\u00a0<b>addicci\u00f3 al tel\u00e8fon m\u00f2bil\u00a0<\/b>s\u00f3n comuns amb altres addiccions.\u00a0A\u00a0<b>Cl\u00ednica Viher\u00a0<\/b>som\u00a0<b>experts en psicologia cl\u00ednica\u00a0<\/b>i disposem d&#8217; \u00e0mplia experi\u00e8ncia en el\u00a0<b>tractament psicol\u00f2gic amb adolescents\u00a0<\/b>.\u00a0\u00c9s molt important que els adolescents que es visitaran amb un\u00a0<b>psic\u00f2leg d&#8217;adolescents\u00a0<\/b>o un psicoterapeuta, estableixin un vincle de confian\u00e7a, ja que altrament dif\u00edcilment la ter\u00e0pia funcionar\u00e0.<\/p>\t\t\t\t\t\t<\/div>\n\t\t\t\t<\/div>\n\t\t\t\t\t<\/div>\n\t\t<\/div>\n\t\t\t\t\t\t\t<\/div>\n\t\t<\/section>\n\t\t\t\t<section class=\"elementor-section elementor-top-section elementor-element elementor-element-cf9ead4 elementor-section-boxed elementor-section-height-default elementor-section-height-default\" data-id=\"cf9ead4\" data-element_type=\"section\">\n\t\t\t\t\t\t<div class=\"elementor-container elementor-column-gap-default\">\n\t\t\t\t\t<div class=\"elementor-column elementor-col-100 elementor-top-column elementor-element elementor-element-6e8fa100\" data-id=\"6e8fa100\" data-element_type=\"column\">\n\t\t\t<div class=\"elementor-widget-wrap elementor-element-populated\">\n\t\t\t\t\t\t\t\t<div class=\"elementor-element elementor-element-340c37e4 elementor-widget elementor-widget-heading\" data-id=\"340c37e4\" data-element_type=\"widget\" data-widget_type=\"heading.default\">\n\t\t\t\t<div class=\"elementor-widget-container\">\n\t\t\t<h2 class=\"elementor-heading-title elementor-size-default\">El millor psic\u00f2leg d'adolescents a Barcelona<\/h2>\t\t<\/div>\n\t\t\t\t<\/div>\n\t\t\t\t<div class=\"elementor-element elementor-element-54b9a77 elementor-widget elementor-widget-text-editor\" data-id=\"54b9a77\" data-element_type=\"widget\" data-widget_type=\"text-editor.default\">\n\t\t\t\t<div class=\"elementor-widget-container\">\n\t\t\t\t\t\t\t<p>El millor psic\u00f2leg d&#8217;adolescents a Barcelona \u00e9s aquell que pot establir un bon vincle amb els joves, donant-los confian\u00e7a perqu\u00e8 prenguin la paraula. En aquest sentit, l&#8217;experi\u00e8ncia cl\u00ednica del psic\u00f2leg en el tractament psicol\u00f2gic amb joves \u00e9s molt important. A la ter\u00e0pia amb adolescents \u00e9s molt important individualitzar el tractament, ja que \u00e9s una etapa on justament es posa de manifest una necessitat de ser tractats de manera singular i en tant subjectes. El saber fer del psic\u00f2leg d&#8217;adolescents ser\u00e0 determinant per a l&#8217; \u00e8xit del tractament psicol\u00f2gic per a joves . La fam\u00edlia pot formar part, o no, de la ter\u00e0pia per a adolescents. En cas afirmatiu caldria valorar si es tractaria m\u00e9s d&#8217;una ter\u00e0pia psicol\u00f2gica per a pares o d&#8217;una orientaci\u00f3 a pares .<\/p>\t\t\t\t\t\t<\/div>\n\t\t\t\t<\/div>\n\t\t\t\t\t<\/div>\n\t\t<\/div>\n\t\t\t\t\t\t\t<\/div>\n\t\t<\/section>\n\t\t\t\t<section class=\"elementor-section elementor-top-section elementor-element elementor-element-6abc6db elementor-section-stretched elementor-section-boxed elementor-section-height-default elementor-section-height-default\" data-id=\"6abc6db\" data-element_type=\"section\" data-settings=\"{&quot;stretch_section&quot;:&quot;section-stretched&quot;}\">\n\t\t\t\t\t\t<div class=\"elementor-container elementor-column-gap-default\">\n\t\t\t\t\t<div class=\"elementor-column elementor-col-50 elementor-top-column elementor-element elementor-element-2d702dd9\" data-id=\"2d702dd9\" data-element_type=\"column\">\n\t\t\t<div class=\"elementor-widget-wrap elementor-element-populated\">\n\t\t\t\t\t\t\t\t<div class=\"elementor-element elementor-element-4748d184 elementor-widget elementor-widget-image\" data-id=\"4748d184\" data-element_type=\"widget\" data-widget_type=\"image.default\">\n\t\t\t\t<div class=\"elementor-widget-container\">\n\t\t\t\t\t\t\t\t\t\t\t\t\t\t\t\t<a href=\"\/quienes-somos\/\">\n\t\t\t\t\t\t\t<img loading=\"lazy\" decoding=\"async\" width=\"1400\" height=\"500\" src=\"https:\/\/clinicaviher.com\/cat\/wp-content\/uploads\/2023\/06\/ficha-Sergi.webp\" class=\"attachment-full size-full wp-image-1728\" alt=\"ver ficha de Sergi Vilardell\" srcset=\"https:\/\/clinicaviher.com\/cat\/wp-content\/uploads\/2023\/06\/ficha-Sergi.webp 1400w, https:\/\/clinicaviher.com\/cat\/wp-content\/uploads\/2023\/06\/ficha-Sergi-300x107.webp 300w, https:\/\/clinicaviher.com\/cat\/wp-content\/uploads\/2023\/06\/ficha-Sergi-1024x366.webp 1024w, https:\/\/clinicaviher.com\/cat\/wp-content\/uploads\/2023\/06\/ficha-Sergi-768x274.webp 768w, https:\/\/clinicaviher.com\/cat\/wp-content\/uploads\/2023\/06\/ficha-Sergi-600x214.webp 600w\" sizes=\"(max-width: 1400px) 100vw, 1400px\" \/>\t\t\t\t\t\t\t\t<\/a>\n\t\t\t\t\t\t\t\t\t\t\t\t\t\t\t<\/div>\n\t\t\t\t<\/div>\n\t\t\t\t\t<\/div>\n\t\t<\/div>\n\t\t\t\t<div class=\"elementor-column elementor-col-50 elementor-top-column elementor-element elementor-element-f9e9dfe\" data-id=\"f9e9dfe\" data-element_type=\"column\">\n\t\t\t<div class=\"elementor-widget-wrap elementor-element-populated\">\n\t\t\t\t\t\t\t\t<div class=\"elementor-element elementor-element-3c9a8478 elementor-widget elementor-widget-image\" data-id=\"3c9a8478\" data-element_type=\"widget\" data-widget_type=\"image.default\">\n\t\t\t\t<div class=\"elementor-widget-container\">\n\t\t\t\t\t\t\t\t\t\t\t\t\t\t\t\t<a href=\"\/quienes-somos\/\">\n\t\t\t\t\t\t\t<img loading=\"lazy\" decoding=\"async\" width=\"1400\" height=\"500\" src=\"https:\/\/clinicaviher.com\/cat\/wp-content\/uploads\/2023\/06\/mila-ficha.webp\" class=\"attachment-full size-full wp-image-1729\" alt=\"ver ficha de Mila Herrera\" srcset=\"https:\/\/clinicaviher.com\/cat\/wp-content\/uploads\/2023\/06\/mila-ficha.webp 1400w, https:\/\/clinicaviher.com\/cat\/wp-content\/uploads\/2023\/06\/mila-ficha-300x107.webp 300w, https:\/\/clinicaviher.com\/cat\/wp-content\/uploads\/2023\/06\/mila-ficha-1024x366.webp 1024w, https:\/\/clinicaviher.com\/cat\/wp-content\/uploads\/2023\/06\/mila-ficha-768x274.webp 768w, https:\/\/clinicaviher.com\/cat\/wp-content\/uploads\/2023\/06\/mila-ficha-600x214.webp 600w\" sizes=\"(max-width: 1400px) 100vw, 1400px\" \/>\t\t\t\t\t\t\t\t<\/a>\n\t\t\t\t\t\t\t\t\t\t\t\t\t\t\t<\/div>\n\t\t\t\t<\/div>\n\t\t\t\t\t<\/div>\n\t\t<\/div>\n\t\t\t\t\t\t\t<\/div>\n\t\t<\/section>\n\t\t\t\t\t\t\t<\/div>\n\t\t","protected":false},"excerpt":{"rendered":"<p>Nomof\u00f2bia: l&#8217;addicci\u00f3 al m\u00f2bil Els brit\u00e0nics han encunyat el terme de nomof\u00f2bia per referir &#8211; se a l&#8217;\u00a0addicci\u00f3 al m\u00f2bil\u00a0.\u00a0Val a dir que \u00e9s un neologisme i no un diagn\u00f2stic cl\u00ednic.\u00a0Moltes persones es defineixen a si mateixes com a addictes al m\u00f2bil, per\u00f2 conv\u00e9 aclarir que una addicci\u00f3 \u00e9s un diagn\u00f2stic complex que no es &hellip;<\/p>\n<p class=\"read-more\"> <a class=\"\" href=\"https:\/\/clinicaviher.com\/cat\/addiccio-al-mobil-adolescents\/\"> <span class=\"screen-reader-text\">Addicci\u00f3 al m\u00f2bil<\/span> Leer m\u00e1s &raquo;<\/a><\/p>\n","protected":false},"author":1,"featured_media":0,"parent":0,"menu_order":0,"comment_status":"closed","ping_status":"closed","template":"elementor_header_footer","meta":{"site-sidebar-layout":"default","site-content-layout":"default","ast-global-header-display":"","ast-banner-title-visibility":"","ast-main-header-display":"","ast-hfb-above-header-display":"","ast-hfb-below-header-display":"","ast-hfb-mobile-header-display":"","site-post-title":"","ast-breadcrumbs-content":"","ast-featured-img":"","footer-sml-layout":"","theme-transparent-header-meta":"default","adv-header-id-meta":"","stick-header-meta":"default","header-above-stick-meta":"","header-main-stick-meta":"","header-below-stick-meta":"","footnotes":""},"yoast_head":"<!-- This site is optimized with the Yoast SEO plugin v24.3 - https:\/\/yoast.com\/wordpress\/plugins\/seo\/ -->\n<title>Addicci\u00f3 al m\u00f2bil<\/title>\n<meta name=\"description\" content=\"Tractament addicci\u00f3 Barcelona de la Nomof\u00f2bia: l&#039;addicci\u00f3 al m\u00f2bil en adolescents. El millor psic\u00f2leg d&#039;adolescents a Barcelona\" \/>\n<meta name=\"robots\" content=\"index, follow, max-snippet:-1, max-image-preview:large, max-video-preview:-1\" \/>\n<link rel=\"canonical\" href=\"https:\/\/clinicaviher.com\/cat\/addiccio-al-mobil-adolescents\/\" \/>\n<meta property=\"og:locale\" content=\"es_ES\" \/>\n<meta property=\"og:type\" content=\"article\" \/>\n<meta property=\"og:title\" content=\"Addicci\u00f3 al m\u00f2bil\" \/>\n<meta property=\"og:description\" content=\"Tractament addicci\u00f3 Barcelona de la Nomof\u00f2bia: l&#039;addicci\u00f3 al m\u00f2bil en adolescents. El millor psic\u00f2leg d&#039;adolescents a Barcelona\" \/>\n<meta property=\"og:url\" content=\"https:\/\/clinicaviher.com\/cat\/addiccio-al-mobil-adolescents\/\" \/>\n<meta property=\"og:site_name\" content=\"Cl\u00ednica Viher\" \/>\n<meta property=\"article:modified_time\" content=\"2023-07-27T10:52:28+00:00\" \/>\n<meta property=\"og:image\" content=\"https:\/\/clinicaviher.com\/cat\/wp-content\/uploads\/2023\/06\/adiccion-movil-1024x785.webp\" \/>\n<meta name=\"twitter:card\" content=\"summary_large_image\" \/>\n<meta name=\"twitter:label1\" content=\"Tiempo de lectura\" \/>\n\t<meta name=\"twitter:data1\" content=\"3 minutos\" \/>\n<script type=\"application\/ld+json\" class=\"yoast-schema-graph\">{\"@context\":\"https:\/\/schema.org\",\"@graph\":[{\"@type\":\"WebPage\",\"@id\":\"https:\/\/clinicaviher.com\/cat\/addiccio-al-mobil-adolescents\/\",\"url\":\"https:\/\/clinicaviher.com\/cat\/addiccio-al-mobil-adolescents\/\",\"name\":\"Addicci\u00f3 al m\u00f2bil\",\"isPartOf\":{\"@id\":\"https:\/\/clinicaviher.com\/cat\/#website\"},\"primaryImageOfPage\":{\"@id\":\"https:\/\/clinicaviher.com\/cat\/addiccio-al-mobil-adolescents\/#primaryimage\"},\"image\":{\"@id\":\"https:\/\/clinicaviher.com\/cat\/addiccio-al-mobil-adolescents\/#primaryimage\"},\"thumbnailUrl\":\"https:\/\/clinicaviher.com\/cat\/wp-content\/uploads\/2023\/06\/adiccion-movil-1024x785.webp\",\"datePublished\":\"2018-11-08T13:56:00+00:00\",\"dateModified\":\"2023-07-27T10:52:28+00:00\",\"description\":\"Tractament addicci\u00f3 Barcelona de la Nomof\u00f2bia: l'addicci\u00f3 al m\u00f2bil en adolescents. El millor psic\u00f2leg d'adolescents a Barcelona\",\"breadcrumb\":{\"@id\":\"https:\/\/clinicaviher.com\/cat\/addiccio-al-mobil-adolescents\/#breadcrumb\"},\"inLanguage\":\"es\",\"potentialAction\":[{\"@type\":\"ReadAction\",\"target\":[\"https:\/\/clinicaviher.com\/cat\/addiccio-al-mobil-adolescents\/\"]}]},{\"@type\":\"ImageObject\",\"inLanguage\":\"es\",\"@id\":\"https:\/\/clinicaviher.com\/cat\/addiccio-al-mobil-adolescents\/#primaryimage\",\"url\":\"https:\/\/clinicaviher.com\/cat\/wp-content\/uploads\/2023\/06\/adiccion-movil-1024x785.webp\",\"contentUrl\":\"https:\/\/clinicaviher.com\/cat\/wp-content\/uploads\/2023\/06\/adiccion-movil-1024x785.webp\"},{\"@type\":\"BreadcrumbList\",\"@id\":\"https:\/\/clinicaviher.com\/cat\/addiccio-al-mobil-adolescents\/#breadcrumb\",\"itemListElement\":[{\"@type\":\"ListItem\",\"position\":1,\"name\":\"Portada\",\"item\":\"https:\/\/clinicaviher.com\/cat\/\"},{\"@type\":\"ListItem\",\"position\":2,\"name\":\"Addicci\u00f3 al m\u00f2bil\"}]},{\"@type\":\"WebSite\",\"@id\":\"https:\/\/clinicaviher.com\/cat\/#website\",\"url\":\"https:\/\/clinicaviher.com\/cat\/\",\"name\":\"Cl\u00ednica Viher\",\"description\":\"Si buscas un psic\u00f3logo en Barcelona, contamos con algunos de los mejores profesionales en psicolog\u00eda, psicoterapia y psicoan\u00e1lisis\",\"publisher\":{\"@id\":\"https:\/\/clinicaviher.com\/cat\/#organization\"},\"potentialAction\":[{\"@type\":\"SearchAction\",\"target\":{\"@type\":\"EntryPoint\",\"urlTemplate\":\"https:\/\/clinicaviher.com\/cat\/?s={search_term_string}\"},\"query-input\":{\"@type\":\"PropertyValueSpecification\",\"valueRequired\":true,\"valueName\":\"search_term_string\"}}],\"inLanguage\":\"es\"},{\"@type\":\"Organization\",\"@id\":\"https:\/\/clinicaviher.com\/cat\/#organization\",\"name\":\"Cl\u00ednica Viher\",\"url\":\"https:\/\/clinicaviher.com\/cat\/\",\"logo\":{\"@type\":\"ImageObject\",\"inLanguage\":\"es\",\"@id\":\"https:\/\/clinicaviher.com\/cat\/#\/schema\/logo\/image\/\",\"url\":\"https:\/\/clinicaviher.com\/cat\/wp-content\/uploads\/2019\/02\/logoviher-new-web.png\",\"contentUrl\":\"https:\/\/clinicaviher.com\/cat\/wp-content\/uploads\/2019\/02\/logoviher-new-web.png\",\"width\":240,\"height\":52,\"caption\":\"Cl\u00ednica Viher\"},\"image\":{\"@id\":\"https:\/\/clinicaviher.com\/cat\/#\/schema\/logo\/image\/\"}}]}<\/script>\n<!-- \/ Yoast SEO plugin. -->","yoast_head_json":{"title":"Addicci\u00f3 al m\u00f2bil","description":"Tractament addicci\u00f3 Barcelona de la Nomof\u00f2bia: l'addicci\u00f3 al m\u00f2bil en adolescents. El millor psic\u00f2leg d'adolescents a Barcelona","robots":{"index":"index","follow":"follow","max-snippet":"max-snippet:-1","max-image-preview":"max-image-preview:large","max-video-preview":"max-video-preview:-1"},"canonical":"https:\/\/clinicaviher.com\/cat\/addiccio-al-mobil-adolescents\/","og_locale":"es_ES","og_type":"article","og_title":"Addicci\u00f3 al m\u00f2bil","og_description":"Tractament addicci\u00f3 Barcelona de la Nomof\u00f2bia: l'addicci\u00f3 al m\u00f2bil en adolescents. El millor psic\u00f2leg d'adolescents a Barcelona","og_url":"https:\/\/clinicaviher.com\/cat\/addiccio-al-mobil-adolescents\/","og_site_name":"Cl\u00ednica Viher","article_modified_time":"2023-07-27T10:52:28+00:00","og_image":[{"url":"https:\/\/clinicaviher.com\/cat\/wp-content\/uploads\/2023\/06\/adiccion-movil-1024x785.webp","type":"","width":"","height":""}],"twitter_card":"summary_large_image","twitter_misc":{"Tiempo de lectura":"3 minutos"},"schema":{"@context":"https:\/\/schema.org","@graph":[{"@type":"WebPage","@id":"https:\/\/clinicaviher.com\/cat\/addiccio-al-mobil-adolescents\/","url":"https:\/\/clinicaviher.com\/cat\/addiccio-al-mobil-adolescents\/","name":"Addicci\u00f3 al m\u00f2bil","isPartOf":{"@id":"https:\/\/clinicaviher.com\/cat\/#website"},"primaryImageOfPage":{"@id":"https:\/\/clinicaviher.com\/cat\/addiccio-al-mobil-adolescents\/#primaryimage"},"image":{"@id":"https:\/\/clinicaviher.com\/cat\/addiccio-al-mobil-adolescents\/#primaryimage"},"thumbnailUrl":"https:\/\/clinicaviher.com\/cat\/wp-content\/uploads\/2023\/06\/adiccion-movil-1024x785.webp","datePublished":"2018-11-08T13:56:00+00:00","dateModified":"2023-07-27T10:52:28+00:00","description":"Tractament addicci\u00f3 Barcelona de la Nomof\u00f2bia: l'addicci\u00f3 al m\u00f2bil en adolescents. El millor psic\u00f2leg d'adolescents a Barcelona","breadcrumb":{"@id":"https:\/\/clinicaviher.com\/cat\/addiccio-al-mobil-adolescents\/#breadcrumb"},"inLanguage":"es","potentialAction":[{"@type":"ReadAction","target":["https:\/\/clinicaviher.com\/cat\/addiccio-al-mobil-adolescents\/"]}]},{"@type":"ImageObject","inLanguage":"es","@id":"https:\/\/clinicaviher.com\/cat\/addiccio-al-mobil-adolescents\/#primaryimage","url":"https:\/\/clinicaviher.com\/cat\/wp-content\/uploads\/2023\/06\/adiccion-movil-1024x785.webp","contentUrl":"https:\/\/clinicaviher.com\/cat\/wp-content\/uploads\/2023\/06\/adiccion-movil-1024x785.webp"},{"@type":"BreadcrumbList","@id":"https:\/\/clinicaviher.com\/cat\/addiccio-al-mobil-adolescents\/#breadcrumb","itemListElement":[{"@type":"ListItem","position":1,"name":"Portada","item":"https:\/\/clinicaviher.com\/cat\/"},{"@type":"ListItem","position":2,"name":"Addicci\u00f3 al m\u00f2bil"}]},{"@type":"WebSite","@id":"https:\/\/clinicaviher.com\/cat\/#website","url":"https:\/\/clinicaviher.com\/cat\/","name":"Cl\u00ednica Viher","description":"Si buscas un psic\u00f3logo en Barcelona, contamos con algunos de los mejores profesionales en psicolog\u00eda, psicoterapia y psicoan\u00e1lisis","publisher":{"@id":"https:\/\/clinicaviher.com\/cat\/#organization"},"potentialAction":[{"@type":"SearchAction","target":{"@type":"EntryPoint","urlTemplate":"https:\/\/clinicaviher.com\/cat\/?s={search_term_string}"},"query-input":{"@type":"PropertyValueSpecification","valueRequired":true,"valueName":"search_term_string"}}],"inLanguage":"es"},{"@type":"Organization","@id":"https:\/\/clinicaviher.com\/cat\/#organization","name":"Cl\u00ednica Viher","url":"https:\/\/clinicaviher.com\/cat\/","logo":{"@type":"ImageObject","inLanguage":"es","@id":"https:\/\/clinicaviher.com\/cat\/#\/schema\/logo\/image\/","url":"https:\/\/clinicaviher.com\/cat\/wp-content\/uploads\/2019\/02\/logoviher-new-web.png","contentUrl":"https:\/\/clinicaviher.com\/cat\/wp-content\/uploads\/2019\/02\/logoviher-new-web.png","width":240,"height":52,"caption":"Cl\u00ednica Viher"},"image":{"@id":"https:\/\/clinicaviher.com\/cat\/#\/schema\/logo\/image\/"}}]}},"_links":{"self":[{"href":"https:\/\/clinicaviher.com\/cat\/wp-json\/wp\/v2\/pages\/1005"}],"collection":[{"href":"https:\/\/clinicaviher.com\/cat\/wp-json\/wp\/v2\/pages"}],"about":[{"href":"https:\/\/clinicaviher.com\/cat\/wp-json\/wp\/v2\/types\/page"}],"author":[{"embeddable":true,"href":"https:\/\/clinicaviher.com\/cat\/wp-json\/wp\/v2\/users\/1"}],"replies":[{"embeddable":true,"href":"https:\/\/clinicaviher.com\/cat\/wp-json\/wp\/v2\/comments?post=1005"}],"version-history":[{"count":20,"href":"https:\/\/clinicaviher.com\/cat\/wp-json\/wp\/v2\/pages\/1005\/revisions"}],"predecessor-version":[{"id":2570,"href":"https:\/\/clinicaviher.com\/cat\/wp-json\/wp\/v2\/pages\/1005\/revisions\/2570"}],"wp:attachment":[{"href":"https:\/\/clinicaviher.com\/cat\/wp-json\/wp\/v2\/media?parent=1005"}],"curies":[{"name":"wp","href":"https:\/\/api.w.org\/{rel}","templated":true}]}}