{"id":1008,"date":"2018-11-08T14:09:21","date_gmt":"2018-11-08T14:09:21","guid":{"rendered":"https:\/\/clinicaviher.com\/?page_id=1008"},"modified":"2023-07-27T12:55:00","modified_gmt":"2023-07-27T10:55:00","slug":"agressivitat-adolescents","status":"publish","type":"page","link":"https:\/\/clinicaviher.com\/cat\/agressivitat-adolescents\/","title":{"rendered":"Agressivitat"},"content":{"rendered":"\t\t<div data-elementor-type=\"wp-page\" data-elementor-id=\"1008\" class=\"elementor elementor-1008\">\n\t\t\t\t\t\t\t\t\t<section class=\"elementor-section elementor-top-section elementor-element elementor-element-51045497 elementor-section-stretched elementor-section-boxed elementor-section-height-default elementor-section-height-default\" data-id=\"51045497\" data-element_type=\"section\" data-settings=\"{&quot;stretch_section&quot;:&quot;section-stretched&quot;,&quot;background_background&quot;:&quot;classic&quot;}\">\n\t\t\t\t\t\t<div class=\"elementor-container elementor-column-gap-default\">\n\t\t\t\t\t<div class=\"elementor-column elementor-col-100 elementor-top-column elementor-element elementor-element-57be7f9f\" data-id=\"57be7f9f\" data-element_type=\"column\">\n\t\t\t<div class=\"elementor-widget-wrap elementor-element-populated\">\n\t\t\t\t\t\t\t\t<div class=\"elementor-element elementor-element-5d950343 elementor-widget elementor-widget-heading\" data-id=\"5d950343\" data-element_type=\"widget\" data-widget_type=\"heading.default\">\n\t\t\t\t<div class=\"elementor-widget-container\">\n\t\t\t<style>\/*! elementor - v3.13.3 - 28-05-2023 *\/\n.elementor-heading-title{padding:0;margin:0;line-height:1}.elementor-widget-heading .elementor-heading-title[class*=elementor-size-]>a{color:inherit;font-size:inherit;line-height:inherit}.elementor-widget-heading .elementor-heading-title.elementor-size-small{font-size:15px}.elementor-widget-heading .elementor-heading-title.elementor-size-medium{font-size:19px}.elementor-widget-heading .elementor-heading-title.elementor-size-large{font-size:29px}.elementor-widget-heading .elementor-heading-title.elementor-size-xl{font-size:39px}.elementor-widget-heading .elementor-heading-title.elementor-size-xxl{font-size:59px}<\/style><h1 class=\"elementor-heading-title elementor-size-default\">Tractament agressivitat adolescents\n<\/h1>\t\t<\/div>\n\t\t\t\t<\/div>\n\t\t\t\t\t<\/div>\n\t\t<\/div>\n\t\t\t\t\t\t\t<\/div>\n\t\t<\/section>\n\t\t\t\t<section class=\"elementor-section elementor-top-section elementor-element elementor-element-771f474 elementor-section-boxed elementor-section-height-default elementor-section-height-default\" data-id=\"771f474\" data-element_type=\"section\">\n\t\t\t\t\t\t<div class=\"elementor-container elementor-column-gap-default\">\n\t\t\t\t\t<div class=\"elementor-column elementor-col-100 elementor-top-column elementor-element elementor-element-1f71619d\" data-id=\"1f71619d\" data-element_type=\"column\">\n\t\t\t<div class=\"elementor-widget-wrap elementor-element-populated\">\n\t\t\t\t\t\t\t\t<div class=\"elementor-element elementor-element-e845060 elementor-widget elementor-widget-text-editor\" data-id=\"e845060\" data-element_type=\"widget\" data-widget_type=\"text-editor.default\">\n\t\t\t\t<div class=\"elementor-widget-container\">\n\t\t\t<style>\/*! elementor - v3.13.3 - 28-05-2023 *\/\n.elementor-widget-text-editor.elementor-drop-cap-view-stacked .elementor-drop-cap{background-color:#69727d;color:#fff}.elementor-widget-text-editor.elementor-drop-cap-view-framed .elementor-drop-cap{color:#69727d;border:3px solid;background-color:transparent}.elementor-widget-text-editor:not(.elementor-drop-cap-view-default) .elementor-drop-cap{margin-top:8px}.elementor-widget-text-editor:not(.elementor-drop-cap-view-default) .elementor-drop-cap-letter{width:1em;height:1em}.elementor-widget-text-editor .elementor-drop-cap{float:left;text-align:center;line-height:1;font-size:50px}.elementor-widget-text-editor .elementor-drop-cap-letter{display:inline-block}<\/style>\t\t\t\t<p>L&#8217;agressivitat no \u00e9s un trastorn per se, fins i tot sabem que pot tenir naturalesa instintiva i adaptativa.\u00a0Tot i aix\u00f2, quan l&#8217;agressivitat sobrepassa certs l\u00edmits i es converteix en viol\u00e8ncia f\u00edsica o verbal, la situaci\u00f3 \u00e9s una altra.\u00a0Els adolescents poden mostrar conductes agressives o violentes per molts motius, alguns de recollits i tipificats en el marc d&#8217;alguns trastorns de la personalitat.\u00a0Altres vegades, en canvi, es tracta de respostes que tenen a veure amb aspectes inconscients o emocionals no resolts.\u00a0En qualsevol daquests casos, el\u00a0<b>tractament agressivitat adolescents\u00a0<\/b>pot estar indicat.\u00a0Consulti&#8217;ns sense comprom\u00eds.<\/p>\t\t\t\t\t\t<\/div>\n\t\t\t\t<\/div>\n\t\t\t\t<section class=\"elementor-section elementor-inner-section elementor-element elementor-element-1dd2ca48 elementor-section-content-middle elementor-section-boxed elementor-section-height-default elementor-section-height-default\" data-id=\"1dd2ca48\" data-element_type=\"section\">\n\t\t\t\t\t\t<div class=\"elementor-container elementor-column-gap-default\">\n\t\t\t\t\t<div class=\"elementor-column elementor-col-50 elementor-inner-column elementor-element elementor-element-5615ffed\" data-id=\"5615ffed\" data-element_type=\"column\">\n\t\t\t<div class=\"elementor-widget-wrap elementor-element-populated\">\n\t\t\t\t\t\t\t\t<div class=\"elementor-element elementor-element-300e8f3c elementor-widget elementor-widget-heading\" data-id=\"300e8f3c\" data-element_type=\"widget\" data-widget_type=\"heading.default\">\n\t\t\t\t<div class=\"elementor-widget-container\">\n\t\t\t<h2 class=\"elementor-heading-title elementor-size-default\">Psic\u00f2legs adolescents rebels<\/h2>\t\t<\/div>\n\t\t\t\t<\/div>\n\t\t\t\t<div class=\"elementor-element elementor-element-54118152 elementor-widget elementor-widget-text-editor\" data-id=\"54118152\" data-element_type=\"widget\" data-widget_type=\"text-editor.default\">\n\t\t\t\t<div class=\"elementor-widget-container\">\n\t\t\t\t\t\t\t<p><span>Descobrir la causa que desencadena l&#8217;agressivitat \u00e9s una part molt important en el\u00a0<\/span><b><span>tractament psicol\u00f2gic amb adolescents\u00a0<\/span><\/b><span>.\u00a0Si b\u00e9 \u00e9s important que el jove pugui trobar altres vies per expressar-se, \u00e9s igualment important descobrir a qu\u00e8 respon aquestes manifestacions.\u00a0Els adolescents no sempre disposen dels recursos suficients per expressar amb paraules alguna cosa referent als seus conflictes interns, cosa que provoca que trobin una sortida a trav\u00e9s dels seus actes.\u00a0En aquests casos, consultar amb\u00a0<\/span><b><span>psic\u00f2leg adoelscents Barcelona\u00a0<\/span><\/b><span>pot ser el primer pas per solucionar el problema.<\/span><\/p>\t\t\t\t\t\t<\/div>\n\t\t\t\t<\/div>\n\t\t\t\t\t<\/div>\n\t\t<\/div>\n\t\t\t\t<div class=\"elementor-column elementor-col-50 elementor-inner-column elementor-element elementor-element-5705c2ea\" data-id=\"5705c2ea\" data-element_type=\"column\">\n\t\t\t<div class=\"elementor-widget-wrap elementor-element-populated\">\n\t\t\t\t\t\t\t\t<div class=\"elementor-element elementor-element-455d7c3d elementor-widget elementor-widget-image\" data-id=\"455d7c3d\" data-element_type=\"widget\" data-widget_type=\"image.default\">\n\t\t\t\t<div class=\"elementor-widget-container\">\n\t\t\t<style>\/*! elementor - v3.13.3 - 28-05-2023 *\/\n.elementor-widget-image{text-align:center}.elementor-widget-image a{display:inline-block}.elementor-widget-image a img[src$=\".svg\"]{width:48px}.elementor-widget-image img{vertical-align:middle;display:inline-block}<\/style>\t\t\t\t\t\t\t\t\t\t\t\t<img loading=\"lazy\" decoding=\"async\" width=\"1024\" height=\"742\" src=\"https:\/\/clinicaviher.com\/cat\/wp-content\/uploads\/2023\/06\/agresividad-adolescentes-1024x742.webp\" class=\"attachment-large size-large wp-image-1859\" alt=\"agresividad en adolescentes\" srcset=\"https:\/\/clinicaviher.com\/cat\/wp-content\/uploads\/2023\/06\/agresividad-adolescentes-1024x742.webp 1024w, https:\/\/clinicaviher.com\/cat\/wp-content\/uploads\/2023\/06\/agresividad-adolescentes-300x217.webp 300w, https:\/\/clinicaviher.com\/cat\/wp-content\/uploads\/2023\/06\/agresividad-adolescentes-768x557.webp 768w, https:\/\/clinicaviher.com\/cat\/wp-content\/uploads\/2023\/06\/agresividad-adolescentes-600x435.webp 600w, https:\/\/clinicaviher.com\/cat\/wp-content\/uploads\/2023\/06\/agresividad-adolescentes.webp 1340w\" sizes=\"(max-width: 1024px) 100vw, 1024px\" \/>\t\t\t\t\t\t\t\t\t\t\t\t\t\t\t<\/div>\n\t\t\t\t<\/div>\n\t\t\t\t\t<\/div>\n\t\t<\/div>\n\t\t\t\t\t\t\t<\/div>\n\t\t<\/section>\n\t\t\t\t\t<\/div>\n\t\t<\/div>\n\t\t\t\t\t\t\t<\/div>\n\t\t<\/section>\n\t\t\t\t<section class=\"elementor-section elementor-top-section elementor-element elementor-element-38ef4365 elementor-section-stretched elementor-section-boxed elementor-section-height-default elementor-section-height-default\" data-id=\"38ef4365\" data-element_type=\"section\" data-settings=\"{&quot;stretch_section&quot;:&quot;section-stretched&quot;,&quot;background_background&quot;:&quot;classic&quot;}\">\n\t\t\t\t\t\t<div class=\"elementor-container elementor-column-gap-default\">\n\t\t\t\t\t<div class=\"elementor-column elementor-col-100 elementor-top-column elementor-element elementor-element-4b2aa43\" data-id=\"4b2aa43\" data-element_type=\"column\">\n\t\t\t<div class=\"elementor-widget-wrap elementor-element-populated\">\n\t\t\t\t\t\t\t\t<div class=\"elementor-element elementor-element-4a24408a elementor-widget elementor-widget-heading\" data-id=\"4a24408a\" data-element_type=\"widget\" data-widget_type=\"heading.default\">\n\t\t\t\t<div class=\"elementor-widget-container\">\n\t\t\t<h2 class=\"elementor-heading-title elementor-size-default\">Psic\u00f2leg adolescents\n<\/h2>\t\t<\/div>\n\t\t\t\t<\/div>\n\t\t\t\t<div class=\"elementor-element elementor-element-4490f66d elementor-widget elementor-widget-text-editor\" data-id=\"4490f66d\" data-element_type=\"widget\" data-widget_type=\"text-editor.default\">\n\t\t\t\t<div class=\"elementor-widget-container\">\n\t\t\t\t\t\t\t<p><span>Est\u00e0 buscant\u00a0<\/span><b><span>psic\u00f2legs per a joves\u00a0<\/span><\/b><span>i per aix\u00f2 ha arribat fins a\u00a0<\/span><b><span>Clinica Viher\u00a0<\/span><\/b><span>?\u00a0Est\u00e0 buscant un\u00a0<\/span><b><span>psic\u00f2leg per a adolescents rebels\u00a0<\/span><\/b><span>?\u00a0El vostre fill o filla s&#8217;ha tornat agressiu, impulsiu o violent en entrar a l&#8217;adolesc\u00e8ncia?\u00a0A\u00a0<\/span><b><span>Cl\u00ednica Viher\u00a0<\/span><\/b><span>som\u00a0<\/span><b><span>especialistes ter\u00e0pia per a adolescents\u00a0<\/span><\/b><span>.\u00a0Consulti&#8217;ns sense comprom\u00eds, ser\u00e0 at\u00e8s per un\u00a0<\/span><b><span>psic\u00f2leg especialista en adolescents\u00a0<\/span><\/b><span>des de la primera trucada.<\/span><\/p>\t\t\t\t\t\t<\/div>\n\t\t\t\t<\/div>\n\t\t\t\t<div class=\"elementor-element elementor-element-a62c629 elementor-widget elementor-widget-heading\" data-id=\"a62c629\" data-element_type=\"widget\" data-widget_type=\"heading.default\">\n\t\t\t\t<div class=\"elementor-widget-container\">\n\t\t\t<h2 class=\"elementor-heading-title elementor-size-default\">Psicologia per a un adolescent\n<\/h2>\t\t<\/div>\n\t\t\t\t<\/div>\n\t\t\t\t<div class=\"elementor-element elementor-element-134c5d8 elementor-widget elementor-widget-text-editor\" data-id=\"134c5d8\" data-element_type=\"widget\" data-widget_type=\"text-editor.default\">\n\t\t\t\t<div class=\"elementor-widget-container\">\n\t\t\t\t\t\t\t<p><span>L&#8217;adolesc\u00e8ncia pot ser un per\u00edode complicat i complex, especialment si l&#8217;adolescent no elabora correctament els canvis profunds que tenen lloc al llarg d&#8217;aquesta etapa vital.\u00a0Si est\u00e0s passant per un moment personal complicat, consultar un\u00a0<\/span><b><span>psic\u00f2leg d&#8217;adolescents\u00a0<\/span><\/b><span>pot ser el primer pas per revertir la situaci\u00f3.\u00a0A\u00a0<\/span><b><span>Cl\u00ednica Viher\u00a0<\/span><\/b><span>comptem amb un equip de\u00a0<\/span><b><span>psic\u00f2legs especialistes en adolescents\u00a0<\/span><\/b><span>amb \u00e0mplia experi\u00e8ncia professional.<\/span><\/p>\t\t\t\t\t\t<\/div>\n\t\t\t\t<\/div>\n\t\t\t\t\t<\/div>\n\t\t<\/div>\n\t\t\t\t\t\t\t<\/div>\n\t\t<\/section>\n\t\t\t\t<section class=\"elementor-section elementor-top-section elementor-element elementor-element-621edc42 elementor-section-boxed elementor-section-height-default elementor-section-height-default\" data-id=\"621edc42\" data-element_type=\"section\">\n\t\t\t\t\t\t<div class=\"elementor-container elementor-column-gap-default\">\n\t\t\t\t\t<div class=\"elementor-column elementor-col-100 elementor-top-column elementor-element elementor-element-5fb78456\" data-id=\"5fb78456\" data-element_type=\"column\">\n\t\t\t<div class=\"elementor-widget-wrap elementor-element-populated\">\n\t\t\t\t\t\t\t\t<div class=\"elementor-element elementor-element-5d4da0bd elementor-widget elementor-widget-heading\" data-id=\"5d4da0bd\" data-element_type=\"widget\" data-widget_type=\"heading.default\">\n\t\t\t\t<div class=\"elementor-widget-container\">\n\t\t\t<h2 class=\"elementor-heading-title elementor-size-default\">Psic\u00f2leg per a pares: l'assessorament als pares\n<\/h2>\t\t<\/div>\n\t\t\t\t<\/div>\n\t\t\t\t<div class=\"elementor-element elementor-element-6edbfee5 elementor-widget elementor-widget-text-editor\" data-id=\"6edbfee5\" data-element_type=\"widget\" data-widget_type=\"text-editor.default\">\n\t\t\t\t<div class=\"elementor-widget-container\">\n\t\t\t\t\t\t\t<div class=\"kc-elm kc-css-3751822 kc_text_block\">\n<p><span>Els pares es poden veure desbordats davant d&#8217;aquest tipus de problemes.&nbsp;No \u00e9s f\u00e0cil saber com actuar davant dels problemes psicol\u00f2gics i conductuals d&#8217;un fill adolescent.&nbsp;Per aix\u00f2, orientar els pares pot ser clau per millorar el problema del vostre fill o filla.&nbsp;A&nbsp;<\/span><b><span>Cl\u00ednica Viher&nbsp;<\/span><\/b><span>apostem per la individualitzaci\u00f3 del tractament en funci\u00f3 de les singularitats de cada cas en particular.&nbsp;Podeu consultar amb els nostres&nbsp;<\/span><b><span>psic\u00f2legs per a pares&nbsp;<\/span><\/b><span>i fer una primera entrevista de valoraci\u00f3.<\/span><\/p>\n<\/div>\t\t\t\t\t\t<\/div>\n\t\t\t\t<\/div>\n\t\t\t\t<div class=\"elementor-element elementor-element-1cec0ed1 elementor-widget elementor-widget-heading\" data-id=\"1cec0ed1\" data-element_type=\"widget\" data-widget_type=\"heading.default\">\n\t\t\t\t<div class=\"elementor-widget-container\">\n\t\t\t<h2 class=\"elementor-heading-title elementor-size-default\">Psicoter\u00e0pia per a joves rebels<\/h2>\t\t<\/div>\n\t\t\t\t<\/div>\n\t\t\t\t<section class=\"elementor-section elementor-inner-section elementor-element elementor-element-34406c34 elementor-section-content-middle elementor-section-boxed elementor-section-height-default elementor-section-height-default\" data-id=\"34406c34\" data-element_type=\"section\">\n\t\t\t\t\t\t<div class=\"elementor-container elementor-column-gap-default\">\n\t\t\t\t\t<div class=\"elementor-column elementor-col-50 elementor-inner-column elementor-element elementor-element-23456c5f\" data-id=\"23456c5f\" data-element_type=\"column\">\n\t\t\t<div class=\"elementor-widget-wrap elementor-element-populated\">\n\t\t\t\t\t\t\t\t<div class=\"elementor-element elementor-element-5128d95a elementor-widget elementor-widget-image\" data-id=\"5128d95a\" data-element_type=\"widget\" data-widget_type=\"image.default\">\n\t\t\t\t<div class=\"elementor-widget-container\">\n\t\t\t\t\t\t\t\t\t\t\t\t\t\t\t<img loading=\"lazy\" decoding=\"async\" width=\"823\" height=\"543\" src=\"https:\/\/clinicaviher.com\/cat\/wp-content\/uploads\/2023\/06\/jovenes-rebeldes.png\" class=\"attachment-large size-large wp-image-1860\" alt=\"jovenes rebeldes\" srcset=\"https:\/\/clinicaviher.com\/cat\/wp-content\/uploads\/2023\/06\/jovenes-rebeldes.png 823w, https:\/\/clinicaviher.com\/cat\/wp-content\/uploads\/2023\/06\/jovenes-rebeldes-300x198.png 300w, https:\/\/clinicaviher.com\/cat\/wp-content\/uploads\/2023\/06\/jovenes-rebeldes-768x507.png 768w, https:\/\/clinicaviher.com\/cat\/wp-content\/uploads\/2023\/06\/jovenes-rebeldes-600x396.png 600w\" sizes=\"(max-width: 823px) 100vw, 823px\" \/>\t\t\t\t\t\t\t\t\t\t\t\t\t\t\t<\/div>\n\t\t\t\t<\/div>\n\t\t\t\t\t<\/div>\n\t\t<\/div>\n\t\t\t\t<div class=\"elementor-column elementor-col-50 elementor-inner-column elementor-element elementor-element-60917e44\" data-id=\"60917e44\" data-element_type=\"column\">\n\t\t\t<div class=\"elementor-widget-wrap elementor-element-populated\">\n\t\t\t\t\t\t\t\t<div class=\"elementor-element elementor-element-2d1f293d elementor-widget elementor-widget-text-editor\" data-id=\"2d1f293d\" data-element_type=\"widget\" data-widget_type=\"text-editor.default\">\n\t\t\t\t<div class=\"elementor-widget-container\">\n\t\t\t\t\t\t\t<p><span>No sempre s\u00f3n els mateixos adolescents els que fan una consulta a\u00a0<\/span><b><span>psic\u00f2legs per a joves\u00a0<\/span><\/b><span>per iniciar un\u00a0<\/span><b><span>tractament psicol\u00f2gic per a l&#8217;agressivitat\u00a0<\/span><\/b><span>.\u00a0\u00c9s molt habitual que siguin els pares els que es posin en contacte amb el\u00a0<\/span><b><span>psic\u00f2leg especialista en adolescents\u00a0<\/span><\/b><span>i exposin la situaci\u00f3.\u00a0El\u00a0<\/span><b><span>psic\u00f2leg dadolescents\u00a0<\/span><\/b><span>valorar\u00e0 cada cas en particular i indicar\u00e0 el m\u00e9s adequat per a cada situaci\u00f3.<\/span><\/p>\t\t\t\t\t\t<\/div>\n\t\t\t\t<\/div>\n\t\t\t\t\t<\/div>\n\t\t<\/div>\n\t\t\t\t\t\t\t<\/div>\n\t\t<\/section>\n\t\t\t\t\t<\/div>\n\t\t<\/div>\n\t\t\t\t\t\t\t<\/div>\n\t\t<\/section>\n\t\t\t\t<section class=\"elementor-section elementor-top-section elementor-element elementor-element-7a14da10 elementor-section-stretched elementor-section-boxed elementor-section-height-default elementor-section-height-default\" data-id=\"7a14da10\" data-element_type=\"section\" data-settings=\"{&quot;stretch_section&quot;:&quot;section-stretched&quot;}\">\n\t\t\t\t\t\t<div class=\"elementor-container elementor-column-gap-default\">\n\t\t\t\t\t<div class=\"elementor-column elementor-col-50 elementor-top-column elementor-element elementor-element-1d206a6\" data-id=\"1d206a6\" data-element_type=\"column\">\n\t\t\t<div class=\"elementor-widget-wrap elementor-element-populated\">\n\t\t\t\t\t\t\t\t<div class=\"elementor-element elementor-element-2101b423 elementor-widget elementor-widget-image\" data-id=\"2101b423\" data-element_type=\"widget\" data-widget_type=\"image.default\">\n\t\t\t\t<div class=\"elementor-widget-container\">\n\t\t\t\t\t\t\t\t\t\t\t\t\t\t\t\t<a href=\"\/quienes-somos\/\">\n\t\t\t\t\t\t\t<img loading=\"lazy\" decoding=\"async\" width=\"1400\" height=\"500\" src=\"https:\/\/clinicaviher.com\/cat\/wp-content\/uploads\/2023\/06\/ficha-Sergi.webp\" class=\"attachment-full size-full wp-image-1728\" alt=\"ver ficha de Sergi Vilardell\" srcset=\"https:\/\/clinicaviher.com\/cat\/wp-content\/uploads\/2023\/06\/ficha-Sergi.webp 1400w, https:\/\/clinicaviher.com\/cat\/wp-content\/uploads\/2023\/06\/ficha-Sergi-300x107.webp 300w, https:\/\/clinicaviher.com\/cat\/wp-content\/uploads\/2023\/06\/ficha-Sergi-1024x366.webp 1024w, https:\/\/clinicaviher.com\/cat\/wp-content\/uploads\/2023\/06\/ficha-Sergi-768x274.webp 768w, https:\/\/clinicaviher.com\/cat\/wp-content\/uploads\/2023\/06\/ficha-Sergi-600x214.webp 600w\" sizes=\"(max-width: 1400px) 100vw, 1400px\" \/>\t\t\t\t\t\t\t\t<\/a>\n\t\t\t\t\t\t\t\t\t\t\t\t\t\t\t<\/div>\n\t\t\t\t<\/div>\n\t\t\t\t\t<\/div>\n\t\t<\/div>\n\t\t\t\t<div class=\"elementor-column elementor-col-50 elementor-top-column elementor-element elementor-element-14ef6b4a\" data-id=\"14ef6b4a\" data-element_type=\"column\">\n\t\t\t<div class=\"elementor-widget-wrap elementor-element-populated\">\n\t\t\t\t\t\t\t\t<div class=\"elementor-element elementor-element-34cc7526 elementor-widget elementor-widget-image\" data-id=\"34cc7526\" data-element_type=\"widget\" data-widget_type=\"image.default\">\n\t\t\t\t<div class=\"elementor-widget-container\">\n\t\t\t\t\t\t\t\t\t\t\t\t\t\t\t\t<a href=\"\/quienes-somos\/\">\n\t\t\t\t\t\t\t<img loading=\"lazy\" decoding=\"async\" width=\"1400\" height=\"500\" src=\"https:\/\/clinicaviher.com\/cat\/wp-content\/uploads\/2023\/06\/mila-ficha.webp\" class=\"attachment-full size-full wp-image-1729\" alt=\"ver ficha de Mila Herrera\" srcset=\"https:\/\/clinicaviher.com\/cat\/wp-content\/uploads\/2023\/06\/mila-ficha.webp 1400w, https:\/\/clinicaviher.com\/cat\/wp-content\/uploads\/2023\/06\/mila-ficha-300x107.webp 300w, https:\/\/clinicaviher.com\/cat\/wp-content\/uploads\/2023\/06\/mila-ficha-1024x366.webp 1024w, https:\/\/clinicaviher.com\/cat\/wp-content\/uploads\/2023\/06\/mila-ficha-768x274.webp 768w, https:\/\/clinicaviher.com\/cat\/wp-content\/uploads\/2023\/06\/mila-ficha-600x214.webp 600w\" sizes=\"(max-width: 1400px) 100vw, 1400px\" \/>\t\t\t\t\t\t\t\t<\/a>\n\t\t\t\t\t\t\t\t\t\t\t\t\t\t\t<\/div>\n\t\t\t\t<\/div>\n\t\t\t\t\t<\/div>\n\t\t<\/div>\n\t\t\t\t\t\t\t<\/div>\n\t\t<\/section>\n\t\t\t\t\t\t\t<\/div>\n\t\t","protected":false},"excerpt":{"rendered":"<p>Tractament agressivitat adolescents L&#8217;agressivitat no \u00e9s un trastorn per se, fins i tot sabem que pot tenir naturalesa instintiva i adaptativa.\u00a0Tot i aix\u00f2, quan l&#8217;agressivitat sobrepassa certs l\u00edmits i es converteix en viol\u00e8ncia f\u00edsica o verbal, la situaci\u00f3 \u00e9s una altra.\u00a0Els adolescents poden mostrar conductes agressives o violentes per molts motius, alguns de recollits i &hellip;<\/p>\n<p class=\"read-more\"> <a class=\"\" href=\"https:\/\/clinicaviher.com\/cat\/agressivitat-adolescents\/\"> <span class=\"screen-reader-text\">Agressivitat<\/span> Leer m\u00e1s &raquo;<\/a><\/p>\n","protected":false},"author":1,"featured_media":0,"parent":0,"menu_order":0,"comment_status":"closed","ping_status":"closed","template":"elementor_header_footer","meta":{"site-sidebar-layout":"default","site-content-layout":"default","ast-global-header-display":"","ast-banner-title-visibility":"","ast-main-header-display":"","ast-hfb-above-header-display":"","ast-hfb-below-header-display":"","ast-hfb-mobile-header-display":"","site-post-title":"","ast-breadcrumbs-content":"","ast-featured-img":"","footer-sml-layout":"","theme-transparent-header-meta":"default","adv-header-id-meta":"","stick-header-meta":"default","header-above-stick-meta":"","header-main-stick-meta":"","header-below-stick-meta":"","footnotes":""},"yoast_head":"<!-- This site is optimized with the Yoast SEO plugin v24.3 - https:\/\/yoast.com\/wordpress\/plugins\/seo\/ -->\n<title>Agressivitat<\/title>\n<meta name=\"description\" content=\"Els adolescents poden mostrar conductes agressives o violentes per molts motius. El tractament agressivitat adolescent est\u00e0 indicat\" \/>\n<meta name=\"robots\" content=\"index, follow, max-snippet:-1, max-image-preview:large, max-video-preview:-1\" \/>\n<link rel=\"canonical\" href=\"https:\/\/clinicaviher.com\/cat\/agressivitat-adolescents\/\" \/>\n<meta property=\"og:locale\" content=\"es_ES\" \/>\n<meta property=\"og:type\" content=\"article\" \/>\n<meta property=\"og:title\" content=\"Agressivitat\" \/>\n<meta property=\"og:description\" content=\"Els adolescents poden mostrar conductes agressives o violentes per molts motius. El tractament agressivitat adolescent est\u00e0 indicat\" \/>\n<meta property=\"og:url\" content=\"https:\/\/clinicaviher.com\/cat\/agressivitat-adolescents\/\" \/>\n<meta property=\"og:site_name\" content=\"Cl\u00ednica Viher\" \/>\n<meta property=\"article:modified_time\" content=\"2023-07-27T10:55:00+00:00\" \/>\n<meta property=\"og:image\" content=\"https:\/\/clinicaviher.com\/cat\/wp-content\/uploads\/2023\/06\/agresividad-adolescentes-1024x742.webp\" \/>\n<meta name=\"twitter:card\" content=\"summary_large_image\" \/>\n<meta name=\"twitter:label1\" content=\"Tiempo de lectura\" \/>\n\t<meta name=\"twitter:data1\" content=\"3 minutos\" \/>\n<script type=\"application\/ld+json\" class=\"yoast-schema-graph\">{\"@context\":\"https:\/\/schema.org\",\"@graph\":[{\"@type\":\"WebPage\",\"@id\":\"https:\/\/clinicaviher.com\/cat\/agressivitat-adolescents\/\",\"url\":\"https:\/\/clinicaviher.com\/cat\/agressivitat-adolescents\/\",\"name\":\"Agressivitat\",\"isPartOf\":{\"@id\":\"https:\/\/clinicaviher.com\/cat\/#website\"},\"primaryImageOfPage\":{\"@id\":\"https:\/\/clinicaviher.com\/cat\/agressivitat-adolescents\/#primaryimage\"},\"image\":{\"@id\":\"https:\/\/clinicaviher.com\/cat\/agressivitat-adolescents\/#primaryimage\"},\"thumbnailUrl\":\"https:\/\/clinicaviher.com\/cat\/wp-content\/uploads\/2023\/06\/agresividad-adolescentes-1024x742.webp\",\"datePublished\":\"2018-11-08T14:09:21+00:00\",\"dateModified\":\"2023-07-27T10:55:00+00:00\",\"description\":\"Els adolescents poden mostrar conductes agressives o violentes per molts motius. El tractament agressivitat adolescent est\u00e0 indicat\",\"breadcrumb\":{\"@id\":\"https:\/\/clinicaviher.com\/cat\/agressivitat-adolescents\/#breadcrumb\"},\"inLanguage\":\"es\",\"potentialAction\":[{\"@type\":\"ReadAction\",\"target\":[\"https:\/\/clinicaviher.com\/cat\/agressivitat-adolescents\/\"]}]},{\"@type\":\"ImageObject\",\"inLanguage\":\"es\",\"@id\":\"https:\/\/clinicaviher.com\/cat\/agressivitat-adolescents\/#primaryimage\",\"url\":\"https:\/\/clinicaviher.com\/cat\/wp-content\/uploads\/2023\/06\/agresividad-adolescentes-1024x742.webp\",\"contentUrl\":\"https:\/\/clinicaviher.com\/cat\/wp-content\/uploads\/2023\/06\/agresividad-adolescentes-1024x742.webp\"},{\"@type\":\"BreadcrumbList\",\"@id\":\"https:\/\/clinicaviher.com\/cat\/agressivitat-adolescents\/#breadcrumb\",\"itemListElement\":[{\"@type\":\"ListItem\",\"position\":1,\"name\":\"Portada\",\"item\":\"https:\/\/clinicaviher.com\/cat\/\"},{\"@type\":\"ListItem\",\"position\":2,\"name\":\"Agressivitat\"}]},{\"@type\":\"WebSite\",\"@id\":\"https:\/\/clinicaviher.com\/cat\/#website\",\"url\":\"https:\/\/clinicaviher.com\/cat\/\",\"name\":\"Cl\u00ednica Viher\",\"description\":\"Si buscas un psic\u00f3logo en Barcelona, contamos con algunos de los mejores profesionales en psicolog\u00eda, psicoterapia y psicoan\u00e1lisis\",\"publisher\":{\"@id\":\"https:\/\/clinicaviher.com\/cat\/#organization\"},\"potentialAction\":[{\"@type\":\"SearchAction\",\"target\":{\"@type\":\"EntryPoint\",\"urlTemplate\":\"https:\/\/clinicaviher.com\/cat\/?s={search_term_string}\"},\"query-input\":{\"@type\":\"PropertyValueSpecification\",\"valueRequired\":true,\"valueName\":\"search_term_string\"}}],\"inLanguage\":\"es\"},{\"@type\":\"Organization\",\"@id\":\"https:\/\/clinicaviher.com\/cat\/#organization\",\"name\":\"Cl\u00ednica Viher\",\"url\":\"https:\/\/clinicaviher.com\/cat\/\",\"logo\":{\"@type\":\"ImageObject\",\"inLanguage\":\"es\",\"@id\":\"https:\/\/clinicaviher.com\/cat\/#\/schema\/logo\/image\/\",\"url\":\"https:\/\/clinicaviher.com\/cat\/wp-content\/uploads\/2019\/02\/logoviher-new-web.png\",\"contentUrl\":\"https:\/\/clinicaviher.com\/cat\/wp-content\/uploads\/2019\/02\/logoviher-new-web.png\",\"width\":240,\"height\":52,\"caption\":\"Cl\u00ednica Viher\"},\"image\":{\"@id\":\"https:\/\/clinicaviher.com\/cat\/#\/schema\/logo\/image\/\"}}]}<\/script>\n<!-- \/ Yoast SEO plugin. -->","yoast_head_json":{"title":"Agressivitat","description":"Els adolescents poden mostrar conductes agressives o violentes per molts motius. El tractament agressivitat adolescent est\u00e0 indicat","robots":{"index":"index","follow":"follow","max-snippet":"max-snippet:-1","max-image-preview":"max-image-preview:large","max-video-preview":"max-video-preview:-1"},"canonical":"https:\/\/clinicaviher.com\/cat\/agressivitat-adolescents\/","og_locale":"es_ES","og_type":"article","og_title":"Agressivitat","og_description":"Els adolescents poden mostrar conductes agressives o violentes per molts motius. El tractament agressivitat adolescent est\u00e0 indicat","og_url":"https:\/\/clinicaviher.com\/cat\/agressivitat-adolescents\/","og_site_name":"Cl\u00ednica Viher","article_modified_time":"2023-07-27T10:55:00+00:00","og_image":[{"url":"https:\/\/clinicaviher.com\/cat\/wp-content\/uploads\/2023\/06\/agresividad-adolescentes-1024x742.webp","type":"","width":"","height":""}],"twitter_card":"summary_large_image","twitter_misc":{"Tiempo de lectura":"3 minutos"},"schema":{"@context":"https:\/\/schema.org","@graph":[{"@type":"WebPage","@id":"https:\/\/clinicaviher.com\/cat\/agressivitat-adolescents\/","url":"https:\/\/clinicaviher.com\/cat\/agressivitat-adolescents\/","name":"Agressivitat","isPartOf":{"@id":"https:\/\/clinicaviher.com\/cat\/#website"},"primaryImageOfPage":{"@id":"https:\/\/clinicaviher.com\/cat\/agressivitat-adolescents\/#primaryimage"},"image":{"@id":"https:\/\/clinicaviher.com\/cat\/agressivitat-adolescents\/#primaryimage"},"thumbnailUrl":"https:\/\/clinicaviher.com\/cat\/wp-content\/uploads\/2023\/06\/agresividad-adolescentes-1024x742.webp","datePublished":"2018-11-08T14:09:21+00:00","dateModified":"2023-07-27T10:55:00+00:00","description":"Els adolescents poden mostrar conductes agressives o violentes per molts motius. El tractament agressivitat adolescent est\u00e0 indicat","breadcrumb":{"@id":"https:\/\/clinicaviher.com\/cat\/agressivitat-adolescents\/#breadcrumb"},"inLanguage":"es","potentialAction":[{"@type":"ReadAction","target":["https:\/\/clinicaviher.com\/cat\/agressivitat-adolescents\/"]}]},{"@type":"ImageObject","inLanguage":"es","@id":"https:\/\/clinicaviher.com\/cat\/agressivitat-adolescents\/#primaryimage","url":"https:\/\/clinicaviher.com\/cat\/wp-content\/uploads\/2023\/06\/agresividad-adolescentes-1024x742.webp","contentUrl":"https:\/\/clinicaviher.com\/cat\/wp-content\/uploads\/2023\/06\/agresividad-adolescentes-1024x742.webp"},{"@type":"BreadcrumbList","@id":"https:\/\/clinicaviher.com\/cat\/agressivitat-adolescents\/#breadcrumb","itemListElement":[{"@type":"ListItem","position":1,"name":"Portada","item":"https:\/\/clinicaviher.com\/cat\/"},{"@type":"ListItem","position":2,"name":"Agressivitat"}]},{"@type":"WebSite","@id":"https:\/\/clinicaviher.com\/cat\/#website","url":"https:\/\/clinicaviher.com\/cat\/","name":"Cl\u00ednica Viher","description":"Si buscas un psic\u00f3logo en Barcelona, contamos con algunos de los mejores profesionales en psicolog\u00eda, psicoterapia y psicoan\u00e1lisis","publisher":{"@id":"https:\/\/clinicaviher.com\/cat\/#organization"},"potentialAction":[{"@type":"SearchAction","target":{"@type":"EntryPoint","urlTemplate":"https:\/\/clinicaviher.com\/cat\/?s={search_term_string}"},"query-input":{"@type":"PropertyValueSpecification","valueRequired":true,"valueName":"search_term_string"}}],"inLanguage":"es"},{"@type":"Organization","@id":"https:\/\/clinicaviher.com\/cat\/#organization","name":"Cl\u00ednica Viher","url":"https:\/\/clinicaviher.com\/cat\/","logo":{"@type":"ImageObject","inLanguage":"es","@id":"https:\/\/clinicaviher.com\/cat\/#\/schema\/logo\/image\/","url":"https:\/\/clinicaviher.com\/cat\/wp-content\/uploads\/2019\/02\/logoviher-new-web.png","contentUrl":"https:\/\/clinicaviher.com\/cat\/wp-content\/uploads\/2019\/02\/logoviher-new-web.png","width":240,"height":52,"caption":"Cl\u00ednica Viher"},"image":{"@id":"https:\/\/clinicaviher.com\/cat\/#\/schema\/logo\/image\/"}}]}},"_links":{"self":[{"href":"https:\/\/clinicaviher.com\/cat\/wp-json\/wp\/v2\/pages\/1008"}],"collection":[{"href":"https:\/\/clinicaviher.com\/cat\/wp-json\/wp\/v2\/pages"}],"about":[{"href":"https:\/\/clinicaviher.com\/cat\/wp-json\/wp\/v2\/types\/page"}],"author":[{"embeddable":true,"href":"https:\/\/clinicaviher.com\/cat\/wp-json\/wp\/v2\/users\/1"}],"replies":[{"embeddable":true,"href":"https:\/\/clinicaviher.com\/cat\/wp-json\/wp\/v2\/comments?post=1008"}],"version-history":[{"count":17,"href":"https:\/\/clinicaviher.com\/cat\/wp-json\/wp\/v2\/pages\/1008\/revisions"}],"predecessor-version":[{"id":2576,"href":"https:\/\/clinicaviher.com\/cat\/wp-json\/wp\/v2\/pages\/1008\/revisions\/2576"}],"wp:attachment":[{"href":"https:\/\/clinicaviher.com\/cat\/wp-json\/wp\/v2\/media?parent=1008"}],"curies":[{"name":"wp","href":"https:\/\/api.w.org\/{rel}","templated":true}]}}