{"id":103,"date":"2018-03-26T12:17:50","date_gmt":"2018-03-26T12:17:50","guid":{"rendered":"http:\/\/clinicaviher.com\/?page_id=103"},"modified":"2023-07-27T13:29:00","modified_gmt":"2023-07-27T11:29:00","slug":"separacio-fills","status":"publish","type":"page","link":"https:\/\/clinicaviher.com\/cat\/separacio-fills\/","title":{"rendered":"Separaci\u00f3n e hijos"},"content":{"rendered":"\t\t<div data-elementor-type=\"wp-page\" data-elementor-id=\"103\" class=\"elementor elementor-103\">\n\t\t\t\t\t\t\t\t\t<section class=\"elementor-section elementor-top-section elementor-element elementor-element-30447f21 elementor-section-stretched elementor-section-boxed elementor-section-height-default elementor-section-height-default\" data-id=\"30447f21\" data-element_type=\"section\" data-settings=\"{&quot;stretch_section&quot;:&quot;section-stretched&quot;,&quot;background_background&quot;:&quot;classic&quot;}\">\n\t\t\t\t\t\t<div class=\"elementor-container elementor-column-gap-default\">\n\t\t\t\t\t<div class=\"elementor-column elementor-col-100 elementor-top-column elementor-element elementor-element-56e01b08\" data-id=\"56e01b08\" data-element_type=\"column\">\n\t\t\t<div class=\"elementor-widget-wrap elementor-element-populated\">\n\t\t\t\t\t\t\t\t<div class=\"elementor-element elementor-element-7ed920b5 elementor-widget elementor-widget-heading\" data-id=\"7ed920b5\" data-element_type=\"widget\" data-widget_type=\"heading.default\">\n\t\t\t\t<div class=\"elementor-widget-container\">\n\t\t\t<style>\/*! elementor - v3.13.3 - 28-05-2023 *\/\n.elementor-heading-title{padding:0;margin:0;line-height:1}.elementor-widget-heading .elementor-heading-title[class*=elementor-size-]>a{color:inherit;font-size:inherit;line-height:inherit}.elementor-widget-heading .elementor-heading-title.elementor-size-small{font-size:15px}.elementor-widget-heading .elementor-heading-title.elementor-size-medium{font-size:19px}.elementor-widget-heading .elementor-heading-title.elementor-size-large{font-size:29px}.elementor-widget-heading .elementor-heading-title.elementor-size-xl{font-size:39px}.elementor-widget-heading .elementor-heading-title.elementor-size-xxl{font-size:59px}<\/style><h1 class=\"elementor-heading-title elementor-size-default\">Psic\u00f2legs infantils: separaci\u00f3 i fills<\/h1>\t\t<\/div>\n\t\t\t\t<\/div>\n\t\t\t\t\t<\/div>\n\t\t<\/div>\n\t\t\t\t\t\t\t<\/div>\n\t\t<\/section>\n\t\t\t\t<section class=\"elementor-section elementor-top-section elementor-element elementor-element-77c73b16 elementor-section-boxed elementor-section-height-default elementor-section-height-default\" data-id=\"77c73b16\" data-element_type=\"section\">\n\t\t\t\t\t\t<div class=\"elementor-container elementor-column-gap-default\">\n\t\t\t\t\t<div class=\"elementor-column elementor-col-100 elementor-top-column elementor-element elementor-element-2e79dedf\" data-id=\"2e79dedf\" data-element_type=\"column\">\n\t\t\t<div class=\"elementor-widget-wrap elementor-element-populated\">\n\t\t\t\t\t\t\t\t<div class=\"elementor-element elementor-element-3f95d3fa elementor-widget elementor-widget-text-editor\" data-id=\"3f95d3fa\" data-element_type=\"widget\" data-widget_type=\"text-editor.default\">\n\t\t\t\t<div class=\"elementor-widget-container\">\n\t\t\t<style>\/*! elementor - v3.13.3 - 28-05-2023 *\/\n.elementor-widget-text-editor.elementor-drop-cap-view-stacked .elementor-drop-cap{background-color:#69727d;color:#fff}.elementor-widget-text-editor.elementor-drop-cap-view-framed .elementor-drop-cap{color:#69727d;border:3px solid;background-color:transparent}.elementor-widget-text-editor:not(.elementor-drop-cap-view-default) .elementor-drop-cap{margin-top:8px}.elementor-widget-text-editor:not(.elementor-drop-cap-view-default) .elementor-drop-cap-letter{width:1em;height:1em}.elementor-widget-text-editor .elementor-drop-cap{float:left;text-align:center;line-height:1;font-size:50px}.elementor-widget-text-editor .elementor-drop-cap-letter{display:inline-block}<\/style>\t\t\t\t<p><span>Una ruptura sentimental es pot convertir en un per\u00edode de pors, inseguretats i angoixa.\u00a0Si a m\u00e9s a m\u00e9s la parella t\u00e9 fills \u00e9s possible que la separaci\u00f3 encara es faci m\u00e9s complicada, ja que intervenen factors afegits que poden incrementar la pressi\u00f3.\u00a0Encara que no sempre sigui aix\u00ed, sabem que la separaci\u00f3 dels pares pot tenir un fort impacte emocional als fills.\u00a0En la mesura que els pares estiguin ben orientats, podran sostenir millor el seu lloc davant dels fills i transmetre la informaci\u00f3 de la millor manera.\u00a0Si us trobeu en una situaci\u00f3 d&#8217;aquest tipus, podeu consultar amb els\u00a0<\/span><b><span>psic\u00f2legs infantils\u00a0<\/span><\/b><span>o amb els\u00a0<\/span><b><span>psic\u00f2legs de parella\u00a0<\/span><\/b><span>de Cl\u00ednica Viher.<\/span><\/p>\t\t\t\t\t\t<\/div>\n\t\t\t\t<\/div>\n\t\t\t\t<section class=\"elementor-section elementor-inner-section elementor-element elementor-element-55f7a3cc elementor-section-content-middle elementor-section-boxed elementor-section-height-default elementor-section-height-default\" data-id=\"55f7a3cc\" data-element_type=\"section\">\n\t\t\t\t\t\t<div class=\"elementor-container elementor-column-gap-default\">\n\t\t\t\t\t<div class=\"elementor-column elementor-col-50 elementor-inner-column elementor-element elementor-element-7f4b8938\" data-id=\"7f4b8938\" data-element_type=\"column\">\n\t\t\t<div class=\"elementor-widget-wrap elementor-element-populated\">\n\t\t\t\t\t\t\t\t<div class=\"elementor-element elementor-element-1c4f0a34 elementor-widget elementor-widget-heading\" data-id=\"1c4f0a34\" data-element_type=\"widget\" data-widget_type=\"heading.default\">\n\t\t\t\t<div class=\"elementor-widget-container\">\n\t\t\t<h2 class=\"elementor-heading-title elementor-size-default\">Com afecta als fills la separaci\u00f3 dels pares?<\/h2>\t\t<\/div>\n\t\t\t\t<\/div>\n\t\t\t\t<div class=\"elementor-element elementor-element-cd214ad elementor-widget elementor-widget-text-editor\" data-id=\"cd214ad\" data-element_type=\"widget\" data-widget_type=\"text-editor.default\">\n\t\t\t\t<div class=\"elementor-widget-container\">\n\t\t\t\t\t\t\t<p><b>Com afecta als fills la separaci\u00f3 dels pares?\u00a0<\/b><b>Com comunicar als fills la separaci\u00f3 dels pares?\u00a0<\/b>S\u00f3n les preguntes normals que es faria qualsevol pare o mare en una situaci\u00f3 de separaci\u00f3 o de divorci.\u00a0Les\u00a0<b>conseq\u00fc\u00e8ncies de la separaci\u00f3 dels pares en els fills\u00a0<\/b>pot ser molt diversa en funci\u00f3 de molts factors, pot ser que tingui un fort impacte emocional o pot ser que es visqui amb relativa normalitat.\u00a0La manera\u00a0<b>com es comunica als fills la separaci\u00f3 dels pares\u00a0<\/b>\u00e9s un factor important a l&#8217;hora de calibrar-ne les conseq\u00fc\u00e8ncies.\u00a0Si teniu dubtes en aquest sentit, no dubteu a posar-vos en contacte amb un dels nostres\u00a0<b>psic\u00f2legs infantils Barcelona\u00a0<\/b>, que tamb\u00e9 duen a terme un treball d&#8217;<b>orientaci\u00f3 a pares\u00a0<\/b>.<\/p>\t\t\t\t\t\t<\/div>\n\t\t\t\t<\/div>\n\t\t\t\t\t<\/div>\n\t\t<\/div>\n\t\t\t\t<div class=\"elementor-column elementor-col-50 elementor-inner-column elementor-element elementor-element-5b2af7e6\" data-id=\"5b2af7e6\" data-element_type=\"column\">\n\t\t\t<div class=\"elementor-widget-wrap elementor-element-populated\">\n\t\t\t\t\t\t\t\t<div class=\"elementor-element elementor-element-65454923 elementor-widget elementor-widget-image\" data-id=\"65454923\" data-element_type=\"widget\" data-widget_type=\"image.default\">\n\t\t\t\t<div class=\"elementor-widget-container\">\n\t\t\t<style>\/*! elementor - v3.13.3 - 28-05-2023 *\/\n.elementor-widget-image{text-align:center}.elementor-widget-image a{display:inline-block}.elementor-widget-image a img[src$=\".svg\"]{width:48px}.elementor-widget-image img{vertical-align:middle;display:inline-block}<\/style>\t\t\t\t\t\t\t\t\t\t\t\t<img loading=\"lazy\" decoding=\"async\" width=\"1024\" height=\"728\" src=\"https:\/\/clinicaviher.com\/cat\/wp-content\/uploads\/2023\/06\/separacion-e-hijos-1024x728.webp\" class=\"attachment-large size-large wp-image-1813\" alt=\"separaci\u00f3n e hijos psicologo\" srcset=\"https:\/\/clinicaviher.com\/cat\/wp-content\/uploads\/2023\/06\/separacion-e-hijos-1024x728.webp 1024w, https:\/\/clinicaviher.com\/cat\/wp-content\/uploads\/2023\/06\/separacion-e-hijos-300x213.webp 300w, https:\/\/clinicaviher.com\/cat\/wp-content\/uploads\/2023\/06\/separacion-e-hijos-768x546.webp 768w, https:\/\/clinicaviher.com\/cat\/wp-content\/uploads\/2023\/06\/separacion-e-hijos-600x427.webp 600w, https:\/\/clinicaviher.com\/cat\/wp-content\/uploads\/2023\/06\/separacion-e-hijos.webp 1337w\" sizes=\"(max-width: 1024px) 100vw, 1024px\" \/>\t\t\t\t\t\t\t\t\t\t\t\t\t\t\t<\/div>\n\t\t\t\t<\/div>\n\t\t\t\t\t<\/div>\n\t\t<\/div>\n\t\t\t\t\t\t\t<\/div>\n\t\t<\/section>\n\t\t\t\t\t<\/div>\n\t\t<\/div>\n\t\t\t\t\t\t\t<\/div>\n\t\t<\/section>\n\t\t\t\t<section class=\"elementor-section elementor-top-section elementor-element elementor-element-1473cba7 elementor-section-stretched elementor-section-boxed elementor-section-height-default elementor-section-height-default\" data-id=\"1473cba7\" data-element_type=\"section\" data-settings=\"{&quot;stretch_section&quot;:&quot;section-stretched&quot;,&quot;background_background&quot;:&quot;classic&quot;}\">\n\t\t\t\t\t\t<div class=\"elementor-container elementor-column-gap-default\">\n\t\t\t\t\t<div class=\"elementor-column elementor-col-100 elementor-top-column elementor-element elementor-element-45b6aba9\" data-id=\"45b6aba9\" data-element_type=\"column\">\n\t\t\t<div class=\"elementor-widget-wrap elementor-element-populated\">\n\t\t\t\t\t\t\t\t<div class=\"elementor-element elementor-element-1140e5fd elementor-widget elementor-widget-heading\" data-id=\"1140e5fd\" data-element_type=\"widget\" data-widget_type=\"heading.default\">\n\t\t\t\t<div class=\"elementor-widget-container\">\n\t\t\t<h2 class=\"elementor-heading-title elementor-size-default\">Psic\u00f2leg separaci\u00f3 i fills<\/h2>\t\t<\/div>\n\t\t\t\t<\/div>\n\t\t\t\t<div class=\"elementor-element elementor-element-77de0106 elementor-widget elementor-widget-text-editor\" data-id=\"77de0106\" data-element_type=\"widget\" data-widget_type=\"text-editor.default\">\n\t\t\t\t<div class=\"elementor-widget-container\">\n\t\t\t\t\t\t\t<p><span>Aleshores,\u00a0<\/span><b><span>com comunicar als fills la separaci\u00f3 dels pares?\u00a0<\/span><\/b><span>B\u00e9, cada cas tindr\u00e0 les seves indicacions particulars en funci\u00f3 de cada nen, dels pares i de la relaci\u00f3 familiar, per\u00f2 podem donar algunes pautes a manera general: 1) Ser conc\u00eds i clar amb la informaci\u00f3.\u00a02) Dir la veritat, per\u00f2 no cal tota la veritat.\u00a03) Evitar construccions imagin\u00e0ries inversemblants que puguin confondre el nen.\u00a04) Evitar caure en la cr\u00edtica o el desprestigi cap a l&#8217;altre.\u00a05) Intentar donar-los un missatge de tranquil\u00b7litat pel que fa al futur.\u00a06) Procurar que tots dos progenitors donin un missatge a la mateixa adre\u00e7a.\u00a0<\/span><b><span>Comunicar als fills la separaci\u00f3 dels pares\u00a0<\/span><\/b><span>pot ser un moment de m\u00e9s angoixa per als pares que per als fills.\u00a0Podeu consultar amb un dels nostres<\/span><b><span>psic\u00f2legs separaci\u00f3 i fills Barcelona.<\/span><\/b><\/p>\t\t\t\t\t\t<\/div>\n\t\t\t\t<\/div>\n\t\t\t\t\t<\/div>\n\t\t<\/div>\n\t\t\t\t\t\t\t<\/div>\n\t\t<\/section>\n\t\t\t\t<section class=\"elementor-section elementor-top-section elementor-element elementor-element-35e4e400 elementor-section-boxed elementor-section-height-default elementor-section-height-default\" data-id=\"35e4e400\" data-element_type=\"section\">\n\t\t\t\t\t\t<div class=\"elementor-container elementor-column-gap-default\">\n\t\t\t\t\t<div class=\"elementor-column elementor-col-100 elementor-top-column elementor-element elementor-element-273bef66\" data-id=\"273bef66\" data-element_type=\"column\">\n\t\t\t<div class=\"elementor-widget-wrap elementor-element-populated\">\n\t\t\t\t\t\t\t\t<div class=\"elementor-element elementor-element-235adf34 elementor-widget elementor-widget-heading\" data-id=\"235adf34\" data-element_type=\"widget\" data-widget_type=\"heading.default\">\n\t\t\t\t<div class=\"elementor-widget-container\">\n\t\t\t<h2 class=\"elementor-heading-title elementor-size-default\">Els millors psic\u00f2legs infantils de Barcelona<\/h2>\t\t<\/div>\n\t\t\t\t<\/div>\n\t\t\t\t<div class=\"elementor-element elementor-element-9669839 elementor-widget elementor-widget-text-editor\" data-id=\"9669839\" data-element_type=\"widget\" data-widget_type=\"text-editor.default\">\n\t\t\t\t<div class=\"elementor-widget-container\">\n\t\t\t\t\t\t\t<div class=\"kc-elm kc-css-3751822 kc_text_block\">\n<p><span>Molts pares demanen cita amb un&nbsp;<\/span><b><span>psic\u00f2leg infantil a Barcelona&nbsp;<\/span><\/b><span>per trobar orientaci\u00f3 sobre algun tema relacionat amb els seus fills&nbsp;<\/span><b><span>,&nbsp;<\/span><\/b><span>alguns busquen solucions i d&#8217;altres simplement quedar-se m\u00e9s tranquils.&nbsp;Est\u00e0&nbsp;<\/span><span>cercant&nbsp;<\/span><b><span>psic\u00f2legs per a pares a Barcelona&nbsp;<\/span><\/b><span>o&nbsp;<\/span><b><span>psic\u00f2legs infantils a Barcelona&nbsp;<\/span><\/b><span>?&nbsp;Necessites&nbsp;<\/span><b><span>orientaci\u00f3 o pautes per saber com comunicar als fills la separaci\u00f3 dels pares&nbsp;<\/span><\/b><span>?&nbsp;Ha de saber que&nbsp;<\/span><b><span>els millors psic\u00f2legs infantils de Barcelona&nbsp;<\/span><\/b><span>s\u00f3n aquells que entenguin la import\u00e0ncia de valorar la situaci\u00f3 cas per cas, individualitzant la intervenci\u00f3 en funci\u00f3 de les necessitats de cada situaci\u00f3 en particular.&nbsp;Consulti&#8217;ns sense comprom\u00eds, ser\u00e0 at\u00e8s per un&nbsp;<\/span><b><span>psic\u00f2leg infantil&nbsp;<\/span><\/b><span>o&nbsp;<\/span><b><span>per un psic\u00f2leg de pares&nbsp;<\/span><\/b><span>de l&#8217;equip de&nbsp;<\/span><b><span>Cl\u00ednica Viher.<\/span><\/b><\/p>\n<\/div>\t\t\t\t\t\t<\/div>\n\t\t\t\t<\/div>\n\t\t\t\t\t<\/div>\n\t\t<\/div>\n\t\t\t\t\t\t\t<\/div>\n\t\t<\/section>\n\t\t\t\t<section class=\"elementor-section elementor-top-section elementor-element elementor-element-2d528f14 elementor-section-stretched elementor-section-boxed elementor-section-height-default elementor-section-height-default\" data-id=\"2d528f14\" data-element_type=\"section\" data-settings=\"{&quot;stretch_section&quot;:&quot;section-stretched&quot;}\">\n\t\t\t\t\t\t<div class=\"elementor-container elementor-column-gap-default\">\n\t\t\t\t\t<div class=\"elementor-column elementor-col-50 elementor-top-column elementor-element elementor-element-7f8d6385\" data-id=\"7f8d6385\" data-element_type=\"column\">\n\t\t\t<div class=\"elementor-widget-wrap elementor-element-populated\">\n\t\t\t\t\t\t\t\t<div class=\"elementor-element elementor-element-133c00f3 elementor-widget elementor-widget-image\" data-id=\"133c00f3\" data-element_type=\"widget\" data-widget_type=\"image.default\">\n\t\t\t\t<div class=\"elementor-widget-container\">\n\t\t\t\t\t\t\t\t\t\t\t\t\t\t\t\t<a href=\"\/quienes-somos\/\">\n\t\t\t\t\t\t\t<img loading=\"lazy\" decoding=\"async\" width=\"1400\" height=\"500\" src=\"https:\/\/clinicaviher.com\/cat\/wp-content\/uploads\/2023\/06\/ficha-Sergi.webp\" class=\"attachment-full size-full wp-image-1728\" alt=\"ver ficha de Sergi Vilardell\" srcset=\"https:\/\/clinicaviher.com\/cat\/wp-content\/uploads\/2023\/06\/ficha-Sergi.webp 1400w, https:\/\/clinicaviher.com\/cat\/wp-content\/uploads\/2023\/06\/ficha-Sergi-300x107.webp 300w, https:\/\/clinicaviher.com\/cat\/wp-content\/uploads\/2023\/06\/ficha-Sergi-1024x366.webp 1024w, https:\/\/clinicaviher.com\/cat\/wp-content\/uploads\/2023\/06\/ficha-Sergi-768x274.webp 768w, https:\/\/clinicaviher.com\/cat\/wp-content\/uploads\/2023\/06\/ficha-Sergi-600x214.webp 600w\" sizes=\"(max-width: 1400px) 100vw, 1400px\" \/>\t\t\t\t\t\t\t\t<\/a>\n\t\t\t\t\t\t\t\t\t\t\t\t\t\t\t<\/div>\n\t\t\t\t<\/div>\n\t\t\t\t\t<\/div>\n\t\t<\/div>\n\t\t\t\t<div class=\"elementor-column elementor-col-50 elementor-top-column elementor-element elementor-element-54e3372\" data-id=\"54e3372\" data-element_type=\"column\">\n\t\t\t<div class=\"elementor-widget-wrap elementor-element-populated\">\n\t\t\t\t\t\t\t\t<div class=\"elementor-element elementor-element-3b86f42c elementor-widget elementor-widget-image\" data-id=\"3b86f42c\" data-element_type=\"widget\" data-widget_type=\"image.default\">\n\t\t\t\t<div class=\"elementor-widget-container\">\n\t\t\t\t\t\t\t\t\t\t\t\t\t\t\t\t<a href=\"\/quienes-somos\/\">\n\t\t\t\t\t\t\t<img loading=\"lazy\" decoding=\"async\" width=\"1400\" height=\"500\" src=\"https:\/\/clinicaviher.com\/cat\/wp-content\/uploads\/2023\/06\/mila-ficha.webp\" class=\"attachment-full size-full wp-image-1729\" alt=\"ver ficha de Mila Herrera\" srcset=\"https:\/\/clinicaviher.com\/cat\/wp-content\/uploads\/2023\/06\/mila-ficha.webp 1400w, https:\/\/clinicaviher.com\/cat\/wp-content\/uploads\/2023\/06\/mila-ficha-300x107.webp 300w, https:\/\/clinicaviher.com\/cat\/wp-content\/uploads\/2023\/06\/mila-ficha-1024x366.webp 1024w, https:\/\/clinicaviher.com\/cat\/wp-content\/uploads\/2023\/06\/mila-ficha-768x274.webp 768w, https:\/\/clinicaviher.com\/cat\/wp-content\/uploads\/2023\/06\/mila-ficha-600x214.webp 600w\" sizes=\"(max-width: 1400px) 100vw, 1400px\" \/>\t\t\t\t\t\t\t\t<\/a>\n\t\t\t\t\t\t\t\t\t\t\t\t\t\t\t<\/div>\n\t\t\t\t<\/div>\n\t\t\t\t\t<\/div>\n\t\t<\/div>\n\t\t\t\t\t\t\t<\/div>\n\t\t<\/section>\n\t\t\t\t\t\t\t<\/div>\n\t\t","protected":false},"excerpt":{"rendered":"<p>Psic\u00f2legs infantils: separaci\u00f3 i fills Una ruptura sentimental es pot convertir en un per\u00edode de pors, inseguretats i angoixa.\u00a0Si a m\u00e9s a m\u00e9s la parella t\u00e9 fills \u00e9s possible que la separaci\u00f3 encara es faci m\u00e9s complicada, ja que intervenen factors afegits que poden incrementar la pressi\u00f3.\u00a0Encara que no sempre sigui aix\u00ed, sabem que la &hellip;<\/p>\n<p class=\"read-more\"> <a class=\"\" href=\"https:\/\/clinicaviher.com\/cat\/separacio-fills\/\"> <span class=\"screen-reader-text\">Separaci\u00f3n e hijos<\/span> Leer m\u00e1s &raquo;<\/a><\/p>\n","protected":false},"author":1,"featured_media":0,"parent":0,"menu_order":0,"comment_status":"closed","ping_status":"closed","template":"elementor_header_footer","meta":{"site-sidebar-layout":"default","site-content-layout":"default","ast-global-header-display":"","ast-banner-title-visibility":"","ast-main-header-display":"","ast-hfb-above-header-display":"","ast-hfb-below-header-display":"","ast-hfb-mobile-header-display":"","site-post-title":"","ast-breadcrumbs-content":"","ast-featured-img":"","footer-sml-layout":"","theme-transparent-header-meta":"default","adv-header-id-meta":"","stick-header-meta":"default","header-above-stick-meta":"","header-main-stick-meta":"","header-below-stick-meta":"","footnotes":""},"yoast_head":"<!-- This site is optimized with the Yoast SEO plugin v24.3 - https:\/\/yoast.com\/wordpress\/plugins\/seo\/ -->\n<title>Psic\u00f2leg fills separacions i divorcis Barcelona<\/title>\n<meta name=\"description\" content=\"CL\u00cdNICA VIHER. Ter\u00e0pia o tractament psicol\u00f2gic per a fills i nens en situacions de separaci\u00f3 i divorci dels seus pares\" \/>\n<meta name=\"robots\" content=\"index, follow, max-snippet:-1, max-image-preview:large, max-video-preview:-1\" \/>\n<link rel=\"canonical\" href=\"https:\/\/clinicaviher.com\/cat\/separacio-fills\/\" \/>\n<meta property=\"og:locale\" content=\"es_ES\" \/>\n<meta property=\"og:type\" content=\"article\" \/>\n<meta property=\"og:title\" content=\"Psic\u00f2leg fills separacions i divorcis Barcelona\" \/>\n<meta property=\"og:description\" content=\"CL\u00cdNICA VIHER. Ter\u00e0pia o tractament psicol\u00f2gic per a fills i nens en situacions de separaci\u00f3 i divorci dels seus pares\" \/>\n<meta property=\"og:url\" content=\"https:\/\/clinicaviher.com\/cat\/separacio-fills\/\" \/>\n<meta property=\"og:site_name\" content=\"Cl\u00ednica Viher\" \/>\n<meta property=\"article:modified_time\" content=\"2023-07-27T11:29:00+00:00\" \/>\n<meta property=\"og:image\" content=\"https:\/\/clinicaviher.com\/cat\/wp-content\/uploads\/2023\/06\/separacion-e-hijos-1024x728.webp\" \/>\n<meta name=\"twitter:card\" content=\"summary_large_image\" \/>\n<meta name=\"twitter:label1\" content=\"Tiempo de lectura\" \/>\n\t<meta name=\"twitter:data1\" content=\"3 minutos\" \/>\n<script type=\"application\/ld+json\" class=\"yoast-schema-graph\">{\"@context\":\"https:\/\/schema.org\",\"@graph\":[{\"@type\":\"WebPage\",\"@id\":\"https:\/\/clinicaviher.com\/cat\/separacio-fills\/\",\"url\":\"https:\/\/clinicaviher.com\/cat\/separacio-fills\/\",\"name\":\"Psic\u00f2leg fills separacions i divorcis Barcelona\",\"isPartOf\":{\"@id\":\"https:\/\/clinicaviher.com\/cat\/#website\"},\"primaryImageOfPage\":{\"@id\":\"https:\/\/clinicaviher.com\/cat\/separacio-fills\/#primaryimage\"},\"image\":{\"@id\":\"https:\/\/clinicaviher.com\/cat\/separacio-fills\/#primaryimage\"},\"thumbnailUrl\":\"https:\/\/clinicaviher.com\/cat\/wp-content\/uploads\/2023\/06\/separacion-e-hijos-1024x728.webp\",\"datePublished\":\"2018-03-26T12:17:50+00:00\",\"dateModified\":\"2023-07-27T11:29:00+00:00\",\"description\":\"CL\u00cdNICA VIHER. Ter\u00e0pia o tractament psicol\u00f2gic per a fills i nens en situacions de separaci\u00f3 i divorci dels seus pares\",\"breadcrumb\":{\"@id\":\"https:\/\/clinicaviher.com\/cat\/separacio-fills\/#breadcrumb\"},\"inLanguage\":\"es\",\"potentialAction\":[{\"@type\":\"ReadAction\",\"target\":[\"https:\/\/clinicaviher.com\/cat\/separacio-fills\/\"]}]},{\"@type\":\"ImageObject\",\"inLanguage\":\"es\",\"@id\":\"https:\/\/clinicaviher.com\/cat\/separacio-fills\/#primaryimage\",\"url\":\"https:\/\/clinicaviher.com\/cat\/wp-content\/uploads\/2023\/06\/separacion-e-hijos-1024x728.webp\",\"contentUrl\":\"https:\/\/clinicaviher.com\/cat\/wp-content\/uploads\/2023\/06\/separacion-e-hijos-1024x728.webp\"},{\"@type\":\"BreadcrumbList\",\"@id\":\"https:\/\/clinicaviher.com\/cat\/separacio-fills\/#breadcrumb\",\"itemListElement\":[{\"@type\":\"ListItem\",\"position\":1,\"name\":\"Portada\",\"item\":\"https:\/\/clinicaviher.com\/cat\/\"},{\"@type\":\"ListItem\",\"position\":2,\"name\":\"Separaci\u00f3n e hijos\"}]},{\"@type\":\"WebSite\",\"@id\":\"https:\/\/clinicaviher.com\/cat\/#website\",\"url\":\"https:\/\/clinicaviher.com\/cat\/\",\"name\":\"Cl\u00ednica Viher\",\"description\":\"Si buscas un psic\u00f3logo en Barcelona, contamos con algunos de los mejores profesionales en psicolog\u00eda, psicoterapia y psicoan\u00e1lisis\",\"publisher\":{\"@id\":\"https:\/\/clinicaviher.com\/cat\/#organization\"},\"potentialAction\":[{\"@type\":\"SearchAction\",\"target\":{\"@type\":\"EntryPoint\",\"urlTemplate\":\"https:\/\/clinicaviher.com\/cat\/?s={search_term_string}\"},\"query-input\":{\"@type\":\"PropertyValueSpecification\",\"valueRequired\":true,\"valueName\":\"search_term_string\"}}],\"inLanguage\":\"es\"},{\"@type\":\"Organization\",\"@id\":\"https:\/\/clinicaviher.com\/cat\/#organization\",\"name\":\"Cl\u00ednica Viher\",\"url\":\"https:\/\/clinicaviher.com\/cat\/\",\"logo\":{\"@type\":\"ImageObject\",\"inLanguage\":\"es\",\"@id\":\"https:\/\/clinicaviher.com\/cat\/#\/schema\/logo\/image\/\",\"url\":\"https:\/\/clinicaviher.com\/cat\/wp-content\/uploads\/2019\/02\/logoviher-new-web.png\",\"contentUrl\":\"https:\/\/clinicaviher.com\/cat\/wp-content\/uploads\/2019\/02\/logoviher-new-web.png\",\"width\":240,\"height\":52,\"caption\":\"Cl\u00ednica Viher\"},\"image\":{\"@id\":\"https:\/\/clinicaviher.com\/cat\/#\/schema\/logo\/image\/\"}}]}<\/script>\n<!-- \/ Yoast SEO plugin. -->","yoast_head_json":{"title":"Psic\u00f2leg fills separacions i divorcis Barcelona","description":"CL\u00cdNICA VIHER. Ter\u00e0pia o tractament psicol\u00f2gic per a fills i nens en situacions de separaci\u00f3 i divorci dels seus pares","robots":{"index":"index","follow":"follow","max-snippet":"max-snippet:-1","max-image-preview":"max-image-preview:large","max-video-preview":"max-video-preview:-1"},"canonical":"https:\/\/clinicaviher.com\/cat\/separacio-fills\/","og_locale":"es_ES","og_type":"article","og_title":"Psic\u00f2leg fills separacions i divorcis Barcelona","og_description":"CL\u00cdNICA VIHER. Ter\u00e0pia o tractament psicol\u00f2gic per a fills i nens en situacions de separaci\u00f3 i divorci dels seus pares","og_url":"https:\/\/clinicaviher.com\/cat\/separacio-fills\/","og_site_name":"Cl\u00ednica Viher","article_modified_time":"2023-07-27T11:29:00+00:00","og_image":[{"url":"https:\/\/clinicaviher.com\/cat\/wp-content\/uploads\/2023\/06\/separacion-e-hijos-1024x728.webp","type":"","width":"","height":""}],"twitter_card":"summary_large_image","twitter_misc":{"Tiempo de lectura":"3 minutos"},"schema":{"@context":"https:\/\/schema.org","@graph":[{"@type":"WebPage","@id":"https:\/\/clinicaviher.com\/cat\/separacio-fills\/","url":"https:\/\/clinicaviher.com\/cat\/separacio-fills\/","name":"Psic\u00f2leg fills separacions i divorcis Barcelona","isPartOf":{"@id":"https:\/\/clinicaviher.com\/cat\/#website"},"primaryImageOfPage":{"@id":"https:\/\/clinicaviher.com\/cat\/separacio-fills\/#primaryimage"},"image":{"@id":"https:\/\/clinicaviher.com\/cat\/separacio-fills\/#primaryimage"},"thumbnailUrl":"https:\/\/clinicaviher.com\/cat\/wp-content\/uploads\/2023\/06\/separacion-e-hijos-1024x728.webp","datePublished":"2018-03-26T12:17:50+00:00","dateModified":"2023-07-27T11:29:00+00:00","description":"CL\u00cdNICA VIHER. Ter\u00e0pia o tractament psicol\u00f2gic per a fills i nens en situacions de separaci\u00f3 i divorci dels seus pares","breadcrumb":{"@id":"https:\/\/clinicaviher.com\/cat\/separacio-fills\/#breadcrumb"},"inLanguage":"es","potentialAction":[{"@type":"ReadAction","target":["https:\/\/clinicaviher.com\/cat\/separacio-fills\/"]}]},{"@type":"ImageObject","inLanguage":"es","@id":"https:\/\/clinicaviher.com\/cat\/separacio-fills\/#primaryimage","url":"https:\/\/clinicaviher.com\/cat\/wp-content\/uploads\/2023\/06\/separacion-e-hijos-1024x728.webp","contentUrl":"https:\/\/clinicaviher.com\/cat\/wp-content\/uploads\/2023\/06\/separacion-e-hijos-1024x728.webp"},{"@type":"BreadcrumbList","@id":"https:\/\/clinicaviher.com\/cat\/separacio-fills\/#breadcrumb","itemListElement":[{"@type":"ListItem","position":1,"name":"Portada","item":"https:\/\/clinicaviher.com\/cat\/"},{"@type":"ListItem","position":2,"name":"Separaci\u00f3n e hijos"}]},{"@type":"WebSite","@id":"https:\/\/clinicaviher.com\/cat\/#website","url":"https:\/\/clinicaviher.com\/cat\/","name":"Cl\u00ednica Viher","description":"Si buscas un psic\u00f3logo en Barcelona, contamos con algunos de los mejores profesionales en psicolog\u00eda, psicoterapia y psicoan\u00e1lisis","publisher":{"@id":"https:\/\/clinicaviher.com\/cat\/#organization"},"potentialAction":[{"@type":"SearchAction","target":{"@type":"EntryPoint","urlTemplate":"https:\/\/clinicaviher.com\/cat\/?s={search_term_string}"},"query-input":{"@type":"PropertyValueSpecification","valueRequired":true,"valueName":"search_term_string"}}],"inLanguage":"es"},{"@type":"Organization","@id":"https:\/\/clinicaviher.com\/cat\/#organization","name":"Cl\u00ednica Viher","url":"https:\/\/clinicaviher.com\/cat\/","logo":{"@type":"ImageObject","inLanguage":"es","@id":"https:\/\/clinicaviher.com\/cat\/#\/schema\/logo\/image\/","url":"https:\/\/clinicaviher.com\/cat\/wp-content\/uploads\/2019\/02\/logoviher-new-web.png","contentUrl":"https:\/\/clinicaviher.com\/cat\/wp-content\/uploads\/2019\/02\/logoviher-new-web.png","width":240,"height":52,"caption":"Cl\u00ednica Viher"},"image":{"@id":"https:\/\/clinicaviher.com\/cat\/#\/schema\/logo\/image\/"}}]}},"_links":{"self":[{"href":"https:\/\/clinicaviher.com\/cat\/wp-json\/wp\/v2\/pages\/103"}],"collection":[{"href":"https:\/\/clinicaviher.com\/cat\/wp-json\/wp\/v2\/pages"}],"about":[{"href":"https:\/\/clinicaviher.com\/cat\/wp-json\/wp\/v2\/types\/page"}],"author":[{"embeddable":true,"href":"https:\/\/clinicaviher.com\/cat\/wp-json\/wp\/v2\/users\/1"}],"replies":[{"embeddable":true,"href":"https:\/\/clinicaviher.com\/cat\/wp-json\/wp\/v2\/comments?post=103"}],"version-history":[{"count":21,"href":"https:\/\/clinicaviher.com\/cat\/wp-json\/wp\/v2\/pages\/103\/revisions"}],"predecessor-version":[{"id":2618,"href":"https:\/\/clinicaviher.com\/cat\/wp-json\/wp\/v2\/pages\/103\/revisions\/2618"}],"wp:attachment":[{"href":"https:\/\/clinicaviher.com\/cat\/wp-json\/wp\/v2\/media?parent=103"}],"curies":[{"name":"wp","href":"https:\/\/api.w.org\/{rel}","templated":true}]}}