{"id":1043,"date":"2018-11-09T11:46:44","date_gmt":"2018-11-09T11:46:44","guid":{"rendered":"https:\/\/clinicaviher.com\/?page_id=1043"},"modified":"2023-07-19T17:10:13","modified_gmt":"2023-07-19T15:10:13","slug":"bullying","status":"publish","type":"page","link":"https:\/\/clinicaviher.com\/cat\/bullying\/","title":{"rendered":"Bullying"},"content":{"rendered":"\t\t<div data-elementor-type=\"wp-page\" data-elementor-id=\"1043\" class=\"elementor elementor-1043\">\n\t\t\t\t\t\t\t\t\t<section class=\"elementor-section elementor-top-section elementor-element elementor-element-209e7736 elementor-section-stretched elementor-section-boxed elementor-section-height-default elementor-section-height-default\" data-id=\"209e7736\" data-element_type=\"section\" data-settings=\"{&quot;stretch_section&quot;:&quot;section-stretched&quot;,&quot;background_background&quot;:&quot;classic&quot;}\">\n\t\t\t\t\t\t<div class=\"elementor-container elementor-column-gap-default\">\n\t\t\t\t\t<div class=\"elementor-column elementor-col-100 elementor-top-column elementor-element elementor-element-518906bf\" data-id=\"518906bf\" data-element_type=\"column\">\n\t\t\t<div class=\"elementor-widget-wrap elementor-element-populated\">\n\t\t\t\t\t\t\t\t<div class=\"elementor-element elementor-element-15f8f035 elementor-widget elementor-widget-heading\" data-id=\"15f8f035\" data-element_type=\"widget\" data-widget_type=\"heading.default\">\n\t\t\t\t<div class=\"elementor-widget-container\">\n\t\t\t<style>\/*! elementor - v3.13.3 - 28-05-2023 *\/\n.elementor-heading-title{padding:0;margin:0;line-height:1}.elementor-widget-heading .elementor-heading-title[class*=elementor-size-]>a{color:inherit;font-size:inherit;line-height:inherit}.elementor-widget-heading .elementor-heading-title.elementor-size-small{font-size:15px}.elementor-widget-heading .elementor-heading-title.elementor-size-medium{font-size:19px}.elementor-widget-heading .elementor-heading-title.elementor-size-large{font-size:29px}.elementor-widget-heading .elementor-heading-title.elementor-size-xl{font-size:39px}.elementor-widget-heading .elementor-heading-title.elementor-size-xxl{font-size:59px}<\/style><h1 class=\"elementor-heading-title elementor-size-default\">Psic\u00f2legs especialistes en Bullying o assetjament escolar<\/h1>\t\t<\/div>\n\t\t\t\t<\/div>\n\t\t\t\t\t<\/div>\n\t\t<\/div>\n\t\t\t\t\t\t\t<\/div>\n\t\t<\/section>\n\t\t\t\t<section class=\"elementor-section elementor-top-section elementor-element elementor-element-4c87858f elementor-section-boxed elementor-section-height-default elementor-section-height-default\" data-id=\"4c87858f\" data-element_type=\"section\">\n\t\t\t\t\t\t<div class=\"elementor-container elementor-column-gap-default\">\n\t\t\t\t\t<div class=\"elementor-column elementor-col-100 elementor-top-column elementor-element elementor-element-7eafb94c\" data-id=\"7eafb94c\" data-element_type=\"column\">\n\t\t\t<div class=\"elementor-widget-wrap elementor-element-populated\">\n\t\t\t\t\t\t\t\t<div class=\"elementor-element elementor-element-1e20076 elementor-widget elementor-widget-text-editor\" data-id=\"1e20076\" data-element_type=\"widget\" data-widget_type=\"text-editor.default\">\n\t\t\t\t<div class=\"elementor-widget-container\">\n\t\t\t<style>\/*! elementor - v3.13.3 - 28-05-2023 *\/\n.elementor-widget-text-editor.elementor-drop-cap-view-stacked .elementor-drop-cap{background-color:#69727d;color:#fff}.elementor-widget-text-editor.elementor-drop-cap-view-framed .elementor-drop-cap{color:#69727d;border:3px solid;background-color:transparent}.elementor-widget-text-editor:not(.elementor-drop-cap-view-default) .elementor-drop-cap{margin-top:8px}.elementor-widget-text-editor:not(.elementor-drop-cap-view-default) .elementor-drop-cap-letter{width:1em;height:1em}.elementor-widget-text-editor .elementor-drop-cap{float:left;text-align:center;line-height:1;font-size:50px}.elementor-widget-text-editor .elementor-drop-cap-letter{display:inline-block}<\/style>\t\t\t\t<p><span>El\u00a0<\/span><b><span>Bullying\u00a0<\/span><\/b><span>o\u00a0<\/span><b><span>assetjament escolar\u00a0<\/span><\/b><span>ha existit sempre, per\u00f2 en els darrers anys se n&#8217;han multiplicat les conseq\u00fc\u00e8ncies a causa de l&#8217;aparici\u00f3 de les noves tecnologies entre els m\u00e9s joves.\u00a0El m\u00f3n d&#8217;internet i les xarxes socials ha contribu\u00eft negativament a fer que el\u00a0<\/span><b><span>Bullying\u00a0<\/span><\/b><span>o\u00a0<\/span><b><span>assetjament escolar\u00a0<\/span><\/b><span>trobi altres vies de manifestaci\u00f3, com ara el\u00a0<\/span><b><span>ciberassetjament\u00a0<\/span><\/b><span>.\u00a0Consultar\u00a0<\/span><b><span>psic\u00f2legs especialistes en bullying\u00a0<\/span><\/b><span>o\u00a0<\/span><b><span>assetjament escolar\u00a0<\/span><\/b><span>pot suposar el primer pas per trobar una soluci\u00f3 al problema.<\/span><\/p>\t\t\t\t\t\t<\/div>\n\t\t\t\t<\/div>\n\t\t\t\t<section class=\"elementor-section elementor-inner-section elementor-element elementor-element-5a7a8625 elementor-section-content-middle elementor-section-boxed elementor-section-height-default elementor-section-height-default\" data-id=\"5a7a8625\" data-element_type=\"section\">\n\t\t\t\t\t\t<div class=\"elementor-container elementor-column-gap-default\">\n\t\t\t\t\t<div class=\"elementor-column elementor-col-50 elementor-inner-column elementor-element elementor-element-e09cf92\" data-id=\"e09cf92\" data-element_type=\"column\">\n\t\t\t<div class=\"elementor-widget-wrap elementor-element-populated\">\n\t\t\t\t\t\t\t\t<div class=\"elementor-element elementor-element-7140343d elementor-widget elementor-widget-heading\" data-id=\"7140343d\" data-element_type=\"widget\" data-widget_type=\"heading.default\">\n\t\t\t\t<div class=\"elementor-widget-container\">\n\t\t\t<h2 class=\"elementor-heading-title elementor-size-default\">Psic\u00f2legs assetjament escolar\n<\/h2>\t\t<\/div>\n\t\t\t\t<\/div>\n\t\t\t\t<div class=\"elementor-element elementor-element-62481719 elementor-widget elementor-widget-text-editor\" data-id=\"62481719\" data-element_type=\"widget\" data-widget_type=\"text-editor.default\">\n\t\t\t\t<div class=\"elementor-widget-container\">\n\t\t\t\t\t\t\t<p><span>El\u00a0<\/span><b><span>bullying\u00a0<\/span><\/b><span>o\u00a0<\/span><b><span>assetjament escolar\u00a0<\/span><\/b><span>ha fet saltar les alarmes de pares i professors, sobretot pel ress\u00f2 medi\u00e0tic que ha tingut aquest problema.\u00a0S&#8217;han augmentat els controls, s&#8217;han creat protocols, tel\u00e8fons d&#8217;atenci\u00f3 a les v\u00edctimes, cursos de formaci\u00f3 per a professors, orientaci\u00f3 a pares, campanyes de sensibilitzaci\u00f3, programes de televisi\u00f3&#8230; L&#8217;alarma social s&#8217;ha vist incrementada pel desenlla\u00e7 dram\u00e0tic d&#8217;alguns adolescents portats per l&#8217;angoixa s&#8217;han acabat su\u00efcidant.<\/span><\/p>\t\t\t\t\t\t<\/div>\n\t\t\t\t<\/div>\n\t\t\t\t\t<\/div>\n\t\t<\/div>\n\t\t\t\t<div class=\"elementor-column elementor-col-50 elementor-inner-column elementor-element elementor-element-b04642\" data-id=\"b04642\" data-element_type=\"column\">\n\t\t\t<div class=\"elementor-widget-wrap elementor-element-populated\">\n\t\t\t\t\t\t\t\t<div class=\"elementor-element elementor-element-29a414e6 elementor-widget elementor-widget-image\" data-id=\"29a414e6\" data-element_type=\"widget\" data-widget_type=\"image.default\">\n\t\t\t\t<div class=\"elementor-widget-container\">\n\t\t\t<style>\/*! elementor - v3.13.3 - 28-05-2023 *\/\n.elementor-widget-image{text-align:center}.elementor-widget-image a{display:inline-block}.elementor-widget-image a img[src$=\".svg\"]{width:48px}.elementor-widget-image img{vertical-align:middle;display:inline-block}<\/style>\t\t\t\t\t\t\t\t\t\t\t\t<img loading=\"lazy\" decoding=\"async\" width=\"869\" height=\"559\" src=\"https:\/\/clinicaviher.com\/cat\/wp-content\/uploads\/2023\/06\/bullying.webp\" class=\"attachment-large size-large wp-image-1884\" alt=\"bullying\" srcset=\"https:\/\/clinicaviher.com\/cat\/wp-content\/uploads\/2023\/06\/bullying.webp 869w, https:\/\/clinicaviher.com\/cat\/wp-content\/uploads\/2023\/06\/bullying-300x193.webp 300w, https:\/\/clinicaviher.com\/cat\/wp-content\/uploads\/2023\/06\/bullying-768x494.webp 768w, https:\/\/clinicaviher.com\/cat\/wp-content\/uploads\/2023\/06\/bullying-600x386.webp 600w\" sizes=\"(max-width: 869px) 100vw, 869px\" \/>\t\t\t\t\t\t\t\t\t\t\t\t\t\t\t<\/div>\n\t\t\t\t<\/div>\n\t\t\t\t\t<\/div>\n\t\t<\/div>\n\t\t\t\t\t\t\t<\/div>\n\t\t<\/section>\n\t\t\t\t\t<\/div>\n\t\t<\/div>\n\t\t\t\t\t\t\t<\/div>\n\t\t<\/section>\n\t\t\t\t<section class=\"elementor-section elementor-top-section elementor-element elementor-element-1e3307ef elementor-section-stretched elementor-section-boxed elementor-section-height-default elementor-section-height-default\" data-id=\"1e3307ef\" data-element_type=\"section\" data-settings=\"{&quot;stretch_section&quot;:&quot;section-stretched&quot;,&quot;background_background&quot;:&quot;classic&quot;}\">\n\t\t\t\t\t\t<div class=\"elementor-container elementor-column-gap-default\">\n\t\t\t\t\t<div class=\"elementor-column elementor-col-100 elementor-top-column elementor-element elementor-element-4dff61b1\" data-id=\"4dff61b1\" data-element_type=\"column\">\n\t\t\t<div class=\"elementor-widget-wrap elementor-element-populated\">\n\t\t\t\t\t\t\t\t<div class=\"elementor-element elementor-element-64521b37 elementor-widget elementor-widget-heading\" data-id=\"64521b37\" data-element_type=\"widget\" data-widget_type=\"heading.default\">\n\t\t\t\t<div class=\"elementor-widget-container\">\n\t\t\t<h2 class=\"elementor-heading-title elementor-size-default\">Psic\u00f2legs bullying\n<\/h2>\t\t<\/div>\n\t\t\t\t<\/div>\n\t\t\t\t<div class=\"elementor-element elementor-element-5b02befd elementor-widget elementor-widget-text-editor\" data-id=\"5b02befd\" data-element_type=\"widget\" data-widget_type=\"text-editor.default\">\n\t\t\t\t<div class=\"elementor-widget-container\">\n\t\t\t\t\t\t\t<p><span>\u00c9s important que els m\u00e9s joves puguin parlar amb un professional si s\u00f3n\u00a0<\/span><b><span>v\u00edctimes de bullying\u00a0<\/span><\/b><span>o\u00a0<\/span><b><span>assetjament escolar\u00a0<\/span><\/b><span>.\u00a0Poder parlar amb un\u00a0<\/span><b><span>psic\u00f2leg especialista a Bullying\u00a0<\/span><\/b><span>o\u00a0<\/span><b><span>assetjament escolar\u00a0<\/span><\/b><span>\u00e9s una oportunitat perqu\u00e8 el jove disminueixi el seu malestar i pugui trobar una sortida a una situaci\u00f3 que acostuma a ser de m\u00e0xima angoixa.\u00a0Les escoles disposen de\u00a0<\/span><b><span>psic\u00f2leg escolar\u00a0<\/span><\/b><span>i certament s\u00f3n una bona opci\u00f3, no obstant molts pares i adolescents prefereixen consultar amb\u00a0<\/span><b><span>psic\u00f2legs bullying\u00a0<\/span><\/b><span>que siguin externs al centre educatiu.<\/span><\/p>\t\t\t\t\t\t<\/div>\n\t\t\t\t<\/div>\n\t\t\t\t<div class=\"elementor-element elementor-element-49464db elementor-widget elementor-widget-heading\" data-id=\"49464db\" data-element_type=\"widget\" data-widget_type=\"heading.default\">\n\t\t\t\t<div class=\"elementor-widget-container\">\n\t\t\t<h2 class=\"elementor-heading-title elementor-size-default\">Ter\u00e0pia per al bullying o assetjament escolar\n<\/h2>\t\t<\/div>\n\t\t\t\t<\/div>\n\t\t\t\t<div class=\"elementor-element elementor-element-1f4c724a elementor-widget elementor-widget-text-editor\" data-id=\"1f4c724a\" data-element_type=\"widget\" data-widget_type=\"text-editor.default\">\n\t\t\t\t<div class=\"elementor-widget-container\">\n\t\t\t\t\t\t\t<div class=\"kc-elm kc-css-3751822 kc_text_block\"><p><span>La\u00a0<\/span><b><span>ter\u00e0pia per al Bullying\u00a0<\/span><\/b><span>o\u00a0<\/span><b><span>assetjament escolar\u00a0<\/span><\/b><span>no va dirigida al fet que l&#8217;adolescent s&#8217;identifiqui com una\u00a0<\/span><b><span>v\u00edctima de bullying\u00a0<\/span><\/b><span>fins al punt que aquesta identificaci\u00f3 marqui una determinada posici\u00f3 subjectiva.\u00a0Es tracta que l&#8217;adolescent pugui, per una banda, parlar del que li est\u00e0 passant, cosa que ja suposa un pas molt important.\u00a0I d&#8217;altra banda, la\u00a0<\/span><b><span>ter\u00e0pia psicol\u00f2gica per al Bullying\u00a0<\/span><\/b><span>o l&#8217;\u00a0<\/span><b><span>assetjament escolar\u00a0<\/span><\/b><span>pret\u00e9n crear un marc de confian\u00e7a suficient perqu\u00e8 l&#8217;adolescent pugui trobar solucions pr\u00f2pies al problema.<\/span><\/p><\/div>\t\t\t\t\t\t<\/div>\n\t\t\t\t<\/div>\n\t\t\t\t\t<\/div>\n\t\t<\/div>\n\t\t\t\t\t\t\t<\/div>\n\t\t<\/section>\n\t\t\t\t<section class=\"elementor-section elementor-top-section elementor-element elementor-element-787cdfc1 elementor-section-boxed elementor-section-height-default elementor-section-height-default\" data-id=\"787cdfc1\" data-element_type=\"section\">\n\t\t\t\t\t\t<div class=\"elementor-container elementor-column-gap-default\">\n\t\t\t\t\t<div class=\"elementor-column elementor-col-100 elementor-top-column elementor-element elementor-element-4bddfda\" data-id=\"4bddfda\" data-element_type=\"column\">\n\t\t\t<div class=\"elementor-widget-wrap elementor-element-populated\">\n\t\t\t\t\t\t\t\t<div class=\"elementor-element elementor-element-89b9f31 elementor-widget elementor-widget-heading\" data-id=\"89b9f31\" data-element_type=\"widget\" data-widget_type=\"heading.default\">\n\t\t\t\t<div class=\"elementor-widget-container\">\n\t\t\t<h2 class=\"elementor-heading-title elementor-size-default\">Psic\u00f2leg de bullying<\/h2>\t\t<\/div>\n\t\t\t\t<\/div>\n\t\t\t\t<div class=\"elementor-element elementor-element-7c465a3 elementor-widget elementor-widget-text-editor\" data-id=\"7c465a3\" data-element_type=\"widget\" data-widget_type=\"text-editor.default\">\n\t\t\t\t<div class=\"elementor-widget-container\">\n\t\t\t\t\t\t\t<p>En altres ocasions, s\u00f3n els pares els qui fan la consulta amb un\u00a0<b>psic\u00f2leg especialista en bullying\u00a0<\/b>o\u00a0<b>assetjament escolar\u00a0<\/b>, ja que s\u00f3n ells els qui necessiten orientaci\u00f3 sobre com posicionar-se sobre el\u00a0<b>bullying\u00a0<\/b>que els seus fills estan patint.\u00a0Pot resultar una consulta molt oportuna, ja que de vegades els pares es poden veure desbordats per situacions d&#8217;aquest tipus i dur a terme una consulta amb un\u00a0<b>psic\u00f2leg de bullying\u00a0<\/b>pot donar llum a un problema que de vegades \u00e9s massa opac.<\/p>\t\t\t\t\t\t<\/div>\n\t\t\t\t<\/div>\n\t\t\t\t<div class=\"elementor-element elementor-element-26433daa elementor-widget elementor-widget-heading\" data-id=\"26433daa\" data-element_type=\"widget\" data-widget_type=\"heading.default\">\n\t\t\t\t<div class=\"elementor-widget-container\">\n\t\t\t<h2 class=\"elementor-heading-title elementor-size-default\">Els millors psic\u00f2legs de bulliyng\n<\/h2>\t\t<\/div>\n\t\t\t\t<\/div>\n\t\t\t\t<section class=\"elementor-section elementor-inner-section elementor-element elementor-element-4e8a74ac elementor-section-content-middle elementor-section-boxed elementor-section-height-default elementor-section-height-default\" data-id=\"4e8a74ac\" data-element_type=\"section\">\n\t\t\t\t\t\t<div class=\"elementor-container elementor-column-gap-default\">\n\t\t\t\t\t<div class=\"elementor-column elementor-col-100 elementor-inner-column elementor-element elementor-element-66eff851\" data-id=\"66eff851\" data-element_type=\"column\">\n\t\t\t<div class=\"elementor-widget-wrap elementor-element-populated\">\n\t\t\t\t\t\t\t\t<div class=\"elementor-element elementor-element-243cb335 elementor-widget elementor-widget-text-editor\" data-id=\"243cb335\" data-element_type=\"widget\" data-widget_type=\"text-editor.default\">\n\t\t\t\t<div class=\"elementor-widget-container\">\n\t\t\t\t\t\t\t<p><span><span class=\"\">Est\u00e0s buscant\u00a0<\/span><\/span><b><span><span class=\"\">psic\u00f2legs\u00a0<\/span><\/span><\/b><b><span><span class=\"\">especialistes en bullying o assetjament escolar\u00a0<\/span><\/span><\/b><span><span class=\"\">?\u00a0<\/span>Necessites\u00a0<\/span><b><span>ter\u00e0pia per al Bullying\u00a0<\/span><\/b><span>?\u00a0Has de saber que\u00a0<\/span><b><span>els millors psic\u00f2legs de bullying\u00a0<\/span><\/b><span>seran aquells que entenguin la necessitat individualitzar el tractament en funci\u00f3 de les singularitats de cada adolescent.\u00a0Aix\u00f2 sempre \u00e9s important, per\u00f2 especialment quan treballem amb joves.\u00a0Consulta&#8217;ns sense comprom\u00eds, ser\u00e0s at\u00e8s per un\u00a0<\/span><b><span>psic\u00f2leg d&#8217;adolescents\u00a0<\/span><\/b><span>des de la primera trucada.<\/span><\/p>\t\t\t\t\t\t<\/div>\n\t\t\t\t<\/div>\n\t\t\t\t\t<\/div>\n\t\t<\/div>\n\t\t\t\t\t\t\t<\/div>\n\t\t<\/section>\n\t\t\t\t\t<\/div>\n\t\t<\/div>\n\t\t\t\t\t\t\t<\/div>\n\t\t<\/section>\n\t\t\t\t<section class=\"elementor-section elementor-top-section elementor-element elementor-element-5d05f644 elementor-section-stretched elementor-section-boxed elementor-section-height-default elementor-section-height-default\" data-id=\"5d05f644\" data-element_type=\"section\" data-settings=\"{&quot;stretch_section&quot;:&quot;section-stretched&quot;}\">\n\t\t\t\t\t\t<div class=\"elementor-container elementor-column-gap-default\">\n\t\t\t\t\t<div class=\"elementor-column elementor-col-50 elementor-top-column elementor-element elementor-element-7a831c64\" data-id=\"7a831c64\" data-element_type=\"column\">\n\t\t\t<div class=\"elementor-widget-wrap elementor-element-populated\">\n\t\t\t\t\t\t\t\t<div class=\"elementor-element elementor-element-440b8f52 elementor-widget elementor-widget-image\" data-id=\"440b8f52\" data-element_type=\"widget\" data-widget_type=\"image.default\">\n\t\t\t\t<div class=\"elementor-widget-container\">\n\t\t\t\t\t\t\t\t\t\t\t\t\t\t\t\t<a href=\"\/quienes-somos\/\">\n\t\t\t\t\t\t\t<img loading=\"lazy\" decoding=\"async\" width=\"1400\" height=\"500\" src=\"https:\/\/clinicaviher.com\/cat\/wp-content\/uploads\/2023\/06\/ficha-Sergi.webp\" class=\"attachment-full size-full wp-image-1728\" alt=\"ver ficha de Sergi Vilardell\" srcset=\"https:\/\/clinicaviher.com\/cat\/wp-content\/uploads\/2023\/06\/ficha-Sergi.webp 1400w, https:\/\/clinicaviher.com\/cat\/wp-content\/uploads\/2023\/06\/ficha-Sergi-300x107.webp 300w, https:\/\/clinicaviher.com\/cat\/wp-content\/uploads\/2023\/06\/ficha-Sergi-1024x366.webp 1024w, https:\/\/clinicaviher.com\/cat\/wp-content\/uploads\/2023\/06\/ficha-Sergi-768x274.webp 768w, https:\/\/clinicaviher.com\/cat\/wp-content\/uploads\/2023\/06\/ficha-Sergi-600x214.webp 600w\" sizes=\"(max-width: 1400px) 100vw, 1400px\" \/>\t\t\t\t\t\t\t\t<\/a>\n\t\t\t\t\t\t\t\t\t\t\t\t\t\t\t<\/div>\n\t\t\t\t<\/div>\n\t\t\t\t\t<\/div>\n\t\t<\/div>\n\t\t\t\t<div class=\"elementor-column elementor-col-50 elementor-top-column elementor-element elementor-element-4882f4ad\" data-id=\"4882f4ad\" data-element_type=\"column\">\n\t\t\t<div class=\"elementor-widget-wrap elementor-element-populated\">\n\t\t\t\t\t\t\t\t<div class=\"elementor-element elementor-element-9dce783 elementor-widget elementor-widget-image\" data-id=\"9dce783\" data-element_type=\"widget\" data-widget_type=\"image.default\">\n\t\t\t\t<div class=\"elementor-widget-container\">\n\t\t\t\t\t\t\t\t\t\t\t\t\t\t\t\t<a href=\"\/quienes-somos\/\">\n\t\t\t\t\t\t\t<img loading=\"lazy\" decoding=\"async\" width=\"1400\" height=\"500\" src=\"https:\/\/clinicaviher.com\/cat\/wp-content\/uploads\/2023\/06\/mila-ficha.webp\" class=\"attachment-full size-full wp-image-1729\" alt=\"ver ficha de Mila Herrera\" srcset=\"https:\/\/clinicaviher.com\/cat\/wp-content\/uploads\/2023\/06\/mila-ficha.webp 1400w, https:\/\/clinicaviher.com\/cat\/wp-content\/uploads\/2023\/06\/mila-ficha-300x107.webp 300w, https:\/\/clinicaviher.com\/cat\/wp-content\/uploads\/2023\/06\/mila-ficha-1024x366.webp 1024w, https:\/\/clinicaviher.com\/cat\/wp-content\/uploads\/2023\/06\/mila-ficha-768x274.webp 768w, https:\/\/clinicaviher.com\/cat\/wp-content\/uploads\/2023\/06\/mila-ficha-600x214.webp 600w\" sizes=\"(max-width: 1400px) 100vw, 1400px\" \/>\t\t\t\t\t\t\t\t<\/a>\n\t\t\t\t\t\t\t\t\t\t\t\t\t\t\t<\/div>\n\t\t\t\t<\/div>\n\t\t\t\t\t<\/div>\n\t\t<\/div>\n\t\t\t\t\t\t\t<\/div>\n\t\t<\/section>\n\t\t\t\t\t\t\t<\/div>\n\t\t","protected":false},"excerpt":{"rendered":"<p>Psic\u00f2legs especialistes en Bullying o assetjament escolar El\u00a0Bullying\u00a0o\u00a0assetjament escolar\u00a0ha existit sempre, per\u00f2 en els darrers anys se n&#8217;han multiplicat les conseq\u00fc\u00e8ncies a causa de l&#8217;aparici\u00f3 de les noves tecnologies entre els m\u00e9s joves.\u00a0El m\u00f3n d&#8217;internet i les xarxes socials ha contribu\u00eft negativament a fer que el\u00a0Bullying\u00a0o\u00a0assetjament escolar\u00a0trobi altres vies de manifestaci\u00f3, com ara el\u00a0ciberassetjament\u00a0.\u00a0Consultar\u00a0psic\u00f2legs especialistes &hellip;<\/p>\n<p class=\"read-more\"> <a class=\"\" href=\"https:\/\/clinicaviher.com\/cat\/bullying\/\"> <span class=\"screen-reader-text\">Bullying<\/span> Leer m\u00e1s &raquo;<\/a><\/p>\n","protected":false},"author":1,"featured_media":0,"parent":0,"menu_order":0,"comment_status":"closed","ping_status":"closed","template":"elementor_header_footer","meta":{"site-sidebar-layout":"default","site-content-layout":"default","ast-global-header-display":"","ast-banner-title-visibility":"","ast-main-header-display":"","ast-hfb-above-header-display":"","ast-hfb-below-header-display":"","ast-hfb-mobile-header-display":"","site-post-title":"","ast-breadcrumbs-content":"","ast-featured-img":"","footer-sml-layout":"","theme-transparent-header-meta":"default","adv-header-id-meta":"","stick-header-meta":"default","header-above-stick-meta":"","header-main-stick-meta":"","header-below-stick-meta":"","footnotes":""},"yoast_head":"<!-- This site is optimized with the Yoast SEO plugin v24.3 - https:\/\/yoast.com\/wordpress\/plugins\/seo\/ -->\n<title>Bullying<\/title>\n<meta name=\"description\" content=\"CL\u00cdNICA VIHER. Som Psic\u00f2legs especialistes en Bullying o assetjament escolar. Ter\u00e0pia per al bullying adolescents barcelona\" \/>\n<meta name=\"robots\" content=\"index, follow, max-snippet:-1, max-image-preview:large, max-video-preview:-1\" \/>\n<link rel=\"canonical\" href=\"https:\/\/clinicaviher.com\/cat\/bullying\/\" \/>\n<meta property=\"og:locale\" content=\"es_ES\" \/>\n<meta property=\"og:type\" content=\"article\" \/>\n<meta property=\"og:title\" content=\"Bullying\" \/>\n<meta property=\"og:description\" content=\"CL\u00cdNICA VIHER. Som Psic\u00f2legs especialistes en Bullying o assetjament escolar. Ter\u00e0pia per al bullying adolescents barcelona\" \/>\n<meta property=\"og:url\" content=\"https:\/\/clinicaviher.com\/cat\/bullying\/\" \/>\n<meta property=\"og:site_name\" content=\"Cl\u00ednica Viher\" \/>\n<meta property=\"article:modified_time\" content=\"2023-07-19T15:10:13+00:00\" \/>\n<meta property=\"og:image\" content=\"https:\/\/clinicaviher.com\/cat\/wp-content\/uploads\/2023\/06\/bullying.webp\" \/>\n<meta name=\"twitter:card\" content=\"summary_large_image\" \/>\n<meta name=\"twitter:label1\" content=\"Tiempo de lectura\" \/>\n\t<meta name=\"twitter:data1\" content=\"3 minutos\" \/>\n<script type=\"application\/ld+json\" class=\"yoast-schema-graph\">{\"@context\":\"https:\/\/schema.org\",\"@graph\":[{\"@type\":\"WebPage\",\"@id\":\"https:\/\/clinicaviher.com\/cat\/bullying\/\",\"url\":\"https:\/\/clinicaviher.com\/cat\/bullying\/\",\"name\":\"Bullying\",\"isPartOf\":{\"@id\":\"https:\/\/clinicaviher.com\/cat\/#website\"},\"primaryImageOfPage\":{\"@id\":\"https:\/\/clinicaviher.com\/cat\/bullying\/#primaryimage\"},\"image\":{\"@id\":\"https:\/\/clinicaviher.com\/cat\/bullying\/#primaryimage\"},\"thumbnailUrl\":\"https:\/\/clinicaviher.com\/cat\/wp-content\/uploads\/2023\/06\/bullying.webp\",\"datePublished\":\"2018-11-09T11:46:44+00:00\",\"dateModified\":\"2023-07-19T15:10:13+00:00\",\"description\":\"CL\u00cdNICA VIHER. Som Psic\u00f2legs especialistes en Bullying o assetjament escolar. Ter\u00e0pia per al bullying adolescents barcelona\",\"breadcrumb\":{\"@id\":\"https:\/\/clinicaviher.com\/cat\/bullying\/#breadcrumb\"},\"inLanguage\":\"es\",\"potentialAction\":[{\"@type\":\"ReadAction\",\"target\":[\"https:\/\/clinicaviher.com\/cat\/bullying\/\"]}]},{\"@type\":\"ImageObject\",\"inLanguage\":\"es\",\"@id\":\"https:\/\/clinicaviher.com\/cat\/bullying\/#primaryimage\",\"url\":\"https:\/\/clinicaviher.com\/cat\/wp-content\/uploads\/2023\/06\/bullying.webp\",\"contentUrl\":\"https:\/\/clinicaviher.com\/cat\/wp-content\/uploads\/2023\/06\/bullying.webp\",\"width\":869,\"height\":559,\"caption\":\"bullying\"},{\"@type\":\"BreadcrumbList\",\"@id\":\"https:\/\/clinicaviher.com\/cat\/bullying\/#breadcrumb\",\"itemListElement\":[{\"@type\":\"ListItem\",\"position\":1,\"name\":\"Portada\",\"item\":\"https:\/\/clinicaviher.com\/cat\/\"},{\"@type\":\"ListItem\",\"position\":2,\"name\":\"Bullying\"}]},{\"@type\":\"WebSite\",\"@id\":\"https:\/\/clinicaviher.com\/cat\/#website\",\"url\":\"https:\/\/clinicaviher.com\/cat\/\",\"name\":\"Cl\u00ednica Viher\",\"description\":\"Si buscas un psic\u00f3logo en Barcelona, contamos con algunos de los mejores profesionales en psicolog\u00eda, psicoterapia y psicoan\u00e1lisis\",\"publisher\":{\"@id\":\"https:\/\/clinicaviher.com\/cat\/#organization\"},\"potentialAction\":[{\"@type\":\"SearchAction\",\"target\":{\"@type\":\"EntryPoint\",\"urlTemplate\":\"https:\/\/clinicaviher.com\/cat\/?s={search_term_string}\"},\"query-input\":{\"@type\":\"PropertyValueSpecification\",\"valueRequired\":true,\"valueName\":\"search_term_string\"}}],\"inLanguage\":\"es\"},{\"@type\":\"Organization\",\"@id\":\"https:\/\/clinicaviher.com\/cat\/#organization\",\"name\":\"Cl\u00ednica Viher\",\"url\":\"https:\/\/clinicaviher.com\/cat\/\",\"logo\":{\"@type\":\"ImageObject\",\"inLanguage\":\"es\",\"@id\":\"https:\/\/clinicaviher.com\/cat\/#\/schema\/logo\/image\/\",\"url\":\"https:\/\/clinicaviher.com\/cat\/wp-content\/uploads\/2019\/02\/logoviher-new-web.png\",\"contentUrl\":\"https:\/\/clinicaviher.com\/cat\/wp-content\/uploads\/2019\/02\/logoviher-new-web.png\",\"width\":240,\"height\":52,\"caption\":\"Cl\u00ednica Viher\"},\"image\":{\"@id\":\"https:\/\/clinicaviher.com\/cat\/#\/schema\/logo\/image\/\"}}]}<\/script>\n<!-- \/ Yoast SEO plugin. -->","yoast_head_json":{"title":"Bullying","description":"CL\u00cdNICA VIHER. Som Psic\u00f2legs especialistes en Bullying o assetjament escolar. Ter\u00e0pia per al bullying adolescents barcelona","robots":{"index":"index","follow":"follow","max-snippet":"max-snippet:-1","max-image-preview":"max-image-preview:large","max-video-preview":"max-video-preview:-1"},"canonical":"https:\/\/clinicaviher.com\/cat\/bullying\/","og_locale":"es_ES","og_type":"article","og_title":"Bullying","og_description":"CL\u00cdNICA VIHER. Som Psic\u00f2legs especialistes en Bullying o assetjament escolar. Ter\u00e0pia per al bullying adolescents barcelona","og_url":"https:\/\/clinicaviher.com\/cat\/bullying\/","og_site_name":"Cl\u00ednica Viher","article_modified_time":"2023-07-19T15:10:13+00:00","og_image":[{"url":"https:\/\/clinicaviher.com\/cat\/wp-content\/uploads\/2023\/06\/bullying.webp","type":"","width":"","height":""}],"twitter_card":"summary_large_image","twitter_misc":{"Tiempo de lectura":"3 minutos"},"schema":{"@context":"https:\/\/schema.org","@graph":[{"@type":"WebPage","@id":"https:\/\/clinicaviher.com\/cat\/bullying\/","url":"https:\/\/clinicaviher.com\/cat\/bullying\/","name":"Bullying","isPartOf":{"@id":"https:\/\/clinicaviher.com\/cat\/#website"},"primaryImageOfPage":{"@id":"https:\/\/clinicaviher.com\/cat\/bullying\/#primaryimage"},"image":{"@id":"https:\/\/clinicaviher.com\/cat\/bullying\/#primaryimage"},"thumbnailUrl":"https:\/\/clinicaviher.com\/cat\/wp-content\/uploads\/2023\/06\/bullying.webp","datePublished":"2018-11-09T11:46:44+00:00","dateModified":"2023-07-19T15:10:13+00:00","description":"CL\u00cdNICA VIHER. Som Psic\u00f2legs especialistes en Bullying o assetjament escolar. Ter\u00e0pia per al bullying adolescents barcelona","breadcrumb":{"@id":"https:\/\/clinicaviher.com\/cat\/bullying\/#breadcrumb"},"inLanguage":"es","potentialAction":[{"@type":"ReadAction","target":["https:\/\/clinicaviher.com\/cat\/bullying\/"]}]},{"@type":"ImageObject","inLanguage":"es","@id":"https:\/\/clinicaviher.com\/cat\/bullying\/#primaryimage","url":"https:\/\/clinicaviher.com\/cat\/wp-content\/uploads\/2023\/06\/bullying.webp","contentUrl":"https:\/\/clinicaviher.com\/cat\/wp-content\/uploads\/2023\/06\/bullying.webp","width":869,"height":559,"caption":"bullying"},{"@type":"BreadcrumbList","@id":"https:\/\/clinicaviher.com\/cat\/bullying\/#breadcrumb","itemListElement":[{"@type":"ListItem","position":1,"name":"Portada","item":"https:\/\/clinicaviher.com\/cat\/"},{"@type":"ListItem","position":2,"name":"Bullying"}]},{"@type":"WebSite","@id":"https:\/\/clinicaviher.com\/cat\/#website","url":"https:\/\/clinicaviher.com\/cat\/","name":"Cl\u00ednica Viher","description":"Si buscas un psic\u00f3logo en Barcelona, contamos con algunos de los mejores profesionales en psicolog\u00eda, psicoterapia y psicoan\u00e1lisis","publisher":{"@id":"https:\/\/clinicaviher.com\/cat\/#organization"},"potentialAction":[{"@type":"SearchAction","target":{"@type":"EntryPoint","urlTemplate":"https:\/\/clinicaviher.com\/cat\/?s={search_term_string}"},"query-input":{"@type":"PropertyValueSpecification","valueRequired":true,"valueName":"search_term_string"}}],"inLanguage":"es"},{"@type":"Organization","@id":"https:\/\/clinicaviher.com\/cat\/#organization","name":"Cl\u00ednica Viher","url":"https:\/\/clinicaviher.com\/cat\/","logo":{"@type":"ImageObject","inLanguage":"es","@id":"https:\/\/clinicaviher.com\/cat\/#\/schema\/logo\/image\/","url":"https:\/\/clinicaviher.com\/cat\/wp-content\/uploads\/2019\/02\/logoviher-new-web.png","contentUrl":"https:\/\/clinicaviher.com\/cat\/wp-content\/uploads\/2019\/02\/logoviher-new-web.png","width":240,"height":52,"caption":"Cl\u00ednica Viher"},"image":{"@id":"https:\/\/clinicaviher.com\/cat\/#\/schema\/logo\/image\/"}}]}},"_links":{"self":[{"href":"https:\/\/clinicaviher.com\/cat\/wp-json\/wp\/v2\/pages\/1043"}],"collection":[{"href":"https:\/\/clinicaviher.com\/cat\/wp-json\/wp\/v2\/pages"}],"about":[{"href":"https:\/\/clinicaviher.com\/cat\/wp-json\/wp\/v2\/types\/page"}],"author":[{"embeddable":true,"href":"https:\/\/clinicaviher.com\/cat\/wp-json\/wp\/v2\/users\/1"}],"replies":[{"embeddable":true,"href":"https:\/\/clinicaviher.com\/cat\/wp-json\/wp\/v2\/comments?post=1043"}],"version-history":[{"count":10,"href":"https:\/\/clinicaviher.com\/cat\/wp-json\/wp\/v2\/pages\/1043\/revisions"}],"predecessor-version":[{"id":2435,"href":"https:\/\/clinicaviher.com\/cat\/wp-json\/wp\/v2\/pages\/1043\/revisions\/2435"}],"wp:attachment":[{"href":"https:\/\/clinicaviher.com\/cat\/wp-json\/wp\/v2\/media?parent=1043"}],"curies":[{"name":"wp","href":"https:\/\/api.w.org\/{rel}","templated":true}]}}