{"id":1054,"date":"2018-11-09T12:13:55","date_gmt":"2018-11-09T12:13:55","guid":{"rendered":"https:\/\/clinicaviher.com\/?page_id=1054"},"modified":"2023-07-27T13:09:38","modified_gmt":"2023-07-27T11:09:38","slug":"alcohol-adolescents","status":"publish","type":"page","link":"https:\/\/clinicaviher.com\/cat\/alcohol-adolescents\/","title":{"rendered":"Alcohol adolescents"},"content":{"rendered":"\t\t<div data-elementor-type=\"wp-page\" data-elementor-id=\"1054\" class=\"elementor elementor-1054\">\n\t\t\t\t\t\t\t\t\t<section class=\"elementor-section elementor-top-section elementor-element elementor-element-3770f290 elementor-section-stretched elementor-section-boxed elementor-section-height-default elementor-section-height-default\" data-id=\"3770f290\" data-element_type=\"section\" data-settings=\"{&quot;stretch_section&quot;:&quot;section-stretched&quot;,&quot;background_background&quot;:&quot;classic&quot;}\">\n\t\t\t\t\t\t<div class=\"elementor-container elementor-column-gap-default\">\n\t\t\t\t\t<div class=\"elementor-column elementor-col-100 elementor-top-column elementor-element elementor-element-7188302\" data-id=\"7188302\" data-element_type=\"column\">\n\t\t\t<div class=\"elementor-widget-wrap elementor-element-populated\">\n\t\t\t\t\t\t\t\t<div class=\"elementor-element elementor-element-67c7415a elementor-widget elementor-widget-heading\" data-id=\"67c7415a\" data-element_type=\"widget\" data-widget_type=\"heading.default\">\n\t\t\t\t<div class=\"elementor-widget-container\">\n\t\t\t<style>\/*! elementor - v3.13.3 - 28-05-2023 *\/\n.elementor-heading-title{padding:0;margin:0;line-height:1}.elementor-widget-heading .elementor-heading-title[class*=elementor-size-]>a{color:inherit;font-size:inherit;line-height:inherit}.elementor-widget-heading .elementor-heading-title.elementor-size-small{font-size:15px}.elementor-widget-heading .elementor-heading-title.elementor-size-medium{font-size:19px}.elementor-widget-heading .elementor-heading-title.elementor-size-large{font-size:29px}.elementor-widget-heading .elementor-heading-title.elementor-size-xl{font-size:39px}.elementor-widget-heading .elementor-heading-title.elementor-size-xxl{font-size:59px}<\/style><h1 class=\"elementor-heading-title elementor-size-default\">\nTractament per a l'alcoholisme a Barcelona<\/h1>\t\t<\/div>\n\t\t\t\t<\/div>\n\t\t\t\t\t<\/div>\n\t\t<\/div>\n\t\t\t\t\t\t\t<\/div>\n\t\t<\/section>\n\t\t\t\t<section class=\"elementor-section elementor-top-section elementor-element elementor-element-12fac419 elementor-section-boxed elementor-section-height-default elementor-section-height-default\" data-id=\"12fac419\" data-element_type=\"section\">\n\t\t\t\t\t\t<div class=\"elementor-container elementor-column-gap-default\">\n\t\t\t\t\t<div class=\"elementor-column elementor-col-100 elementor-top-column elementor-element elementor-element-1f0dbf8b\" data-id=\"1f0dbf8b\" data-element_type=\"column\">\n\t\t\t<div class=\"elementor-widget-wrap elementor-element-populated\">\n\t\t\t\t\t\t\t\t<div class=\"elementor-element elementor-element-4e87a192 elementor-widget elementor-widget-text-editor\" data-id=\"4e87a192\" data-element_type=\"widget\" data-widget_type=\"text-editor.default\">\n\t\t\t\t<div class=\"elementor-widget-container\">\n\t\t\t<style>\/*! elementor - v3.13.3 - 28-05-2023 *\/\n.elementor-widget-text-editor.elementor-drop-cap-view-stacked .elementor-drop-cap{background-color:#69727d;color:#fff}.elementor-widget-text-editor.elementor-drop-cap-view-framed .elementor-drop-cap{color:#69727d;border:3px solid;background-color:transparent}.elementor-widget-text-editor:not(.elementor-drop-cap-view-default) .elementor-drop-cap{margin-top:8px}.elementor-widget-text-editor:not(.elementor-drop-cap-view-default) .elementor-drop-cap-letter{width:1em;height:1em}.elementor-widget-text-editor .elementor-drop-cap{float:left;text-align:center;line-height:1;font-size:50px}.elementor-widget-text-editor .elementor-drop-cap-letter{display:inline-block}<\/style>\t\t\t\t<div class=\"kc-elm kc-css-2162728 kc_text_block\"><p>Els adolescents s&#8217;inicien en el consum d&#8217;alcohol a una edat cada cop m\u00e9s primerenca.\u00a0L&#8217;\u00fas recreatiu de l&#8217;alcohol i altres drogues es pot presentar associat a les relacions socials ia la necessitat de pertinen\u00e7a a un grup.\u00a0De vegades l&#8217;alcohol pot complir una funci\u00f3 que va m\u00e9s enll\u00e0 del que \u00e9s social i que t\u00e9 a veure amb un intent \u00abd&#8217;automedicaci\u00f3\u201d.\u00a0Informa&#8217;t sobre el\u00a0<b>tractament per a l&#8217;alcoholisme a Barcelona\u00a0<\/b>.<\/p><\/div>\t\t\t\t\t\t<\/div>\n\t\t\t\t<\/div>\n\t\t\t\t<section class=\"elementor-section elementor-inner-section elementor-element elementor-element-412b7bee elementor-section-content-middle elementor-section-boxed elementor-section-height-default elementor-section-height-default\" data-id=\"412b7bee\" data-element_type=\"section\">\n\t\t\t\t\t\t<div class=\"elementor-container elementor-column-gap-default\">\n\t\t\t\t\t<div class=\"elementor-column elementor-col-50 elementor-inner-column elementor-element elementor-element-bcfdb6b\" data-id=\"bcfdb6b\" data-element_type=\"column\">\n\t\t\t<div class=\"elementor-widget-wrap elementor-element-populated\">\n\t\t\t\t\t\t\t\t<div class=\"elementor-element elementor-element-429e57bd elementor-widget elementor-widget-heading\" data-id=\"429e57bd\" data-element_type=\"widget\" data-widget_type=\"heading.default\">\n\t\t\t\t<div class=\"elementor-widget-container\">\n\t\t\t<h2 class=\"elementor-heading-title elementor-size-default\">\nEspecialistes en ter\u00e0pia per a l'alcoholisme<\/h2>\t\t<\/div>\n\t\t\t\t<\/div>\n\t\t\t\t<div class=\"elementor-element elementor-element-1a1a0abf elementor-widget elementor-widget-text-editor\" data-id=\"1a1a0abf\" data-element_type=\"widget\" data-widget_type=\"text-editor.default\">\n\t\t\t\t<div class=\"elementor-widget-container\">\n\t\t\t\t\t\t\t<p><span>Un adolescent pot beure alcohol per evadir-se, per no pensar, per no sentir&#8230; ja que l&#8217;alcohol produeix uns efectes que van en aquesta direcci\u00f3.&nbsp;Quan l&#8217;alcohol fa aquesta mena de supl\u00e8ncia, el risc que es converteixi en un problema \u00e9s molt m\u00e9s gran.&nbsp;El&nbsp;<\/span><b><span>tractament de l&#8217;alcoholisme&nbsp;<\/span><\/b><span>consisteix a posar un l\u00edmit al consum per\u00f2 tamb\u00e9 a resoldre els problemes de fons que causen l&#8217;&nbsp;<\/span><b><span>addicci\u00f3 a l&#8217;alcohol&nbsp;<\/span><\/b><span>.&nbsp;Per saber-ne m\u00e9s, consulta amb els nostres&nbsp;<\/span><b><span>especialistes en ter\u00e0pia per a l&#8217;alcoholisme&nbsp;<\/span><\/b><span>.<\/span><\/p>\t\t\t\t\t\t<\/div>\n\t\t\t\t<\/div>\n\t\t\t\t\t<\/div>\n\t\t<\/div>\n\t\t\t\t<div class=\"elementor-column elementor-col-50 elementor-inner-column elementor-element elementor-element-6be573c4\" data-id=\"6be573c4\" data-element_type=\"column\">\n\t\t\t<div class=\"elementor-widget-wrap elementor-element-populated\">\n\t\t\t\t\t\t\t\t<div class=\"elementor-element elementor-element-79756dc0 elementor-widget elementor-widget-image\" data-id=\"79756dc0\" data-element_type=\"widget\" data-widget_type=\"image.default\">\n\t\t\t\t<div class=\"elementor-widget-container\">\n\t\t\t<style>\/*! elementor - v3.13.3 - 28-05-2023 *\/\n.elementor-widget-image{text-align:center}.elementor-widget-image a{display:inline-block}.elementor-widget-image a img[src$=\".svg\"]{width:48px}.elementor-widget-image img{vertical-align:middle;display:inline-block}<\/style>\t\t\t\t\t\t\t\t\t\t\t\t<img loading=\"lazy\" decoding=\"async\" width=\"890\" height=\"684\" src=\"https:\/\/clinicaviher.com\/cat\/wp-content\/uploads\/2023\/06\/adolescentes-alcoholismo.webp\" class=\"attachment-large size-large wp-image-1889\" alt=\"adolescentes alcoholismo psicologos\" srcset=\"https:\/\/clinicaviher.com\/cat\/wp-content\/uploads\/2023\/06\/adolescentes-alcoholismo.webp 890w, https:\/\/clinicaviher.com\/cat\/wp-content\/uploads\/2023\/06\/adolescentes-alcoholismo-300x231.webp 300w, https:\/\/clinicaviher.com\/cat\/wp-content\/uploads\/2023\/06\/adolescentes-alcoholismo-768x590.webp 768w, https:\/\/clinicaviher.com\/cat\/wp-content\/uploads\/2023\/06\/adolescentes-alcoholismo-600x461.webp 600w\" sizes=\"(max-width: 890px) 100vw, 890px\" \/>\t\t\t\t\t\t\t\t\t\t\t\t\t\t\t<\/div>\n\t\t\t\t<\/div>\n\t\t\t\t\t<\/div>\n\t\t<\/div>\n\t\t\t\t\t\t\t<\/div>\n\t\t<\/section>\n\t\t\t\t\t<\/div>\n\t\t<\/div>\n\t\t\t\t\t\t\t<\/div>\n\t\t<\/section>\n\t\t\t\t<section class=\"elementor-section elementor-top-section elementor-element elementor-element-47e6aa38 elementor-section-stretched elementor-section-boxed elementor-section-height-default elementor-section-height-default\" data-id=\"47e6aa38\" data-element_type=\"section\" data-settings=\"{&quot;stretch_section&quot;:&quot;section-stretched&quot;,&quot;background_background&quot;:&quot;classic&quot;}\">\n\t\t\t\t\t\t<div class=\"elementor-container elementor-column-gap-default\">\n\t\t\t\t\t<div class=\"elementor-column elementor-col-100 elementor-top-column elementor-element elementor-element-5ed1fcfb\" data-id=\"5ed1fcfb\" data-element_type=\"column\">\n\t\t\t<div class=\"elementor-widget-wrap elementor-element-populated\">\n\t\t\t\t\t\t\t\t<div class=\"elementor-element elementor-element-66ac2b6c elementor-widget elementor-widget-heading\" data-id=\"66ac2b6c\" data-element_type=\"widget\" data-widget_type=\"heading.default\">\n\t\t\t\t<div class=\"elementor-widget-container\">\n\t\t\t<h2 class=\"elementor-heading-title elementor-size-default\">\nEl millor tractament per a l'alcoholisme<\/h2>\t\t<\/div>\n\t\t\t\t<\/div>\n\t\t\t\t<div class=\"elementor-element elementor-element-6e9a1b7e elementor-widget elementor-widget-text-editor\" data-id=\"6e9a1b7e\" data-element_type=\"widget\" data-widget_type=\"text-editor.default\">\n\t\t\t\t<div class=\"elementor-widget-container\">\n\t\t\t\t\t\t\t<p><span>Consultar un\u00a0<\/span><b><span>psic\u00f2leg especialista en alcoholisme a Barcelona\u00a0<\/span><\/b><span>pot ser el primer pas per solucionar el problema.\u00a0\u00c9s dif\u00edcil trobar-se amb adolescents que es reconeguin amb un problema d&#8217;\u00a0<\/span><b><span>addicci\u00f3 a l&#8217;alcohol\u00a0<\/span><\/b><span>, per\u00f2 s\u00ed que pot ser m\u00e9s freq\u00fcent que aquests mateixos joves puguin recon\u00e8ixer que l&#8217;alcohol est\u00e0 causant algun problema a les seves vides.\u00a0<\/span><b><span>El millor tractament per a l&#8217;alcoholisme\u00a0<\/span><\/b><span>sempre necessitar\u00e0 una bona valoraci\u00f3 inicial.<\/span><\/p>\t\t\t\t\t\t<\/div>\n\t\t\t\t<\/div>\n\t\t\t\t\t<\/div>\n\t\t<\/div>\n\t\t\t\t\t\t\t<\/div>\n\t\t<\/section>\n\t\t\t\t<section class=\"elementor-section elementor-top-section elementor-element elementor-element-197b685d elementor-section-boxed elementor-section-height-default elementor-section-height-default\" data-id=\"197b685d\" data-element_type=\"section\">\n\t\t\t\t\t\t<div class=\"elementor-container elementor-column-gap-default\">\n\t\t\t\t\t<div class=\"elementor-column elementor-col-100 elementor-top-column elementor-element elementor-element-1b88fae5\" data-id=\"1b88fae5\" data-element_type=\"column\">\n\t\t\t<div class=\"elementor-widget-wrap elementor-element-populated\">\n\t\t\t\t\t\t\t\t<div class=\"elementor-element elementor-element-1d7a28f2 elementor-widget elementor-widget-heading\" data-id=\"1d7a28f2\" data-element_type=\"widget\" data-widget_type=\"heading.default\">\n\t\t\t\t<div class=\"elementor-widget-container\">\n\t\t\t<h2 class=\"elementor-heading-title elementor-size-default\">Psic\u00f2legs alcoholisme Barcelona<\/h2>\t\t<\/div>\n\t\t\t\t<\/div>\n\t\t\t\t<div class=\"elementor-element elementor-element-231fb039 elementor-widget elementor-widget-text-editor\" data-id=\"231fb039\" data-element_type=\"widget\" data-widget_type=\"text-editor.default\">\n\t\t\t\t<div class=\"elementor-widget-container\">\n\t\t\t\t\t\t\t<div class=\"kc-elm kc-css-3751822 kc_text_block\"><p><span>\u00c9s possible dur a terme un\u00a0<\/span><b><span>tractament amb psic\u00f2legs especialistes en alcoholisme\u00a0<\/span><\/b><span>que a m\u00e9s siguin\u00a0<\/span><b><span>psic\u00f2legs especialistes en ter\u00e0pia amb adolescents\u00a0<\/span><\/b><span>.\u00a0Aquest punt \u00e9s important perqu\u00e8 no \u00e9s el mateix una\u00a0<\/span><b><span>ter\u00e0pia per a l&#8217;alcoholisme amb adolescents\u00a0<\/span><\/b><span>que una\u00a0<\/span><b><span>ter\u00e0pia per a l&#8217;alcoholisme amb adults\u00a0<\/span><\/b><span>.\u00a0A\u00a0<\/span><b><span>Cl\u00ednica Viher\u00a0<\/span><\/b><span>comptem amb un\u00a0<\/span><b><span>equip de psic\u00f2legs alcoholisme Barcelona\u00a0<\/span><\/b><span>i amb\u00a0<\/span><b><span>psic\u00f2legs adolescents Barcelona\u00a0<\/span><\/b><span>.<\/span><\/p><\/div>\t\t\t\t\t\t<\/div>\n\t\t\t\t<\/div>\n\t\t\t\t<div class=\"elementor-element elementor-element-6aecc568 elementor-widget elementor-widget-heading\" data-id=\"6aecc568\" data-element_type=\"widget\" data-widget_type=\"heading.default\">\n\t\t\t\t<div class=\"elementor-widget-container\">\n\t\t\t<h2 class=\"elementor-heading-title elementor-size-default\">Els millors psic\u00f2legs dadolescents\n<\/h2>\t\t<\/div>\n\t\t\t\t<\/div>\n\t\t\t\t<section class=\"elementor-section elementor-inner-section elementor-element elementor-element-7c3daefa elementor-section-content-middle elementor-section-boxed elementor-section-height-default elementor-section-height-default\" data-id=\"7c3daefa\" data-element_type=\"section\">\n\t\t\t\t\t\t<div class=\"elementor-container elementor-column-gap-default\">\n\t\t\t\t\t<div class=\"elementor-column elementor-col-100 elementor-inner-column elementor-element elementor-element-7a40d2dc\" data-id=\"7a40d2dc\" data-element_type=\"column\">\n\t\t\t<div class=\"elementor-widget-wrap elementor-element-populated\">\n\t\t\t\t\t\t\t\t<div class=\"elementor-element elementor-element-68a7ef39 elementor-widget elementor-widget-text-editor\" data-id=\"68a7ef39\" data-element_type=\"widget\" data-widget_type=\"text-editor.default\">\n\t\t\t\t<div class=\"elementor-widget-container\">\n\t\t\t\t\t\t\t<p><span>Est\u00e0 cercant un\u00a0<\/span><b><span>tractament per a l&#8217;alcoholisme\u00a0<\/span><\/b><span>?\u00a0o busques\u00a0<\/span><b><span>psic\u00f2legs especialistes en ter\u00e0pia amb adolescents\u00a0<\/span><\/b><span>?\u00a0Has de saber que\u00a0<\/span><b><span>els millors psic\u00f2legs d&#8217;adolescents\u00a0<\/span><\/b><span>i\u00a0<\/span><b><span>els millors psic\u00f2legs d&#8217;alcoholisme\u00a0<\/span><\/b><span>seran aquells que entenguin la import\u00e0ncia d&#8217;individualitzar el tractament despr\u00e9s d&#8217;una primera fase de valoraci\u00f3 diagn\u00f2stica.\u00a0Consulteu-nos sense comprom\u00eds, ser\u00e0 at\u00e8s per un\u00a0<\/span><b><span>psic\u00f2leg d&#8217;adolescents\u00a0<\/span><\/b><span>\u00a0des de la primera trucada.<\/span><\/p>\t\t\t\t\t\t<\/div>\n\t\t\t\t<\/div>\n\t\t\t\t\t<\/div>\n\t\t<\/div>\n\t\t\t\t\t\t\t<\/div>\n\t\t<\/section>\n\t\t\t\t\t<\/div>\n\t\t<\/div>\n\t\t\t\t\t\t\t<\/div>\n\t\t<\/section>\n\t\t\t\t<section class=\"elementor-section elementor-top-section elementor-element elementor-element-5e4ef1a5 elementor-section-stretched elementor-section-boxed elementor-section-height-default elementor-section-height-default\" data-id=\"5e4ef1a5\" data-element_type=\"section\" data-settings=\"{&quot;stretch_section&quot;:&quot;section-stretched&quot;}\">\n\t\t\t\t\t\t<div class=\"elementor-container elementor-column-gap-default\">\n\t\t\t\t\t<div class=\"elementor-column elementor-col-50 elementor-top-column elementor-element elementor-element-6d883cef\" data-id=\"6d883cef\" data-element_type=\"column\">\n\t\t\t<div class=\"elementor-widget-wrap elementor-element-populated\">\n\t\t\t\t\t\t\t\t<div class=\"elementor-element elementor-element-1765757b elementor-widget elementor-widget-image\" data-id=\"1765757b\" data-element_type=\"widget\" data-widget_type=\"image.default\">\n\t\t\t\t<div class=\"elementor-widget-container\">\n\t\t\t\t\t\t\t\t\t\t\t\t\t\t\t\t<a href=\"\/quienes-somos\/\">\n\t\t\t\t\t\t\t<img loading=\"lazy\" decoding=\"async\" width=\"1400\" height=\"500\" src=\"https:\/\/clinicaviher.com\/cat\/wp-content\/uploads\/2023\/06\/ficha-Sergi.webp\" class=\"attachment-full size-full wp-image-1728\" alt=\"ver ficha de Sergi Vilardell\" srcset=\"https:\/\/clinicaviher.com\/cat\/wp-content\/uploads\/2023\/06\/ficha-Sergi.webp 1400w, https:\/\/clinicaviher.com\/cat\/wp-content\/uploads\/2023\/06\/ficha-Sergi-300x107.webp 300w, https:\/\/clinicaviher.com\/cat\/wp-content\/uploads\/2023\/06\/ficha-Sergi-1024x366.webp 1024w, https:\/\/clinicaviher.com\/cat\/wp-content\/uploads\/2023\/06\/ficha-Sergi-768x274.webp 768w, https:\/\/clinicaviher.com\/cat\/wp-content\/uploads\/2023\/06\/ficha-Sergi-600x214.webp 600w\" sizes=\"(max-width: 1400px) 100vw, 1400px\" \/>\t\t\t\t\t\t\t\t<\/a>\n\t\t\t\t\t\t\t\t\t\t\t\t\t\t\t<\/div>\n\t\t\t\t<\/div>\n\t\t\t\t\t<\/div>\n\t\t<\/div>\n\t\t\t\t<div class=\"elementor-column elementor-col-50 elementor-top-column elementor-element elementor-element-8b03135\" data-id=\"8b03135\" data-element_type=\"column\">\n\t\t\t<div class=\"elementor-widget-wrap elementor-element-populated\">\n\t\t\t\t\t\t\t\t<div class=\"elementor-element elementor-element-324327c4 elementor-widget elementor-widget-image\" data-id=\"324327c4\" data-element_type=\"widget\" data-widget_type=\"image.default\">\n\t\t\t\t<div class=\"elementor-widget-container\">\n\t\t\t\t\t\t\t\t\t\t\t\t\t\t\t\t<a href=\"\/quienes-somos\/\">\n\t\t\t\t\t\t\t<img loading=\"lazy\" decoding=\"async\" width=\"1400\" height=\"500\" src=\"https:\/\/clinicaviher.com\/cat\/wp-content\/uploads\/2023\/06\/mila-ficha.webp\" class=\"attachment-full size-full wp-image-1729\" alt=\"ver ficha de Mila Herrera\" srcset=\"https:\/\/clinicaviher.com\/cat\/wp-content\/uploads\/2023\/06\/mila-ficha.webp 1400w, https:\/\/clinicaviher.com\/cat\/wp-content\/uploads\/2023\/06\/mila-ficha-300x107.webp 300w, https:\/\/clinicaviher.com\/cat\/wp-content\/uploads\/2023\/06\/mila-ficha-1024x366.webp 1024w, https:\/\/clinicaviher.com\/cat\/wp-content\/uploads\/2023\/06\/mila-ficha-768x274.webp 768w, https:\/\/clinicaviher.com\/cat\/wp-content\/uploads\/2023\/06\/mila-ficha-600x214.webp 600w\" sizes=\"(max-width: 1400px) 100vw, 1400px\" \/>\t\t\t\t\t\t\t\t<\/a>\n\t\t\t\t\t\t\t\t\t\t\t\t\t\t\t<\/div>\n\t\t\t\t<\/div>\n\t\t\t\t\t<\/div>\n\t\t<\/div>\n\t\t\t\t\t\t\t<\/div>\n\t\t<\/section>\n\t\t\t\t\t\t\t<\/div>\n\t\t","protected":false},"excerpt":{"rendered":"<p>Tractament per a l&#8217;alcoholisme a Barcelona Els adolescents s&#8217;inicien en el consum d&#8217;alcohol a una edat cada cop m\u00e9s primerenca.\u00a0L&#8217;\u00fas recreatiu de l&#8217;alcohol i altres drogues es pot presentar associat a les relacions socials ia la necessitat de pertinen\u00e7a a un grup.\u00a0De vegades l&#8217;alcohol pot complir una funci\u00f3 que va m\u00e9s enll\u00e0 del que \u00e9s &hellip;<\/p>\n<p class=\"read-more\"> <a class=\"\" href=\"https:\/\/clinicaviher.com\/cat\/alcohol-adolescents\/\"> <span class=\"screen-reader-text\">Alcohol adolescents<\/span> Leer m\u00e1s &raquo;<\/a><\/p>\n","protected":false},"author":1,"featured_media":0,"parent":0,"menu_order":0,"comment_status":"closed","ping_status":"closed","template":"elementor_header_footer","meta":{"site-sidebar-layout":"default","site-content-layout":"default","ast-global-header-display":"","ast-banner-title-visibility":"","ast-main-header-display":"","ast-hfb-above-header-display":"","ast-hfb-below-header-display":"","ast-hfb-mobile-header-display":"","site-post-title":"","ast-breadcrumbs-content":"","ast-featured-img":"","footer-sml-layout":"","theme-transparent-header-meta":"default","adv-header-id-meta":"","stick-header-meta":"default","header-above-stick-meta":"","header-main-stick-meta":"","header-below-stick-meta":"","footnotes":""},"yoast_head":"<!-- This site is optimized with the Yoast SEO plugin v24.3 - https:\/\/yoast.com\/wordpress\/plugins\/seo\/ -->\n<title>Alcohol adolescents<\/title>\n<meta name=\"description\" content=\"El tractament de l&#039;alcoholisme consisteix a posar l\u00edmit al consum i resoldre els problemes de fons que causen l&#039;addicci\u00f3 a l&#039;alcohol\" \/>\n<meta name=\"robots\" content=\"index, follow, max-snippet:-1, max-image-preview:large, max-video-preview:-1\" \/>\n<link rel=\"canonical\" href=\"https:\/\/clinicaviher.com\/cat\/alcohol-adolescents\/\" \/>\n<meta property=\"og:locale\" content=\"es_ES\" \/>\n<meta property=\"og:type\" content=\"article\" \/>\n<meta property=\"og:title\" content=\"Alcohol adolescents\" \/>\n<meta property=\"og:description\" content=\"El tractament de l&#039;alcoholisme consisteix a posar l\u00edmit al consum i resoldre els problemes de fons que causen l&#039;addicci\u00f3 a l&#039;alcohol\" \/>\n<meta property=\"og:url\" content=\"https:\/\/clinicaviher.com\/cat\/alcohol-adolescents\/\" \/>\n<meta property=\"og:site_name\" content=\"Cl\u00ednica Viher\" \/>\n<meta property=\"article:modified_time\" content=\"2023-07-27T11:09:38+00:00\" \/>\n<meta property=\"og:image\" content=\"https:\/\/clinicaviher.com\/cat\/wp-content\/uploads\/2023\/06\/adolescentes-alcoholismo.webp\" \/>\n<meta name=\"twitter:card\" content=\"summary_large_image\" \/>\n<meta name=\"twitter:label1\" content=\"Tiempo de lectura\" \/>\n\t<meta name=\"twitter:data1\" content=\"3 minutos\" \/>\n<script type=\"application\/ld+json\" class=\"yoast-schema-graph\">{\"@context\":\"https:\/\/schema.org\",\"@graph\":[{\"@type\":\"WebPage\",\"@id\":\"https:\/\/clinicaviher.com\/cat\/alcohol-adolescents\/\",\"url\":\"https:\/\/clinicaviher.com\/cat\/alcohol-adolescents\/\",\"name\":\"Alcohol adolescents\",\"isPartOf\":{\"@id\":\"https:\/\/clinicaviher.com\/cat\/#website\"},\"primaryImageOfPage\":{\"@id\":\"https:\/\/clinicaviher.com\/cat\/alcohol-adolescents\/#primaryimage\"},\"image\":{\"@id\":\"https:\/\/clinicaviher.com\/cat\/alcohol-adolescents\/#primaryimage\"},\"thumbnailUrl\":\"https:\/\/clinicaviher.com\/cat\/wp-content\/uploads\/2023\/06\/adolescentes-alcoholismo.webp\",\"datePublished\":\"2018-11-09T12:13:55+00:00\",\"dateModified\":\"2023-07-27T11:09:38+00:00\",\"description\":\"El tractament de l'alcoholisme consisteix a posar l\u00edmit al consum i resoldre els problemes de fons que causen l'addicci\u00f3 a l'alcohol\",\"breadcrumb\":{\"@id\":\"https:\/\/clinicaviher.com\/cat\/alcohol-adolescents\/#breadcrumb\"},\"inLanguage\":\"es\",\"potentialAction\":[{\"@type\":\"ReadAction\",\"target\":[\"https:\/\/clinicaviher.com\/cat\/alcohol-adolescents\/\"]}]},{\"@type\":\"ImageObject\",\"inLanguage\":\"es\",\"@id\":\"https:\/\/clinicaviher.com\/cat\/alcohol-adolescents\/#primaryimage\",\"url\":\"https:\/\/clinicaviher.com\/cat\/wp-content\/uploads\/2023\/06\/adolescentes-alcoholismo.webp\",\"contentUrl\":\"https:\/\/clinicaviher.com\/cat\/wp-content\/uploads\/2023\/06\/adolescentes-alcoholismo.webp\",\"width\":890,\"height\":684,\"caption\":\"adolescentes alcoholismo psicologos\"},{\"@type\":\"BreadcrumbList\",\"@id\":\"https:\/\/clinicaviher.com\/cat\/alcohol-adolescents\/#breadcrumb\",\"itemListElement\":[{\"@type\":\"ListItem\",\"position\":1,\"name\":\"Portada\",\"item\":\"https:\/\/clinicaviher.com\/cat\/\"},{\"@type\":\"ListItem\",\"position\":2,\"name\":\"Alcohol adolescents\"}]},{\"@type\":\"WebSite\",\"@id\":\"https:\/\/clinicaviher.com\/cat\/#website\",\"url\":\"https:\/\/clinicaviher.com\/cat\/\",\"name\":\"Cl\u00ednica Viher\",\"description\":\"Si buscas un psic\u00f3logo en Barcelona, contamos con algunos de los mejores profesionales en psicolog\u00eda, psicoterapia y psicoan\u00e1lisis\",\"publisher\":{\"@id\":\"https:\/\/clinicaviher.com\/cat\/#organization\"},\"potentialAction\":[{\"@type\":\"SearchAction\",\"target\":{\"@type\":\"EntryPoint\",\"urlTemplate\":\"https:\/\/clinicaviher.com\/cat\/?s={search_term_string}\"},\"query-input\":{\"@type\":\"PropertyValueSpecification\",\"valueRequired\":true,\"valueName\":\"search_term_string\"}}],\"inLanguage\":\"es\"},{\"@type\":\"Organization\",\"@id\":\"https:\/\/clinicaviher.com\/cat\/#organization\",\"name\":\"Cl\u00ednica Viher\",\"url\":\"https:\/\/clinicaviher.com\/cat\/\",\"logo\":{\"@type\":\"ImageObject\",\"inLanguage\":\"es\",\"@id\":\"https:\/\/clinicaviher.com\/cat\/#\/schema\/logo\/image\/\",\"url\":\"https:\/\/clinicaviher.com\/cat\/wp-content\/uploads\/2019\/02\/logoviher-new-web.png\",\"contentUrl\":\"https:\/\/clinicaviher.com\/cat\/wp-content\/uploads\/2019\/02\/logoviher-new-web.png\",\"width\":240,\"height\":52,\"caption\":\"Cl\u00ednica Viher\"},\"image\":{\"@id\":\"https:\/\/clinicaviher.com\/cat\/#\/schema\/logo\/image\/\"}}]}<\/script>\n<!-- \/ Yoast SEO plugin. -->","yoast_head_json":{"title":"Alcohol adolescents","description":"El tractament de l'alcoholisme consisteix a posar l\u00edmit al consum i resoldre els problemes de fons que causen l'addicci\u00f3 a l'alcohol","robots":{"index":"index","follow":"follow","max-snippet":"max-snippet:-1","max-image-preview":"max-image-preview:large","max-video-preview":"max-video-preview:-1"},"canonical":"https:\/\/clinicaviher.com\/cat\/alcohol-adolescents\/","og_locale":"es_ES","og_type":"article","og_title":"Alcohol adolescents","og_description":"El tractament de l'alcoholisme consisteix a posar l\u00edmit al consum i resoldre els problemes de fons que causen l'addicci\u00f3 a l'alcohol","og_url":"https:\/\/clinicaviher.com\/cat\/alcohol-adolescents\/","og_site_name":"Cl\u00ednica Viher","article_modified_time":"2023-07-27T11:09:38+00:00","og_image":[{"url":"https:\/\/clinicaviher.com\/cat\/wp-content\/uploads\/2023\/06\/adolescentes-alcoholismo.webp","type":"","width":"","height":""}],"twitter_card":"summary_large_image","twitter_misc":{"Tiempo de lectura":"3 minutos"},"schema":{"@context":"https:\/\/schema.org","@graph":[{"@type":"WebPage","@id":"https:\/\/clinicaviher.com\/cat\/alcohol-adolescents\/","url":"https:\/\/clinicaviher.com\/cat\/alcohol-adolescents\/","name":"Alcohol adolescents","isPartOf":{"@id":"https:\/\/clinicaviher.com\/cat\/#website"},"primaryImageOfPage":{"@id":"https:\/\/clinicaviher.com\/cat\/alcohol-adolescents\/#primaryimage"},"image":{"@id":"https:\/\/clinicaviher.com\/cat\/alcohol-adolescents\/#primaryimage"},"thumbnailUrl":"https:\/\/clinicaviher.com\/cat\/wp-content\/uploads\/2023\/06\/adolescentes-alcoholismo.webp","datePublished":"2018-11-09T12:13:55+00:00","dateModified":"2023-07-27T11:09:38+00:00","description":"El tractament de l'alcoholisme consisteix a posar l\u00edmit al consum i resoldre els problemes de fons que causen l'addicci\u00f3 a l'alcohol","breadcrumb":{"@id":"https:\/\/clinicaviher.com\/cat\/alcohol-adolescents\/#breadcrumb"},"inLanguage":"es","potentialAction":[{"@type":"ReadAction","target":["https:\/\/clinicaviher.com\/cat\/alcohol-adolescents\/"]}]},{"@type":"ImageObject","inLanguage":"es","@id":"https:\/\/clinicaviher.com\/cat\/alcohol-adolescents\/#primaryimage","url":"https:\/\/clinicaviher.com\/cat\/wp-content\/uploads\/2023\/06\/adolescentes-alcoholismo.webp","contentUrl":"https:\/\/clinicaviher.com\/cat\/wp-content\/uploads\/2023\/06\/adolescentes-alcoholismo.webp","width":890,"height":684,"caption":"adolescentes alcoholismo psicologos"},{"@type":"BreadcrumbList","@id":"https:\/\/clinicaviher.com\/cat\/alcohol-adolescents\/#breadcrumb","itemListElement":[{"@type":"ListItem","position":1,"name":"Portada","item":"https:\/\/clinicaviher.com\/cat\/"},{"@type":"ListItem","position":2,"name":"Alcohol adolescents"}]},{"@type":"WebSite","@id":"https:\/\/clinicaviher.com\/cat\/#website","url":"https:\/\/clinicaviher.com\/cat\/","name":"Cl\u00ednica Viher","description":"Si buscas un psic\u00f3logo en Barcelona, contamos con algunos de los mejores profesionales en psicolog\u00eda, psicoterapia y psicoan\u00e1lisis","publisher":{"@id":"https:\/\/clinicaviher.com\/cat\/#organization"},"potentialAction":[{"@type":"SearchAction","target":{"@type":"EntryPoint","urlTemplate":"https:\/\/clinicaviher.com\/cat\/?s={search_term_string}"},"query-input":{"@type":"PropertyValueSpecification","valueRequired":true,"valueName":"search_term_string"}}],"inLanguage":"es"},{"@type":"Organization","@id":"https:\/\/clinicaviher.com\/cat\/#organization","name":"Cl\u00ednica Viher","url":"https:\/\/clinicaviher.com\/cat\/","logo":{"@type":"ImageObject","inLanguage":"es","@id":"https:\/\/clinicaviher.com\/cat\/#\/schema\/logo\/image\/","url":"https:\/\/clinicaviher.com\/cat\/wp-content\/uploads\/2019\/02\/logoviher-new-web.png","contentUrl":"https:\/\/clinicaviher.com\/cat\/wp-content\/uploads\/2019\/02\/logoviher-new-web.png","width":240,"height":52,"caption":"Cl\u00ednica Viher"},"image":{"@id":"https:\/\/clinicaviher.com\/cat\/#\/schema\/logo\/image\/"}}]}},"_links":{"self":[{"href":"https:\/\/clinicaviher.com\/cat\/wp-json\/wp\/v2\/pages\/1054"}],"collection":[{"href":"https:\/\/clinicaviher.com\/cat\/wp-json\/wp\/v2\/pages"}],"about":[{"href":"https:\/\/clinicaviher.com\/cat\/wp-json\/wp\/v2\/types\/page"}],"author":[{"embeddable":true,"href":"https:\/\/clinicaviher.com\/cat\/wp-json\/wp\/v2\/users\/1"}],"replies":[{"embeddable":true,"href":"https:\/\/clinicaviher.com\/cat\/wp-json\/wp\/v2\/comments?post=1054"}],"version-history":[{"count":13,"href":"https:\/\/clinicaviher.com\/cat\/wp-json\/wp\/v2\/pages\/1054\/revisions"}],"predecessor-version":[{"id":2582,"href":"https:\/\/clinicaviher.com\/cat\/wp-json\/wp\/v2\/pages\/1054\/revisions\/2582"}],"wp:attachment":[{"href":"https:\/\/clinicaviher.com\/cat\/wp-json\/wp\/v2\/media?parent=1054"}],"curies":[{"name":"wp","href":"https:\/\/api.w.org\/{rel}","templated":true}]}}