{"id":1065,"date":"2018-11-09T13:35:16","date_gmt":"2018-11-09T13:35:16","guid":{"rendered":"https:\/\/clinicaviher.com\/?page_id=1065"},"modified":"2023-07-20T16:50:30","modified_gmt":"2023-07-20T14:50:30","slug":"anorexia-en-adolescents","status":"publish","type":"page","link":"https:\/\/clinicaviher.com\/cat\/anorexia-en-adolescents\/","title":{"rendered":"Anor\u00e8xia a Adolescents"},"content":{"rendered":"\t\t<div data-elementor-type=\"wp-page\" data-elementor-id=\"1065\" class=\"elementor elementor-1065\">\n\t\t\t\t\t\t\t\t\t<section class=\"elementor-section elementor-top-section elementor-element elementor-element-4e39712c elementor-section-stretched elementor-section-boxed elementor-section-height-default elementor-section-height-default\" data-id=\"4e39712c\" data-element_type=\"section\" data-settings=\"{&quot;stretch_section&quot;:&quot;section-stretched&quot;,&quot;background_background&quot;:&quot;classic&quot;}\">\n\t\t\t\t\t\t<div class=\"elementor-container elementor-column-gap-default\">\n\t\t\t\t\t<div class=\"elementor-column elementor-col-100 elementor-top-column elementor-element elementor-element-16053346\" data-id=\"16053346\" data-element_type=\"column\">\n\t\t\t<div class=\"elementor-widget-wrap elementor-element-populated\">\n\t\t\t\t\t\t\t\t<div class=\"elementor-element elementor-element-6195a562 elementor-widget elementor-widget-heading\" data-id=\"6195a562\" data-element_type=\"widget\" data-widget_type=\"heading.default\">\n\t\t\t\t<div class=\"elementor-widget-container\">\n\t\t\t<style>\/*! elementor - v3.13.3 - 28-05-2023 *\/\n.elementor-heading-title{padding:0;margin:0;line-height:1}.elementor-widget-heading .elementor-heading-title[class*=elementor-size-]>a{color:inherit;font-size:inherit;line-height:inherit}.elementor-widget-heading .elementor-heading-title.elementor-size-small{font-size:15px}.elementor-widget-heading .elementor-heading-title.elementor-size-medium{font-size:19px}.elementor-widget-heading .elementor-heading-title.elementor-size-large{font-size:29px}.elementor-widget-heading .elementor-heading-title.elementor-size-xl{font-size:39px}.elementor-widget-heading .elementor-heading-title.elementor-size-xxl{font-size:59px}<\/style><h1 class=\"elementor-heading-title elementor-size-default\">Qu\u00e8 \u00e9s l'anor\u00e8xia nerviosa?\n<\/h1>\t\t<\/div>\n\t\t\t\t<\/div>\n\t\t\t\t\t<\/div>\n\t\t<\/div>\n\t\t\t\t\t\t\t<\/div>\n\t\t<\/section>\n\t\t\t\t<section class=\"elementor-section elementor-top-section elementor-element elementor-element-264f9d54 elementor-section-boxed elementor-section-height-default elementor-section-height-default\" data-id=\"264f9d54\" data-element_type=\"section\">\n\t\t\t\t\t\t<div class=\"elementor-container elementor-column-gap-default\">\n\t\t\t\t\t<div class=\"elementor-column elementor-col-100 elementor-top-column elementor-element elementor-element-27720e1a\" data-id=\"27720e1a\" data-element_type=\"column\">\n\t\t\t<div class=\"elementor-widget-wrap elementor-element-populated\">\n\t\t\t\t\t\t\t\t<div class=\"elementor-element elementor-element-20680372 elementor-widget elementor-widget-text-editor\" data-id=\"20680372\" data-element_type=\"widget\" data-widget_type=\"text-editor.default\">\n\t\t\t\t<div class=\"elementor-widget-container\">\n\t\t\t<style>\/*! elementor - v3.13.3 - 28-05-2023 *\/\n.elementor-widget-text-editor.elementor-drop-cap-view-stacked .elementor-drop-cap{background-color:#69727d;color:#fff}.elementor-widget-text-editor.elementor-drop-cap-view-framed .elementor-drop-cap{color:#69727d;border:3px solid;background-color:transparent}.elementor-widget-text-editor:not(.elementor-drop-cap-view-default) .elementor-drop-cap{margin-top:8px}.elementor-widget-text-editor:not(.elementor-drop-cap-view-default) .elementor-drop-cap-letter{width:1em;height:1em}.elementor-widget-text-editor .elementor-drop-cap{float:left;text-align:center;line-height:1;font-size:50px}.elementor-widget-text-editor .elementor-drop-cap-letter{display:inline-block}<\/style>\t\t\t\t<p><span><span class=\"\">L&#8217;\u00a0<\/span><\/span><b><span><span class=\"\">anor\u00e8xia nerviosa\u00a0<\/span><\/span><\/b><span><span class=\"\">\u00e9s un\u00a0<\/span><\/span><b><span><span class=\"\">trastorn de l&#8217;alimentaci\u00f3\u00a0<\/span><\/span><\/b><span><span class=\"\">greu.\u00a0<\/span><span class=\"\">En l&#8217;intent per controlar el pes i la imatge corporal, les persones amb\u00a0<\/span><\/span><b><span><span class=\"\">anor\u00e8xia nerviosa\u00a0<\/span><\/span><\/b><span><span class=\"\">solen limitar al m\u00e0xim la ingesta d&#8217;aliments, fer esport en exc\u00e9s, provocar-se el v\u00f2mit\u2026 Conductes de repetici\u00f3, davant de les quals l&#8217;adolescent amb\u00a0<\/span><\/span><b><span><span class=\"\">anor\u00e8xia nerviosa\u00a0<\/span><\/span><\/b><span><span class=\"\">en pot perdre el control totalment o parcialment.<\/span><\/span><\/p>\t\t\t\t\t\t<\/div>\n\t\t\t\t<\/div>\n\t\t\t\t<section class=\"elementor-section elementor-inner-section elementor-element elementor-element-43bafb5d elementor-section-content-middle elementor-section-boxed elementor-section-height-default elementor-section-height-default\" data-id=\"43bafb5d\" data-element_type=\"section\">\n\t\t\t\t\t\t<div class=\"elementor-container elementor-column-gap-default\">\n\t\t\t\t\t<div class=\"elementor-column elementor-col-50 elementor-inner-column elementor-element elementor-element-2b37ad5\" data-id=\"2b37ad5\" data-element_type=\"column\">\n\t\t\t<div class=\"elementor-widget-wrap elementor-element-populated\">\n\t\t\t\t\t\t\t\t<div class=\"elementor-element elementor-element-3751054 elementor-widget elementor-widget-heading\" data-id=\"3751054\" data-element_type=\"widget\" data-widget_type=\"heading.default\">\n\t\t\t\t<div class=\"elementor-widget-container\">\n\t\t\t<h2 class=\"elementor-heading-title elementor-size-default\">S\u00edmptomes de l'anor\u00e8xia nerviosa\n<\/h2>\t\t<\/div>\n\t\t\t\t<\/div>\n\t\t\t\t<div class=\"elementor-element elementor-element-25609bb0 elementor-widget elementor-widget-text-editor\" data-id=\"25609bb0\" data-element_type=\"widget\" data-widget_type=\"text-editor.default\">\n\t\t\t\t<div class=\"elementor-widget-container\">\n\t\t\t\t\t\t\t<p><span>Els\u00a0<\/span><b><span>s\u00edmptomes de l&#8217;anor\u00e8xia\u00a0<\/span><\/b><span>es dividiran entre els\u00a0<\/span><b><span>s\u00edmptomes f\u00edsics de l&#8217;anor\u00e8xia\u00a0<\/span><\/b><span>propis de les restriccions amb el menjar (p\u00e8rdua de pes, fatiga, insomni, faltes a la menstruaci\u00f3\u2026), i els s\u00edmptomes emocionals i conductuals, relacionats amb la imatge corporal i els rituals associats al control del pes (restricci\u00f3 d&#8217;aliment, esport en exc\u00e9s, atraconades, v\u00f2mits, pensaments obsessius, rituals r\u00edgids\u2026).<\/span><\/p>\t\t\t\t\t\t<\/div>\n\t\t\t\t<\/div>\n\t\t\t\t\t<\/div>\n\t\t<\/div>\n\t\t\t\t<div class=\"elementor-column elementor-col-50 elementor-inner-column elementor-element elementor-element-22ced3f8\" data-id=\"22ced3f8\" data-element_type=\"column\">\n\t\t\t<div class=\"elementor-widget-wrap elementor-element-populated\">\n\t\t\t\t\t\t\t\t<div class=\"elementor-element elementor-element-4fef6700 elementor-widget elementor-widget-image\" data-id=\"4fef6700\" data-element_type=\"widget\" data-widget_type=\"image.default\">\n\t\t\t\t<div class=\"elementor-widget-container\">\n\t\t\t<style>\/*! elementor - v3.13.3 - 28-05-2023 *\/\n.elementor-widget-image{text-align:center}.elementor-widget-image a{display:inline-block}.elementor-widget-image a img[src$=\".svg\"]{width:48px}.elementor-widget-image img{vertical-align:middle;display:inline-block}<\/style>\t\t\t\t\t\t\t\t\t\t\t\t<img loading=\"lazy\" decoding=\"async\" width=\"1024\" height=\"822\" src=\"https:\/\/clinicaviher.com\/cat\/wp-content\/uploads\/2023\/06\/psicologos-anorexia-1024x822.webp\" class=\"attachment-large size-large wp-image-1908\" alt=\"psic\u00f3logos tratamiento anorexia\" srcset=\"https:\/\/clinicaviher.com\/cat\/wp-content\/uploads\/2023\/06\/psicologos-anorexia-1024x822.webp 1024w, https:\/\/clinicaviher.com\/cat\/wp-content\/uploads\/2023\/06\/psicologos-anorexia-300x241.webp 300w, https:\/\/clinicaviher.com\/cat\/wp-content\/uploads\/2023\/06\/psicologos-anorexia-768x616.webp 768w, https:\/\/clinicaviher.com\/cat\/wp-content\/uploads\/2023\/06\/psicologos-anorexia-600x481.webp 600w, https:\/\/clinicaviher.com\/cat\/wp-content\/uploads\/2023\/06\/psicologos-anorexia.webp 1134w\" sizes=\"(max-width: 1024px) 100vw, 1024px\" \/>\t\t\t\t\t\t\t\t\t\t\t\t\t\t\t<\/div>\n\t\t\t\t<\/div>\n\t\t\t\t\t<\/div>\n\t\t<\/div>\n\t\t\t\t\t\t\t<\/div>\n\t\t<\/section>\n\t\t\t\t\t<\/div>\n\t\t<\/div>\n\t\t\t\t\t\t\t<\/div>\n\t\t<\/section>\n\t\t\t\t<section class=\"elementor-section elementor-top-section elementor-element elementor-element-72ae12de elementor-section-stretched elementor-section-boxed elementor-section-height-default elementor-section-height-default\" data-id=\"72ae12de\" data-element_type=\"section\" data-settings=\"{&quot;stretch_section&quot;:&quot;section-stretched&quot;,&quot;background_background&quot;:&quot;classic&quot;}\">\n\t\t\t\t\t\t<div class=\"elementor-container elementor-column-gap-default\">\n\t\t\t\t\t<div class=\"elementor-column elementor-col-100 elementor-top-column elementor-element elementor-element-afa5389\" data-id=\"afa5389\" data-element_type=\"column\">\n\t\t\t<div class=\"elementor-widget-wrap elementor-element-populated\">\n\t\t\t\t\t\t\t\t<div class=\"elementor-element elementor-element-16e9ab6 elementor-widget elementor-widget-heading\" data-id=\"16e9ab6\" data-element_type=\"widget\" data-widget_type=\"heading.default\">\n\t\t\t\t<div class=\"elementor-widget-container\">\n\t\t\t<h2 class=\"elementor-heading-title elementor-size-default\">Causes de l'anor\u00e8xia nerviosa\n<\/h2>\t\t<\/div>\n\t\t\t\t<\/div>\n\t\t\t\t<div class=\"elementor-element elementor-element-339430e0 elementor-widget elementor-widget-text-editor\" data-id=\"339430e0\" data-element_type=\"widget\" data-widget_type=\"text-editor.default\">\n\t\t\t\t<div class=\"elementor-widget-container\">\n\t\t\t\t\t\t\t<p><span>No hi ha una \u00fanica\u00a0<\/span><b><span>causa de l&#8217;anor\u00e8xia nerviosa\u00a0<\/span><\/b><span>, ja que aquesta es pot deure a m\u00faltiples factors, es diu que de tipus biol\u00f2gic (encara que no s&#8217;hagin trobat gens implicats de manera precisa), psicol\u00f2gics i ambientals.\u00a0Les causes psicol\u00f2giques de l&#8217;\u00a0<\/span><b><span>anor\u00e8xia nerviosa\u00a0<\/span><\/b><span>poden estar relacionades amb aspectes emocionals o conflictes inconscients.\u00a0Les causes ambientals de l&#8217;\u00a0<\/span><b><span>anor\u00e8xia\u00a0<\/span><\/b><span>\u00a0tenen a veure amb el discurs social del nostre temps i el culte a la primesa.<\/span><\/p>\t\t\t\t\t\t<\/div>\n\t\t\t\t<\/div>\n\t\t\t\t<div class=\"elementor-element elementor-element-9120c13 elementor-widget elementor-widget-heading\" data-id=\"9120c13\" data-element_type=\"widget\" data-widget_type=\"heading.default\">\n\t\t\t\t<div class=\"elementor-widget-container\">\n\t\t\t<h2 class=\"elementor-heading-title elementor-size-default\">Anor\u00e8xia en adolescents\n<\/h2>\t\t<\/div>\n\t\t\t\t<\/div>\n\t\t\t\t<div class=\"elementor-element elementor-element-44c2e5a elementor-widget elementor-widget-text-editor\" data-id=\"44c2e5a\" data-element_type=\"widget\" data-widget_type=\"text-editor.default\">\n\t\t\t\t<div class=\"elementor-widget-container\">\n\t\t\t\t\t\t\t<p><span>L&#8217;\u00a0<\/span><b><span>anor\u00e8xia nerviosa\u00a0<\/span><\/b><span>es d\u00f3na m\u00e9s en dones que en homes i es desenvolupa especialment a l&#8217;adolesc\u00e8ncia.\u00a0A l&#8217;adolesc\u00e8ncia, la imatge corporal pot tenir una import\u00e0ncia central entre els m\u00e9s joves, aix\u00f2 \u00e9s degut als forts canvis corporals que s&#8217;experimenten durant aquest per\u00edode ia la necessitat d&#8217;acceptaci\u00f3 i pertinen\u00e7a al grup que tenen els adolescents.<\/span><\/p>\t\t\t\t\t\t<\/div>\n\t\t\t\t<\/div>\n\t\t\t\t\t<\/div>\n\t\t<\/div>\n\t\t\t\t\t\t\t<\/div>\n\t\t<\/section>\n\t\t\t\t<section class=\"elementor-section elementor-top-section elementor-element elementor-element-3374d699 elementor-section-boxed elementor-section-height-default elementor-section-height-default\" data-id=\"3374d699\" data-element_type=\"section\">\n\t\t\t\t\t\t<div class=\"elementor-container elementor-column-gap-default\">\n\t\t\t\t\t<div class=\"elementor-column elementor-col-100 elementor-top-column elementor-element elementor-element-633614a2\" data-id=\"633614a2\" data-element_type=\"column\">\n\t\t\t<div class=\"elementor-widget-wrap elementor-element-populated\">\n\t\t\t\t\t\t\t\t<div class=\"elementor-element elementor-element-5c7b8777 elementor-widget elementor-widget-heading\" data-id=\"5c7b8777\" data-element_type=\"widget\" data-widget_type=\"heading.default\">\n\t\t\t\t<div class=\"elementor-widget-container\">\n\t\t\t<h2 class=\"elementor-heading-title elementor-size-default\">Anor\u00e8xia conseq\u00fc\u00e8ncies\n<\/h2>\t\t<\/div>\n\t\t\t\t<\/div>\n\t\t\t\t<div class=\"elementor-element elementor-element-47f06a75 elementor-widget elementor-widget-text-editor\" data-id=\"47f06a75\" data-element_type=\"widget\" data-widget_type=\"text-editor.default\">\n\t\t\t\t<div class=\"elementor-widget-container\">\n\t\t\t\t\t\t\t<div class=\"kc-elm kc-css-3751822 kc_text_block\"><p><span>L&#8217;anor\u00e8xia \u00e9s una malaltia greu que pot causar la mort, ja sigui per problemes card\u00edacs o per anomalies amb els electr\u00f2lits.\u00a0<\/span><span>Les persones amb anor\u00e8xia de llarg recorregut poden patir danys cerebrals, cardiovasculars i renals.\u00a0<\/span><span>D&#8217;altra banda, l&#8217;anor\u00e8xia nervi pot presentar una forta comorbiditat amb altres trastorns psiqui\u00e0trics, com ara els trastorns de personalitat, les addiccions, la depressi\u00f3 o les conductes autol\u00edtiques.<\/span><\/p><\/div>\t\t\t\t\t\t<\/div>\n\t\t\t\t<\/div>\n\t\t\t\t<div class=\"elementor-element elementor-element-17ff6e88 elementor-widget elementor-widget-heading\" data-id=\"17ff6e88\" data-element_type=\"widget\" data-widget_type=\"heading.default\">\n\t\t\t\t<div class=\"elementor-widget-container\">\n\t\t\t<h2 class=\"elementor-heading-title elementor-size-default\">Els millors psic\u00f2legs d'anor\u00e8xia\n<\/h2>\t\t<\/div>\n\t\t\t\t<\/div>\n\t\t\t\t<section class=\"elementor-section elementor-inner-section elementor-element elementor-element-213a47c7 elementor-section-content-middle elementor-section-boxed elementor-section-height-default elementor-section-height-default\" data-id=\"213a47c7\" data-element_type=\"section\">\n\t\t\t\t\t\t<div class=\"elementor-container elementor-column-gap-default\">\n\t\t\t\t\t<div class=\"elementor-column elementor-col-100 elementor-inner-column elementor-element elementor-element-7851d216\" data-id=\"7851d216\" data-element_type=\"column\">\n\t\t\t<div class=\"elementor-widget-wrap elementor-element-populated\">\n\t\t\t\t\t\t\t\t<div class=\"elementor-element elementor-element-47515900 elementor-widget elementor-widget-text-editor\" data-id=\"47515900\" data-element_type=\"widget\" data-widget_type=\"text-editor.default\">\n\t\t\t\t<div class=\"elementor-widget-container\">\n\t\t\t\t\t\t\t<p><span>Est\u00e0s buscant\u00a0<\/span><b><span>un tractament efectiu per a l&#8217;anor\u00e8xia\u00a0<\/span><\/b><span>o busques\u00a0<\/span><b><span>psic\u00f2legs especialistes en anor\u00e8xia\u00a0<\/span><\/b><span>?\u00a0Si necessiteu\u00a0<\/span><b><span>ter\u00e0pia amb un psic\u00f2leg especialista en anor\u00e8xia\u00a0<\/span><\/b><span>, heu de saber que\u00a0<\/span><b><span>els millors psic\u00f2legs d&#8217;anor\u00e8xia\u00a0<\/span><\/b><span>s\u00f3n aquells que entenguin la import\u00e0ncia d&#8217;individualitzar el tractament despr\u00e9s d&#8217;una fase de valoraci\u00f3 diagn\u00f2stica.\u00a0Consulta&#8217;ns sense comprom\u00eds, ser\u00e0s atesa per un\u00a0<\/span><b><span>psic\u00f2leg d&#8217;anor\u00e8xia\u00a0<\/span><\/b><span>des de la primera trucada.<\/span><\/p>\t\t\t\t\t\t<\/div>\n\t\t\t\t<\/div>\n\t\t\t\t\t<\/div>\n\t\t<\/div>\n\t\t\t\t\t\t\t<\/div>\n\t\t<\/section>\n\t\t\t\t\t<\/div>\n\t\t<\/div>\n\t\t\t\t\t\t\t<\/div>\n\t\t<\/section>\n\t\t\t\t<section class=\"elementor-section elementor-top-section elementor-element elementor-element-20c85722 elementor-section-stretched elementor-section-boxed elementor-section-height-default elementor-section-height-default\" data-id=\"20c85722\" data-element_type=\"section\" data-settings=\"{&quot;stretch_section&quot;:&quot;section-stretched&quot;}\">\n\t\t\t\t\t\t<div class=\"elementor-container elementor-column-gap-default\">\n\t\t\t\t\t<div class=\"elementor-column elementor-col-50 elementor-top-column elementor-element elementor-element-6b1cc2\" data-id=\"6b1cc2\" data-element_type=\"column\">\n\t\t\t<div class=\"elementor-widget-wrap elementor-element-populated\">\n\t\t\t\t\t\t\t\t<div class=\"elementor-element elementor-element-24ff688c elementor-widget elementor-widget-image\" data-id=\"24ff688c\" data-element_type=\"widget\" data-widget_type=\"image.default\">\n\t\t\t\t<div class=\"elementor-widget-container\">\n\t\t\t\t\t\t\t\t\t\t\t\t\t\t\t\t<a href=\"\/quienes-somos\/\">\n\t\t\t\t\t\t\t<img loading=\"lazy\" decoding=\"async\" width=\"1400\" height=\"500\" src=\"https:\/\/clinicaviher.com\/cat\/wp-content\/uploads\/2023\/06\/ficha-Sergi.webp\" class=\"attachment-full size-full wp-image-1728\" alt=\"ver ficha de Sergi Vilardell\" srcset=\"https:\/\/clinicaviher.com\/cat\/wp-content\/uploads\/2023\/06\/ficha-Sergi.webp 1400w, https:\/\/clinicaviher.com\/cat\/wp-content\/uploads\/2023\/06\/ficha-Sergi-300x107.webp 300w, https:\/\/clinicaviher.com\/cat\/wp-content\/uploads\/2023\/06\/ficha-Sergi-1024x366.webp 1024w, https:\/\/clinicaviher.com\/cat\/wp-content\/uploads\/2023\/06\/ficha-Sergi-768x274.webp 768w, https:\/\/clinicaviher.com\/cat\/wp-content\/uploads\/2023\/06\/ficha-Sergi-600x214.webp 600w\" sizes=\"(max-width: 1400px) 100vw, 1400px\" \/>\t\t\t\t\t\t\t\t<\/a>\n\t\t\t\t\t\t\t\t\t\t\t\t\t\t\t<\/div>\n\t\t\t\t<\/div>\n\t\t\t\t\t<\/div>\n\t\t<\/div>\n\t\t\t\t<div class=\"elementor-column elementor-col-50 elementor-top-column elementor-element elementor-element-69e4833b\" data-id=\"69e4833b\" data-element_type=\"column\">\n\t\t\t<div class=\"elementor-widget-wrap elementor-element-populated\">\n\t\t\t\t\t\t\t\t<div class=\"elementor-element elementor-element-3c3c1372 elementor-widget elementor-widget-image\" data-id=\"3c3c1372\" data-element_type=\"widget\" data-widget_type=\"image.default\">\n\t\t\t\t<div class=\"elementor-widget-container\">\n\t\t\t\t\t\t\t\t\t\t\t\t\t\t\t\t<a href=\"\/quienes-somos\/\">\n\t\t\t\t\t\t\t<img loading=\"lazy\" decoding=\"async\" width=\"1400\" height=\"500\" src=\"https:\/\/clinicaviher.com\/cat\/wp-content\/uploads\/2023\/06\/mila-ficha.webp\" class=\"attachment-full size-full wp-image-1729\" alt=\"ver ficha de Mila Herrera\" srcset=\"https:\/\/clinicaviher.com\/cat\/wp-content\/uploads\/2023\/06\/mila-ficha.webp 1400w, https:\/\/clinicaviher.com\/cat\/wp-content\/uploads\/2023\/06\/mila-ficha-300x107.webp 300w, https:\/\/clinicaviher.com\/cat\/wp-content\/uploads\/2023\/06\/mila-ficha-1024x366.webp 1024w, https:\/\/clinicaviher.com\/cat\/wp-content\/uploads\/2023\/06\/mila-ficha-768x274.webp 768w, https:\/\/clinicaviher.com\/cat\/wp-content\/uploads\/2023\/06\/mila-ficha-600x214.webp 600w\" sizes=\"(max-width: 1400px) 100vw, 1400px\" \/>\t\t\t\t\t\t\t\t<\/a>\n\t\t\t\t\t\t\t\t\t\t\t\t\t\t\t<\/div>\n\t\t\t\t<\/div>\n\t\t\t\t\t<\/div>\n\t\t<\/div>\n\t\t\t\t\t\t\t<\/div>\n\t\t<\/section>\n\t\t\t\t\t\t\t<\/div>\n\t\t","protected":false},"excerpt":{"rendered":"<p>Qu\u00e8 \u00e9s l&#8217;anor\u00e8xia nerviosa? L&#8217;\u00a0anor\u00e8xia nerviosa\u00a0\u00e9s un\u00a0trastorn de l&#8217;alimentaci\u00f3\u00a0greu.\u00a0En l&#8217;intent per controlar el pes i la imatge corporal, les persones amb\u00a0anor\u00e8xia nerviosa\u00a0solen limitar al m\u00e0xim la ingesta d&#8217;aliments, fer esport en exc\u00e9s, provocar-se el v\u00f2mit\u2026 Conductes de repetici\u00f3, davant de les quals l&#8217;adolescent amb\u00a0anor\u00e8xia nerviosa\u00a0en pot perdre el control totalment o parcialment. S\u00edmptomes de l&#8217;anor\u00e8xia &hellip;<\/p>\n<p class=\"read-more\"> <a class=\"\" href=\"https:\/\/clinicaviher.com\/cat\/anorexia-en-adolescents\/\"> <span class=\"screen-reader-text\">Anor\u00e8xia a Adolescents<\/span> Leer m\u00e1s &raquo;<\/a><\/p>\n","protected":false},"author":1,"featured_media":0,"parent":0,"menu_order":0,"comment_status":"closed","ping_status":"closed","template":"elementor_header_footer","meta":{"site-sidebar-layout":"default","site-content-layout":"default","ast-global-header-display":"","ast-banner-title-visibility":"","ast-main-header-display":"","ast-hfb-above-header-display":"","ast-hfb-below-header-display":"","ast-hfb-mobile-header-display":"","site-post-title":"","ast-breadcrumbs-content":"","ast-featured-img":"","footer-sml-layout":"","theme-transparent-header-meta":"default","adv-header-id-meta":"","stick-header-meta":"default","header-above-stick-meta":"","header-main-stick-meta":"","header-below-stick-meta":"","footnotes":""},"yoast_head":"<!-- This site is optimized with the Yoast SEO plugin v24.3 - https:\/\/yoast.com\/wordpress\/plugins\/seo\/ -->\n<title>Anor\u00e8xia a Adolescents<\/title>\n<meta name=\"description\" content=\"L&#039;anor\u00e8xia nerviosa \u00e9s un trastorn de l&#039;alimentaci\u00f3 greu, \u00e9s un intent per controlar el pes i la imatge corporal\" \/>\n<meta name=\"robots\" content=\"index, follow, max-snippet:-1, max-image-preview:large, max-video-preview:-1\" \/>\n<link rel=\"canonical\" href=\"https:\/\/clinicaviher.com\/cat\/anorexia-en-adolescents\/\" \/>\n<meta property=\"og:locale\" content=\"es_ES\" \/>\n<meta property=\"og:type\" content=\"article\" \/>\n<meta property=\"og:title\" content=\"Anor\u00e8xia a Adolescents\" \/>\n<meta property=\"og:description\" content=\"L&#039;anor\u00e8xia nerviosa \u00e9s un trastorn de l&#039;alimentaci\u00f3 greu, \u00e9s un intent per controlar el pes i la imatge corporal\" \/>\n<meta property=\"og:url\" content=\"https:\/\/clinicaviher.com\/cat\/anorexia-en-adolescents\/\" \/>\n<meta property=\"og:site_name\" content=\"Cl\u00ednica Viher\" \/>\n<meta property=\"article:modified_time\" content=\"2023-07-20T14:50:30+00:00\" \/>\n<meta property=\"og:image\" content=\"https:\/\/clinicaviher.com\/cat\/wp-content\/uploads\/2023\/06\/psicologos-anorexia-1024x822.webp\" \/>\n<meta name=\"twitter:card\" content=\"summary_large_image\" \/>\n<meta name=\"twitter:label1\" content=\"Tiempo de lectura\" \/>\n\t<meta name=\"twitter:data1\" content=\"3 minutos\" \/>\n<script type=\"application\/ld+json\" class=\"yoast-schema-graph\">{\"@context\":\"https:\/\/schema.org\",\"@graph\":[{\"@type\":\"WebPage\",\"@id\":\"https:\/\/clinicaviher.com\/cat\/anorexia-en-adolescents\/\",\"url\":\"https:\/\/clinicaviher.com\/cat\/anorexia-en-adolescents\/\",\"name\":\"Anor\u00e8xia a Adolescents\",\"isPartOf\":{\"@id\":\"https:\/\/clinicaviher.com\/cat\/#website\"},\"primaryImageOfPage\":{\"@id\":\"https:\/\/clinicaviher.com\/cat\/anorexia-en-adolescents\/#primaryimage\"},\"image\":{\"@id\":\"https:\/\/clinicaviher.com\/cat\/anorexia-en-adolescents\/#primaryimage\"},\"thumbnailUrl\":\"https:\/\/clinicaviher.com\/cat\/wp-content\/uploads\/2023\/06\/psicologos-anorexia-1024x822.webp\",\"datePublished\":\"2018-11-09T13:35:16+00:00\",\"dateModified\":\"2023-07-20T14:50:30+00:00\",\"description\":\"L'anor\u00e8xia nerviosa \u00e9s un trastorn de l'alimentaci\u00f3 greu, \u00e9s un intent per controlar el pes i la imatge corporal\",\"breadcrumb\":{\"@id\":\"https:\/\/clinicaviher.com\/cat\/anorexia-en-adolescents\/#breadcrumb\"},\"inLanguage\":\"es\",\"potentialAction\":[{\"@type\":\"ReadAction\",\"target\":[\"https:\/\/clinicaviher.com\/cat\/anorexia-en-adolescents\/\"]}]},{\"@type\":\"ImageObject\",\"inLanguage\":\"es\",\"@id\":\"https:\/\/clinicaviher.com\/cat\/anorexia-en-adolescents\/#primaryimage\",\"url\":\"https:\/\/clinicaviher.com\/cat\/wp-content\/uploads\/2023\/06\/psicologos-anorexia-1024x822.webp\",\"contentUrl\":\"https:\/\/clinicaviher.com\/cat\/wp-content\/uploads\/2023\/06\/psicologos-anorexia-1024x822.webp\"},{\"@type\":\"BreadcrumbList\",\"@id\":\"https:\/\/clinicaviher.com\/cat\/anorexia-en-adolescents\/#breadcrumb\",\"itemListElement\":[{\"@type\":\"ListItem\",\"position\":1,\"name\":\"Portada\",\"item\":\"https:\/\/clinicaviher.com\/cat\/\"},{\"@type\":\"ListItem\",\"position\":2,\"name\":\"Anor\u00e8xia a Adolescents\"}]},{\"@type\":\"WebSite\",\"@id\":\"https:\/\/clinicaviher.com\/cat\/#website\",\"url\":\"https:\/\/clinicaviher.com\/cat\/\",\"name\":\"Cl\u00ednica Viher\",\"description\":\"Si buscas un psic\u00f3logo en Barcelona, contamos con algunos de los mejores profesionales en psicolog\u00eda, psicoterapia y psicoan\u00e1lisis\",\"publisher\":{\"@id\":\"https:\/\/clinicaviher.com\/cat\/#organization\"},\"potentialAction\":[{\"@type\":\"SearchAction\",\"target\":{\"@type\":\"EntryPoint\",\"urlTemplate\":\"https:\/\/clinicaviher.com\/cat\/?s={search_term_string}\"},\"query-input\":{\"@type\":\"PropertyValueSpecification\",\"valueRequired\":true,\"valueName\":\"search_term_string\"}}],\"inLanguage\":\"es\"},{\"@type\":\"Organization\",\"@id\":\"https:\/\/clinicaviher.com\/cat\/#organization\",\"name\":\"Cl\u00ednica Viher\",\"url\":\"https:\/\/clinicaviher.com\/cat\/\",\"logo\":{\"@type\":\"ImageObject\",\"inLanguage\":\"es\",\"@id\":\"https:\/\/clinicaviher.com\/cat\/#\/schema\/logo\/image\/\",\"url\":\"https:\/\/clinicaviher.com\/cat\/wp-content\/uploads\/2019\/02\/logoviher-new-web.png\",\"contentUrl\":\"https:\/\/clinicaviher.com\/cat\/wp-content\/uploads\/2019\/02\/logoviher-new-web.png\",\"width\":240,\"height\":52,\"caption\":\"Cl\u00ednica Viher\"},\"image\":{\"@id\":\"https:\/\/clinicaviher.com\/cat\/#\/schema\/logo\/image\/\"}}]}<\/script>\n<!-- \/ Yoast SEO plugin. -->","yoast_head_json":{"title":"Anor\u00e8xia a Adolescents","description":"L'anor\u00e8xia nerviosa \u00e9s un trastorn de l'alimentaci\u00f3 greu, \u00e9s un intent per controlar el pes i la imatge corporal","robots":{"index":"index","follow":"follow","max-snippet":"max-snippet:-1","max-image-preview":"max-image-preview:large","max-video-preview":"max-video-preview:-1"},"canonical":"https:\/\/clinicaviher.com\/cat\/anorexia-en-adolescents\/","og_locale":"es_ES","og_type":"article","og_title":"Anor\u00e8xia a Adolescents","og_description":"L'anor\u00e8xia nerviosa \u00e9s un trastorn de l'alimentaci\u00f3 greu, \u00e9s un intent per controlar el pes i la imatge corporal","og_url":"https:\/\/clinicaviher.com\/cat\/anorexia-en-adolescents\/","og_site_name":"Cl\u00ednica Viher","article_modified_time":"2023-07-20T14:50:30+00:00","og_image":[{"url":"https:\/\/clinicaviher.com\/cat\/wp-content\/uploads\/2023\/06\/psicologos-anorexia-1024x822.webp","type":"","width":"","height":""}],"twitter_card":"summary_large_image","twitter_misc":{"Tiempo de lectura":"3 minutos"},"schema":{"@context":"https:\/\/schema.org","@graph":[{"@type":"WebPage","@id":"https:\/\/clinicaviher.com\/cat\/anorexia-en-adolescents\/","url":"https:\/\/clinicaviher.com\/cat\/anorexia-en-adolescents\/","name":"Anor\u00e8xia a Adolescents","isPartOf":{"@id":"https:\/\/clinicaviher.com\/cat\/#website"},"primaryImageOfPage":{"@id":"https:\/\/clinicaviher.com\/cat\/anorexia-en-adolescents\/#primaryimage"},"image":{"@id":"https:\/\/clinicaviher.com\/cat\/anorexia-en-adolescents\/#primaryimage"},"thumbnailUrl":"https:\/\/clinicaviher.com\/cat\/wp-content\/uploads\/2023\/06\/psicologos-anorexia-1024x822.webp","datePublished":"2018-11-09T13:35:16+00:00","dateModified":"2023-07-20T14:50:30+00:00","description":"L'anor\u00e8xia nerviosa \u00e9s un trastorn de l'alimentaci\u00f3 greu, \u00e9s un intent per controlar el pes i la imatge corporal","breadcrumb":{"@id":"https:\/\/clinicaviher.com\/cat\/anorexia-en-adolescents\/#breadcrumb"},"inLanguage":"es","potentialAction":[{"@type":"ReadAction","target":["https:\/\/clinicaviher.com\/cat\/anorexia-en-adolescents\/"]}]},{"@type":"ImageObject","inLanguage":"es","@id":"https:\/\/clinicaviher.com\/cat\/anorexia-en-adolescents\/#primaryimage","url":"https:\/\/clinicaviher.com\/cat\/wp-content\/uploads\/2023\/06\/psicologos-anorexia-1024x822.webp","contentUrl":"https:\/\/clinicaviher.com\/cat\/wp-content\/uploads\/2023\/06\/psicologos-anorexia-1024x822.webp"},{"@type":"BreadcrumbList","@id":"https:\/\/clinicaviher.com\/cat\/anorexia-en-adolescents\/#breadcrumb","itemListElement":[{"@type":"ListItem","position":1,"name":"Portada","item":"https:\/\/clinicaviher.com\/cat\/"},{"@type":"ListItem","position":2,"name":"Anor\u00e8xia a Adolescents"}]},{"@type":"WebSite","@id":"https:\/\/clinicaviher.com\/cat\/#website","url":"https:\/\/clinicaviher.com\/cat\/","name":"Cl\u00ednica Viher","description":"Si buscas un psic\u00f3logo en Barcelona, contamos con algunos de los mejores profesionales en psicolog\u00eda, psicoterapia y psicoan\u00e1lisis","publisher":{"@id":"https:\/\/clinicaviher.com\/cat\/#organization"},"potentialAction":[{"@type":"SearchAction","target":{"@type":"EntryPoint","urlTemplate":"https:\/\/clinicaviher.com\/cat\/?s={search_term_string}"},"query-input":{"@type":"PropertyValueSpecification","valueRequired":true,"valueName":"search_term_string"}}],"inLanguage":"es"},{"@type":"Organization","@id":"https:\/\/clinicaviher.com\/cat\/#organization","name":"Cl\u00ednica Viher","url":"https:\/\/clinicaviher.com\/cat\/","logo":{"@type":"ImageObject","inLanguage":"es","@id":"https:\/\/clinicaviher.com\/cat\/#\/schema\/logo\/image\/","url":"https:\/\/clinicaviher.com\/cat\/wp-content\/uploads\/2019\/02\/logoviher-new-web.png","contentUrl":"https:\/\/clinicaviher.com\/cat\/wp-content\/uploads\/2019\/02\/logoviher-new-web.png","width":240,"height":52,"caption":"Cl\u00ednica Viher"},"image":{"@id":"https:\/\/clinicaviher.com\/cat\/#\/schema\/logo\/image\/"}}]}},"_links":{"self":[{"href":"https:\/\/clinicaviher.com\/cat\/wp-json\/wp\/v2\/pages\/1065"}],"collection":[{"href":"https:\/\/clinicaviher.com\/cat\/wp-json\/wp\/v2\/pages"}],"about":[{"href":"https:\/\/clinicaviher.com\/cat\/wp-json\/wp\/v2\/types\/page"}],"author":[{"embeddable":true,"href":"https:\/\/clinicaviher.com\/cat\/wp-json\/wp\/v2\/users\/1"}],"replies":[{"embeddable":true,"href":"https:\/\/clinicaviher.com\/cat\/wp-json\/wp\/v2\/comments?post=1065"}],"version-history":[{"count":10,"href":"https:\/\/clinicaviher.com\/cat\/wp-json\/wp\/v2\/pages\/1065\/revisions"}],"predecessor-version":[{"id":2440,"href":"https:\/\/clinicaviher.com\/cat\/wp-json\/wp\/v2\/pages\/1065\/revisions\/2440"}],"wp:attachment":[{"href":"https:\/\/clinicaviher.com\/cat\/wp-json\/wp\/v2\/media?parent=1065"}],"curies":[{"name":"wp","href":"https:\/\/api.w.org\/{rel}","templated":true}]}}