{"id":1069,"date":"2018-11-09T13:42:14","date_gmt":"2018-11-09T13:42:14","guid":{"rendered":"https:\/\/clinicaviher.com\/?page_id=1069"},"modified":"2023-07-19T17:09:06","modified_gmt":"2023-07-19T15:09:06","slug":"tdah-adolescents","status":"publish","type":"page","link":"https:\/\/clinicaviher.com\/cat\/tdah-adolescents\/","title":{"rendered":"TDAH Adolescents"},"content":{"rendered":"\t\t<div data-elementor-type=\"wp-page\" data-elementor-id=\"1069\" class=\"elementor elementor-1069\">\n\t\t\t\t\t\t\t\t\t<section class=\"elementor-section elementor-top-section elementor-element elementor-element-b4dfdf7 elementor-section-stretched elementor-section-boxed elementor-section-height-default elementor-section-height-default\" data-id=\"b4dfdf7\" data-element_type=\"section\" data-settings=\"{&quot;stretch_section&quot;:&quot;section-stretched&quot;,&quot;background_background&quot;:&quot;classic&quot;}\">\n\t\t\t\t\t\t<div class=\"elementor-container elementor-column-gap-default\">\n\t\t\t\t\t<div class=\"elementor-column elementor-col-100 elementor-top-column elementor-element elementor-element-305cbc5d\" data-id=\"305cbc5d\" data-element_type=\"column\">\n\t\t\t<div class=\"elementor-widget-wrap elementor-element-populated\">\n\t\t\t\t\t\t\t\t<div class=\"elementor-element elementor-element-2fbc6e1c elementor-widget elementor-widget-heading\" data-id=\"2fbc6e1c\" data-element_type=\"widget\" data-widget_type=\"heading.default\">\n\t\t\t\t<div class=\"elementor-widget-container\">\n\t\t\t<style>\/*! elementor - v3.13.3 - 28-05-2023 *\/\n.elementor-heading-title{padding:0;margin:0;line-height:1}.elementor-widget-heading .elementor-heading-title[class*=elementor-size-]>a{color:inherit;font-size:inherit;line-height:inherit}.elementor-widget-heading .elementor-heading-title.elementor-size-small{font-size:15px}.elementor-widget-heading .elementor-heading-title.elementor-size-medium{font-size:19px}.elementor-widget-heading .elementor-heading-title.elementor-size-large{font-size:29px}.elementor-widget-heading .elementor-heading-title.elementor-size-xl{font-size:39px}.elementor-widget-heading .elementor-heading-title.elementor-size-xxl{font-size:59px}<\/style><h1 class=\"elementor-heading-title elementor-size-default\">Trastorn per d\u00e8ficit d'atenci\u00f3 i hiperactivitat (TDAH)\n<\/h1>\t\t<\/div>\n\t\t\t\t<\/div>\n\t\t\t\t\t<\/div>\n\t\t<\/div>\n\t\t\t\t\t\t\t<\/div>\n\t\t<\/section>\n\t\t\t\t<section class=\"elementor-section elementor-top-section elementor-element elementor-element-3b70f28d elementor-section-boxed elementor-section-height-default elementor-section-height-default\" data-id=\"3b70f28d\" data-element_type=\"section\">\n\t\t\t\t\t\t<div class=\"elementor-container elementor-column-gap-default\">\n\t\t\t\t\t<div class=\"elementor-column elementor-col-100 elementor-top-column elementor-element elementor-element-440d75a0\" data-id=\"440d75a0\" data-element_type=\"column\">\n\t\t\t<div class=\"elementor-widget-wrap elementor-element-populated\">\n\t\t\t\t\t\t\t\t<div class=\"elementor-element elementor-element-6795b0e5 elementor-widget elementor-widget-text-editor\" data-id=\"6795b0e5\" data-element_type=\"widget\" data-widget_type=\"text-editor.default\">\n\t\t\t\t<div class=\"elementor-widget-container\">\n\t\t\t<style>\/*! elementor - v3.13.3 - 28-05-2023 *\/\n.elementor-widget-text-editor.elementor-drop-cap-view-stacked .elementor-drop-cap{background-color:#69727d;color:#fff}.elementor-widget-text-editor.elementor-drop-cap-view-framed .elementor-drop-cap{color:#69727d;border:3px solid;background-color:transparent}.elementor-widget-text-editor:not(.elementor-drop-cap-view-default) .elementor-drop-cap{margin-top:8px}.elementor-widget-text-editor:not(.elementor-drop-cap-view-default) .elementor-drop-cap-letter{width:1em;height:1em}.elementor-widget-text-editor .elementor-drop-cap{float:left;text-align:center;line-height:1;font-size:50px}.elementor-widget-text-editor .elementor-drop-cap-letter{display:inline-block}<\/style>\t\t\t\t<p><span>El Trastorn per d\u00e8ficit d&#8217;atenci\u00f3 i hiperactivitat\u00a0<\/span><b><span>TDAH\u00a0<\/span><\/b><span>, es diagnostica normalment a la inf\u00e0ncia o l&#8217;adolesc\u00e8ncia, encara que es pot mantenir a la vida adulta.\u00a0Es considera que al voltant del 5% dels nens al m\u00f3n t\u00e9\u00a0<\/span><b><span>TDAH\u00a0<\/span><\/b><span>i que suposa el 30% de les demandes arriben a les consultes dels\u00a0<\/span><b><span>psic\u00f2legs infantils\u00a0<\/span><\/b><span>s\u00f3n relacionades amb el\u00a0<\/span><b><span>TDAH\u00a0<\/span><\/b><span>.<\/span><\/p>\t\t\t\t\t\t<\/div>\n\t\t\t\t<\/div>\n\t\t\t\t<section class=\"elementor-section elementor-inner-section elementor-element elementor-element-7967b8a7 elementor-section-content-middle elementor-section-boxed elementor-section-height-default elementor-section-height-default\" data-id=\"7967b8a7\" data-element_type=\"section\">\n\t\t\t\t\t\t<div class=\"elementor-container elementor-column-gap-default\">\n\t\t\t\t\t<div class=\"elementor-column elementor-col-50 elementor-inner-column elementor-element elementor-element-69880539\" data-id=\"69880539\" data-element_type=\"column\">\n\t\t\t<div class=\"elementor-widget-wrap elementor-element-populated\">\n\t\t\t\t\t\t\t\t<div class=\"elementor-element elementor-element-441e795f elementor-widget elementor-widget-heading\" data-id=\"441e795f\" data-element_type=\"widget\" data-widget_type=\"heading.default\">\n\t\t\t\t<div class=\"elementor-widget-container\">\n\t\t\t<h2 class=\"elementor-heading-title elementor-size-default\">Tipus de TDAH<\/h2>\t\t<\/div>\n\t\t\t\t<\/div>\n\t\t\t\t<div class=\"elementor-element elementor-element-58178f23 elementor-widget elementor-widget-text-editor\" data-id=\"58178f23\" data-element_type=\"widget\" data-widget_type=\"text-editor.default\">\n\t\t\t\t<div class=\"elementor-widget-container\">\n\t\t\t\t\t\t\t<p><span>El\u00a0<\/span><b><span>diagn\u00f2stic de TDAH\u00a0<\/span><\/b><span>amb massa freq\u00fc\u00e8ncia ve acompanyat d&#8217;altres diagn\u00f2stics, ja que mant\u00e9 una alta comorbiditat.\u00a0S&#8217;han distingit tres\u00a0<\/span><b><span>tipus de TDAH\u00a0<\/span><\/b><span>en funci\u00f3 de la prevalen\u00e7a dels s\u00edmptomes:\u00a0<\/span><b><span>TDAH\u00a0<\/span><\/b><span>amb prevalen\u00e7a de\u00a0<\/span><b><span>s\u00edmptomes d&#8217;hiperactivitat\u00a0<\/span><\/b><span>,\u00a0<\/span><b><span>TDAH\u00a0<\/span><\/b><span>amb prevalen\u00e7a de s\u00edmptomes de manca d&#8217;atenci\u00f3 i\u00a0<\/span><b><span>TDAH\u00a0<\/span><\/b><span>combinat on coexisteixen s\u00edmptomes dels dos tipus per igual.<\/span><\/p>\t\t\t\t\t\t<\/div>\n\t\t\t\t<\/div>\n\t\t\t\t\t<\/div>\n\t\t<\/div>\n\t\t\t\t<div class=\"elementor-column elementor-col-50 elementor-inner-column elementor-element elementor-element-14a94f5d\" data-id=\"14a94f5d\" data-element_type=\"column\">\n\t\t\t<div class=\"elementor-widget-wrap elementor-element-populated\">\n\t\t\t\t\t\t\t\t<div class=\"elementor-element elementor-element-1faf9980 elementor-widget elementor-widget-image\" data-id=\"1faf9980\" data-element_type=\"widget\" data-widget_type=\"image.default\">\n\t\t\t\t<div class=\"elementor-widget-container\">\n\t\t\t<style>\/*! elementor - v3.13.3 - 28-05-2023 *\/\n.elementor-widget-image{text-align:center}.elementor-widget-image a{display:inline-block}.elementor-widget-image a img[src$=\".svg\"]{width:48px}.elementor-widget-image img{vertical-align:middle;display:inline-block}<\/style>\t\t\t\t\t\t\t\t\t\t\t\t<img loading=\"lazy\" decoding=\"async\" width=\"1024\" height=\"576\" src=\"https:\/\/clinicaviher.com\/cat\/wp-content\/uploads\/2023\/06\/psicologos-TDAH-1024x576.webp\" class=\"attachment-large size-large wp-image-1918\" alt=\"psicologos TDAH\" srcset=\"https:\/\/clinicaviher.com\/cat\/wp-content\/uploads\/2023\/06\/psicologos-TDAH-1024x576.webp 1024w, https:\/\/clinicaviher.com\/cat\/wp-content\/uploads\/2023\/06\/psicologos-TDAH-300x169.webp 300w, https:\/\/clinicaviher.com\/cat\/wp-content\/uploads\/2023\/06\/psicologos-TDAH-768x432.webp 768w, https:\/\/clinicaviher.com\/cat\/wp-content\/uploads\/2023\/06\/psicologos-TDAH-600x338.webp 600w, https:\/\/clinicaviher.com\/cat\/wp-content\/uploads\/2023\/06\/psicologos-TDAH.webp 1322w\" sizes=\"(max-width: 1024px) 100vw, 1024px\" \/>\t\t\t\t\t\t\t\t\t\t\t\t\t\t\t<\/div>\n\t\t\t\t<\/div>\n\t\t\t\t\t<\/div>\n\t\t<\/div>\n\t\t\t\t\t\t\t<\/div>\n\t\t<\/section>\n\t\t\t\t\t<\/div>\n\t\t<\/div>\n\t\t\t\t\t\t\t<\/div>\n\t\t<\/section>\n\t\t\t\t<section class=\"elementor-section elementor-top-section elementor-element elementor-element-2546f3ab elementor-section-stretched elementor-section-boxed elementor-section-height-default elementor-section-height-default\" data-id=\"2546f3ab\" data-element_type=\"section\" data-settings=\"{&quot;stretch_section&quot;:&quot;section-stretched&quot;,&quot;background_background&quot;:&quot;classic&quot;}\">\n\t\t\t\t\t\t<div class=\"elementor-container elementor-column-gap-default\">\n\t\t\t\t\t<div class=\"elementor-column elementor-col-100 elementor-top-column elementor-element elementor-element-4d20bb99\" data-id=\"4d20bb99\" data-element_type=\"column\">\n\t\t\t<div class=\"elementor-widget-wrap elementor-element-populated\">\n\t\t\t\t\t\t\t\t<div class=\"elementor-element elementor-element-e00360e elementor-widget elementor-widget-heading\" data-id=\"e00360e\" data-element_type=\"widget\" data-widget_type=\"heading.default\">\n\t\t\t\t<div class=\"elementor-widget-container\">\n\t\t\t<h2 class=\"elementor-heading-title elementor-size-default\">Causes del TDAH<\/h2>\t\t<\/div>\n\t\t\t\t<\/div>\n\t\t\t\t<div class=\"elementor-element elementor-element-6b716b71 elementor-widget elementor-widget-text-editor\" data-id=\"6b716b71\" data-element_type=\"widget\" data-widget_type=\"text-editor.default\">\n\t\t\t\t<div class=\"elementor-widget-container\">\n\t\t\t\t\t\t\t<p><span><span class=\"\">Les\u00a0<\/span><\/span><b><span><span class=\"\">causes del TDAH\u00a0<\/span><\/span><\/b><span><span class=\"\">no estan del tot clares, encara que s&#8217;hi apunten tant factors hereditaris com ambientals.\u00a0<\/span>El\u00a0<\/span><b><span>diagn\u00f2stic de TDAH\u00a0<\/span><\/b><span>ha estat q\u00fcestionat per alguns sectors minoritaris de la psiqui\u00e0trica, de la psicologia cl\u00ednica i tamb\u00e9 des de la psicoan\u00e0lisi, en considerar-ho una construcci\u00f3 social del nostre temps i per les implicacions que t\u00e9 la medicalitzaci\u00f3 de la inf\u00e0ncia.<\/span><\/p>\t\t\t\t\t\t<\/div>\n\t\t\t\t<\/div>\n\t\t\t\t<div class=\"elementor-element elementor-element-41436d6 elementor-widget elementor-widget-heading\" data-id=\"41436d6\" data-element_type=\"widget\" data-widget_type=\"heading.default\">\n\t\t\t\t<div class=\"elementor-widget-container\">\n\t\t\t<h2 class=\"elementor-heading-title elementor-size-default\">Diagn\u00f2stic de TDAH<\/h2>\t\t<\/div>\n\t\t\t\t<\/div>\n\t\t\t\t<div class=\"elementor-element elementor-element-9b622fe elementor-widget elementor-widget-text-editor\" data-id=\"9b622fe\" data-element_type=\"widget\" data-widget_type=\"text-editor.default\">\n\t\t\t\t<div class=\"elementor-widget-container\">\n\t\t\t\t\t\t\t<p><span>M\u00e9s enll\u00e0 de les controv\u00e8rsies, el cert \u00e9s que el\u00a0<\/span><b><span>TDAH\u00a0<\/span><\/b><span>, malgrat ser un concepte de relativament nou, ha circulat a gran velocitat per diferents estrats de la societat: escoles, mitjans de comunicaci\u00f3, associacions de pares\u2026.\u00a0Aix\u00f2 no obstant, conv\u00e9 ser caut en la utilitzaci\u00f3 del\u00a0<\/span><b><span>diagn\u00f2stic de TDAH\u00a0<\/span><\/b><span>o hiperactivitat, ja que amb massa freq\u00fc\u00e8ncia s&#8217;utilitza de manera fr\u00edvola i sense cap rigor.<\/span><\/p>\t\t\t\t\t\t<\/div>\n\t\t\t\t<\/div>\n\t\t\t\t\t<\/div>\n\t\t<\/div>\n\t\t\t\t\t\t\t<\/div>\n\t\t<\/section>\n\t\t\t\t<section class=\"elementor-section elementor-top-section elementor-element elementor-element-37195da7 elementor-section-boxed elementor-section-height-default elementor-section-height-default\" data-id=\"37195da7\" data-element_type=\"section\">\n\t\t\t\t\t\t<div class=\"elementor-container elementor-column-gap-default\">\n\t\t\t\t\t<div class=\"elementor-column elementor-col-100 elementor-top-column elementor-element elementor-element-137efa0a\" data-id=\"137efa0a\" data-element_type=\"column\">\n\t\t\t<div class=\"elementor-widget-wrap elementor-element-populated\">\n\t\t\t\t\t\t\t\t<div class=\"elementor-element elementor-element-70bcd831 elementor-widget elementor-widget-heading\" data-id=\"70bcd831\" data-element_type=\"widget\" data-widget_type=\"heading.default\">\n\t\t\t\t<div class=\"elementor-widget-container\">\n\t\t\t<h2 class=\"elementor-heading-title elementor-size-default\">Tractament del TDAH<\/h2>\t\t<\/div>\n\t\t\t\t<\/div>\n\t\t\t\t<div class=\"elementor-element elementor-element-2639d0cb elementor-widget elementor-widget-text-editor\" data-id=\"2639d0cb\" data-element_type=\"widget\" data-widget_type=\"text-editor.default\">\n\t\t\t\t<div class=\"elementor-widget-container\">\n\t\t\t\t\t\t\t<p><span>El\u00a0<\/span><b><span>tractament del TDAH\u00a0<\/span><\/b><span>pot ser farmacol\u00f2gic i\/o psicoterap\u00e8utic, encara que moltes vegades pot ser la combinaci\u00f3 de tots dos.\u00a0El\u00a0<\/span><b><span>tractament psicol\u00f2gic del TDAH\u00a0<\/span><\/b><span>o la\u00a0<\/span><b><span>psicoter\u00e0pia per al TDAH\u00a0<\/span><\/b><span>\u00e9s important que sigui individualitzada i que s&#8217;orienti en funci\u00f3 de les caracter\u00edstiques de cada adolescent.\u00a0Cada jove \u00e9s diferent i \u00e9s important que aquesta singularitat no quedi aixafada sota el\u00a0<\/span><b><span>diagn\u00f2stic de TDAH\u00a0<\/span><\/b><span>.<\/span><\/p>\t\t\t\t\t\t<\/div>\n\t\t\t\t<\/div>\n\t\t\t\t<div class=\"elementor-element elementor-element-4e83653 elementor-widget elementor-widget-heading\" data-id=\"4e83653\" data-element_type=\"widget\" data-widget_type=\"heading.default\">\n\t\t\t\t<div class=\"elementor-widget-container\">\n\t\t\t<h2 class=\"elementor-heading-title elementor-size-default\">Els millors psic\u00f2legs de TDAH<\/h2>\t\t<\/div>\n\t\t\t\t<\/div>\n\t\t\t\t<section class=\"elementor-section elementor-inner-section elementor-element elementor-element-146b2bae elementor-section-content-middle elementor-section-boxed elementor-section-height-default elementor-section-height-default\" data-id=\"146b2bae\" data-element_type=\"section\">\n\t\t\t\t\t\t<div class=\"elementor-container elementor-column-gap-default\">\n\t\t\t\t\t<div class=\"elementor-column elementor-col-100 elementor-inner-column elementor-element elementor-element-d41bfd5\" data-id=\"d41bfd5\" data-element_type=\"column\">\n\t\t\t<div class=\"elementor-widget-wrap elementor-element-populated\">\n\t\t\t\t\t\t\t\t<div class=\"elementor-element elementor-element-1efda030 elementor-widget elementor-widget-text-editor\" data-id=\"1efda030\" data-element_type=\"widget\" data-widget_type=\"text-editor.default\">\n\t\t\t\t<div class=\"elementor-widget-container\">\n\t\t\t\t\t\t\t<p><span>Est\u00e0s buscant\u00a0<\/span><b><span>un tractament efectiu per al TDAH\u00a0<\/span><\/b><span>o busques\u00a0<\/span><b><span>psic\u00f2legs especialistes en TDAH\u00a0<\/span><\/b><span>?\u00a0Si necessiteu\u00a0<\/span><b><span>ter\u00e0pia amb un psic\u00f2leg especialista en TDAH\u00a0<\/span><\/b><span>heu de saber que\u00a0<\/span><b><span>els millors psic\u00f2legs de TDAH\u00a0<\/span><\/b><span>seran aquells que entenguin la import\u00e0ncia d&#8217;individualitzar el tractament despr\u00e9s d&#8217;una fase de valoraci\u00f3 diagn\u00f2stica.\u00a0Consulta&#8217;ns sense comprom\u00eds, ser\u00e0 at\u00e8s per un\u00a0<\/span><b><span>psic\u00f2leg de TDAH\u00a0<\/span><\/b><span>des de la primera trucada.<\/span><\/p>\t\t\t\t\t\t<\/div>\n\t\t\t\t<\/div>\n\t\t\t\t\t<\/div>\n\t\t<\/div>\n\t\t\t\t\t\t\t<\/div>\n\t\t<\/section>\n\t\t\t\t\t<\/div>\n\t\t<\/div>\n\t\t\t\t\t\t\t<\/div>\n\t\t<\/section>\n\t\t\t\t<section class=\"elementor-section elementor-top-section elementor-element elementor-element-3ad47de6 elementor-section-stretched elementor-section-boxed elementor-section-height-default elementor-section-height-default\" data-id=\"3ad47de6\" data-element_type=\"section\" data-settings=\"{&quot;stretch_section&quot;:&quot;section-stretched&quot;}\">\n\t\t\t\t\t\t<div class=\"elementor-container elementor-column-gap-default\">\n\t\t\t\t\t<div class=\"elementor-column elementor-col-50 elementor-top-column elementor-element elementor-element-7c3b343e\" data-id=\"7c3b343e\" data-element_type=\"column\">\n\t\t\t<div class=\"elementor-widget-wrap elementor-element-populated\">\n\t\t\t\t\t\t\t\t<div class=\"elementor-element elementor-element-13e0975b elementor-widget elementor-widget-image\" data-id=\"13e0975b\" data-element_type=\"widget\" data-widget_type=\"image.default\">\n\t\t\t\t<div class=\"elementor-widget-container\">\n\t\t\t\t\t\t\t\t\t\t\t\t\t\t\t\t<a href=\"\/quienes-somos\/\">\n\t\t\t\t\t\t\t<img loading=\"lazy\" decoding=\"async\" width=\"1400\" height=\"500\" src=\"https:\/\/clinicaviher.com\/cat\/wp-content\/uploads\/2023\/06\/ficha-Sergi.webp\" class=\"attachment-full size-full wp-image-1728\" alt=\"ver ficha de Sergi Vilardell\" srcset=\"https:\/\/clinicaviher.com\/cat\/wp-content\/uploads\/2023\/06\/ficha-Sergi.webp 1400w, https:\/\/clinicaviher.com\/cat\/wp-content\/uploads\/2023\/06\/ficha-Sergi-300x107.webp 300w, https:\/\/clinicaviher.com\/cat\/wp-content\/uploads\/2023\/06\/ficha-Sergi-1024x366.webp 1024w, https:\/\/clinicaviher.com\/cat\/wp-content\/uploads\/2023\/06\/ficha-Sergi-768x274.webp 768w, https:\/\/clinicaviher.com\/cat\/wp-content\/uploads\/2023\/06\/ficha-Sergi-600x214.webp 600w\" sizes=\"(max-width: 1400px) 100vw, 1400px\" \/>\t\t\t\t\t\t\t\t<\/a>\n\t\t\t\t\t\t\t\t\t\t\t\t\t\t\t<\/div>\n\t\t\t\t<\/div>\n\t\t\t\t\t<\/div>\n\t\t<\/div>\n\t\t\t\t<div class=\"elementor-column elementor-col-50 elementor-top-column elementor-element elementor-element-5e84577c\" data-id=\"5e84577c\" data-element_type=\"column\">\n\t\t\t<div class=\"elementor-widget-wrap elementor-element-populated\">\n\t\t\t\t\t\t\t\t<div class=\"elementor-element elementor-element-32a892a6 elementor-widget elementor-widget-image\" data-id=\"32a892a6\" data-element_type=\"widget\" data-widget_type=\"image.default\">\n\t\t\t\t<div class=\"elementor-widget-container\">\n\t\t\t\t\t\t\t\t\t\t\t\t\t\t\t\t<a href=\"\/quienes-somos\/\">\n\t\t\t\t\t\t\t<img loading=\"lazy\" decoding=\"async\" width=\"1400\" height=\"500\" src=\"https:\/\/clinicaviher.com\/cat\/wp-content\/uploads\/2023\/06\/mila-ficha.webp\" class=\"attachment-full size-full wp-image-1729\" alt=\"ver ficha de Mila Herrera\" srcset=\"https:\/\/clinicaviher.com\/cat\/wp-content\/uploads\/2023\/06\/mila-ficha.webp 1400w, https:\/\/clinicaviher.com\/cat\/wp-content\/uploads\/2023\/06\/mila-ficha-300x107.webp 300w, https:\/\/clinicaviher.com\/cat\/wp-content\/uploads\/2023\/06\/mila-ficha-1024x366.webp 1024w, https:\/\/clinicaviher.com\/cat\/wp-content\/uploads\/2023\/06\/mila-ficha-768x274.webp 768w, https:\/\/clinicaviher.com\/cat\/wp-content\/uploads\/2023\/06\/mila-ficha-600x214.webp 600w\" sizes=\"(max-width: 1400px) 100vw, 1400px\" \/>\t\t\t\t\t\t\t\t<\/a>\n\t\t\t\t\t\t\t\t\t\t\t\t\t\t\t<\/div>\n\t\t\t\t<\/div>\n\t\t\t\t\t<\/div>\n\t\t<\/div>\n\t\t\t\t\t\t\t<\/div>\n\t\t<\/section>\n\t\t\t\t\t\t\t<\/div>\n\t\t","protected":false},"excerpt":{"rendered":"<p>Trastorn per d\u00e8ficit d&#8217;atenci\u00f3 i hiperactivitat (TDAH) El Trastorn per d\u00e8ficit d&#8217;atenci\u00f3 i hiperactivitat\u00a0TDAH\u00a0, es diagnostica normalment a la inf\u00e0ncia o l&#8217;adolesc\u00e8ncia, encara que es pot mantenir a la vida adulta.\u00a0Es considera que al voltant del 5% dels nens al m\u00f3n t\u00e9\u00a0TDAH\u00a0i que suposa el 30% de les demandes arriben a les consultes dels\u00a0psic\u00f2legs infantils\u00a0s\u00f3n &hellip;<\/p>\n<p class=\"read-more\"> <a class=\"\" href=\"https:\/\/clinicaviher.com\/cat\/tdah-adolescents\/\"> <span class=\"screen-reader-text\">TDAH Adolescents<\/span> Leer m\u00e1s &raquo;<\/a><\/p>\n","protected":false},"author":1,"featured_media":0,"parent":0,"menu_order":0,"comment_status":"closed","ping_status":"closed","template":"elementor_header_footer","meta":{"site-sidebar-layout":"default","site-content-layout":"default","ast-global-header-display":"","ast-banner-title-visibility":"","ast-main-header-display":"","ast-hfb-above-header-display":"","ast-hfb-below-header-display":"","ast-hfb-mobile-header-display":"","site-post-title":"","ast-breadcrumbs-content":"","ast-featured-img":"","footer-sml-layout":"","theme-transparent-header-meta":"default","adv-header-id-meta":"","stick-header-meta":"default","header-above-stick-meta":"","header-main-stick-meta":"","header-below-stick-meta":"","footnotes":""},"yoast_head":"<!-- This site is optimized with the Yoast SEO plugin v24.3 - https:\/\/yoast.com\/wordpress\/plugins\/seo\/ -->\n<title>TDAH Adolescents<\/title>\n<meta name=\"description\" content=\"El Trastorn per d\u00e8ficit d&#039;atenci\u00f3 i hiperactivitat TDAH, es diagnostica normalment a la inf\u00e0ncia o l&#039;adolesc\u00e8ncia. psic\u00f2legs infantils\" \/>\n<meta name=\"robots\" content=\"index, follow, max-snippet:-1, max-image-preview:large, max-video-preview:-1\" \/>\n<link rel=\"canonical\" href=\"https:\/\/clinicaviher.com\/cat\/tdah-adolescents\/\" \/>\n<meta property=\"og:locale\" content=\"es_ES\" \/>\n<meta property=\"og:type\" content=\"article\" \/>\n<meta property=\"og:title\" content=\"TDAH Adolescents\" \/>\n<meta property=\"og:description\" content=\"El Trastorn per d\u00e8ficit d&#039;atenci\u00f3 i hiperactivitat TDAH, es diagnostica normalment a la inf\u00e0ncia o l&#039;adolesc\u00e8ncia. psic\u00f2legs infantils\" \/>\n<meta property=\"og:url\" content=\"https:\/\/clinicaviher.com\/cat\/tdah-adolescents\/\" \/>\n<meta property=\"og:site_name\" content=\"Cl\u00ednica Viher\" \/>\n<meta property=\"article:modified_time\" content=\"2023-07-19T15:09:06+00:00\" \/>\n<meta property=\"og:image\" content=\"https:\/\/clinicaviher.com\/cat\/wp-content\/uploads\/2023\/06\/psicologos-TDAH-1024x576.webp\" \/>\n<meta name=\"twitter:card\" content=\"summary_large_image\" \/>\n<meta name=\"twitter:label1\" content=\"Tiempo de lectura\" \/>\n\t<meta name=\"twitter:data1\" content=\"3 minutos\" \/>\n<script type=\"application\/ld+json\" class=\"yoast-schema-graph\">{\"@context\":\"https:\/\/schema.org\",\"@graph\":[{\"@type\":\"WebPage\",\"@id\":\"https:\/\/clinicaviher.com\/cat\/tdah-adolescents\/\",\"url\":\"https:\/\/clinicaviher.com\/cat\/tdah-adolescents\/\",\"name\":\"TDAH Adolescents\",\"isPartOf\":{\"@id\":\"https:\/\/clinicaviher.com\/cat\/#website\"},\"primaryImageOfPage\":{\"@id\":\"https:\/\/clinicaviher.com\/cat\/tdah-adolescents\/#primaryimage\"},\"image\":{\"@id\":\"https:\/\/clinicaviher.com\/cat\/tdah-adolescents\/#primaryimage\"},\"thumbnailUrl\":\"https:\/\/clinicaviher.com\/cat\/wp-content\/uploads\/2023\/06\/psicologos-TDAH-1024x576.webp\",\"datePublished\":\"2018-11-09T13:42:14+00:00\",\"dateModified\":\"2023-07-19T15:09:06+00:00\",\"description\":\"El Trastorn per d\u00e8ficit d'atenci\u00f3 i hiperactivitat TDAH, es diagnostica normalment a la inf\u00e0ncia o l'adolesc\u00e8ncia. psic\u00f2legs infantils\",\"breadcrumb\":{\"@id\":\"https:\/\/clinicaviher.com\/cat\/tdah-adolescents\/#breadcrumb\"},\"inLanguage\":\"es\",\"potentialAction\":[{\"@type\":\"ReadAction\",\"target\":[\"https:\/\/clinicaviher.com\/cat\/tdah-adolescents\/\"]}]},{\"@type\":\"ImageObject\",\"inLanguage\":\"es\",\"@id\":\"https:\/\/clinicaviher.com\/cat\/tdah-adolescents\/#primaryimage\",\"url\":\"https:\/\/clinicaviher.com\/cat\/wp-content\/uploads\/2023\/06\/psicologos-TDAH-1024x576.webp\",\"contentUrl\":\"https:\/\/clinicaviher.com\/cat\/wp-content\/uploads\/2023\/06\/psicologos-TDAH-1024x576.webp\"},{\"@type\":\"BreadcrumbList\",\"@id\":\"https:\/\/clinicaviher.com\/cat\/tdah-adolescents\/#breadcrumb\",\"itemListElement\":[{\"@type\":\"ListItem\",\"position\":1,\"name\":\"Portada\",\"item\":\"https:\/\/clinicaviher.com\/cat\/\"},{\"@type\":\"ListItem\",\"position\":2,\"name\":\"TDAH Adolescents\"}]},{\"@type\":\"WebSite\",\"@id\":\"https:\/\/clinicaviher.com\/cat\/#website\",\"url\":\"https:\/\/clinicaviher.com\/cat\/\",\"name\":\"Cl\u00ednica Viher\",\"description\":\"Si buscas un psic\u00f3logo en Barcelona, contamos con algunos de los mejores profesionales en psicolog\u00eda, psicoterapia y psicoan\u00e1lisis\",\"publisher\":{\"@id\":\"https:\/\/clinicaviher.com\/cat\/#organization\"},\"potentialAction\":[{\"@type\":\"SearchAction\",\"target\":{\"@type\":\"EntryPoint\",\"urlTemplate\":\"https:\/\/clinicaviher.com\/cat\/?s={search_term_string}\"},\"query-input\":{\"@type\":\"PropertyValueSpecification\",\"valueRequired\":true,\"valueName\":\"search_term_string\"}}],\"inLanguage\":\"es\"},{\"@type\":\"Organization\",\"@id\":\"https:\/\/clinicaviher.com\/cat\/#organization\",\"name\":\"Cl\u00ednica Viher\",\"url\":\"https:\/\/clinicaviher.com\/cat\/\",\"logo\":{\"@type\":\"ImageObject\",\"inLanguage\":\"es\",\"@id\":\"https:\/\/clinicaviher.com\/cat\/#\/schema\/logo\/image\/\",\"url\":\"https:\/\/clinicaviher.com\/cat\/wp-content\/uploads\/2019\/02\/logoviher-new-web.png\",\"contentUrl\":\"https:\/\/clinicaviher.com\/cat\/wp-content\/uploads\/2019\/02\/logoviher-new-web.png\",\"width\":240,\"height\":52,\"caption\":\"Cl\u00ednica Viher\"},\"image\":{\"@id\":\"https:\/\/clinicaviher.com\/cat\/#\/schema\/logo\/image\/\"}}]}<\/script>\n<!-- \/ Yoast SEO plugin. -->","yoast_head_json":{"title":"TDAH Adolescents","description":"El Trastorn per d\u00e8ficit d'atenci\u00f3 i hiperactivitat TDAH, es diagnostica normalment a la inf\u00e0ncia o l'adolesc\u00e8ncia. psic\u00f2legs infantils","robots":{"index":"index","follow":"follow","max-snippet":"max-snippet:-1","max-image-preview":"max-image-preview:large","max-video-preview":"max-video-preview:-1"},"canonical":"https:\/\/clinicaviher.com\/cat\/tdah-adolescents\/","og_locale":"es_ES","og_type":"article","og_title":"TDAH Adolescents","og_description":"El Trastorn per d\u00e8ficit d'atenci\u00f3 i hiperactivitat TDAH, es diagnostica normalment a la inf\u00e0ncia o l'adolesc\u00e8ncia. psic\u00f2legs infantils","og_url":"https:\/\/clinicaviher.com\/cat\/tdah-adolescents\/","og_site_name":"Cl\u00ednica Viher","article_modified_time":"2023-07-19T15:09:06+00:00","og_image":[{"url":"https:\/\/clinicaviher.com\/cat\/wp-content\/uploads\/2023\/06\/psicologos-TDAH-1024x576.webp","type":"","width":"","height":""}],"twitter_card":"summary_large_image","twitter_misc":{"Tiempo de lectura":"3 minutos"},"schema":{"@context":"https:\/\/schema.org","@graph":[{"@type":"WebPage","@id":"https:\/\/clinicaviher.com\/cat\/tdah-adolescents\/","url":"https:\/\/clinicaviher.com\/cat\/tdah-adolescents\/","name":"TDAH Adolescents","isPartOf":{"@id":"https:\/\/clinicaviher.com\/cat\/#website"},"primaryImageOfPage":{"@id":"https:\/\/clinicaviher.com\/cat\/tdah-adolescents\/#primaryimage"},"image":{"@id":"https:\/\/clinicaviher.com\/cat\/tdah-adolescents\/#primaryimage"},"thumbnailUrl":"https:\/\/clinicaviher.com\/cat\/wp-content\/uploads\/2023\/06\/psicologos-TDAH-1024x576.webp","datePublished":"2018-11-09T13:42:14+00:00","dateModified":"2023-07-19T15:09:06+00:00","description":"El Trastorn per d\u00e8ficit d'atenci\u00f3 i hiperactivitat TDAH, es diagnostica normalment a la inf\u00e0ncia o l'adolesc\u00e8ncia. psic\u00f2legs infantils","breadcrumb":{"@id":"https:\/\/clinicaviher.com\/cat\/tdah-adolescents\/#breadcrumb"},"inLanguage":"es","potentialAction":[{"@type":"ReadAction","target":["https:\/\/clinicaviher.com\/cat\/tdah-adolescents\/"]}]},{"@type":"ImageObject","inLanguage":"es","@id":"https:\/\/clinicaviher.com\/cat\/tdah-adolescents\/#primaryimage","url":"https:\/\/clinicaviher.com\/cat\/wp-content\/uploads\/2023\/06\/psicologos-TDAH-1024x576.webp","contentUrl":"https:\/\/clinicaviher.com\/cat\/wp-content\/uploads\/2023\/06\/psicologos-TDAH-1024x576.webp"},{"@type":"BreadcrumbList","@id":"https:\/\/clinicaviher.com\/cat\/tdah-adolescents\/#breadcrumb","itemListElement":[{"@type":"ListItem","position":1,"name":"Portada","item":"https:\/\/clinicaviher.com\/cat\/"},{"@type":"ListItem","position":2,"name":"TDAH Adolescents"}]},{"@type":"WebSite","@id":"https:\/\/clinicaviher.com\/cat\/#website","url":"https:\/\/clinicaviher.com\/cat\/","name":"Cl\u00ednica Viher","description":"Si buscas un psic\u00f3logo en Barcelona, contamos con algunos de los mejores profesionales en psicolog\u00eda, psicoterapia y psicoan\u00e1lisis","publisher":{"@id":"https:\/\/clinicaviher.com\/cat\/#organization"},"potentialAction":[{"@type":"SearchAction","target":{"@type":"EntryPoint","urlTemplate":"https:\/\/clinicaviher.com\/cat\/?s={search_term_string}"},"query-input":{"@type":"PropertyValueSpecification","valueRequired":true,"valueName":"search_term_string"}}],"inLanguage":"es"},{"@type":"Organization","@id":"https:\/\/clinicaviher.com\/cat\/#organization","name":"Cl\u00ednica Viher","url":"https:\/\/clinicaviher.com\/cat\/","logo":{"@type":"ImageObject","inLanguage":"es","@id":"https:\/\/clinicaviher.com\/cat\/#\/schema\/logo\/image\/","url":"https:\/\/clinicaviher.com\/cat\/wp-content\/uploads\/2019\/02\/logoviher-new-web.png","contentUrl":"https:\/\/clinicaviher.com\/cat\/wp-content\/uploads\/2019\/02\/logoviher-new-web.png","width":240,"height":52,"caption":"Cl\u00ednica Viher"},"image":{"@id":"https:\/\/clinicaviher.com\/cat\/#\/schema\/logo\/image\/"}}]}},"_links":{"self":[{"href":"https:\/\/clinicaviher.com\/cat\/wp-json\/wp\/v2\/pages\/1069"}],"collection":[{"href":"https:\/\/clinicaviher.com\/cat\/wp-json\/wp\/v2\/pages"}],"about":[{"href":"https:\/\/clinicaviher.com\/cat\/wp-json\/wp\/v2\/types\/page"}],"author":[{"embeddable":true,"href":"https:\/\/clinicaviher.com\/cat\/wp-json\/wp\/v2\/users\/1"}],"replies":[{"embeddable":true,"href":"https:\/\/clinicaviher.com\/cat\/wp-json\/wp\/v2\/comments?post=1069"}],"version-history":[{"count":9,"href":"https:\/\/clinicaviher.com\/cat\/wp-json\/wp\/v2\/pages\/1069\/revisions"}],"predecessor-version":[{"id":2432,"href":"https:\/\/clinicaviher.com\/cat\/wp-json\/wp\/v2\/pages\/1069\/revisions\/2432"}],"wp:attachment":[{"href":"https:\/\/clinicaviher.com\/cat\/wp-json\/wp\/v2\/media?parent=1069"}],"curies":[{"name":"wp","href":"https:\/\/api.w.org\/{rel}","templated":true}]}}