{"id":108,"date":"2018-03-26T12:31:12","date_gmt":"2018-03-26T12:31:12","guid":{"rendered":"http:\/\/clinicaviher.com\/?page_id=108"},"modified":"2023-10-31T11:09:36","modified_gmt":"2023-10-31T09:09:36","slug":"psicoanalisi","status":"publish","type":"page","link":"https:\/\/clinicaviher.com\/cat\/psicoanalisi\/","title":{"rendered":"Psicoan\u00e0lisi"},"content":{"rendered":"<p>&nbsp;<\/p>\n<section class=\"kc-elm kc-css-1514802 kc_row\">\n<div class=\"kc-row-container kc-container\">\n<div class=\"kc-wrap-columns\">\n<div class=\"kc-elm kc-css-1500247 kc_col-sm-12 kc_column kc_col-sm-12\">\n<div class=\"kc-col-container\">\n<h1 class=\"kc-elm kc-css-1225959\" style=\"height: 20px; clear: both; width: 100%;\">Psicoan\u00e0lisi<\/h1>\n<div class=\"kc-elm kc-css-449997\" style=\"height: 20px; clear: both; width: 100%;\"><\/div>\n<\/div>\n<\/div>\n<\/div>\n<\/div>\n<\/section>\n<section class=\"kc-elm kc-css-2192742 kc_row\">\n<div class=\"kc-row-container kc-container\">\n<div class=\"kc-wrap-columns\">\n<div class=\"kc-elm kc-css-4275220 kc_col-sm-12 kc_column kc_col-sm-12\">\n<div class=\"kc-col-container\">\n<div class=\"kc-elm kc-css-3981399 kc_text_block\">\n<p>La psicoan\u00e0lisi \u00e9s una eina ideal per an\u00e0lisi del patiment ps\u00edquic. Si esteu buscant psicoanalistes a Barcelona, des de Cl\u00ednica Viher ens posem a la vostra disposici\u00f3. Per\u00f2 abans volem parlar-vos sobre aquesta t\u00e8cnica. En qu\u00e8 es basa la doctrina psicoanalista?<\/p>\n<\/div>\n<\/div>\n<\/div>\n<\/div>\n<\/div>\n<\/section>\n<section class=\"kc-elm kc-css-2161798 kc_row\">\n<div class=\"kc-row-container kc-container\">\n<div class=\"kc-wrap-columns\">\n<div class=\"kc-elm kc-css-1383479 kc_col-sm-12 kc_column kc_col-sm-12\">\n<div class=\"kc-col-container\">\n<div class=\"kc-elm kc-css-3581259\" style=\"height: 20px; clear: both; width: 100%;\"><\/div>\n<div class=\"kc-elm kc-css-2671217 kc-title-wrap \">\n<h2>Qu\u00e8 \u00e9s i en qu\u00e8 consisteix la psicoan\u00e0lisi?<\/h2>\n<p>Aquest m\u00e8tode utilitzat en el camp de la psicologia va ser creat pel metge i neur\u00f2leg Sigmund Freud i la seva funci\u00f3 \u00e9s investigar i tractar algunes malalties mentals. Amb el temps, ha esdevingut doctrina. Una doctrina, la piscoanal\u00edtica, que els impulsos basats en instints s\u00f3n reprimits per la nostra pr\u00f2pia consci\u00e8ncia. Per\u00f2 aquests impulsos reprimits romanen a l&#8217;inconscient de la persona, afectant-la en el seu desenvolupament vital.<\/p>\n<p>\u00c9s funci\u00f3 dels professionals de la psicoter\u00e0pia engegar els mecanismes que tornin accessibles aquests conflictes inconscients i involuntaris a partir de la interpretaci\u00f3 dels somnis, de l&#8217;associaci\u00f3 lliure i dels actes fallits. Gr\u00e0cies al psic\u00f2leg ia les eines amb qu\u00e8 compta per fer la psicoan\u00e0lisi, el subjecte comen\u00e7ar\u00e0 a ser conscient del que fins llavors li era impossible. \u00c9s a dir, la psicoan\u00e0lisi \u00e9s la base per a la resoluci\u00f3 de tots aquests conflictes inconscients.<\/p>\n<\/div>\n<\/div>\n<\/div>\n<\/div>\n<\/div>\n<\/section>\n<section class=\"kc-elm kc-css-1817077 kc_row\">\n<div class=\"kc-row-container kc-container\">\n<div class=\"kc-wrap-columns\">\n<div class=\"kc-elm kc-css-2768511 kc_col-sm-6 kc_column kc_col-sm-6\">\n<div class=\"kc-col-container\">\n<div class=\"kc-elm kc-css-3415938 kc_shortcode kc_single_image\">\n<p><img decoding=\"async\" class=\"\" src=\"https:\/\/clinicaviher.com\/wp-content\/uploads\/2018\/04\/psicoanalista-500x400xc.jpg\" alt=\"Psicoanalista\" \/><\/p>\n<\/div>\n<\/div>\n<\/div>\n<\/div>\n<\/div>\n<\/section>\n<section class=\"kc-elm kc-css-2883578 kc_row\">\n<div class=\"kc-row-container kc-container\">\n<div class=\"kc-wrap-columns\">\n<div class=\"kc-elm kc-css-1499588 kc_col-sm-4 kc_column kc_col-sm-4\">\n<div class=\"kc-col-container\">\n<div class=\"kc-elm kc-css-2811880\" style=\"height: 20px; clear: both; width: 100%;\"><\/div>\n<div class=\"kc-elm kc-css-2031416 kc_text_block\">\n<h3>Associaci\u00f3 Lliure<\/h3>\n<p>Freud parlava de l&#8217;associaci\u00f3 lliure com la t\u00e8cnica b\u00e0sica en qu\u00e8 s&#8217;ha de basar una psicoan\u00e0lisi. Es basa que el pacient expressi tot el que sent i pensa, fins i tot sense aparent relaci\u00f3. Idees, pensaments de qualsevol tipus, les seues emocions, imatges o records, com se sent en les seues relacions personals, etc.<\/p>\n<h3>Actes fallits<\/h3>\n<p>Aquelles conductes que sovint es fan \u00f2ptimament per\u00f2 que, quan es produeix un error, s&#8217;atribueixen a la casualitat o per no estar atents. \u00c9s el que Freud assembla als s\u00edmptomes dels conflictes interns, perqu\u00e8 poden reflectir i indicar el conflicte existent entre all\u00f2 reprimit i la seva barrera cap a all\u00f2 conscient.<\/p>\n<h3>Interpretaci\u00f3 dels somnis<\/h3>\n<p>Una altra t\u00e8cnica base que ajudar\u00e0 el pacient a comprendre el desenvolupament del psiquisme i arribar a ser plenament conscient de les barreres que li impedeixen evolucionar com a persona i millorar-ne la qualitat de vida.<\/p>\n<h3>Utilitats de la psicoan\u00e0lisi<\/h3>\n<p>Les utilitats de la psicoan\u00e0lisi poden ser totes aquelles en qu\u00e8 hi hagi un conflicte com el que hem descrit. Per aix\u00f2, ens hem d&#8217;adonar que existeix aquest conflicte, encara que no sapiguem posar-hi soluci\u00f3. Lajuda del psic\u00f2leg i de la seva avaluaci\u00f3 i posterior diagn\u00f2stic, lajudar\u00e0 a saber si necessita realitzar sessions de psicoan\u00e0lisi.<\/p>\n<p>Per aix\u00f2, per les seves \u00e0mplies utilitats, pot ser molt \u00fatil per solucionar problemes com l&#8217;angoixa, depressi\u00f3, com a ter\u00e0pia de parella o per tractar f\u00f2bies. I per a molt m\u00e9s. La seva praxi cl\u00ednica s&#8217;est\u00e9n a tots aquells conflictes interiors i inconscients (en part) que fan patir un \u00e9sser hum\u00e0.<\/p>\n<p>La ter\u00e0pia no \u00e9s una ter\u00e0pia en si; preferim anomenar-la una pr\u00e0ctica de discurs. No procurem, amb ella, adaptar un subjecte a la societat, sin\u00f3 ser una eina que actu\u00ef com una revelaci\u00f3 per a la pr\u00f2pia persona. Un lla\u00e7 per arribar a all\u00f2 no conscient.<\/p>\n<\/div>\n<\/div>\n<\/div>\n<\/div>\n<\/div>\n<\/section>\n<section class=\"kc-elm kc-css-3757511 kc_row\">\n<div class=\"kc-row-container kc-container\">\n<div class=\"kc-wrap-columns\">\n<div class=\"kc-elm kc-css-3952970 kc_col-sm-12 kc_column kc_col-sm-12\">\n<div class=\"kc-col-container\">\n<div class=\"kc-elm kc-css-2802131\" style=\"height: 20px; clear: both; width: 100%;\"><\/div>\n<div class=\"kc-elm kc-css-1557062 kc-title-wrap \">\n<h2>Lidiar amb els conflictes interns i el malestar ps\u00edquic<\/h2>\n<p>Lidiar amb aquests conflictes interns i amb el malestar o el patiment \u00e9s possible gr\u00e0cies a la psicoan\u00e0lisi i l&#8217;ajuda dels nostres especialistes en aquesta doctrina. Us oferim un tractament del malestar ps\u00edquic personalitzat i enfocat a la resoluci\u00f3 espec\u00edfica del vostre problema o problemes. Cl\u00ednica Viher us pot ajudar des d&#8217;aquest moment. Consulti&#8217;ns per exposar-nos el seu cas o per resoldre qualsevol q\u00fcesti\u00f3.<\/p>\n<p><strong>Cl\u00ednica Viher \u00e9s una de les cl\u00edniques de psicoan\u00e0lisi a Barcelona de refer\u00e8ncia <\/strong>i avalada per professionals de llarga traject\u00f2ria i qualificaci\u00f3 espec\u00edfica.<\/p>\n<\/div>\n<\/div>\n<\/div>\n<\/div>\n<\/div>\n<\/section>\n","protected":false},"excerpt":{"rendered":"<p>&nbsp; Psicoan\u00e0lisi La psicoan\u00e0lisi \u00e9s una eina ideal per an\u00e0lisi del patiment ps\u00edquic. Si esteu buscant psicoanalistes a Barcelona, des de Cl\u00ednica Viher ens posem a la vostra disposici\u00f3. Per\u00f2 abans volem parlar-vos sobre aquesta t\u00e8cnica. En qu\u00e8 es basa la doctrina psicoanalista? Qu\u00e8 \u00e9s i en qu\u00e8 consisteix la psicoan\u00e0lisi? Aquest m\u00e8tode utilitzat en &hellip;<\/p>\n<p class=\"read-more\"> <a class=\"\" href=\"https:\/\/clinicaviher.com\/cat\/psicoanalisi\/\"> <span class=\"screen-reader-text\">Psicoan\u00e0lisi<\/span> Leer m\u00e1s &raquo;<\/a><\/p>\n","protected":false},"author":1,"featured_media":0,"parent":0,"menu_order":0,"comment_status":"closed","ping_status":"closed","template":"","meta":{"site-sidebar-layout":"default","site-content-layout":"default","ast-global-header-display":"","ast-banner-title-visibility":"","ast-main-header-display":"","ast-hfb-above-header-display":"","ast-hfb-below-header-display":"","ast-hfb-mobile-header-display":"","site-post-title":"","ast-breadcrumbs-content":"","ast-featured-img":"","footer-sml-layout":"","theme-transparent-header-meta":"default","adv-header-id-meta":"","stick-header-meta":"default","header-above-stick-meta":"","header-main-stick-meta":"","header-below-stick-meta":"","footnotes":""},"yoast_head":"<!-- This site is optimized with the Yoast SEO plugin v24.3 - https:\/\/yoast.com\/wordpress\/plugins\/seo\/ -->\n<title>Psicoanalistes Barcelona. Psicoan\u00e0lisi<\/title>\n<meta name=\"description\" content=\"CL\u00cdNICA VIHER. Comprensi\u00f3 i tractament mitjan\u00e7ant la psicoan\u00e0lisi a Barcelona per bregar amb els conflictes interns i el malestar ps\u00edquic\" \/>\n<meta name=\"robots\" content=\"index, follow, max-snippet:-1, max-image-preview:large, max-video-preview:-1\" \/>\n<link rel=\"canonical\" href=\"https:\/\/clinicaviher.com\/cat\/psicoanalisi\/\" \/>\n<meta property=\"og:locale\" content=\"es_ES\" \/>\n<meta property=\"og:type\" content=\"article\" \/>\n<meta property=\"og:title\" content=\"Psicoanalistes Barcelona. Psicoan\u00e0lisi\" \/>\n<meta property=\"og:description\" content=\"CL\u00cdNICA VIHER. Comprensi\u00f3 i tractament mitjan\u00e7ant la psicoan\u00e0lisi a Barcelona per bregar amb els conflictes interns i el malestar ps\u00edquic\" \/>\n<meta property=\"og:url\" content=\"https:\/\/clinicaviher.com\/cat\/psicoanalisi\/\" \/>\n<meta property=\"og:site_name\" content=\"Cl\u00ednica Viher\" \/>\n<meta property=\"article:modified_time\" content=\"2023-10-31T09:09:36+00:00\" \/>\n<meta property=\"og:image\" content=\"https:\/\/clinicaviher.com\/wp-content\/uploads\/2018\/04\/psicoanalista-500x400xc.jpg\" \/>\n<meta name=\"twitter:card\" content=\"summary_large_image\" \/>\n<meta name=\"twitter:label1\" content=\"Tiempo de lectura\" \/>\n\t<meta name=\"twitter:data1\" content=\"3 minutos\" \/>\n<script type=\"application\/ld+json\" class=\"yoast-schema-graph\">{\"@context\":\"https:\/\/schema.org\",\"@graph\":[{\"@type\":\"WebPage\",\"@id\":\"https:\/\/clinicaviher.com\/cat\/psicoanalisi\/\",\"url\":\"https:\/\/clinicaviher.com\/cat\/psicoanalisi\/\",\"name\":\"Psicoanalistes Barcelona. Psicoan\u00e0lisi\",\"isPartOf\":{\"@id\":\"https:\/\/clinicaviher.com\/cat\/#website\"},\"primaryImageOfPage\":{\"@id\":\"https:\/\/clinicaviher.com\/cat\/psicoanalisi\/#primaryimage\"},\"image\":{\"@id\":\"https:\/\/clinicaviher.com\/cat\/psicoanalisi\/#primaryimage\"},\"thumbnailUrl\":\"https:\/\/clinicaviher.com\/wp-content\/uploads\/2018\/04\/psicoanalista-500x400xc.jpg\",\"datePublished\":\"2018-03-26T12:31:12+00:00\",\"dateModified\":\"2023-10-31T09:09:36+00:00\",\"description\":\"CL\u00cdNICA VIHER. Comprensi\u00f3 i tractament mitjan\u00e7ant la psicoan\u00e0lisi a Barcelona per bregar amb els conflictes interns i el malestar ps\u00edquic\",\"breadcrumb\":{\"@id\":\"https:\/\/clinicaviher.com\/cat\/psicoanalisi\/#breadcrumb\"},\"inLanguage\":\"es\",\"potentialAction\":[{\"@type\":\"ReadAction\",\"target\":[\"https:\/\/clinicaviher.com\/cat\/psicoanalisi\/\"]}]},{\"@type\":\"ImageObject\",\"inLanguage\":\"es\",\"@id\":\"https:\/\/clinicaviher.com\/cat\/psicoanalisi\/#primaryimage\",\"url\":\"https:\/\/clinicaviher.com\/wp-content\/uploads\/2018\/04\/psicoanalista-500x400xc.jpg\",\"contentUrl\":\"https:\/\/clinicaviher.com\/wp-content\/uploads\/2018\/04\/psicoanalista-500x400xc.jpg\"},{\"@type\":\"BreadcrumbList\",\"@id\":\"https:\/\/clinicaviher.com\/cat\/psicoanalisi\/#breadcrumb\",\"itemListElement\":[{\"@type\":\"ListItem\",\"position\":1,\"name\":\"Portada\",\"item\":\"https:\/\/clinicaviher.com\/cat\/\"},{\"@type\":\"ListItem\",\"position\":2,\"name\":\"Psicoan\u00e0lisi\"}]},{\"@type\":\"WebSite\",\"@id\":\"https:\/\/clinicaviher.com\/cat\/#website\",\"url\":\"https:\/\/clinicaviher.com\/cat\/\",\"name\":\"Cl\u00ednica Viher\",\"description\":\"Si buscas un psic\u00f3logo en Barcelona, contamos con algunos de los mejores profesionales en psicolog\u00eda, psicoterapia y psicoan\u00e1lisis\",\"publisher\":{\"@id\":\"https:\/\/clinicaviher.com\/cat\/#organization\"},\"potentialAction\":[{\"@type\":\"SearchAction\",\"target\":{\"@type\":\"EntryPoint\",\"urlTemplate\":\"https:\/\/clinicaviher.com\/cat\/?s={search_term_string}\"},\"query-input\":{\"@type\":\"PropertyValueSpecification\",\"valueRequired\":true,\"valueName\":\"search_term_string\"}}],\"inLanguage\":\"es\"},{\"@type\":\"Organization\",\"@id\":\"https:\/\/clinicaviher.com\/cat\/#organization\",\"name\":\"Cl\u00ednica Viher\",\"url\":\"https:\/\/clinicaviher.com\/cat\/\",\"logo\":{\"@type\":\"ImageObject\",\"inLanguage\":\"es\",\"@id\":\"https:\/\/clinicaviher.com\/cat\/#\/schema\/logo\/image\/\",\"url\":\"https:\/\/clinicaviher.com\/cat\/wp-content\/uploads\/2019\/02\/logoviher-new-web.png\",\"contentUrl\":\"https:\/\/clinicaviher.com\/cat\/wp-content\/uploads\/2019\/02\/logoviher-new-web.png\",\"width\":240,\"height\":52,\"caption\":\"Cl\u00ednica Viher\"},\"image\":{\"@id\":\"https:\/\/clinicaviher.com\/cat\/#\/schema\/logo\/image\/\"}}]}<\/script>\n<!-- \/ Yoast SEO plugin. -->","yoast_head_json":{"title":"Psicoanalistes Barcelona. Psicoan\u00e0lisi","description":"CL\u00cdNICA VIHER. Comprensi\u00f3 i tractament mitjan\u00e7ant la psicoan\u00e0lisi a Barcelona per bregar amb els conflictes interns i el malestar ps\u00edquic","robots":{"index":"index","follow":"follow","max-snippet":"max-snippet:-1","max-image-preview":"max-image-preview:large","max-video-preview":"max-video-preview:-1"},"canonical":"https:\/\/clinicaviher.com\/cat\/psicoanalisi\/","og_locale":"es_ES","og_type":"article","og_title":"Psicoanalistes Barcelona. Psicoan\u00e0lisi","og_description":"CL\u00cdNICA VIHER. Comprensi\u00f3 i tractament mitjan\u00e7ant la psicoan\u00e0lisi a Barcelona per bregar amb els conflictes interns i el malestar ps\u00edquic","og_url":"https:\/\/clinicaviher.com\/cat\/psicoanalisi\/","og_site_name":"Cl\u00ednica Viher","article_modified_time":"2023-10-31T09:09:36+00:00","og_image":[{"url":"https:\/\/clinicaviher.com\/wp-content\/uploads\/2018\/04\/psicoanalista-500x400xc.jpg","type":"","width":"","height":""}],"twitter_card":"summary_large_image","twitter_misc":{"Tiempo de lectura":"3 minutos"},"schema":{"@context":"https:\/\/schema.org","@graph":[{"@type":"WebPage","@id":"https:\/\/clinicaviher.com\/cat\/psicoanalisi\/","url":"https:\/\/clinicaviher.com\/cat\/psicoanalisi\/","name":"Psicoanalistes Barcelona. Psicoan\u00e0lisi","isPartOf":{"@id":"https:\/\/clinicaviher.com\/cat\/#website"},"primaryImageOfPage":{"@id":"https:\/\/clinicaviher.com\/cat\/psicoanalisi\/#primaryimage"},"image":{"@id":"https:\/\/clinicaviher.com\/cat\/psicoanalisi\/#primaryimage"},"thumbnailUrl":"https:\/\/clinicaviher.com\/wp-content\/uploads\/2018\/04\/psicoanalista-500x400xc.jpg","datePublished":"2018-03-26T12:31:12+00:00","dateModified":"2023-10-31T09:09:36+00:00","description":"CL\u00cdNICA VIHER. Comprensi\u00f3 i tractament mitjan\u00e7ant la psicoan\u00e0lisi a Barcelona per bregar amb els conflictes interns i el malestar ps\u00edquic","breadcrumb":{"@id":"https:\/\/clinicaviher.com\/cat\/psicoanalisi\/#breadcrumb"},"inLanguage":"es","potentialAction":[{"@type":"ReadAction","target":["https:\/\/clinicaviher.com\/cat\/psicoanalisi\/"]}]},{"@type":"ImageObject","inLanguage":"es","@id":"https:\/\/clinicaviher.com\/cat\/psicoanalisi\/#primaryimage","url":"https:\/\/clinicaviher.com\/wp-content\/uploads\/2018\/04\/psicoanalista-500x400xc.jpg","contentUrl":"https:\/\/clinicaviher.com\/wp-content\/uploads\/2018\/04\/psicoanalista-500x400xc.jpg"},{"@type":"BreadcrumbList","@id":"https:\/\/clinicaviher.com\/cat\/psicoanalisi\/#breadcrumb","itemListElement":[{"@type":"ListItem","position":1,"name":"Portada","item":"https:\/\/clinicaviher.com\/cat\/"},{"@type":"ListItem","position":2,"name":"Psicoan\u00e0lisi"}]},{"@type":"WebSite","@id":"https:\/\/clinicaviher.com\/cat\/#website","url":"https:\/\/clinicaviher.com\/cat\/","name":"Cl\u00ednica Viher","description":"Si buscas un psic\u00f3logo en Barcelona, contamos con algunos de los mejores profesionales en psicolog\u00eda, psicoterapia y psicoan\u00e1lisis","publisher":{"@id":"https:\/\/clinicaviher.com\/cat\/#organization"},"potentialAction":[{"@type":"SearchAction","target":{"@type":"EntryPoint","urlTemplate":"https:\/\/clinicaviher.com\/cat\/?s={search_term_string}"},"query-input":{"@type":"PropertyValueSpecification","valueRequired":true,"valueName":"search_term_string"}}],"inLanguage":"es"},{"@type":"Organization","@id":"https:\/\/clinicaviher.com\/cat\/#organization","name":"Cl\u00ednica Viher","url":"https:\/\/clinicaviher.com\/cat\/","logo":{"@type":"ImageObject","inLanguage":"es","@id":"https:\/\/clinicaviher.com\/cat\/#\/schema\/logo\/image\/","url":"https:\/\/clinicaviher.com\/cat\/wp-content\/uploads\/2019\/02\/logoviher-new-web.png","contentUrl":"https:\/\/clinicaviher.com\/cat\/wp-content\/uploads\/2019\/02\/logoviher-new-web.png","width":240,"height":52,"caption":"Cl\u00ednica Viher"},"image":{"@id":"https:\/\/clinicaviher.com\/cat\/#\/schema\/logo\/image\/"}}]}},"_links":{"self":[{"href":"https:\/\/clinicaviher.com\/cat\/wp-json\/wp\/v2\/pages\/108"}],"collection":[{"href":"https:\/\/clinicaviher.com\/cat\/wp-json\/wp\/v2\/pages"}],"about":[{"href":"https:\/\/clinicaviher.com\/cat\/wp-json\/wp\/v2\/types\/page"}],"author":[{"embeddable":true,"href":"https:\/\/clinicaviher.com\/cat\/wp-json\/wp\/v2\/users\/1"}],"replies":[{"embeddable":true,"href":"https:\/\/clinicaviher.com\/cat\/wp-json\/wp\/v2\/comments?post=108"}],"version-history":[{"count":7,"href":"https:\/\/clinicaviher.com\/cat\/wp-json\/wp\/v2\/pages\/108\/revisions"}],"predecessor-version":[{"id":2688,"href":"https:\/\/clinicaviher.com\/cat\/wp-json\/wp\/v2\/pages\/108\/revisions\/2688"}],"wp:attachment":[{"href":"https:\/\/clinicaviher.com\/cat\/wp-json\/wp\/v2\/media?parent=108"}],"curies":[{"name":"wp","href":"https:\/\/api.w.org\/{rel}","templated":true}]}}