{"id":20,"date":"2018-03-26T07:20:20","date_gmt":"2018-03-26T07:20:20","guid":{"rendered":"http:\/\/clinicaviher.com\/?page_id=20"},"modified":"2023-09-20T15:25:16","modified_gmt":"2023-09-20T13:25:16","slug":"centre-psicologia-barcelona","status":"publish","type":"page","link":"https:\/\/clinicaviher.com\/cat\/centre-psicologia-barcelona\/","title":{"rendered":"Centro"},"content":{"rendered":"\t\t<div data-elementor-type=\"wp-page\" data-elementor-id=\"20\" class=\"elementor elementor-20\">\n\t\t\t\t\t\t\t\t\t<section class=\"elementor-section elementor-top-section elementor-element elementor-element-fd21940 elementor-section-stretched elementor-section-boxed elementor-section-height-default elementor-section-height-default\" data-id=\"fd21940\" data-element_type=\"section\" data-settings=\"{&quot;stretch_section&quot;:&quot;section-stretched&quot;,&quot;background_background&quot;:&quot;classic&quot;}\">\n\t\t\t\t\t\t<div class=\"elementor-container elementor-column-gap-default\">\n\t\t\t\t\t<div class=\"elementor-column elementor-col-100 elementor-top-column elementor-element elementor-element-ce33e75\" data-id=\"ce33e75\" data-element_type=\"column\">\n\t\t\t<div class=\"elementor-widget-wrap elementor-element-populated\">\n\t\t\t\t\t\t\t\t<div class=\"elementor-element elementor-element-7810f5f elementor-widget elementor-widget-heading\" data-id=\"7810f5f\" data-element_type=\"widget\" data-widget_type=\"heading.default\">\n\t\t\t\t<div class=\"elementor-widget-container\">\n\t\t\t<style>\/*! elementor - v3.13.3 - 28-05-2023 *\/\n.elementor-heading-title{padding:0;margin:0;line-height:1}.elementor-widget-heading .elementor-heading-title[class*=elementor-size-]>a{color:inherit;font-size:inherit;line-height:inherit}.elementor-widget-heading .elementor-heading-title.elementor-size-small{font-size:15px}.elementor-widget-heading .elementor-heading-title.elementor-size-medium{font-size:19px}.elementor-widget-heading .elementor-heading-title.elementor-size-large{font-size:29px}.elementor-widget-heading .elementor-heading-title.elementor-size-xl{font-size:39px}.elementor-widget-heading .elementor-heading-title.elementor-size-xxl{font-size:59px}<\/style><h1 class=\"elementor-heading-title elementor-size-default\">Cl\u00ednica de psicologia a Barcelona<\/h1>\t\t<\/div>\n\t\t\t\t<\/div>\n\t\t\t\t\t<\/div>\n\t\t<\/div>\n\t\t\t\t\t\t\t<\/div>\n\t\t<\/section>\n\t\t\t\t<section class=\"elementor-section elementor-top-section elementor-element elementor-element-b2f0b12 elementor-section-boxed elementor-section-height-default elementor-section-height-default\" data-id=\"b2f0b12\" data-element_type=\"section\">\n\t\t\t\t\t\t<div class=\"elementor-container elementor-column-gap-default\">\n\t\t\t\t\t<div class=\"elementor-column elementor-col-100 elementor-top-column elementor-element elementor-element-372ee8e\" data-id=\"372ee8e\" data-element_type=\"column\">\n\t\t\t<div class=\"elementor-widget-wrap elementor-element-populated\">\n\t\t\t\t\t\t\t\t<div class=\"elementor-element elementor-element-b4ea7b8 elementor-widget elementor-widget-text-editor\" data-id=\"b4ea7b8\" data-element_type=\"widget\" data-widget_type=\"text-editor.default\">\n\t\t\t\t<div class=\"elementor-widget-container\">\n\t\t\t<style>\/*! elementor - v3.13.3 - 28-05-2023 *\/\n.elementor-widget-text-editor.elementor-drop-cap-view-stacked .elementor-drop-cap{background-color:#69727d;color:#fff}.elementor-widget-text-editor.elementor-drop-cap-view-framed .elementor-drop-cap{color:#69727d;border:3px solid;background-color:transparent}.elementor-widget-text-editor:not(.elementor-drop-cap-view-default) .elementor-drop-cap{margin-top:8px}.elementor-widget-text-editor:not(.elementor-drop-cap-view-default) .elementor-drop-cap-letter{width:1em;height:1em}.elementor-widget-text-editor .elementor-drop-cap{float:left;text-align:center;line-height:1;font-size:50px}.elementor-widget-text-editor .elementor-drop-cap-letter{display:inline-block}<\/style>\t\t\t\tBusqueu un centre psicol\u00f2gic de Barcelona per dur a terme un tractament psicol\u00f2gic efica\u00e7? Si voleu posar-vos a les mans m\u00e9s professionals, <strong>Cl\u00ednica Viher<\/strong> \u00e9s un referent com <strong>cl\u00ednica de psicologia a Barcelona<\/strong>. Comptar amb una \u00e0mplia <strong>experi\u00e8ncia nacional i internacional<\/strong> \u00e9s la senya d&#8217;identitat que diferencia la nostra feina de la que es fa en altres centres sanitaris tant p\u00fablics com privats. Gr\u00e0cies a ella ens hem convertit en un exemple que cal seguir entre els centres de psicologia a Barcelona.\t\t\t\t\t\t<\/div>\n\t\t\t\t<\/div>\n\t\t\t\t<div class=\"elementor-element elementor-element-ef24496 elementor-widget elementor-widget-heading\" data-id=\"ef24496\" data-element_type=\"widget\" data-widget_type=\"heading.default\">\n\t\t\t\t<div class=\"elementor-widget-container\">\n\t\t\t<h2 class=\"elementor-heading-title elementor-size-default\">Cl\u00ednica de psicologia amb dilatada traject\u00f2ria<\/h2>\t\t<\/div>\n\t\t\t\t<\/div>\n\t\t\t\t<section class=\"elementor-section elementor-inner-section elementor-element elementor-element-0019e35 elementor-section-content-middle elementor-section-boxed elementor-section-height-default elementor-section-height-default\" data-id=\"0019e35\" data-element_type=\"section\">\n\t\t\t\t\t\t<div class=\"elementor-container elementor-column-gap-default\">\n\t\t\t\t\t<div class=\"elementor-column elementor-col-50 elementor-inner-column elementor-element elementor-element-b798055\" data-id=\"b798055\" data-element_type=\"column\">\n\t\t\t<div class=\"elementor-widget-wrap elementor-element-populated\">\n\t\t\t\t\t\t\t\t<div class=\"elementor-element elementor-element-7d54dc4 elementor-widget elementor-widget-text-editor\" data-id=\"7d54dc4\" data-element_type=\"widget\" data-widget_type=\"text-editor.default\">\n\t\t\t\t<div class=\"elementor-widget-container\">\n\t\t\t\t\t\t\t<p style=font-weight: 400;\">Com se sol dir, l&#8217;experi\u00e8ncia \u00e9s un grau. Aix\u00ed almenys ho pensem a Cl\u00ednica Viher. Per aix\u00f2, comptem amb els\u00a0<b><strong>millors professionals de la<\/strong><\/b>\u00a0<b><strong>psicologia, la psicoter\u00e0pia i la psicoan\u00e0lisi<\/strong><\/b> altres cl\u00edniques psicol\u00f2giques al centre de Barcelona. El\u00a0<b><strong>tracte personalitzat<\/strong><\/b>\u00a0que oferim a cada pacient en funci\u00f3 de les seves caracter\u00edstiques i necessitats \u00e9s una altra de les claus del nostre \u00e8xit com a centre psicol\u00f2gic de Barcelona.<\/p>\n<p style=\"font-weight: 400;\">Ser un dels millors centres de psicologia a nivell nacional i internacional a\u00a0<b><strong>psicoter\u00e0pia<\/strong><\/b>\u00a0no s&#8217;aconsegueix d&#8217;un dia per a un altre. L&#8217;alt grau de qualificaci\u00f3 de tota la nostra plantilla ens aporta un plus com a centre psicol\u00f2gic de Barcelona. Aquests professionals s\u00f3n experts en treballar amb totes les persones que decideixen\u00a0<b><strong>demanar ajuda per superar els seus problemes i traumes psicol\u00f2gics\u00a0<\/strong><\/b>amb les ter\u00e0pies m\u00e9s efectives.<\/p>\t\t\t\t\t\t<\/div>\n\t\t\t\t<\/div>\n\t\t\t\t\t<\/div>\n\t\t<\/div>\n\t\t\t\t<div class=\"elementor-column elementor-col-50 elementor-inner-column elementor-element elementor-element-f1f6b2f\" data-id=\"f1f6b2f\" data-element_type=\"column\">\n\t\t\t<div class=\"elementor-widget-wrap elementor-element-populated\">\n\t\t\t\t\t\t\t\t<div class=\"elementor-element elementor-element-238450d elementor-widget elementor-widget-image\" data-id=\"238450d\" data-element_type=\"widget\" data-widget_type=\"image.default\">\n\t\t\t\t<div class=\"elementor-widget-container\">\n\t\t\t<style>\/*! elementor - v3.13.3 - 28-05-2023 *\/\n.elementor-widget-image{text-align:center}.elementor-widget-image a{display:inline-block}.elementor-widget-image a img[src$=\".svg\"]{width:48px}.elementor-widget-image img{vertical-align:middle;display:inline-block}<\/style>\t\t\t\t\t\t\t\t\t\t\t\t<img loading=\"lazy\" decoding=\"async\" width=\"1024\" height=\"690\" src=\"https:\/\/clinicaviher.com\/cat\/wp-content\/uploads\/2023\/06\/centros-clinica-viher-1024x690.webp\" class=\"attachment-large size-large wp-image-1707\" alt=\"Cl\u00ednica de psicologia amb dilatada traject\u00f2ria\u200b\" srcset=\"https:\/\/clinicaviher.com\/cat\/wp-content\/uploads\/2023\/06\/centros-clinica-viher-1024x690.webp 1024w, https:\/\/clinicaviher.com\/cat\/wp-content\/uploads\/2023\/06\/centros-clinica-viher-300x202.webp 300w, https:\/\/clinicaviher.com\/cat\/wp-content\/uploads\/2023\/06\/centros-clinica-viher-768x518.webp 768w, https:\/\/clinicaviher.com\/cat\/wp-content\/uploads\/2023\/06\/centros-clinica-viher-600x404.webp 600w, https:\/\/clinicaviher.com\/cat\/wp-content\/uploads\/2023\/06\/centros-clinica-viher.webp 1113w\" sizes=\"(max-width: 1024px) 100vw, 1024px\" \/>\t\t\t\t\t\t\t\t\t\t\t\t\t\t\t<\/div>\n\t\t\t\t<\/div>\n\t\t\t\t\t<\/div>\n\t\t<\/div>\n\t\t\t\t\t\t\t<\/div>\n\t\t<\/section>\n\t\t\t\t\t<\/div>\n\t\t<\/div>\n\t\t\t\t\t\t\t<\/div>\n\t\t<\/section>\n\t\t\t\t<section class=\"elementor-section elementor-top-section elementor-element elementor-element-fd8b1cb elementor-section-stretched elementor-section-boxed elementor-section-height-default elementor-section-height-default\" data-id=\"fd8b1cb\" data-element_type=\"section\" data-settings=\"{&quot;stretch_section&quot;:&quot;section-stretched&quot;,&quot;background_background&quot;:&quot;classic&quot;}\">\n\t\t\t\t\t\t<div class=\"elementor-container elementor-column-gap-default\">\n\t\t\t\t\t<div class=\"elementor-column elementor-col-100 elementor-top-column elementor-element elementor-element-cf6ed3c\" data-id=\"cf6ed3c\" data-element_type=\"column\">\n\t\t\t<div class=\"elementor-widget-wrap elementor-element-populated\">\n\t\t\t\t\t\t\t\t<div class=\"elementor-element elementor-element-b9be2a6 elementor-widget elementor-widget-heading\" data-id=\"b9be2a6\" data-element_type=\"widget\" data-widget_type=\"heading.default\">\n\t\t\t\t<div class=\"elementor-widget-container\">\n\t\t\t<h3 class=\"elementor-heading-title elementor-size-default\">10 Motius per triar Cl\u00ednica Viher<\/h3>\t\t<\/div>\n\t\t\t\t<\/div>\n\t\t\t\t<section class=\"elementor-section elementor-inner-section elementor-element elementor-element-c4ba1fe elementor-section-content-middle elementor-section-boxed elementor-section-height-default elementor-section-height-default\" data-id=\"c4ba1fe\" data-element_type=\"section\">\n\t\t\t\t\t\t<div class=\"elementor-container elementor-column-gap-default\">\n\t\t\t\t\t<div class=\"elementor-column elementor-col-50 elementor-inner-column elementor-element elementor-element-b9e8966\" data-id=\"b9e8966\" data-element_type=\"column\">\n\t\t\t<div class=\"elementor-widget-wrap elementor-element-populated\">\n\t\t\t\t\t\t\t\t<div class=\"elementor-element elementor-element-633ecc6 elementor-widget elementor-widget-text-editor\" data-id=\"633ecc6\" data-element_type=\"widget\" data-widget_type=\"text-editor.default\">\n\t\t\t\t<div class=\"elementor-widget-container\">\n\t\t\t\t\t\t\t<p><strong>1.<\/strong> Un equip de professionals experts altament qualificats al vostre servei.<\/p><p><strong>2.<\/strong> Som especialistes en el tractament amb nens, joves i adults.<\/p><p><strong>3.<\/strong> Hem rebut importants reconeixements, a nivell nacional, per la nostra feina.<\/p><p><strong>4.<\/strong> No treballem amb llistes d&#8217;espera. Sabem que hi ha coses que no poden esperar.<\/p><p><strong>5<\/strong>. Des de la primera trucada telef\u00f2nica ja ser\u00e0 at\u00e8s per un psic\u00f2leg de l&#8217;equip.<\/p>\t\t\t\t\t\t<\/div>\n\t\t\t\t<\/div>\n\t\t\t\t\t<\/div>\n\t\t<\/div>\n\t\t\t\t<div class=\"elementor-column elementor-col-50 elementor-inner-column elementor-element elementor-element-7805492\" data-id=\"7805492\" data-element_type=\"column\">\n\t\t\t<div class=\"elementor-widget-wrap elementor-element-populated\">\n\t\t\t\t\t\t\t\t<div class=\"elementor-element elementor-element-8bcfe88 elementor-widget elementor-widget-text-editor\" data-id=\"8bcfe88\" data-element_type=\"widget\" data-widget_type=\"text-editor.default\">\n\t\t\t\t<div class=\"elementor-widget-container\">\n\t\t\t\t\t\t\t<p><strong>6.<\/strong> Utilitzem un m\u00e8tode efica\u00e7, adre\u00e7at a resoldre el malestar des de l&#8217;arrel.<\/p><p><strong>7.<\/strong> Disposem d&#8217;unes instal\u00b7lacions especialment pensades per protegir la vostra privadesa.<\/p><p><strong>8.<\/strong> Apostem per un tractament individualitzat adaptat a les caracter\u00edstiques de cada persona<\/p><p><strong>9.<\/strong> Formem part d&#8217;institucions i federacions de gran prestigi internacional.<\/p><p><strong>10.<\/strong> Estem compromesos amb la investigaci\u00f3 i la doc\u00e8ncia en el camp de la psicologia, la psicoter\u00e0pia i la psicoan\u00e0lisi.<\/p>\t\t\t\t\t\t<\/div>\n\t\t\t\t<\/div>\n\t\t\t\t\t<\/div>\n\t\t<\/div>\n\t\t\t\t\t\t\t<\/div>\n\t\t<\/section>\n\t\t\t\t\t<\/div>\n\t\t<\/div>\n\t\t\t\t\t\t\t<\/div>\n\t\t<\/section>\n\t\t\t\t<section class=\"elementor-section elementor-top-section elementor-element elementor-element-9c21c87 elementor-section-boxed elementor-section-height-default elementor-section-height-default\" data-id=\"9c21c87\" data-element_type=\"section\">\n\t\t\t\t\t\t<div class=\"elementor-container elementor-column-gap-default\">\n\t\t\t\t\t<div class=\"elementor-column elementor-col-100 elementor-top-column elementor-element elementor-element-4d9ad23\" data-id=\"4d9ad23\" data-element_type=\"column\">\n\t\t\t<div class=\"elementor-widget-wrap elementor-element-populated\">\n\t\t\t\t\t\t\t\t<div class=\"elementor-element elementor-element-973992e elementor-widget elementor-widget-heading\" data-id=\"973992e\" data-element_type=\"widget\" data-widget_type=\"heading.default\">\n\t\t\t\t<div class=\"elementor-widget-container\">\n\t\t\t<h2 class=\"elementor-heading-title elementor-size-default\">Centre psicol\u00f2gic per a adults, nens i adolescents<\/h2>\t\t<\/div>\n\t\t\t\t<\/div>\n\t\t\t\t<section class=\"elementor-section elementor-inner-section elementor-element elementor-element-28dd8dc elementor-section-content-middle elementor-section-boxed elementor-section-height-default elementor-section-height-default\" data-id=\"28dd8dc\" data-element_type=\"section\">\n\t\t\t\t\t\t<div class=\"elementor-container elementor-column-gap-default\">\n\t\t\t\t\t<div class=\"elementor-column elementor-col-50 elementor-inner-column elementor-element elementor-element-5b0e0a9\" data-id=\"5b0e0a9\" data-element_type=\"column\">\n\t\t\t<div class=\"elementor-widget-wrap elementor-element-populated\">\n\t\t\t\t\t\t\t\t<div class=\"elementor-element elementor-element-43ad436 elementor-widget elementor-widget-text-editor\" data-id=\"43ad436\" data-element_type=\"widget\" data-widget_type=\"text-editor.default\">\n\t\t\t\t<div class=\"elementor-widget-container\">\n\t\t\t\t\t\t\tQu\u00e8 ens diferencia daltres centres de psicologia a Barcelona? A Cl\u00ednica Viher ajudem a <strong>nens, adolescents, adults, parelles i fam\u00edlies<\/strong>. Disposem d&#8217;una \u00e0mplia cartera de serveis psicol\u00f2gica<\/strong> com <strong>ter\u00e0pia i ajuda psicol\u00f2gica, tractaments psicol\u00f2gics i ter\u00e0pia de parella i trastorns d&#8217;ansietat o depressi\u00f3<\/strong>. Nom\u00e9s aix\u00ed ens podem assegurar continuar sent un referent com a centre psicol\u00f2gic de Barcelona i continuar mantenint un alt grau de satisfacci\u00f3 entre tots els pacients que s&#8217;han posat a les nostres mans.\n\nSi necessiteu una cl\u00ednica de psicologia a Barcelona amb <strong>amplis coneixements en diagn\u00f2stic i tractament psicol\u00f2gic<\/strong> <strong>i anys d&#8217;experi\u00e8ncia<\/strong> en \u00e0mbit sanitari, \u00e9s al lloc adequat. Cl\u00ednica Viher posar\u00e0 a les seves mans els millors professionals que hi ha a les <strong>cl\u00edniques psicol\u00f2giques al centre de Barcelona<\/strong>. Consulti tots els nostres serveis a la nostra <strong>web <\/strong>o visitant les nostres instal\u00b7lacions sense cap mena de comprom\u00eds i comprovar\u00e0 per si mateix perqu\u00e8 som una refer\u00e8ncia als centres de psicologia del pa\u00eds.\t\t\t\t\t\t<\/div>\n\t\t\t\t<\/div>\n\t\t\t\t\t<\/div>\n\t\t<\/div>\n\t\t\t\t<div class=\"elementor-column elementor-col-50 elementor-inner-column elementor-element elementor-element-4892790\" data-id=\"4892790\" data-element_type=\"column\">\n\t\t\t<div class=\"elementor-widget-wrap elementor-element-populated\">\n\t\t\t\t\t\t\t\t<div class=\"elementor-element elementor-element-b7b80d0 elementor-widget elementor-widget-image\" data-id=\"b7b80d0\" data-element_type=\"widget\" data-widget_type=\"image.default\">\n\t\t\t\t<div class=\"elementor-widget-container\">\n\t\t\t\t\t\t\t\t\t\t\t\t\t\t\t<img loading=\"lazy\" decoding=\"async\" width=\"930\" height=\"733\" src=\"https:\/\/clinicaviher.com\/cat\/wp-content\/uploads\/2023\/06\/Clinica-psicoligica-de-Barcelona.webp\" class=\"attachment-large size-large wp-image-1706\" alt=\"Cl\u00ednica psicol\u00f3gica de Barcelona\" srcset=\"https:\/\/clinicaviher.com\/cat\/wp-content\/uploads\/2023\/06\/Clinica-psicoligica-de-Barcelona.webp 930w, https:\/\/clinicaviher.com\/cat\/wp-content\/uploads\/2023\/06\/Clinica-psicoligica-de-Barcelona-300x236.webp 300w, https:\/\/clinicaviher.com\/cat\/wp-content\/uploads\/2023\/06\/Clinica-psicoligica-de-Barcelona-768x605.webp 768w, https:\/\/clinicaviher.com\/cat\/wp-content\/uploads\/2023\/06\/Clinica-psicoligica-de-Barcelona-600x473.webp 600w\" sizes=\"(max-width: 930px) 100vw, 930px\" \/>\t\t\t\t\t\t\t\t\t\t\t\t\t\t\t<\/div>\n\t\t\t\t<\/div>\n\t\t\t\t\t<\/div>\n\t\t<\/div>\n\t\t\t\t\t\t\t<\/div>\n\t\t<\/section>\n\t\t\t\t\t<\/div>\n\t\t<\/div>\n\t\t\t\t\t\t\t<\/div>\n\t\t<\/section>\n\t\t\t\t<section class=\"elementor-section elementor-top-section elementor-element elementor-element-e623865 elementor-section-stretched elementor-section-boxed elementor-section-height-default elementor-section-height-default\" data-id=\"e623865\" data-element_type=\"section\" data-settings=\"{&quot;stretch_section&quot;:&quot;section-stretched&quot;}\">\n\t\t\t\t\t\t<div class=\"elementor-container elementor-column-gap-default\">\n\t\t\t\t\t<div class=\"elementor-column elementor-col-50 elementor-top-column elementor-element elementor-element-eb38ccb\" data-id=\"eb38ccb\" data-element_type=\"column\">\n\t\t\t<div class=\"elementor-widget-wrap elementor-element-populated\">\n\t\t\t\t\t\t\t\t<div class=\"elementor-element elementor-element-11553a3 elementor-widget elementor-widget-image\" data-id=\"11553a3\" data-element_type=\"widget\" data-widget_type=\"image.default\">\n\t\t\t\t<div class=\"elementor-widget-container\">\n\t\t\t\t\t\t\t\t\t\t\t\t\t\t\t\t<a href=\"\/quienes-somos\/\">\n\t\t\t\t\t\t\t<img loading=\"lazy\" decoding=\"async\" width=\"1400\" height=\"500\" src=\"https:\/\/clinicaviher.com\/cat\/wp-content\/uploads\/2023\/06\/ficha-Sergi.webp\" class=\"attachment-full size-full wp-image-1728\" alt=\"ver ficha de Sergi Vilardell\" srcset=\"https:\/\/clinicaviher.com\/cat\/wp-content\/uploads\/2023\/06\/ficha-Sergi.webp 1400w, https:\/\/clinicaviher.com\/cat\/wp-content\/uploads\/2023\/06\/ficha-Sergi-300x107.webp 300w, https:\/\/clinicaviher.com\/cat\/wp-content\/uploads\/2023\/06\/ficha-Sergi-1024x366.webp 1024w, https:\/\/clinicaviher.com\/cat\/wp-content\/uploads\/2023\/06\/ficha-Sergi-768x274.webp 768w, https:\/\/clinicaviher.com\/cat\/wp-content\/uploads\/2023\/06\/ficha-Sergi-600x214.webp 600w\" sizes=\"(max-width: 1400px) 100vw, 1400px\" \/>\t\t\t\t\t\t\t\t<\/a>\n\t\t\t\t\t\t\t\t\t\t\t\t\t\t\t<\/div>\n\t\t\t\t<\/div>\n\t\t\t\t\t<\/div>\n\t\t<\/div>\n\t\t\t\t<div class=\"elementor-column elementor-col-50 elementor-top-column elementor-element elementor-element-953e7cd\" data-id=\"953e7cd\" data-element_type=\"column\">\n\t\t\t<div class=\"elementor-widget-wrap elementor-element-populated\">\n\t\t\t\t\t\t\t\t<div class=\"elementor-element elementor-element-6fd4b7d elementor-widget elementor-widget-image\" data-id=\"6fd4b7d\" data-element_type=\"widget\" data-widget_type=\"image.default\">\n\t\t\t\t<div class=\"elementor-widget-container\">\n\t\t\t\t\t\t\t\t\t\t\t\t\t\t\t\t<a href=\"\/quienes-somos\/\">\n\t\t\t\t\t\t\t<img loading=\"lazy\" decoding=\"async\" width=\"1400\" height=\"500\" src=\"https:\/\/clinicaviher.com\/cat\/wp-content\/uploads\/2023\/06\/mila-ficha.webp\" class=\"attachment-full size-full wp-image-1729\" alt=\"ver ficha de Mila Herrera\" srcset=\"https:\/\/clinicaviher.com\/cat\/wp-content\/uploads\/2023\/06\/mila-ficha.webp 1400w, https:\/\/clinicaviher.com\/cat\/wp-content\/uploads\/2023\/06\/mila-ficha-300x107.webp 300w, https:\/\/clinicaviher.com\/cat\/wp-content\/uploads\/2023\/06\/mila-ficha-1024x366.webp 1024w, https:\/\/clinicaviher.com\/cat\/wp-content\/uploads\/2023\/06\/mila-ficha-768x274.webp 768w, https:\/\/clinicaviher.com\/cat\/wp-content\/uploads\/2023\/06\/mila-ficha-600x214.webp 600w\" sizes=\"(max-width: 1400px) 100vw, 1400px\" \/>\t\t\t\t\t\t\t\t<\/a>\n\t\t\t\t\t\t\t\t\t\t\t\t\t\t\t<\/div>\n\t\t\t\t<\/div>\n\t\t\t\t\t<\/div>\n\t\t<\/div>\n\t\t\t\t\t\t\t<\/div>\n\t\t<\/section>\n\t\t\t\t\t\t\t<\/div>\n\t\t","protected":false},"excerpt":{"rendered":"<p>Cl\u00ednica de psicologia a Barcelona Busqueu un centre psicol\u00f2gic de Barcelona per dur a terme un tractament psicol\u00f2gic efica\u00e7? Si voleu posar-vos a les mans m\u00e9s professionals, Cl\u00ednica Viher \u00e9s un referent com cl\u00ednica de psicologia a Barcelona. Comptar amb una \u00e0mplia experi\u00e8ncia nacional i internacional \u00e9s la senya d&#8217;identitat que diferencia la nostra feina &hellip;<\/p>\n<p class=\"read-more\"> <a class=\"\" href=\"https:\/\/clinicaviher.com\/cat\/centre-psicologia-barcelona\/\"> <span class=\"screen-reader-text\">Centro<\/span> Leer m\u00e1s &raquo;<\/a><\/p>\n","protected":false},"author":1,"featured_media":0,"parent":0,"menu_order":0,"comment_status":"closed","ping_status":"closed","template":"elementor_header_footer","meta":{"site-sidebar-layout":"default","site-content-layout":"plain-container","ast-global-header-display":"","ast-banner-title-visibility":"","ast-main-header-display":"","ast-hfb-above-header-display":"","ast-hfb-below-header-display":"","ast-hfb-mobile-header-display":"","site-post-title":"disabled","ast-breadcrumbs-content":"","ast-featured-img":"","footer-sml-layout":"","theme-transparent-header-meta":"default","adv-header-id-meta":"","stick-header-meta":"default","header-above-stick-meta":"","header-main-stick-meta":"","header-below-stick-meta":"","footnotes":""},"yoast_head":"<!-- This site is optimized with the Yoast SEO plugin v24.3 - https:\/\/yoast.com\/wordpress\/plugins\/seo\/ -->\n<title>Cl\u00ednica psicol\u00f2gica Barcelona. Centres psicologia<\/title>\n<meta name=\"description\" content=\"CL\u00cdNICA VIHER. Centre de psicologia a Barcelona amb una dilatada traject\u00f2ria i experi\u00e8ncia en tota mena de tractaments psicol\u00f2gics\" \/>\n<meta name=\"robots\" content=\"index, follow, max-snippet:-1, max-image-preview:large, max-video-preview:-1\" \/>\n<link rel=\"canonical\" href=\"https:\/\/clinicaviher.com\/cat\/centre-psicologia-barcelona\/\" \/>\n<meta property=\"og:locale\" content=\"es_ES\" \/>\n<meta property=\"og:type\" content=\"article\" \/>\n<meta property=\"og:title\" content=\"Cl\u00ednica psicol\u00f2gica Barcelona. Centres psicologia\" \/>\n<meta property=\"og:description\" content=\"CL\u00cdNICA VIHER. Centre de psicologia a Barcelona amb una dilatada traject\u00f2ria i experi\u00e8ncia en tota mena de tractaments psicol\u00f2gics\" \/>\n<meta property=\"og:url\" content=\"https:\/\/clinicaviher.com\/cat\/centre-psicologia-barcelona\/\" \/>\n<meta property=\"og:site_name\" content=\"Cl\u00ednica Viher\" \/>\n<meta property=\"article:modified_time\" content=\"2023-09-20T13:25:16+00:00\" \/>\n<meta property=\"og:image\" content=\"https:\/\/clinicaviher.com\/cat\/wp-content\/uploads\/2023\/06\/centros-clinica-viher-1024x690.webp\" \/>\n<meta name=\"twitter:card\" content=\"summary_large_image\" \/>\n<meta name=\"twitter:label1\" content=\"Tiempo de lectura\" \/>\n\t<meta name=\"twitter:data1\" content=\"4 minutos\" \/>\n<script type=\"application\/ld+json\" class=\"yoast-schema-graph\">{\"@context\":\"https:\/\/schema.org\",\"@graph\":[{\"@type\":\"WebPage\",\"@id\":\"https:\/\/clinicaviher.com\/cat\/centre-psicologia-barcelona\/\",\"url\":\"https:\/\/clinicaviher.com\/cat\/centre-psicologia-barcelona\/\",\"name\":\"Cl\u00ednica psicol\u00f2gica Barcelona. Centres psicologia\",\"isPartOf\":{\"@id\":\"https:\/\/clinicaviher.com\/cat\/#website\"},\"primaryImageOfPage\":{\"@id\":\"https:\/\/clinicaviher.com\/cat\/centre-psicologia-barcelona\/#primaryimage\"},\"image\":{\"@id\":\"https:\/\/clinicaviher.com\/cat\/centre-psicologia-barcelona\/#primaryimage\"},\"thumbnailUrl\":\"https:\/\/clinicaviher.com\/cat\/wp-content\/uploads\/2023\/06\/centros-clinica-viher-1024x690.webp\",\"datePublished\":\"2018-03-26T07:20:20+00:00\",\"dateModified\":\"2023-09-20T13:25:16+00:00\",\"description\":\"CL\u00cdNICA VIHER. Centre de psicologia a Barcelona amb una dilatada traject\u00f2ria i experi\u00e8ncia en tota mena de tractaments psicol\u00f2gics\",\"breadcrumb\":{\"@id\":\"https:\/\/clinicaviher.com\/cat\/centre-psicologia-barcelona\/#breadcrumb\"},\"inLanguage\":\"es\",\"potentialAction\":[{\"@type\":\"ReadAction\",\"target\":[\"https:\/\/clinicaviher.com\/cat\/centre-psicologia-barcelona\/\"]}]},{\"@type\":\"ImageObject\",\"inLanguage\":\"es\",\"@id\":\"https:\/\/clinicaviher.com\/cat\/centre-psicologia-barcelona\/#primaryimage\",\"url\":\"https:\/\/clinicaviher.com\/cat\/wp-content\/uploads\/2023\/06\/centros-clinica-viher-1024x690.webp\",\"contentUrl\":\"https:\/\/clinicaviher.com\/cat\/wp-content\/uploads\/2023\/06\/centros-clinica-viher-1024x690.webp\"},{\"@type\":\"BreadcrumbList\",\"@id\":\"https:\/\/clinicaviher.com\/cat\/centre-psicologia-barcelona\/#breadcrumb\",\"itemListElement\":[{\"@type\":\"ListItem\",\"position\":1,\"name\":\"Portada\",\"item\":\"https:\/\/clinicaviher.com\/cat\/\"},{\"@type\":\"ListItem\",\"position\":2,\"name\":\"Centro\"}]},{\"@type\":\"WebSite\",\"@id\":\"https:\/\/clinicaviher.com\/cat\/#website\",\"url\":\"https:\/\/clinicaviher.com\/cat\/\",\"name\":\"Cl\u00ednica Viher\",\"description\":\"Si buscas un psic\u00f3logo en Barcelona, contamos con algunos de los mejores profesionales en psicolog\u00eda, psicoterapia y psicoan\u00e1lisis\",\"publisher\":{\"@id\":\"https:\/\/clinicaviher.com\/cat\/#organization\"},\"potentialAction\":[{\"@type\":\"SearchAction\",\"target\":{\"@type\":\"EntryPoint\",\"urlTemplate\":\"https:\/\/clinicaviher.com\/cat\/?s={search_term_string}\"},\"query-input\":{\"@type\":\"PropertyValueSpecification\",\"valueRequired\":true,\"valueName\":\"search_term_string\"}}],\"inLanguage\":\"es\"},{\"@type\":\"Organization\",\"@id\":\"https:\/\/clinicaviher.com\/cat\/#organization\",\"name\":\"Cl\u00ednica Viher\",\"url\":\"https:\/\/clinicaviher.com\/cat\/\",\"logo\":{\"@type\":\"ImageObject\",\"inLanguage\":\"es\",\"@id\":\"https:\/\/clinicaviher.com\/cat\/#\/schema\/logo\/image\/\",\"url\":\"https:\/\/clinicaviher.com\/cat\/wp-content\/uploads\/2019\/02\/logoviher-new-web.png\",\"contentUrl\":\"https:\/\/clinicaviher.com\/cat\/wp-content\/uploads\/2019\/02\/logoviher-new-web.png\",\"width\":240,\"height\":52,\"caption\":\"Cl\u00ednica Viher\"},\"image\":{\"@id\":\"https:\/\/clinicaviher.com\/cat\/#\/schema\/logo\/image\/\"}}]}<\/script>\n<!-- \/ Yoast SEO plugin. -->","yoast_head_json":{"title":"Cl\u00ednica psicol\u00f2gica Barcelona. Centres psicologia","description":"CL\u00cdNICA VIHER. Centre de psicologia a Barcelona amb una dilatada traject\u00f2ria i experi\u00e8ncia en tota mena de tractaments psicol\u00f2gics","robots":{"index":"index","follow":"follow","max-snippet":"max-snippet:-1","max-image-preview":"max-image-preview:large","max-video-preview":"max-video-preview:-1"},"canonical":"https:\/\/clinicaviher.com\/cat\/centre-psicologia-barcelona\/","og_locale":"es_ES","og_type":"article","og_title":"Cl\u00ednica psicol\u00f2gica Barcelona. Centres psicologia","og_description":"CL\u00cdNICA VIHER. Centre de psicologia a Barcelona amb una dilatada traject\u00f2ria i experi\u00e8ncia en tota mena de tractaments psicol\u00f2gics","og_url":"https:\/\/clinicaviher.com\/cat\/centre-psicologia-barcelona\/","og_site_name":"Cl\u00ednica Viher","article_modified_time":"2023-09-20T13:25:16+00:00","og_image":[{"url":"https:\/\/clinicaviher.com\/cat\/wp-content\/uploads\/2023\/06\/centros-clinica-viher-1024x690.webp","type":"","width":"","height":""}],"twitter_card":"summary_large_image","twitter_misc":{"Tiempo de lectura":"4 minutos"},"schema":{"@context":"https:\/\/schema.org","@graph":[{"@type":"WebPage","@id":"https:\/\/clinicaviher.com\/cat\/centre-psicologia-barcelona\/","url":"https:\/\/clinicaviher.com\/cat\/centre-psicologia-barcelona\/","name":"Cl\u00ednica psicol\u00f2gica Barcelona. Centres psicologia","isPartOf":{"@id":"https:\/\/clinicaviher.com\/cat\/#website"},"primaryImageOfPage":{"@id":"https:\/\/clinicaviher.com\/cat\/centre-psicologia-barcelona\/#primaryimage"},"image":{"@id":"https:\/\/clinicaviher.com\/cat\/centre-psicologia-barcelona\/#primaryimage"},"thumbnailUrl":"https:\/\/clinicaviher.com\/cat\/wp-content\/uploads\/2023\/06\/centros-clinica-viher-1024x690.webp","datePublished":"2018-03-26T07:20:20+00:00","dateModified":"2023-09-20T13:25:16+00:00","description":"CL\u00cdNICA VIHER. Centre de psicologia a Barcelona amb una dilatada traject\u00f2ria i experi\u00e8ncia en tota mena de tractaments psicol\u00f2gics","breadcrumb":{"@id":"https:\/\/clinicaviher.com\/cat\/centre-psicologia-barcelona\/#breadcrumb"},"inLanguage":"es","potentialAction":[{"@type":"ReadAction","target":["https:\/\/clinicaviher.com\/cat\/centre-psicologia-barcelona\/"]}]},{"@type":"ImageObject","inLanguage":"es","@id":"https:\/\/clinicaviher.com\/cat\/centre-psicologia-barcelona\/#primaryimage","url":"https:\/\/clinicaviher.com\/cat\/wp-content\/uploads\/2023\/06\/centros-clinica-viher-1024x690.webp","contentUrl":"https:\/\/clinicaviher.com\/cat\/wp-content\/uploads\/2023\/06\/centros-clinica-viher-1024x690.webp"},{"@type":"BreadcrumbList","@id":"https:\/\/clinicaviher.com\/cat\/centre-psicologia-barcelona\/#breadcrumb","itemListElement":[{"@type":"ListItem","position":1,"name":"Portada","item":"https:\/\/clinicaviher.com\/cat\/"},{"@type":"ListItem","position":2,"name":"Centro"}]},{"@type":"WebSite","@id":"https:\/\/clinicaviher.com\/cat\/#website","url":"https:\/\/clinicaviher.com\/cat\/","name":"Cl\u00ednica Viher","description":"Si buscas un psic\u00f3logo en Barcelona, contamos con algunos de los mejores profesionales en psicolog\u00eda, psicoterapia y psicoan\u00e1lisis","publisher":{"@id":"https:\/\/clinicaviher.com\/cat\/#organization"},"potentialAction":[{"@type":"SearchAction","target":{"@type":"EntryPoint","urlTemplate":"https:\/\/clinicaviher.com\/cat\/?s={search_term_string}"},"query-input":{"@type":"PropertyValueSpecification","valueRequired":true,"valueName":"search_term_string"}}],"inLanguage":"es"},{"@type":"Organization","@id":"https:\/\/clinicaviher.com\/cat\/#organization","name":"Cl\u00ednica Viher","url":"https:\/\/clinicaviher.com\/cat\/","logo":{"@type":"ImageObject","inLanguage":"es","@id":"https:\/\/clinicaviher.com\/cat\/#\/schema\/logo\/image\/","url":"https:\/\/clinicaviher.com\/cat\/wp-content\/uploads\/2019\/02\/logoviher-new-web.png","contentUrl":"https:\/\/clinicaviher.com\/cat\/wp-content\/uploads\/2019\/02\/logoviher-new-web.png","width":240,"height":52,"caption":"Cl\u00ednica Viher"},"image":{"@id":"https:\/\/clinicaviher.com\/cat\/#\/schema\/logo\/image\/"}}]}},"_links":{"self":[{"href":"https:\/\/clinicaviher.com\/cat\/wp-json\/wp\/v2\/pages\/20"}],"collection":[{"href":"https:\/\/clinicaviher.com\/cat\/wp-json\/wp\/v2\/pages"}],"about":[{"href":"https:\/\/clinicaviher.com\/cat\/wp-json\/wp\/v2\/types\/page"}],"author":[{"embeddable":true,"href":"https:\/\/clinicaviher.com\/cat\/wp-json\/wp\/v2\/users\/1"}],"replies":[{"embeddable":true,"href":"https:\/\/clinicaviher.com\/cat\/wp-json\/wp\/v2\/comments?post=20"}],"version-history":[{"count":31,"href":"https:\/\/clinicaviher.com\/cat\/wp-json\/wp\/v2\/pages\/20\/revisions"}],"predecessor-version":[{"id":2680,"href":"https:\/\/clinicaviher.com\/cat\/wp-json\/wp\/v2\/pages\/20\/revisions\/2680"}],"wp:attachment":[{"href":"https:\/\/clinicaviher.com\/cat\/wp-json\/wp\/v2\/media?parent=20"}],"curies":[{"name":"wp","href":"https:\/\/api.w.org\/{rel}","templated":true}]}}