{"id":38,"date":"2018-03-26T08:09:25","date_gmt":"2018-03-26T08:09:25","guid":{"rendered":"http:\/\/clinicaviher.com\/?page_id=38"},"modified":"2023-07-27T11:46:00","modified_gmt":"2023-07-27T09:46:00","slug":"agressivitat","status":"publish","type":"page","link":"https:\/\/clinicaviher.com\/cat\/agressivitat\/","title":{"rendered":"Agressivitat"},"content":{"rendered":"\t\t<div data-elementor-type=\"wp-page\" data-elementor-id=\"38\" class=\"elementor elementor-38\">\n\t\t\t\t\t\t\t\t\t<section class=\"elementor-section elementor-top-section elementor-element elementor-element-6b7a8123 elementor-section-stretched elementor-section-boxed elementor-section-height-default elementor-section-height-default\" data-id=\"6b7a8123\" data-element_type=\"section\" data-settings=\"{&quot;stretch_section&quot;:&quot;section-stretched&quot;,&quot;background_background&quot;:&quot;classic&quot;}\">\n\t\t\t\t\t\t<div class=\"elementor-container elementor-column-gap-default\">\n\t\t\t\t\t<div class=\"elementor-column elementor-col-100 elementor-top-column elementor-element elementor-element-8cf4959\" data-id=\"8cf4959\" data-element_type=\"column\">\n\t\t\t<div class=\"elementor-widget-wrap elementor-element-populated\">\n\t\t\t\t\t\t\t\t<div class=\"elementor-element elementor-element-759c6d3f elementor-widget elementor-widget-heading\" data-id=\"759c6d3f\" data-element_type=\"widget\" data-widget_type=\"heading.default\">\n\t\t\t\t<div class=\"elementor-widget-container\">\n\t\t\t<style>\/*! elementor - v3.13.3 - 28-05-2023 *\/\n.elementor-heading-title{padding:0;margin:0;line-height:1}.elementor-widget-heading .elementor-heading-title[class*=elementor-size-]>a{color:inherit;font-size:inherit;line-height:inherit}.elementor-widget-heading .elementor-heading-title.elementor-size-small{font-size:15px}.elementor-widget-heading .elementor-heading-title.elementor-size-medium{font-size:19px}.elementor-widget-heading .elementor-heading-title.elementor-size-large{font-size:29px}.elementor-widget-heading .elementor-heading-title.elementor-size-xl{font-size:39px}.elementor-widget-heading .elementor-heading-title.elementor-size-xxl{font-size:59px}<\/style><h1 class=\"elementor-heading-title elementor-size-default\">Tractament agressivitat infantil\n<\/h1>\t\t<\/div>\n\t\t\t\t<\/div>\n\t\t\t\t\t<\/div>\n\t\t<\/div>\n\t\t\t\t\t\t\t<\/div>\n\t\t<\/section>\n\t\t\t\t<section class=\"elementor-section elementor-top-section elementor-element elementor-element-7864fa56 elementor-section-boxed elementor-section-height-default elementor-section-height-default\" data-id=\"7864fa56\" data-element_type=\"section\">\n\t\t\t\t\t\t<div class=\"elementor-container elementor-column-gap-default\">\n\t\t\t\t\t<div class=\"elementor-column elementor-col-100 elementor-top-column elementor-element elementor-element-7bba0e72\" data-id=\"7bba0e72\" data-element_type=\"column\">\n\t\t\t<div class=\"elementor-widget-wrap elementor-element-populated\">\n\t\t\t\t\t\t\t\t<div class=\"elementor-element elementor-element-59e6deea elementor-widget elementor-widget-text-editor\" data-id=\"59e6deea\" data-element_type=\"widget\" data-widget_type=\"text-editor.default\">\n\t\t\t\t<div class=\"elementor-widget-container\">\n\t\t\t<style>\/*! elementor - v3.13.3 - 28-05-2023 *\/\n.elementor-widget-text-editor.elementor-drop-cap-view-stacked .elementor-drop-cap{background-color:#69727d;color:#fff}.elementor-widget-text-editor.elementor-drop-cap-view-framed .elementor-drop-cap{color:#69727d;border:3px solid;background-color:transparent}.elementor-widget-text-editor:not(.elementor-drop-cap-view-default) .elementor-drop-cap{margin-top:8px}.elementor-widget-text-editor:not(.elementor-drop-cap-view-default) .elementor-drop-cap-letter{width:1em;height:1em}.elementor-widget-text-editor .elementor-drop-cap{float:left;text-align:center;line-height:1;font-size:50px}.elementor-widget-text-editor .elementor-drop-cap-letter{display:inline-block}<\/style>\t\t\t\t<p><span>Els nens poden mostrar\u00a0<\/span><b><span>conductes agressives o violentes\u00a0<\/span><\/b><span>per molts motius, encara que la gran majoria de vegades tenen a veure amb aspectes inconscients o emocionals no resolts, \u00e9s a dir, un malestar que troba via d&#8217;escapament a trav\u00e9s d&#8217;aquestes conductes.\u00a0Tot i que en altres casos, l&#8217;\u00a0<\/span><b><span>agressivitat\u00a0<\/span><\/b><span>, juntament amb altres s\u00edmptomes m\u00e9s, pot ser la part m\u00e9s visible d&#8217;un quadre de patologia mental greu.\u00a0En qualsevol cas, el\u00a0<\/span><b><span>tractament de l&#8217;agressivitat en nens\u00a0<\/span><\/b><span>no nom\u00e9s est\u00e0 indicat sin\u00f3 que \u00e9s necessari i imprescindible valorar amb un\u00a0<\/span><b><span>psic\u00f2leg especialista en infantil\u00a0<\/span><\/b><span>all\u00f2 que li passa al nen i que expressa mitjan\u00e7ant\u00a0<\/span><b><span>agressivitat\u00a0<\/span><\/b><span>.<\/span><\/p>\t\t\t\t\t\t<\/div>\n\t\t\t\t<\/div>\n\t\t\t\t<section class=\"elementor-section elementor-inner-section elementor-element elementor-element-2cfaf45a elementor-section-content-middle elementor-section-boxed elementor-section-height-default elementor-section-height-default\" data-id=\"2cfaf45a\" data-element_type=\"section\">\n\t\t\t\t\t\t<div class=\"elementor-container elementor-column-gap-default\">\n\t\t\t\t\t<div class=\"elementor-column elementor-col-50 elementor-inner-column elementor-element elementor-element-1342a790\" data-id=\"1342a790\" data-element_type=\"column\">\n\t\t\t<div class=\"elementor-widget-wrap elementor-element-populated\">\n\t\t\t\t\t\t\t\t<div class=\"elementor-element elementor-element-64fa5d5e elementor-widget elementor-widget-heading\" data-id=\"64fa5d5e\" data-element_type=\"widget\" data-widget_type=\"heading.default\">\n\t\t\t\t<div class=\"elementor-widget-container\">\n\t\t\t<h2 class=\"elementor-heading-title elementor-size-default\">Psic\u00f2legs nens rebels. Ter\u00e0pia infantil\n<\/h2>\t\t<\/div>\n\t\t\t\t<\/div>\n\t\t\t\t<div class=\"elementor-element elementor-element-72d2c593 elementor-widget elementor-widget-text-editor\" data-id=\"72d2c593\" data-element_type=\"widget\" data-widget_type=\"text-editor.default\">\n\t\t\t\t<div class=\"elementor-widget-container\">\n\t\t\t\t\t\t\t<p><span>Descobrir les raons per les quals es desencadena l&#8217;\u00a0<\/span><b><span>agressivitat\u00a0<\/span><\/b><span>\u00e9s una part molt important en el\u00a0<\/span><b><span>tractament psicol\u00f2gic amb nens\u00a0<\/span><\/b><span>.\u00a0Si b\u00e9 \u00e9s important que el nen pugui trobar altres vies, altres canals per expressar-se, \u00e9s igualment important descobrir qu\u00e8 responen aquestes manifestacions.\u00a0Els nens no sempre disposen dels recursos cognitius suficients per expressar amb paraules alguna cosa referent als seus conflictes interns.\u00a0All\u00f2 que no poden parlar, ho actuen.\u00a0En tots aquests casos, consultar\u00a0<\/span><b><span>psic\u00f2leg infantil especialista Barcelona\u00a0<\/span><\/b><span>pot ser el primer pas per solucionar el problema.<\/span><\/p>\t\t\t\t\t\t<\/div>\n\t\t\t\t<\/div>\n\t\t\t\t\t<\/div>\n\t\t<\/div>\n\t\t\t\t<div class=\"elementor-column elementor-col-50 elementor-inner-column elementor-element elementor-element-32438ca0\" data-id=\"32438ca0\" data-element_type=\"column\">\n\t\t\t<div class=\"elementor-widget-wrap elementor-element-populated\">\n\t\t\t\t\t\t\t\t<div class=\"elementor-element elementor-element-1b323643 elementor-widget elementor-widget-image\" data-id=\"1b323643\" data-element_type=\"widget\" data-widget_type=\"image.default\">\n\t\t\t\t<div class=\"elementor-widget-container\">\n\t\t\t<style>\/*! elementor - v3.13.3 - 28-05-2023 *\/\n.elementor-widget-image{text-align:center}.elementor-widget-image a{display:inline-block}.elementor-widget-image a img[src$=\".svg\"]{width:48px}.elementor-widget-image img{vertical-align:middle;display:inline-block}<\/style>\t\t\t\t\t\t\t\t\t\t\t\t<img loading=\"lazy\" decoding=\"async\" width=\"480\" height=\"480\" src=\"https:\/\/clinicaviher.com\/cat\/wp-content\/uploads\/2018\/11\/icons8-t\u00edtere-de-calcet\u00edn-480-2.png\" class=\"attachment-large size-large wp-image-1105\" alt=\"tratamiento agresividad infantil\" srcset=\"https:\/\/clinicaviher.com\/cat\/wp-content\/uploads\/2018\/11\/icons8-t\u00edtere-de-calcet\u00edn-480-2.png 480w, https:\/\/clinicaviher.com\/cat\/wp-content\/uploads\/2018\/11\/icons8-t\u00edtere-de-calcet\u00edn-480-2-300x300.png 300w, https:\/\/clinicaviher.com\/cat\/wp-content\/uploads\/2018\/11\/icons8-t\u00edtere-de-calcet\u00edn-480-2-100x100.png 100w, https:\/\/clinicaviher.com\/cat\/wp-content\/uploads\/2018\/11\/icons8-t\u00edtere-de-calcet\u00edn-480-2-150x150.png 150w, https:\/\/clinicaviher.com\/cat\/wp-content\/uploads\/2018\/11\/icons8-t\u00edtere-de-calcet\u00edn-480-2-79x79.png 79w, https:\/\/clinicaviher.com\/cat\/wp-content\/uploads\/2018\/11\/icons8-t\u00edtere-de-calcet\u00edn-480-2-55x55.png 55w\" sizes=\"(max-width: 480px) 100vw, 480px\" \/>\t\t\t\t\t\t\t\t\t\t\t\t\t\t\t<\/div>\n\t\t\t\t<\/div>\n\t\t\t\t\t<\/div>\n\t\t<\/div>\n\t\t\t\t\t\t\t<\/div>\n\t\t<\/section>\n\t\t\t\t\t<\/div>\n\t\t<\/div>\n\t\t\t\t\t\t\t<\/div>\n\t\t<\/section>\n\t\t\t\t<section class=\"elementor-section elementor-top-section elementor-element elementor-element-40ba00f1 elementor-section-stretched elementor-section-boxed elementor-section-height-default elementor-section-height-default\" data-id=\"40ba00f1\" data-element_type=\"section\" data-settings=\"{&quot;stretch_section&quot;:&quot;section-stretched&quot;,&quot;background_background&quot;:&quot;classic&quot;}\">\n\t\t\t\t\t\t<div class=\"elementor-container elementor-column-gap-default\">\n\t\t\t\t\t<div class=\"elementor-column elementor-col-100 elementor-top-column elementor-element elementor-element-44b5af8b\" data-id=\"44b5af8b\" data-element_type=\"column\">\n\t\t\t<div class=\"elementor-widget-wrap elementor-element-populated\">\n\t\t\t\t\t\t\t\t<div class=\"elementor-element elementor-element-3339d710 elementor-widget elementor-widget-heading\" data-id=\"3339d710\" data-element_type=\"widget\" data-widget_type=\"heading.default\">\n\t\t\t\t<div class=\"elementor-widget-container\">\n\t\t\t<h2 class=\"elementor-heading-title elementor-size-default\">Psic\u00f2leg per a pares: l'assessorament als pares<\/h2>\t\t<\/div>\n\t\t\t\t<\/div>\n\t\t\t\t<div class=\"elementor-element elementor-element-70b228a elementor-widget elementor-widget-text-editor\" data-id=\"70b228a\" data-element_type=\"widget\" data-widget_type=\"text-editor.default\">\n\t\t\t\t<div class=\"elementor-widget-container\">\n\t\t\t\t\t\t\t<p><span>Els pares es poden veure desbordats davant d&#8217;aquest tipus de problemes.\u00a0No \u00e9s f\u00e0cil saber com actuar davant dels\u00a0<\/span><b><span>problemes psicol\u00f2gics\u00a0<\/span><\/b><span>i conductuals dun fill.\u00a0A m\u00e9s, en aquests moments poden apar\u00e8ixer com a molt insistents diverses preguntes,\u00a0<\/span><i><span>qu\u00e8 li passa al meu fill<\/span><\/i><span>\u00a0?\u00a0per\u00f2 tamb\u00e9,\u00a0<\/span><i><span>qu\u00e8 em passa a mi o qu\u00e8 estic fent perqu\u00e8 aix\u00f2 segueixi aix\u00ed<\/span><\/i><span>\u00a0?\u00a0\u00c9s per aix\u00f2 que\u00a0<\/span><b><span>orientar\u00a0<\/span><\/b><span>els pares pot ser clau per millorar el problema del seu fill o filla.\u00a0A\u00a0<\/span><b><span>Cl\u00ednica Viher\u00a0<\/span><\/b><span>apostem per la individualitzaci\u00f3 del\u00a0<\/span><b><span>tractament\u00a0<\/span><\/b><span>en funci\u00f3 de les singularitats de cada cas en particular.\u00a0Podeu consultar amb els nostres\u00a0<\/span><b><span>psic\u00f2legs per a pares\u00a0<\/span><\/b><span>i fer una primera entrevista de valoraci\u00f3.<\/span><\/p>\t\t\t\t\t\t<\/div>\n\t\t\t\t<\/div>\n\t\t\t\t\t<\/div>\n\t\t<\/div>\n\t\t\t\t\t\t\t<\/div>\n\t\t<\/section>\n\t\t\t\t<section class=\"elementor-section elementor-top-section elementor-element elementor-element-4de4864f elementor-section-boxed elementor-section-height-default elementor-section-height-default\" data-id=\"4de4864f\" data-element_type=\"section\">\n\t\t\t\t\t\t<div class=\"elementor-container elementor-column-gap-default\">\n\t\t\t\t\t<div class=\"elementor-column elementor-col-100 elementor-top-column elementor-element elementor-element-fd46a93\" data-id=\"fd46a93\" data-element_type=\"column\">\n\t\t\t<div class=\"elementor-widget-wrap elementor-element-populated\">\n\t\t\t\t\t\t\t\t<div class=\"elementor-element elementor-element-9fa0704 elementor-widget elementor-widget-heading\" data-id=\"9fa0704\" data-element_type=\"widget\" data-widget_type=\"heading.default\">\n\t\t\t\t<div class=\"elementor-widget-container\">\n\t\t\t<h2 class=\"elementor-heading-title elementor-size-default\">Psic\u00f2leg infantil Barcelona: Orientaci\u00f3 per a fam\u00edlies i escola\n<\/h2>\t\t<\/div>\n\t\t\t\t<\/div>\n\t\t\t\t<div class=\"elementor-element elementor-element-8ee25cf elementor-widget elementor-widget-text-editor\" data-id=\"8ee25cf\" data-element_type=\"widget\" data-widget_type=\"text-editor.default\">\n\t\t\t\t<div class=\"elementor-widget-container\">\n\t\t\t\t\t\t\t<p><span>Aquestes situacions d\u00a0<\/span><b><span>\u201fagressivitat\u00a0<\/span><\/b><span>entre nens provoquen molts malestar entre tots els agents (companys, docents, altres fam\u00edlies, etc) que les pateixen i presencien.\u00a0Poder tamb\u00e9 intervenir puntualment o regularment amb aquests altres actors ajuda a reconduir moltes situacions i facilita una regulaci\u00f3 personal, \u00e9s a dir, de cadascun des del seu lloc, permetent trobar diferents respostes a moments de bloqueig o din\u00e0miques molt cronificades que no semblen impossibles de desactivar.<\/span><\/p>\t\t\t\t\t\t<\/div>\n\t\t\t\t<\/div>\n\t\t\t\t<div class=\"elementor-element elementor-element-457503b8 elementor-widget elementor-widget-heading\" data-id=\"457503b8\" data-element_type=\"widget\" data-widget_type=\"heading.default\">\n\t\t\t\t<div class=\"elementor-widget-container\">\n\t\t\t<h2 class=\"elementor-heading-title elementor-size-default\">Els millors psic\u00f2legs infantils especialistes en agressivitat Barcelona\n<\/h2>\t\t<\/div>\n\t\t\t\t<\/div>\n\t\t\t\t<div class=\"elementor-element elementor-element-494c7f51 elementor-widget elementor-widget-text-editor\" data-id=\"494c7f51\" data-element_type=\"widget\" data-widget_type=\"text-editor.default\">\n\t\t\t\t<div class=\"elementor-widget-container\">\n\t\t\t\t\t\t\t<p><span>El seu fill o filla est\u00e0 cada cop m\u00e9s&nbsp;<\/span><b><span>agressiu, impulsiu o violent&nbsp;<\/span><\/b><span>?&nbsp;Est\u00e0 cercant un&nbsp;<\/span><b><span>psic\u00f2leg per a nens amb conductes rebels, violentes o agressives&nbsp;<\/span><\/b><span>?&nbsp;<\/span><span>Est\u00e0 cercant&nbsp;<\/span><b><span>un tractament efectiu per a l&#8217;agressivitat infantil&nbsp;<\/span><\/b><span>o busca&nbsp;<\/span><b><span>psic\u00f2legs infantils a Barcelona&nbsp;<\/span><\/b><span>?&nbsp;Si necessiteu&nbsp;<\/span><b><span>ter\u00e0pia amb un psic\u00f2leg especialista en agressivitat,&nbsp;<\/span><\/b><span>heu de saber que&nbsp;<\/span><b><span>els millors agressivitat Barcelona&nbsp;<\/span><\/b><span>seran aquells que entenguin la import\u00e0ncia d&#8217;individualitzar el tractament de cada nen despr\u00e9s d&#8217;una fase de valoraci\u00f3 diagn\u00f2stica.&nbsp;<\/span><span>Aix\u00f2 sempre \u00e9s important, per\u00f2 especialment quan treballem amb la inf\u00e0ncia.&nbsp;<\/span><span>A&nbsp;<\/span><b><span>Cl\u00ednica Viher&nbsp;<\/span><\/b><span>som&nbsp;<\/span><b><span>especialistes en ter\u00e0pia per a nens&nbsp;<\/span><\/b><span>.&nbsp;Consulti&#8217;ns sense comprom\u00eds, ser\u00e0 at\u00e8s per un&nbsp;<\/span><b><span>psic\u00f2leg infantil&nbsp;<\/span><\/b><b><span>Barcelona&nbsp;<\/span><\/b><span>des de la primera trucada.<\/span><\/p>\t\t\t\t\t\t<\/div>\n\t\t\t\t<\/div>\n\t\t\t\t\t<\/div>\n\t\t<\/div>\n\t\t\t\t\t\t\t<\/div>\n\t\t<\/section>\n\t\t\t\t<section class=\"elementor-section elementor-top-section elementor-element elementor-element-2a8888d4 elementor-section-stretched elementor-section-boxed elementor-section-height-default elementor-section-height-default\" data-id=\"2a8888d4\" data-element_type=\"section\" data-settings=\"{&quot;stretch_section&quot;:&quot;section-stretched&quot;}\">\n\t\t\t\t\t\t<div class=\"elementor-container elementor-column-gap-default\">\n\t\t\t\t\t<div class=\"elementor-column elementor-col-50 elementor-top-column elementor-element elementor-element-3f1418bf\" data-id=\"3f1418bf\" data-element_type=\"column\">\n\t\t\t<div class=\"elementor-widget-wrap elementor-element-populated\">\n\t\t\t\t\t\t\t\t<div class=\"elementor-element elementor-element-430ab39b elementor-widget elementor-widget-image\" data-id=\"430ab39b\" data-element_type=\"widget\" data-widget_type=\"image.default\">\n\t\t\t\t<div class=\"elementor-widget-container\">\n\t\t\t\t\t\t\t\t\t\t\t\t\t\t\t\t<a href=\"\/quienes-somos\/\">\n\t\t\t\t\t\t\t<img loading=\"lazy\" decoding=\"async\" width=\"1400\" height=\"500\" src=\"https:\/\/clinicaviher.com\/cat\/wp-content\/uploads\/2023\/06\/ficha-Sergi.webp\" class=\"attachment-full size-full wp-image-1728\" alt=\"ver ficha de Sergi Vilardell\" srcset=\"https:\/\/clinicaviher.com\/cat\/wp-content\/uploads\/2023\/06\/ficha-Sergi.webp 1400w, https:\/\/clinicaviher.com\/cat\/wp-content\/uploads\/2023\/06\/ficha-Sergi-300x107.webp 300w, https:\/\/clinicaviher.com\/cat\/wp-content\/uploads\/2023\/06\/ficha-Sergi-1024x366.webp 1024w, https:\/\/clinicaviher.com\/cat\/wp-content\/uploads\/2023\/06\/ficha-Sergi-768x274.webp 768w, https:\/\/clinicaviher.com\/cat\/wp-content\/uploads\/2023\/06\/ficha-Sergi-600x214.webp 600w\" sizes=\"(max-width: 1400px) 100vw, 1400px\" \/>\t\t\t\t\t\t\t\t<\/a>\n\t\t\t\t\t\t\t\t\t\t\t\t\t\t\t<\/div>\n\t\t\t\t<\/div>\n\t\t\t\t\t<\/div>\n\t\t<\/div>\n\t\t\t\t<div class=\"elementor-column elementor-col-50 elementor-top-column elementor-element elementor-element-6cfeedc6\" data-id=\"6cfeedc6\" data-element_type=\"column\">\n\t\t\t<div class=\"elementor-widget-wrap elementor-element-populated\">\n\t\t\t\t\t\t\t\t<div class=\"elementor-element elementor-element-35fcf8ae elementor-widget elementor-widget-image\" data-id=\"35fcf8ae\" data-element_type=\"widget\" data-widget_type=\"image.default\">\n\t\t\t\t<div class=\"elementor-widget-container\">\n\t\t\t\t\t\t\t\t\t\t\t\t\t\t\t\t<a href=\"\/quienes-somos\/\">\n\t\t\t\t\t\t\t<img loading=\"lazy\" decoding=\"async\" width=\"1400\" height=\"500\" src=\"https:\/\/clinicaviher.com\/cat\/wp-content\/uploads\/2023\/06\/mila-ficha.webp\" class=\"attachment-full size-full wp-image-1729\" alt=\"ver ficha de Mila Herrera\" srcset=\"https:\/\/clinicaviher.com\/cat\/wp-content\/uploads\/2023\/06\/mila-ficha.webp 1400w, https:\/\/clinicaviher.com\/cat\/wp-content\/uploads\/2023\/06\/mila-ficha-300x107.webp 300w, https:\/\/clinicaviher.com\/cat\/wp-content\/uploads\/2023\/06\/mila-ficha-1024x366.webp 1024w, https:\/\/clinicaviher.com\/cat\/wp-content\/uploads\/2023\/06\/mila-ficha-768x274.webp 768w, https:\/\/clinicaviher.com\/cat\/wp-content\/uploads\/2023\/06\/mila-ficha-600x214.webp 600w\" sizes=\"(max-width: 1400px) 100vw, 1400px\" \/>\t\t\t\t\t\t\t\t<\/a>\n\t\t\t\t\t\t\t\t\t\t\t\t\t\t\t<\/div>\n\t\t\t\t<\/div>\n\t\t\t\t\t<\/div>\n\t\t<\/div>\n\t\t\t\t\t\t\t<\/div>\n\t\t<\/section>\n\t\t\t\t\t\t\t<\/div>\n\t\t","protected":false},"excerpt":{"rendered":"<p>Tractament agressivitat infantil Els nens poden mostrar\u00a0conductes agressives o violentes\u00a0per molts motius, encara que la gran majoria de vegades tenen a veure amb aspectes inconscients o emocionals no resolts, \u00e9s a dir, un malestar que troba via d&#8217;escapament a trav\u00e9s d&#8217;aquestes conductes.\u00a0Tot i que en altres casos, l&#8217;\u00a0agressivitat\u00a0, juntament amb altres s\u00edmptomes m\u00e9s, pot ser &hellip;<\/p>\n<p class=\"read-more\"> <a class=\"\" href=\"https:\/\/clinicaviher.com\/cat\/agressivitat\/\"> <span class=\"screen-reader-text\">Agressivitat<\/span> Leer m\u00e1s &raquo;<\/a><\/p>\n","protected":false},"author":1,"featured_media":0,"parent":0,"menu_order":0,"comment_status":"closed","ping_status":"closed","template":"elementor_header_footer","meta":{"site-sidebar-layout":"default","site-content-layout":"default","ast-global-header-display":"","ast-banner-title-visibility":"","ast-main-header-display":"","ast-hfb-above-header-display":"","ast-hfb-below-header-display":"","ast-hfb-mobile-header-display":"","site-post-title":"","ast-breadcrumbs-content":"","ast-featured-img":"","footer-sml-layout":"","theme-transparent-header-meta":"default","adv-header-id-meta":"","stick-header-meta":"default","header-above-stick-meta":"","header-main-stick-meta":"","header-below-stick-meta":"","footnotes":""},"yoast_head":"<!-- This site is optimized with the Yoast SEO plugin v24.3 - https:\/\/yoast.com\/wordpress\/plugins\/seo\/ -->\n<title>Psic\u00f2legs agressivitat Barcelona<\/title>\n<meta name=\"description\" content=\"CL\u00cdNICA VIHER. Tractament psicol\u00f2gic pel control de la ira, l&#039;agressivitat i les conductes agressives o viol\u00e8ncia\" \/>\n<meta name=\"robots\" content=\"index, follow, max-snippet:-1, max-image-preview:large, max-video-preview:-1\" \/>\n<link rel=\"canonical\" href=\"https:\/\/clinicaviher.com\/cat\/agressivitat\/\" \/>\n<meta property=\"og:locale\" content=\"es_ES\" \/>\n<meta property=\"og:type\" content=\"article\" \/>\n<meta property=\"og:title\" content=\"Psic\u00f2legs agressivitat Barcelona\" \/>\n<meta property=\"og:description\" content=\"CL\u00cdNICA VIHER. Tractament psicol\u00f2gic pel control de la ira, l&#039;agressivitat i les conductes agressives o viol\u00e8ncia\" \/>\n<meta property=\"og:url\" content=\"https:\/\/clinicaviher.com\/cat\/agressivitat\/\" \/>\n<meta property=\"og:site_name\" content=\"Cl\u00ednica Viher\" \/>\n<meta property=\"article:modified_time\" content=\"2023-07-27T09:46:00+00:00\" \/>\n<meta property=\"og:image\" content=\"https:\/\/clinicaviher.com\/cat\/wp-content\/uploads\/2023\/06\/ficha-Sergi.webp\" \/>\n<meta name=\"twitter:card\" content=\"summary_large_image\" \/>\n<meta name=\"twitter:label1\" content=\"Tiempo de lectura\" \/>\n\t<meta name=\"twitter:data1\" content=\"3 minutos\" \/>\n<script type=\"application\/ld+json\" class=\"yoast-schema-graph\">{\"@context\":\"https:\/\/schema.org\",\"@graph\":[{\"@type\":\"WebPage\",\"@id\":\"https:\/\/clinicaviher.com\/cat\/agressivitat\/\",\"url\":\"https:\/\/clinicaviher.com\/cat\/agressivitat\/\",\"name\":\"Psic\u00f2legs agressivitat Barcelona\",\"isPartOf\":{\"@id\":\"https:\/\/clinicaviher.com\/cat\/#website\"},\"primaryImageOfPage\":{\"@id\":\"https:\/\/clinicaviher.com\/cat\/agressivitat\/#primaryimage\"},\"image\":{\"@id\":\"https:\/\/clinicaviher.com\/cat\/agressivitat\/#primaryimage\"},\"thumbnailUrl\":\"https:\/\/clinicaviher.com\/cat\/wp-content\/uploads\/2023\/06\/ficha-Sergi.webp\",\"datePublished\":\"2018-03-26T08:09:25+00:00\",\"dateModified\":\"2023-07-27T09:46:00+00:00\",\"description\":\"CL\u00cdNICA VIHER. Tractament psicol\u00f2gic pel control de la ira, l'agressivitat i les conductes agressives o viol\u00e8ncia\",\"breadcrumb\":{\"@id\":\"https:\/\/clinicaviher.com\/cat\/agressivitat\/#breadcrumb\"},\"inLanguage\":\"es\",\"potentialAction\":[{\"@type\":\"ReadAction\",\"target\":[\"https:\/\/clinicaviher.com\/cat\/agressivitat\/\"]}]},{\"@type\":\"ImageObject\",\"inLanguage\":\"es\",\"@id\":\"https:\/\/clinicaviher.com\/cat\/agressivitat\/#primaryimage\",\"url\":\"https:\/\/clinicaviher.com\/cat\/wp-content\/uploads\/2023\/06\/ficha-Sergi.webp\",\"contentUrl\":\"https:\/\/clinicaviher.com\/cat\/wp-content\/uploads\/2023\/06\/ficha-Sergi.webp\",\"width\":1400,\"height\":500,\"caption\":\"ver ficha de Sergi Vilardell\"},{\"@type\":\"BreadcrumbList\",\"@id\":\"https:\/\/clinicaviher.com\/cat\/agressivitat\/#breadcrumb\",\"itemListElement\":[{\"@type\":\"ListItem\",\"position\":1,\"name\":\"Portada\",\"item\":\"https:\/\/clinicaviher.com\/cat\/\"},{\"@type\":\"ListItem\",\"position\":2,\"name\":\"Agressivitat\"}]},{\"@type\":\"WebSite\",\"@id\":\"https:\/\/clinicaviher.com\/cat\/#website\",\"url\":\"https:\/\/clinicaviher.com\/cat\/\",\"name\":\"Cl\u00ednica Viher\",\"description\":\"Si buscas un psic\u00f3logo en Barcelona, contamos con algunos de los mejores profesionales en psicolog\u00eda, psicoterapia y psicoan\u00e1lisis\",\"publisher\":{\"@id\":\"https:\/\/clinicaviher.com\/cat\/#organization\"},\"potentialAction\":[{\"@type\":\"SearchAction\",\"target\":{\"@type\":\"EntryPoint\",\"urlTemplate\":\"https:\/\/clinicaviher.com\/cat\/?s={search_term_string}\"},\"query-input\":{\"@type\":\"PropertyValueSpecification\",\"valueRequired\":true,\"valueName\":\"search_term_string\"}}],\"inLanguage\":\"es\"},{\"@type\":\"Organization\",\"@id\":\"https:\/\/clinicaviher.com\/cat\/#organization\",\"name\":\"Cl\u00ednica Viher\",\"url\":\"https:\/\/clinicaviher.com\/cat\/\",\"logo\":{\"@type\":\"ImageObject\",\"inLanguage\":\"es\",\"@id\":\"https:\/\/clinicaviher.com\/cat\/#\/schema\/logo\/image\/\",\"url\":\"https:\/\/clinicaviher.com\/cat\/wp-content\/uploads\/2019\/02\/logoviher-new-web.png\",\"contentUrl\":\"https:\/\/clinicaviher.com\/cat\/wp-content\/uploads\/2019\/02\/logoviher-new-web.png\",\"width\":240,\"height\":52,\"caption\":\"Cl\u00ednica Viher\"},\"image\":{\"@id\":\"https:\/\/clinicaviher.com\/cat\/#\/schema\/logo\/image\/\"}}]}<\/script>\n<!-- \/ Yoast SEO plugin. -->","yoast_head_json":{"title":"Psic\u00f2legs agressivitat Barcelona","description":"CL\u00cdNICA VIHER. Tractament psicol\u00f2gic pel control de la ira, l'agressivitat i les conductes agressives o viol\u00e8ncia","robots":{"index":"index","follow":"follow","max-snippet":"max-snippet:-1","max-image-preview":"max-image-preview:large","max-video-preview":"max-video-preview:-1"},"canonical":"https:\/\/clinicaviher.com\/cat\/agressivitat\/","og_locale":"es_ES","og_type":"article","og_title":"Psic\u00f2legs agressivitat Barcelona","og_description":"CL\u00cdNICA VIHER. Tractament psicol\u00f2gic pel control de la ira, l'agressivitat i les conductes agressives o viol\u00e8ncia","og_url":"https:\/\/clinicaviher.com\/cat\/agressivitat\/","og_site_name":"Cl\u00ednica Viher","article_modified_time":"2023-07-27T09:46:00+00:00","og_image":[{"url":"https:\/\/clinicaviher.com\/cat\/wp-content\/uploads\/2023\/06\/ficha-Sergi.webp","type":"","width":"","height":""}],"twitter_card":"summary_large_image","twitter_misc":{"Tiempo de lectura":"3 minutos"},"schema":{"@context":"https:\/\/schema.org","@graph":[{"@type":"WebPage","@id":"https:\/\/clinicaviher.com\/cat\/agressivitat\/","url":"https:\/\/clinicaviher.com\/cat\/agressivitat\/","name":"Psic\u00f2legs agressivitat Barcelona","isPartOf":{"@id":"https:\/\/clinicaviher.com\/cat\/#website"},"primaryImageOfPage":{"@id":"https:\/\/clinicaviher.com\/cat\/agressivitat\/#primaryimage"},"image":{"@id":"https:\/\/clinicaviher.com\/cat\/agressivitat\/#primaryimage"},"thumbnailUrl":"https:\/\/clinicaviher.com\/cat\/wp-content\/uploads\/2023\/06\/ficha-Sergi.webp","datePublished":"2018-03-26T08:09:25+00:00","dateModified":"2023-07-27T09:46:00+00:00","description":"CL\u00cdNICA VIHER. Tractament psicol\u00f2gic pel control de la ira, l'agressivitat i les conductes agressives o viol\u00e8ncia","breadcrumb":{"@id":"https:\/\/clinicaviher.com\/cat\/agressivitat\/#breadcrumb"},"inLanguage":"es","potentialAction":[{"@type":"ReadAction","target":["https:\/\/clinicaviher.com\/cat\/agressivitat\/"]}]},{"@type":"ImageObject","inLanguage":"es","@id":"https:\/\/clinicaviher.com\/cat\/agressivitat\/#primaryimage","url":"https:\/\/clinicaviher.com\/cat\/wp-content\/uploads\/2023\/06\/ficha-Sergi.webp","contentUrl":"https:\/\/clinicaviher.com\/cat\/wp-content\/uploads\/2023\/06\/ficha-Sergi.webp","width":1400,"height":500,"caption":"ver ficha de Sergi Vilardell"},{"@type":"BreadcrumbList","@id":"https:\/\/clinicaviher.com\/cat\/agressivitat\/#breadcrumb","itemListElement":[{"@type":"ListItem","position":1,"name":"Portada","item":"https:\/\/clinicaviher.com\/cat\/"},{"@type":"ListItem","position":2,"name":"Agressivitat"}]},{"@type":"WebSite","@id":"https:\/\/clinicaviher.com\/cat\/#website","url":"https:\/\/clinicaviher.com\/cat\/","name":"Cl\u00ednica Viher","description":"Si buscas un psic\u00f3logo en Barcelona, contamos con algunos de los mejores profesionales en psicolog\u00eda, psicoterapia y psicoan\u00e1lisis","publisher":{"@id":"https:\/\/clinicaviher.com\/cat\/#organization"},"potentialAction":[{"@type":"SearchAction","target":{"@type":"EntryPoint","urlTemplate":"https:\/\/clinicaviher.com\/cat\/?s={search_term_string}"},"query-input":{"@type":"PropertyValueSpecification","valueRequired":true,"valueName":"search_term_string"}}],"inLanguage":"es"},{"@type":"Organization","@id":"https:\/\/clinicaviher.com\/cat\/#organization","name":"Cl\u00ednica Viher","url":"https:\/\/clinicaviher.com\/cat\/","logo":{"@type":"ImageObject","inLanguage":"es","@id":"https:\/\/clinicaviher.com\/cat\/#\/schema\/logo\/image\/","url":"https:\/\/clinicaviher.com\/cat\/wp-content\/uploads\/2019\/02\/logoviher-new-web.png","contentUrl":"https:\/\/clinicaviher.com\/cat\/wp-content\/uploads\/2019\/02\/logoviher-new-web.png","width":240,"height":52,"caption":"Cl\u00ednica Viher"},"image":{"@id":"https:\/\/clinicaviher.com\/cat\/#\/schema\/logo\/image\/"}}]}},"_links":{"self":[{"href":"https:\/\/clinicaviher.com\/cat\/wp-json\/wp\/v2\/pages\/38"}],"collection":[{"href":"https:\/\/clinicaviher.com\/cat\/wp-json\/wp\/v2\/pages"}],"about":[{"href":"https:\/\/clinicaviher.com\/cat\/wp-json\/wp\/v2\/types\/page"}],"author":[{"embeddable":true,"href":"https:\/\/clinicaviher.com\/cat\/wp-json\/wp\/v2\/users\/1"}],"replies":[{"embeddable":true,"href":"https:\/\/clinicaviher.com\/cat\/wp-json\/wp\/v2\/comments?post=38"}],"version-history":[{"count":22,"href":"https:\/\/clinicaviher.com\/cat\/wp-json\/wp\/v2\/pages\/38\/revisions"}],"predecessor-version":[{"id":2528,"href":"https:\/\/clinicaviher.com\/cat\/wp-json\/wp\/v2\/pages\/38\/revisions\/2528"}],"wp:attachment":[{"href":"https:\/\/clinicaviher.com\/cat\/wp-json\/wp\/v2\/media?parent=38"}],"curies":[{"name":"wp","href":"https:\/\/api.w.org\/{rel}","templated":true}]}}