{"id":40,"date":"2018-03-26T08:16:39","date_gmt":"2018-03-26T08:16:39","guid":{"rendered":"http:\/\/clinicaviher.com\/?page_id=40"},"modified":"2023-07-27T11:12:55","modified_gmt":"2023-07-27T09:12:55","slug":"fibromiolgia-dolor-cronic-fatiga","status":"publish","type":"page","link":"https:\/\/clinicaviher.com\/cat\/fibromiolgia-dolor-cronic-fatiga\/","title":{"rendered":"Fibromialgia"},"content":{"rendered":"\t\t<div data-elementor-type=\"wp-page\" data-elementor-id=\"40\" class=\"elementor elementor-40\">\n\t\t\t\t\t\t\t\t\t<section class=\"elementor-section elementor-top-section elementor-element elementor-element-3dbf2dbe elementor-section-stretched elementor-section-boxed elementor-section-height-default elementor-section-height-default\" data-id=\"3dbf2dbe\" data-element_type=\"section\" data-settings=\"{&quot;stretch_section&quot;:&quot;section-stretched&quot;,&quot;background_background&quot;:&quot;classic&quot;}\">\n\t\t\t\t\t\t<div class=\"elementor-container elementor-column-gap-default\">\n\t\t\t\t\t<div class=\"elementor-column elementor-col-100 elementor-top-column elementor-element elementor-element-682e4531\" data-id=\"682e4531\" data-element_type=\"column\">\n\t\t\t<div class=\"elementor-widget-wrap elementor-element-populated\">\n\t\t\t\t\t\t\t\t<div class=\"elementor-element elementor-element-1c740a1 elementor-widget elementor-widget-heading\" data-id=\"1c740a1\" data-element_type=\"widget\" data-widget_type=\"heading.default\">\n\t\t\t\t<div class=\"elementor-widget-container\">\n\t\t\t<style>\/*! elementor - v3.13.3 - 28-05-2023 *\/\n.elementor-heading-title{padding:0;margin:0;line-height:1}.elementor-widget-heading .elementor-heading-title[class*=elementor-size-]>a{color:inherit;font-size:inherit;line-height:inherit}.elementor-widget-heading .elementor-heading-title.elementor-size-small{font-size:15px}.elementor-widget-heading .elementor-heading-title.elementor-size-medium{font-size:19px}.elementor-widget-heading .elementor-heading-title.elementor-size-large{font-size:29px}.elementor-widget-heading .elementor-heading-title.elementor-size-xl{font-size:39px}.elementor-widget-heading .elementor-heading-title.elementor-size-xxl{font-size:59px}<\/style><h1 class=\"elementor-heading-title elementor-size-default\">Fibromi\u00e0lgia, fatiga i dolor cr\u00f2nic: Qu\u00e8 causa la fibromi\u00e0lgia?\n<\/h1>\t\t<\/div>\n\t\t\t\t<\/div>\n\t\t\t\t\t<\/div>\n\t\t<\/div>\n\t\t\t\t\t\t\t<\/div>\n\t\t<\/section>\n\t\t\t\t<section class=\"elementor-section elementor-top-section elementor-element elementor-element-410b02fe elementor-section-boxed elementor-section-height-default elementor-section-height-default\" data-id=\"410b02fe\" data-element_type=\"section\">\n\t\t\t\t\t\t<div class=\"elementor-container elementor-column-gap-default\">\n\t\t\t\t\t<div class=\"elementor-column elementor-col-100 elementor-top-column elementor-element elementor-element-69c75cd3\" data-id=\"69c75cd3\" data-element_type=\"column\">\n\t\t\t<div class=\"elementor-widget-wrap elementor-element-populated\">\n\t\t\t\t\t\t\t\t<div class=\"elementor-element elementor-element-5955354b elementor-widget elementor-widget-text-editor\" data-id=\"5955354b\" data-element_type=\"widget\" data-widget_type=\"text-editor.default\">\n\t\t\t\t<div class=\"elementor-widget-container\">\n\t\t\t<style>\/*! elementor - v3.13.3 - 28-05-2023 *\/\n.elementor-widget-text-editor.elementor-drop-cap-view-stacked .elementor-drop-cap{background-color:#69727d;color:#fff}.elementor-widget-text-editor.elementor-drop-cap-view-framed .elementor-drop-cap{color:#69727d;border:3px solid;background-color:transparent}.elementor-widget-text-editor:not(.elementor-drop-cap-view-default) .elementor-drop-cap{margin-top:8px}.elementor-widget-text-editor:not(.elementor-drop-cap-view-default) .elementor-drop-cap-letter{width:1em;height:1em}.elementor-widget-text-editor .elementor-drop-cap{float:left;text-align:center;line-height:1;font-size:50px}.elementor-widget-text-editor .elementor-drop-cap-letter{display:inline-block}<\/style>\t\t\t\t<p><span>La\u00a0<\/span><b><span>fibromi\u00e0lgia\u00a0<\/span><\/b><span>est\u00e0 considerada com una malaltia cr\u00f2nica.\u00a0S&#8217;associa principalment al\u00a0<\/span><b><span>dolor cr\u00f2nic\u00a0<\/span><\/b><span>generalitzat, la\u00a0<\/span><b><span>fatiga\u00a0<\/span><\/b><span>i els problemes ps\u00edquics afegits.\u00a0Encara que es desconeix la causa de la fibromi\u00e0lgia, en els darrers temps, la medicina assenyala com a responsable de la seva aparici\u00f3 i desenvolupament, una funci\u00f3 anormal del sistema nervi\u00f3s central.\u00a0Els s\u00edmptomes han de ser tractats, ja que amb el pas del temps aquests poden tendir a augmentar-ne la intensitat.<\/span><\/p>\t\t\t\t\t\t<\/div>\n\t\t\t\t<\/div>\n\t\t\t\t<section class=\"elementor-section elementor-inner-section elementor-element elementor-element-6e14e630 elementor-section-content-middle elementor-section-boxed elementor-section-height-default elementor-section-height-default\" data-id=\"6e14e630\" data-element_type=\"section\">\n\t\t\t\t\t\t<div class=\"elementor-container elementor-column-gap-default\">\n\t\t\t\t\t<div class=\"elementor-column elementor-col-50 elementor-inner-column elementor-element elementor-element-20c9d866\" data-id=\"20c9d866\" data-element_type=\"column\">\n\t\t\t<div class=\"elementor-widget-wrap elementor-element-populated\">\n\t\t\t\t\t\t\t\t<div class=\"elementor-element elementor-element-1d149e04 elementor-widget elementor-widget-heading\" data-id=\"1d149e04\" data-element_type=\"widget\" data-widget_type=\"heading.default\">\n\t\t\t\t<div class=\"elementor-widget-container\">\n\t\t\t<h2 class=\"elementor-heading-title elementor-size-default\">Tractament psicol\u00f2gic per a la fibromi\u00e0lgia<\/h2>\t\t<\/div>\n\t\t\t\t<\/div>\n\t\t\t\t<div class=\"elementor-element elementor-element-45e3b502 elementor-widget elementor-widget-text-editor\" data-id=\"45e3b502\" data-element_type=\"widget\" data-widget_type=\"text-editor.default\">\n\t\t\t\t<div class=\"elementor-widget-container\">\n\t\t\t\t\t\t\t<p><span>L&#8217;objectiu de la\u00a0<\/span><b><span>ter\u00e0pia per a la fibromi\u00e0lgia\u00a0<\/span><\/b><span>\u00e9s millorar el dolor i tractar els s\u00edmptomes acompanyants per aconseguir una millora en la qualitat de vida de la persona amb\u00a0<\/span><b><span>fibromi\u00e0lgia\u00a0<\/span><\/b><span>a trav\u00e9s de la psicoter\u00e0pia i l&#8217;abordatge psicol\u00f2gic.\u00a0<\/span><b><span>El millor tractament de la fibromi\u00e0lgia a Barcelona\u00a0<\/span><\/b><span>a nivell psicol\u00f2gic, ser\u00e0 aquell que entengui la complexitat que comporta aquest diagn\u00f2stic i ofereixi una intervenci\u00f3 adre\u00e7ada no nom\u00e9s als s\u00edmptomes del dolor, sin\u00f3 tamb\u00e9 a altres aspectes de la vida amb qu\u00e8 puguin mantenir relaci\u00f3.<\/span><\/p>\t\t\t\t\t\t<\/div>\n\t\t\t\t<\/div>\n\t\t\t\t\t<\/div>\n\t\t<\/div>\n\t\t\t\t<div class=\"elementor-column elementor-col-50 elementor-inner-column elementor-element elementor-element-18f68f1\" data-id=\"18f68f1\" data-element_type=\"column\">\n\t\t\t<div class=\"elementor-widget-wrap elementor-element-populated\">\n\t\t\t\t\t\t\t\t<div class=\"elementor-element elementor-element-771c07cf elementor-widget elementor-widget-image\" data-id=\"771c07cf\" data-element_type=\"widget\" data-widget_type=\"image.default\">\n\t\t\t\t<div class=\"elementor-widget-container\">\n\t\t\t<style>\/*! elementor - v3.13.3 - 28-05-2023 *\/\n.elementor-widget-image{text-align:center}.elementor-widget-image a{display:inline-block}.elementor-widget-image a img[src$=\".svg\"]{width:48px}.elementor-widget-image img{vertical-align:middle;display:inline-block}<\/style>\t\t\t\t\t\t\t\t\t\t\t\t<img loading=\"lazy\" decoding=\"async\" width=\"768\" height=\"768\" src=\"https:\/\/clinicaviher.com\/cat\/wp-content\/uploads\/2023\/06\/fibromialgia.webp\" class=\"attachment-large size-large wp-image-2006\" alt=\"fibromialgia\" srcset=\"https:\/\/clinicaviher.com\/cat\/wp-content\/uploads\/2023\/06\/fibromialgia.webp 768w, https:\/\/clinicaviher.com\/cat\/wp-content\/uploads\/2023\/06\/fibromialgia-300x300.webp 300w, https:\/\/clinicaviher.com\/cat\/wp-content\/uploads\/2023\/06\/fibromialgia-150x150.webp 150w, https:\/\/clinicaviher.com\/cat\/wp-content\/uploads\/2023\/06\/fibromialgia-600x600.webp 600w, https:\/\/clinicaviher.com\/cat\/wp-content\/uploads\/2023\/06\/fibromialgia-100x100.webp 100w\" sizes=\"(max-width: 768px) 100vw, 768px\" \/>\t\t\t\t\t\t\t\t\t\t\t\t\t\t\t<\/div>\n\t\t\t\t<\/div>\n\t\t\t\t\t<\/div>\n\t\t<\/div>\n\t\t\t\t\t\t\t<\/div>\n\t\t<\/section>\n\t\t\t\t\t<\/div>\n\t\t<\/div>\n\t\t\t\t\t\t\t<\/div>\n\t\t<\/section>\n\t\t\t\t<section class=\"elementor-section elementor-top-section elementor-element elementor-element-4b1489a8 elementor-section-stretched elementor-section-boxed elementor-section-height-default elementor-section-height-default\" data-id=\"4b1489a8\" data-element_type=\"section\" data-settings=\"{&quot;stretch_section&quot;:&quot;section-stretched&quot;,&quot;background_background&quot;:&quot;classic&quot;}\">\n\t\t\t\t\t\t<div class=\"elementor-container elementor-column-gap-default\">\n\t\t\t\t\t<div class=\"elementor-column elementor-col-100 elementor-top-column elementor-element elementor-element-3817bd5f\" data-id=\"3817bd5f\" data-element_type=\"column\">\n\t\t\t<div class=\"elementor-widget-wrap elementor-element-populated\">\n\t\t\t\t\t\t\t\t<div class=\"elementor-element elementor-element-70ef0f01 elementor-widget elementor-widget-heading\" data-id=\"70ef0f01\" data-element_type=\"widget\" data-widget_type=\"heading.default\">\n\t\t\t\t<div class=\"elementor-widget-container\">\n\t\t\t<h2 class=\"elementor-heading-title elementor-size-default\">Psic\u00f2leg fibromi\u00e0lgia: Tractament de la fibromi\u00e0lgia a Barcelona<\/h2>\t\t<\/div>\n\t\t\t\t<\/div>\n\t\t\t\t<div class=\"elementor-element elementor-element-4f9ecc3 elementor-widget elementor-widget-text-editor\" data-id=\"4f9ecc3\" data-element_type=\"widget\" data-widget_type=\"text-editor.default\">\n\t\t\t\t<div class=\"elementor-widget-container\">\n\t\t\t\t\t\t\t<p><span>La&nbsp;<\/span><b><span>ter\u00e0pia amb un psic\u00f2leg especialista en fibromi\u00e0lgia&nbsp;<\/span><\/b><span>pot anar combinada amb un altre tipus de tractament o intervenci\u00f3: medicaments per disminuir el dolor i millorar el son;&nbsp;les diferents t\u00e8cniques de relaxaci\u00f3 per alleujar l&#8217;ansietat i la tensi\u00f3 muscular;&nbsp;la realitzaci\u00f3 dactivitats i exercici per tal de millorar la salut;&nbsp;i entendre i controlar els s\u00edmptomes de la&nbsp;<\/span><b><span>fibromi\u00e0lgia&nbsp;<\/span><\/b><span>mitjan\u00e7ant l&#8217;estudi, etc.<\/span><\/p>\t\t\t\t\t\t<\/div>\n\t\t\t\t<\/div>\n\t\t\t\t\t<\/div>\n\t\t<\/div>\n\t\t\t\t\t\t\t<\/div>\n\t\t<\/section>\n\t\t\t\t<section class=\"elementor-section elementor-top-section elementor-element elementor-element-679981f0 elementor-section-boxed elementor-section-height-default elementor-section-height-default\" data-id=\"679981f0\" data-element_type=\"section\">\n\t\t\t\t\t\t<div class=\"elementor-container elementor-column-gap-default\">\n\t\t\t\t\t<div class=\"elementor-column elementor-col-100 elementor-top-column elementor-element elementor-element-693aa3dd\" data-id=\"693aa3dd\" data-element_type=\"column\">\n\t\t\t<div class=\"elementor-widget-wrap elementor-element-populated\">\n\t\t\t\t\t\t\t\t<div class=\"elementor-element elementor-element-599a7d78 elementor-widget elementor-widget-heading\" data-id=\"599a7d78\" data-element_type=\"widget\" data-widget_type=\"heading.default\">\n\t\t\t\t<div class=\"elementor-widget-container\">\n\t\t\t<h2 class=\"elementor-heading-title elementor-size-default\">Psic\u00f2legs especialistes en fibromi\u00e0lgia a Barcelona<\/h2>\t\t<\/div>\n\t\t\t\t<\/div>\n\t\t\t\t<div class=\"elementor-element elementor-element-f9c19c1 elementor-widget elementor-widget-text-editor\" data-id=\"f9c19c1\" data-element_type=\"widget\" data-widget_type=\"text-editor.default\">\n\t\t\t\t<div class=\"elementor-widget-container\">\n\t\t\t\t\t\t\t<p><b><span>Els millors psic\u00f2legs especialistes en fibromi\u00e0lgia de Barcelona\u00a0<\/span><\/b><span>o els\u00a0<\/span><b><span>centres de psicologia especialitzats en el tractament de la fibromi\u00e0lgia\u00a0<\/span><\/b><span>s\u00f3n aquells que coneixen la import\u00e0ncia d&#8217;individualitzar el tractament persona a persona.\u00a0La\u00a0<\/span><b><span>fibromi\u00e0lgia\u00a0<\/span><\/b><span>\u00e9s una malaltia que pot implicar diversos professionals, aix\u00f2 fa que el treball en equip sigui veritablement important.<\/span><\/p>\t\t\t\t\t\t<\/div>\n\t\t\t\t<\/div>\n\t\t\t\t\t<\/div>\n\t\t<\/div>\n\t\t\t\t\t\t\t<\/div>\n\t\t<\/section>\n\t\t\t\t<section class=\"elementor-section elementor-top-section elementor-element elementor-element-4f3e078c elementor-section-stretched elementor-section-boxed elementor-section-height-default elementor-section-height-default\" data-id=\"4f3e078c\" data-element_type=\"section\" data-settings=\"{&quot;stretch_section&quot;:&quot;section-stretched&quot;}\">\n\t\t\t\t\t\t<div class=\"elementor-container elementor-column-gap-default\">\n\t\t\t\t\t<div class=\"elementor-column elementor-col-50 elementor-top-column elementor-element elementor-element-4c57a5b2\" data-id=\"4c57a5b2\" data-element_type=\"column\">\n\t\t\t<div class=\"elementor-widget-wrap elementor-element-populated\">\n\t\t\t\t\t\t\t\t<div class=\"elementor-element elementor-element-99e470b elementor-widget elementor-widget-image\" data-id=\"99e470b\" data-element_type=\"widget\" data-widget_type=\"image.default\">\n\t\t\t\t<div class=\"elementor-widget-container\">\n\t\t\t\t\t\t\t\t\t\t\t\t\t\t\t\t<a href=\"\/quienes-somos\/\">\n\t\t\t\t\t\t\t<img loading=\"lazy\" decoding=\"async\" width=\"1400\" height=\"500\" src=\"https:\/\/clinicaviher.com\/cat\/wp-content\/uploads\/2023\/06\/ficha-Sergi.webp\" class=\"attachment-full size-full wp-image-1728\" alt=\"ver ficha de Sergi Vilardell\" srcset=\"https:\/\/clinicaviher.com\/cat\/wp-content\/uploads\/2023\/06\/ficha-Sergi.webp 1400w, https:\/\/clinicaviher.com\/cat\/wp-content\/uploads\/2023\/06\/ficha-Sergi-300x107.webp 300w, https:\/\/clinicaviher.com\/cat\/wp-content\/uploads\/2023\/06\/ficha-Sergi-1024x366.webp 1024w, https:\/\/clinicaviher.com\/cat\/wp-content\/uploads\/2023\/06\/ficha-Sergi-768x274.webp 768w, https:\/\/clinicaviher.com\/cat\/wp-content\/uploads\/2023\/06\/ficha-Sergi-600x214.webp 600w\" sizes=\"(max-width: 1400px) 100vw, 1400px\" \/>\t\t\t\t\t\t\t\t<\/a>\n\t\t\t\t\t\t\t\t\t\t\t\t\t\t\t<\/div>\n\t\t\t\t<\/div>\n\t\t\t\t\t<\/div>\n\t\t<\/div>\n\t\t\t\t<div class=\"elementor-column elementor-col-50 elementor-top-column elementor-element elementor-element-18d53fc1\" data-id=\"18d53fc1\" data-element_type=\"column\">\n\t\t\t<div class=\"elementor-widget-wrap elementor-element-populated\">\n\t\t\t\t\t\t\t\t<div class=\"elementor-element elementor-element-566fc7f4 elementor-widget elementor-widget-image\" data-id=\"566fc7f4\" data-element_type=\"widget\" data-widget_type=\"image.default\">\n\t\t\t\t<div class=\"elementor-widget-container\">\n\t\t\t\t\t\t\t\t\t\t\t\t\t\t\t\t<a href=\"\/quienes-somos\/\">\n\t\t\t\t\t\t\t<img loading=\"lazy\" decoding=\"async\" width=\"1400\" height=\"500\" src=\"https:\/\/clinicaviher.com\/cat\/wp-content\/uploads\/2023\/06\/mila-ficha.webp\" class=\"attachment-full size-full wp-image-1729\" alt=\"ver ficha de Mila Herrera\" srcset=\"https:\/\/clinicaviher.com\/cat\/wp-content\/uploads\/2023\/06\/mila-ficha.webp 1400w, https:\/\/clinicaviher.com\/cat\/wp-content\/uploads\/2023\/06\/mila-ficha-300x107.webp 300w, https:\/\/clinicaviher.com\/cat\/wp-content\/uploads\/2023\/06\/mila-ficha-1024x366.webp 1024w, https:\/\/clinicaviher.com\/cat\/wp-content\/uploads\/2023\/06\/mila-ficha-768x274.webp 768w, https:\/\/clinicaviher.com\/cat\/wp-content\/uploads\/2023\/06\/mila-ficha-600x214.webp 600w\" sizes=\"(max-width: 1400px) 100vw, 1400px\" \/>\t\t\t\t\t\t\t\t<\/a>\n\t\t\t\t\t\t\t\t\t\t\t\t\t\t\t<\/div>\n\t\t\t\t<\/div>\n\t\t\t\t\t<\/div>\n\t\t<\/div>\n\t\t\t\t\t\t\t<\/div>\n\t\t<\/section>\n\t\t\t\t\t\t\t<\/div>\n\t\t","protected":false},"excerpt":{"rendered":"<p>Fibromi\u00e0lgia, fatiga i dolor cr\u00f2nic: Qu\u00e8 causa la fibromi\u00e0lgia? La\u00a0fibromi\u00e0lgia\u00a0est\u00e0 considerada com una malaltia cr\u00f2nica.\u00a0S&#8217;associa principalment al\u00a0dolor cr\u00f2nic\u00a0generalitzat, la\u00a0fatiga\u00a0i els problemes ps\u00edquics afegits.\u00a0Encara que es desconeix la causa de la fibromi\u00e0lgia, en els darrers temps, la medicina assenyala com a responsable de la seva aparici\u00f3 i desenvolupament, una funci\u00f3 anormal del sistema nervi\u00f3s central.\u00a0Els s\u00edmptomes &hellip;<\/p>\n<p class=\"read-more\"> <a class=\"\" href=\"https:\/\/clinicaviher.com\/cat\/fibromiolgia-dolor-cronic-fatiga\/\"> <span class=\"screen-reader-text\">Fibromialgia<\/span> Leer m\u00e1s &raquo;<\/a><\/p>\n","protected":false},"author":1,"featured_media":0,"parent":0,"menu_order":0,"comment_status":"closed","ping_status":"closed","template":"elementor_header_footer","meta":{"site-sidebar-layout":"default","site-content-layout":"default","ast-global-header-display":"","ast-banner-title-visibility":"","ast-main-header-display":"","ast-hfb-above-header-display":"","ast-hfb-below-header-display":"","ast-hfb-mobile-header-display":"","site-post-title":"","ast-breadcrumbs-content":"","ast-featured-img":"","footer-sml-layout":"","theme-transparent-header-meta":"default","adv-header-id-meta":"","stick-header-meta":"default","header-above-stick-meta":"","header-main-stick-meta":"","header-below-stick-meta":"","footnotes":""},"yoast_head":"<!-- This site is optimized with the Yoast SEO plugin v24.3 - https:\/\/yoast.com\/wordpress\/plugins\/seo\/ -->\n<title>Ter\u00e0pia fibromi\u00e0lgia. Tractament dolor cr\u00f2nic<\/title>\n<meta name=\"description\" content=\"CL\u00cdNICA VIHER. Abordatge psicol\u00f2gic del dolor cr\u00f2nic i la fatiga produ\u00efts per la fibromi\u00e0lgia\" \/>\n<meta name=\"robots\" content=\"index, follow, max-snippet:-1, max-image-preview:large, max-video-preview:-1\" \/>\n<link rel=\"canonical\" href=\"https:\/\/clinicaviher.com\/cat\/fibromiolgia-dolor-cronic-fatiga\/\" \/>\n<meta property=\"og:locale\" content=\"es_ES\" \/>\n<meta property=\"og:type\" content=\"article\" \/>\n<meta property=\"og:title\" content=\"Ter\u00e0pia fibromi\u00e0lgia. Tractament dolor cr\u00f2nic\" \/>\n<meta property=\"og:description\" content=\"CL\u00cdNICA VIHER. Abordatge psicol\u00f2gic del dolor cr\u00f2nic i la fatiga produ\u00efts per la fibromi\u00e0lgia\" \/>\n<meta property=\"og:url\" content=\"https:\/\/clinicaviher.com\/cat\/fibromiolgia-dolor-cronic-fatiga\/\" \/>\n<meta property=\"og:site_name\" content=\"Cl\u00ednica Viher\" \/>\n<meta property=\"article:modified_time\" content=\"2023-07-27T09:12:55+00:00\" \/>\n<meta property=\"og:image\" content=\"https:\/\/clinicaviher.com\/cat\/wp-content\/uploads\/2023\/06\/fibromialgia.webp\" \/>\n<meta name=\"twitter:card\" content=\"summary_large_image\" \/>\n<meta name=\"twitter:label1\" content=\"Tiempo de lectura\" \/>\n\t<meta name=\"twitter:data1\" content=\"2 minutos\" \/>\n<script type=\"application\/ld+json\" class=\"yoast-schema-graph\">{\"@context\":\"https:\/\/schema.org\",\"@graph\":[{\"@type\":\"WebPage\",\"@id\":\"https:\/\/clinicaviher.com\/cat\/fibromiolgia-dolor-cronic-fatiga\/\",\"url\":\"https:\/\/clinicaviher.com\/cat\/fibromiolgia-dolor-cronic-fatiga\/\",\"name\":\"Ter\u00e0pia fibromi\u00e0lgia. Tractament dolor cr\u00f2nic\",\"isPartOf\":{\"@id\":\"https:\/\/clinicaviher.com\/cat\/#website\"},\"primaryImageOfPage\":{\"@id\":\"https:\/\/clinicaviher.com\/cat\/fibromiolgia-dolor-cronic-fatiga\/#primaryimage\"},\"image\":{\"@id\":\"https:\/\/clinicaviher.com\/cat\/fibromiolgia-dolor-cronic-fatiga\/#primaryimage\"},\"thumbnailUrl\":\"https:\/\/clinicaviher.com\/cat\/wp-content\/uploads\/2023\/06\/fibromialgia.webp\",\"datePublished\":\"2018-03-26T08:16:39+00:00\",\"dateModified\":\"2023-07-27T09:12:55+00:00\",\"description\":\"CL\u00cdNICA VIHER. Abordatge psicol\u00f2gic del dolor cr\u00f2nic i la fatiga produ\u00efts per la fibromi\u00e0lgia\",\"breadcrumb\":{\"@id\":\"https:\/\/clinicaviher.com\/cat\/fibromiolgia-dolor-cronic-fatiga\/#breadcrumb\"},\"inLanguage\":\"es\",\"potentialAction\":[{\"@type\":\"ReadAction\",\"target\":[\"https:\/\/clinicaviher.com\/cat\/fibromiolgia-dolor-cronic-fatiga\/\"]}]},{\"@type\":\"ImageObject\",\"inLanguage\":\"es\",\"@id\":\"https:\/\/clinicaviher.com\/cat\/fibromiolgia-dolor-cronic-fatiga\/#primaryimage\",\"url\":\"https:\/\/clinicaviher.com\/cat\/wp-content\/uploads\/2023\/06\/fibromialgia.webp\",\"contentUrl\":\"https:\/\/clinicaviher.com\/cat\/wp-content\/uploads\/2023\/06\/fibromialgia.webp\",\"width\":768,\"height\":768,\"caption\":\"fibromialgia\"},{\"@type\":\"BreadcrumbList\",\"@id\":\"https:\/\/clinicaviher.com\/cat\/fibromiolgia-dolor-cronic-fatiga\/#breadcrumb\",\"itemListElement\":[{\"@type\":\"ListItem\",\"position\":1,\"name\":\"Portada\",\"item\":\"https:\/\/clinicaviher.com\/cat\/\"},{\"@type\":\"ListItem\",\"position\":2,\"name\":\"Fibromialgia\"}]},{\"@type\":\"WebSite\",\"@id\":\"https:\/\/clinicaviher.com\/cat\/#website\",\"url\":\"https:\/\/clinicaviher.com\/cat\/\",\"name\":\"Cl\u00ednica Viher\",\"description\":\"Si buscas un psic\u00f3logo en Barcelona, contamos con algunos de los mejores profesionales en psicolog\u00eda, psicoterapia y psicoan\u00e1lisis\",\"publisher\":{\"@id\":\"https:\/\/clinicaviher.com\/cat\/#organization\"},\"potentialAction\":[{\"@type\":\"SearchAction\",\"target\":{\"@type\":\"EntryPoint\",\"urlTemplate\":\"https:\/\/clinicaviher.com\/cat\/?s={search_term_string}\"},\"query-input\":{\"@type\":\"PropertyValueSpecification\",\"valueRequired\":true,\"valueName\":\"search_term_string\"}}],\"inLanguage\":\"es\"},{\"@type\":\"Organization\",\"@id\":\"https:\/\/clinicaviher.com\/cat\/#organization\",\"name\":\"Cl\u00ednica Viher\",\"url\":\"https:\/\/clinicaviher.com\/cat\/\",\"logo\":{\"@type\":\"ImageObject\",\"inLanguage\":\"es\",\"@id\":\"https:\/\/clinicaviher.com\/cat\/#\/schema\/logo\/image\/\",\"url\":\"https:\/\/clinicaviher.com\/cat\/wp-content\/uploads\/2019\/02\/logoviher-new-web.png\",\"contentUrl\":\"https:\/\/clinicaviher.com\/cat\/wp-content\/uploads\/2019\/02\/logoviher-new-web.png\",\"width\":240,\"height\":52,\"caption\":\"Cl\u00ednica Viher\"},\"image\":{\"@id\":\"https:\/\/clinicaviher.com\/cat\/#\/schema\/logo\/image\/\"}}]}<\/script>\n<!-- \/ Yoast SEO plugin. -->","yoast_head_json":{"title":"Ter\u00e0pia fibromi\u00e0lgia. Tractament dolor cr\u00f2nic","description":"CL\u00cdNICA VIHER. Abordatge psicol\u00f2gic del dolor cr\u00f2nic i la fatiga produ\u00efts per la fibromi\u00e0lgia","robots":{"index":"index","follow":"follow","max-snippet":"max-snippet:-1","max-image-preview":"max-image-preview:large","max-video-preview":"max-video-preview:-1"},"canonical":"https:\/\/clinicaviher.com\/cat\/fibromiolgia-dolor-cronic-fatiga\/","og_locale":"es_ES","og_type":"article","og_title":"Ter\u00e0pia fibromi\u00e0lgia. Tractament dolor cr\u00f2nic","og_description":"CL\u00cdNICA VIHER. Abordatge psicol\u00f2gic del dolor cr\u00f2nic i la fatiga produ\u00efts per la fibromi\u00e0lgia","og_url":"https:\/\/clinicaviher.com\/cat\/fibromiolgia-dolor-cronic-fatiga\/","og_site_name":"Cl\u00ednica Viher","article_modified_time":"2023-07-27T09:12:55+00:00","og_image":[{"url":"https:\/\/clinicaviher.com\/cat\/wp-content\/uploads\/2023\/06\/fibromialgia.webp","type":"","width":"","height":""}],"twitter_card":"summary_large_image","twitter_misc":{"Tiempo de lectura":"2 minutos"},"schema":{"@context":"https:\/\/schema.org","@graph":[{"@type":"WebPage","@id":"https:\/\/clinicaviher.com\/cat\/fibromiolgia-dolor-cronic-fatiga\/","url":"https:\/\/clinicaviher.com\/cat\/fibromiolgia-dolor-cronic-fatiga\/","name":"Ter\u00e0pia fibromi\u00e0lgia. Tractament dolor cr\u00f2nic","isPartOf":{"@id":"https:\/\/clinicaviher.com\/cat\/#website"},"primaryImageOfPage":{"@id":"https:\/\/clinicaviher.com\/cat\/fibromiolgia-dolor-cronic-fatiga\/#primaryimage"},"image":{"@id":"https:\/\/clinicaviher.com\/cat\/fibromiolgia-dolor-cronic-fatiga\/#primaryimage"},"thumbnailUrl":"https:\/\/clinicaviher.com\/cat\/wp-content\/uploads\/2023\/06\/fibromialgia.webp","datePublished":"2018-03-26T08:16:39+00:00","dateModified":"2023-07-27T09:12:55+00:00","description":"CL\u00cdNICA VIHER. Abordatge psicol\u00f2gic del dolor cr\u00f2nic i la fatiga produ\u00efts per la fibromi\u00e0lgia","breadcrumb":{"@id":"https:\/\/clinicaviher.com\/cat\/fibromiolgia-dolor-cronic-fatiga\/#breadcrumb"},"inLanguage":"es","potentialAction":[{"@type":"ReadAction","target":["https:\/\/clinicaviher.com\/cat\/fibromiolgia-dolor-cronic-fatiga\/"]}]},{"@type":"ImageObject","inLanguage":"es","@id":"https:\/\/clinicaviher.com\/cat\/fibromiolgia-dolor-cronic-fatiga\/#primaryimage","url":"https:\/\/clinicaviher.com\/cat\/wp-content\/uploads\/2023\/06\/fibromialgia.webp","contentUrl":"https:\/\/clinicaviher.com\/cat\/wp-content\/uploads\/2023\/06\/fibromialgia.webp","width":768,"height":768,"caption":"fibromialgia"},{"@type":"BreadcrumbList","@id":"https:\/\/clinicaviher.com\/cat\/fibromiolgia-dolor-cronic-fatiga\/#breadcrumb","itemListElement":[{"@type":"ListItem","position":1,"name":"Portada","item":"https:\/\/clinicaviher.com\/cat\/"},{"@type":"ListItem","position":2,"name":"Fibromialgia"}]},{"@type":"WebSite","@id":"https:\/\/clinicaviher.com\/cat\/#website","url":"https:\/\/clinicaviher.com\/cat\/","name":"Cl\u00ednica Viher","description":"Si buscas un psic\u00f3logo en Barcelona, contamos con algunos de los mejores profesionales en psicolog\u00eda, psicoterapia y psicoan\u00e1lisis","publisher":{"@id":"https:\/\/clinicaviher.com\/cat\/#organization"},"potentialAction":[{"@type":"SearchAction","target":{"@type":"EntryPoint","urlTemplate":"https:\/\/clinicaviher.com\/cat\/?s={search_term_string}"},"query-input":{"@type":"PropertyValueSpecification","valueRequired":true,"valueName":"search_term_string"}}],"inLanguage":"es"},{"@type":"Organization","@id":"https:\/\/clinicaviher.com\/cat\/#organization","name":"Cl\u00ednica Viher","url":"https:\/\/clinicaviher.com\/cat\/","logo":{"@type":"ImageObject","inLanguage":"es","@id":"https:\/\/clinicaviher.com\/cat\/#\/schema\/logo\/image\/","url":"https:\/\/clinicaviher.com\/cat\/wp-content\/uploads\/2019\/02\/logoviher-new-web.png","contentUrl":"https:\/\/clinicaviher.com\/cat\/wp-content\/uploads\/2019\/02\/logoviher-new-web.png","width":240,"height":52,"caption":"Cl\u00ednica Viher"},"image":{"@id":"https:\/\/clinicaviher.com\/cat\/#\/schema\/logo\/image\/"}}]}},"_links":{"self":[{"href":"https:\/\/clinicaviher.com\/cat\/wp-json\/wp\/v2\/pages\/40"}],"collection":[{"href":"https:\/\/clinicaviher.com\/cat\/wp-json\/wp\/v2\/pages"}],"about":[{"href":"https:\/\/clinicaviher.com\/cat\/wp-json\/wp\/v2\/types\/page"}],"author":[{"embeddable":true,"href":"https:\/\/clinicaviher.com\/cat\/wp-json\/wp\/v2\/users\/1"}],"replies":[{"embeddable":true,"href":"https:\/\/clinicaviher.com\/cat\/wp-json\/wp\/v2\/comments?post=40"}],"version-history":[{"count":22,"href":"https:\/\/clinicaviher.com\/cat\/wp-json\/wp\/v2\/pages\/40\/revisions"}],"predecessor-version":[{"id":2507,"href":"https:\/\/clinicaviher.com\/cat\/wp-json\/wp\/v2\/pages\/40\/revisions\/2507"}],"wp:attachment":[{"href":"https:\/\/clinicaviher.com\/cat\/wp-json\/wp\/v2\/media?parent=40"}],"curies":[{"name":"wp","href":"https:\/\/api.w.org\/{rel}","templated":true}]}}