{"id":47,"date":"2018-03-26T08:36:22","date_gmt":"2018-03-26T08:36:22","guid":{"rendered":"http:\/\/clinicaviher.com\/?page_id=47"},"modified":"2023-07-20T16:59:02","modified_gmt":"2023-07-20T14:59:02","slug":"timidesa-inseguretat","status":"publish","type":"page","link":"https:\/\/clinicaviher.com\/cat\/timidesa-inseguretat\/","title":{"rendered":"Timidez"},"content":{"rendered":"\t\t<div data-elementor-type=\"wp-page\" data-elementor-id=\"47\" class=\"elementor elementor-47\">\n\t\t\t\t\t\t\t\t\t<section class=\"elementor-section elementor-top-section elementor-element elementor-element-18127a73 elementor-section-stretched elementor-section-boxed elementor-section-height-default elementor-section-height-default\" data-id=\"18127a73\" data-element_type=\"section\" data-settings=\"{&quot;stretch_section&quot;:&quot;section-stretched&quot;,&quot;background_background&quot;:&quot;classic&quot;}\">\n\t\t\t\t\t\t<div class=\"elementor-container elementor-column-gap-default\">\n\t\t\t\t\t<div class=\"elementor-column elementor-col-100 elementor-top-column elementor-element elementor-element-273a0a45\" data-id=\"273a0a45\" data-element_type=\"column\">\n\t\t\t<div class=\"elementor-widget-wrap elementor-element-populated\">\n\t\t\t\t\t\t\t\t<div class=\"elementor-element elementor-element-74ccdb3f elementor-widget elementor-widget-heading\" data-id=\"74ccdb3f\" data-element_type=\"widget\" data-widget_type=\"heading.default\">\n\t\t\t\t<div class=\"elementor-widget-container\">\n\t\t\t<style>\/*! elementor - v3.13.3 - 28-05-2023 *\/\n.elementor-heading-title{padding:0;margin:0;line-height:1}.elementor-widget-heading .elementor-heading-title[class*=elementor-size-]>a{color:inherit;font-size:inherit;line-height:inherit}.elementor-widget-heading .elementor-heading-title.elementor-size-small{font-size:15px}.elementor-widget-heading .elementor-heading-title.elementor-size-medium{font-size:19px}.elementor-widget-heading .elementor-heading-title.elementor-size-large{font-size:29px}.elementor-widget-heading .elementor-heading-title.elementor-size-xl{font-size:39px}.elementor-widget-heading .elementor-heading-title.elementor-size-xxl{font-size:59px}<\/style><h1 class=\"elementor-heading-title elementor-size-default\">Tractament timidesa Barcelona\n<\/h1>\t\t<\/div>\n\t\t\t\t<\/div>\n\t\t\t\t\t<\/div>\n\t\t<\/div>\n\t\t\t\t\t\t\t<\/div>\n\t\t<\/section>\n\t\t\t\t<section class=\"elementor-section elementor-top-section elementor-element elementor-element-7ef49db8 elementor-section-boxed elementor-section-height-default elementor-section-height-default\" data-id=\"7ef49db8\" data-element_type=\"section\">\n\t\t\t\t\t\t<div class=\"elementor-container elementor-column-gap-default\">\n\t\t\t\t\t<div class=\"elementor-column elementor-col-100 elementor-top-column elementor-element elementor-element-7735038e\" data-id=\"7735038e\" data-element_type=\"column\">\n\t\t\t<div class=\"elementor-widget-wrap elementor-element-populated\">\n\t\t\t\t\t\t\t\t<div class=\"elementor-element elementor-element-1a6cf3e8 elementor-widget elementor-widget-text-editor\" data-id=\"1a6cf3e8\" data-element_type=\"widget\" data-widget_type=\"text-editor.default\">\n\t\t\t\t<div class=\"elementor-widget-container\">\n\t\t\t<style>\/*! elementor - v3.13.3 - 28-05-2023 *\/\n.elementor-widget-text-editor.elementor-drop-cap-view-stacked .elementor-drop-cap{background-color:#69727d;color:#fff}.elementor-widget-text-editor.elementor-drop-cap-view-framed .elementor-drop-cap{color:#69727d;border:3px solid;background-color:transparent}.elementor-widget-text-editor:not(.elementor-drop-cap-view-default) .elementor-drop-cap{margin-top:8px}.elementor-widget-text-editor:not(.elementor-drop-cap-view-default) .elementor-drop-cap-letter{width:1em;height:1em}.elementor-widget-text-editor .elementor-drop-cap{float:left;text-align:center;line-height:1;font-size:50px}.elementor-widget-text-editor .elementor-drop-cap-letter{display:inline-block}<\/style>\t\t\t\t<div class=\"kc-elm kc-css-1978785 kc_text_block\"><p><span>La\u00a0<\/span><b><span>timidesa\u00a0<\/span><\/b><span>no \u00e9s una patologia, per\u00f2 pot limitar seriosament la vida duna persona.\u00a0Algunes persones t\u00edmides condicionen la seva vida di\u00e0ria per les fortes inhibicions a qu\u00e8 es veuen sotmeses.\u00a0Unes limitacions que es manifesten especialment en les relacions socials o en contextos on la persona se sent exposada al judici dels altres, com ara la por\u00a0<\/span><b><span>de parlar en p\u00fablic.<\/span><\/b><\/p><\/div>\t\t\t\t\t\t<\/div>\n\t\t\t\t<\/div>\n\t\t\t\t<section class=\"elementor-section elementor-inner-section elementor-element elementor-element-589ebd31 elementor-section-content-middle elementor-section-boxed elementor-section-height-default elementor-section-height-default\" data-id=\"589ebd31\" data-element_type=\"section\">\n\t\t\t\t\t\t<div class=\"elementor-container elementor-column-gap-default\">\n\t\t\t\t\t<div class=\"elementor-column elementor-col-50 elementor-inner-column elementor-element elementor-element-1484952c\" data-id=\"1484952c\" data-element_type=\"column\">\n\t\t\t<div class=\"elementor-widget-wrap elementor-element-populated\">\n\t\t\t\t\t\t\t\t<div class=\"elementor-element elementor-element-51899f3a elementor-widget elementor-widget-heading\" data-id=\"51899f3a\" data-element_type=\"widget\" data-widget_type=\"heading.default\">\n\t\t\t\t<div class=\"elementor-widget-container\">\n\t\t\t<h2 class=\"elementor-heading-title elementor-size-default\">Ter\u00e0pia per a la timidesa a Barcelona\n<\/h2>\t\t<\/div>\n\t\t\t\t<\/div>\n\t\t\t\t<div class=\"elementor-element elementor-element-35ec95cb elementor-widget elementor-widget-text-editor\" data-id=\"35ec95cb\" data-element_type=\"widget\" data-widget_type=\"text-editor.default\">\n\t\t\t\t<div class=\"elementor-widget-container\">\n\t\t\t\t\t\t\t<p><span>Es converteix en un problema quan la inhibici\u00f3 condiciona en exc\u00e9s la vida di\u00e0ria de la persona.\u00a0La inhibici\u00f3 est\u00e0 relacionada amb l&#8217;angoixa i alhora l&#8217;autoexig\u00e8ncia.\u00a0Alhora, la\u00a0<\/span><b><span>timidesa\u00a0<\/span><\/b><span>mant\u00e9 una relaci\u00f3 amb la introversi\u00f3.\u00a0Conv\u00e9 aclarir que no cal confondre\u00a0<\/span><b><span>timidesa\u00a0<\/span><\/b><span>amb\u00a0<\/span><b><span>f\u00f2bia social\u00a0<\/span><\/b><span>.<\/span><\/p>\t\t\t\t\t\t<\/div>\n\t\t\t\t<\/div>\n\t\t\t\t\t<\/div>\n\t\t<\/div>\n\t\t\t\t<div class=\"elementor-column elementor-col-50 elementor-inner-column elementor-element elementor-element-4cd36e4\" data-id=\"4cd36e4\" data-element_type=\"column\">\n\t\t\t<div class=\"elementor-widget-wrap elementor-element-populated\">\n\t\t\t\t\t\t\t\t<div class=\"elementor-element elementor-element-67c9b077 elementor-widget elementor-widget-image\" data-id=\"67c9b077\" data-element_type=\"widget\" data-widget_type=\"image.default\">\n\t\t\t\t<div class=\"elementor-widget-container\">\n\t\t\t<style>\/*! elementor - v3.13.3 - 28-05-2023 *\/\n.elementor-widget-image{text-align:center}.elementor-widget-image a{display:inline-block}.elementor-widget-image a img[src$=\".svg\"]{width:48px}.elementor-widget-image img{vertical-align:middle;display:inline-block}<\/style>\t\t\t\t\t\t\t\t\t\t\t\t<img loading=\"lazy\" decoding=\"async\" width=\"1024\" height=\"848\" src=\"https:\/\/clinicaviher.com\/cat\/wp-content\/uploads\/2023\/06\/psicologo-tratamiento-timidez-1024x848.webp\" class=\"attachment-large size-large wp-image-1997\" alt=\"psic\u00f3logo para el tratamiento de la timidez\" srcset=\"https:\/\/clinicaviher.com\/cat\/wp-content\/uploads\/2023\/06\/psicologo-tratamiento-timidez-1024x848.webp 1024w, https:\/\/clinicaviher.com\/cat\/wp-content\/uploads\/2023\/06\/psicologo-tratamiento-timidez-300x249.webp 300w, https:\/\/clinicaviher.com\/cat\/wp-content\/uploads\/2023\/06\/psicologo-tratamiento-timidez-768x636.webp 768w, https:\/\/clinicaviher.com\/cat\/wp-content\/uploads\/2023\/06\/psicologo-tratamiento-timidez-600x497.webp 600w, https:\/\/clinicaviher.com\/cat\/wp-content\/uploads\/2023\/06\/psicologo-tratamiento-timidez.webp 1084w\" sizes=\"(max-width: 1024px) 100vw, 1024px\" \/>\t\t\t\t\t\t\t\t\t\t\t\t\t\t\t<\/div>\n\t\t\t\t<\/div>\n\t\t\t\t\t<\/div>\n\t\t<\/div>\n\t\t\t\t\t\t\t<\/div>\n\t\t<\/section>\n\t\t\t\t\t<\/div>\n\t\t<\/div>\n\t\t\t\t\t\t\t<\/div>\n\t\t<\/section>\n\t\t\t\t<section class=\"elementor-section elementor-top-section elementor-element elementor-element-b5b989a elementor-section-boxed elementor-section-height-default elementor-section-height-default\" data-id=\"b5b989a\" data-element_type=\"section\">\n\t\t\t\t\t\t<div class=\"elementor-container elementor-column-gap-default\">\n\t\t\t\t\t<div class=\"elementor-column elementor-col-100 elementor-top-column elementor-element elementor-element-90b09af\" data-id=\"90b09af\" data-element_type=\"column\">\n\t\t\t<div class=\"elementor-widget-wrap elementor-element-populated\">\n\t\t\t\t\t\t\t\t<div class=\"elementor-element elementor-element-45d5a146 elementor-widget elementor-widget-heading\" data-id=\"45d5a146\" data-element_type=\"widget\" data-widget_type=\"heading.default\">\n\t\t\t\t<div class=\"elementor-widget-container\">\n\t\t\t<h2 class=\"elementor-heading-title elementor-size-default\">Psic\u00f2leg timidesa Barcelona\n<\/h2>\t\t<\/div>\n\t\t\t\t<\/div>\n\t\t\t\t<div class=\"elementor-element elementor-element-245ae24d elementor-widget elementor-widget-text-editor\" data-id=\"245ae24d\" data-element_type=\"widget\" data-widget_type=\"text-editor.default\">\n\t\t\t\t<div class=\"elementor-widget-container\">\n\t\t\t\t\t\t\t<p><span>La\u00a0<\/span><b><span>ter\u00e0pia per a la timidesa\u00a0<\/span><\/b><span>pot ajudar les persones t\u00edmides a viure amb menys angoixa certa situacions socials i per tant a reduir les inhibicions.\u00a0La\u00a0<\/span><b><span>ter\u00e0pia amb un psic\u00f2leg per a la timidesa\u00a0<\/span><\/b><span>pot facilitar l&#8217;autoconeixement, \u00e9s a dir, descobrir el sentit d&#8217;aquesta inseguretat.\u00a0A m\u00e9s, visitar-se amb un\u00a0<\/span><b><span>psic\u00f2leg especialista en timidesa\u00a0<\/span><\/b><span>suposa l&#8217;oportunitat de descobrir noves maneres de relacionar-se amb un mateix i amb els altres.<\/span><\/p>\t\t\t\t\t\t<\/div>\n\t\t\t\t<\/div>\n\t\t\t\t\t<\/div>\n\t\t<\/div>\n\t\t\t\t\t\t\t<\/div>\n\t\t<\/section>\n\t\t\t\t<section class=\"elementor-section elementor-top-section elementor-element elementor-element-426f4a89 elementor-section-stretched elementor-section-boxed elementor-section-height-default elementor-section-height-default\" data-id=\"426f4a89\" data-element_type=\"section\" data-settings=\"{&quot;stretch_section&quot;:&quot;section-stretched&quot;,&quot;background_background&quot;:&quot;classic&quot;}\">\n\t\t\t\t\t\t<div class=\"elementor-container elementor-column-gap-default\">\n\t\t\t\t\t<div class=\"elementor-column elementor-col-100 elementor-top-column elementor-element elementor-element-5f0d72ae\" data-id=\"5f0d72ae\" data-element_type=\"column\">\n\t\t\t<div class=\"elementor-widget-wrap elementor-element-populated\">\n\t\t\t\t\t\t\t\t<div class=\"elementor-element elementor-element-28861b62 elementor-widget elementor-widget-heading\" data-id=\"28861b62\" data-element_type=\"widget\" data-widget_type=\"heading.default\">\n\t\t\t\t<div class=\"elementor-widget-container\">\n\t\t\t<h2 class=\"elementor-heading-title elementor-size-default\">Psic\u00f2leg especialista en la por de parlar en p\u00fablic<\/h2>\t\t<\/div>\n\t\t\t\t<\/div>\n\t\t\t\t<div class=\"elementor-element elementor-element-3fea239c elementor-widget elementor-widget-text-editor\" data-id=\"3fea239c\" data-element_type=\"widget\" data-widget_type=\"text-editor.default\">\n\t\t\t\t<div class=\"elementor-widget-container\">\n\t\t\t\t\t\t\t<div class=\"kc-elm kc-css-3751822 kc_text_block\"><p><span>La\u00a0<\/span><b><span>por de parlar en p\u00fablic\u00a0<\/span><\/b><span>pot limitar seriosament la vida acad\u00e8mica o professional duna persona.\u00a0\u00c9s una de les situacions que m\u00e9s es repeteix al llarg de la vida escolar i posteriorment al m\u00f3n laboral.\u00a0El Temor al judici dels altres pot portar a una forta angoixa incapacitant.\u00a0La psicoter\u00e0pia amb un\u00a0<\/span><b><span>psic\u00f2leg per a la por de parlar en p\u00fablic\u00a0<\/span><\/b><span>\u00e9s una oportunitat perqu\u00e8 la persona descobreixi l&#8217;origen de les pors i se senti m\u00e9s segura en si mateixa.<\/span><\/p><\/div>\t\t\t\t\t\t<\/div>\n\t\t\t\t<\/div>\n\t\t\t\t<div class=\"elementor-element elementor-element-4b794e5 elementor-widget elementor-widget-heading\" data-id=\"4b794e5\" data-element_type=\"widget\" data-widget_type=\"heading.default\">\n\t\t\t\t<div class=\"elementor-widget-container\">\n\t\t\t<h2 class=\"elementor-heading-title elementor-size-default\">Tractament timidesa Barcelona\n<\/h2>\t\t<\/div>\n\t\t\t\t<\/div>\n\t\t\t\t<div class=\"elementor-element elementor-element-edb20fa elementor-widget elementor-widget-text-editor\" data-id=\"edb20fa\" data-element_type=\"widget\" data-widget_type=\"text-editor.default\">\n\t\t\t\t<div class=\"elementor-widget-container\">\n\t\t\t\t\t\t\t<p><span>No \u00e9s la introversi\u00f3 el que es tracta, sin\u00f3 els s\u00edmptomes que se&#8217;n deriven.\u00a0A\u00a0<\/span><b><span>Cl\u00ednica Viher\u00a0<\/span><\/b><span>comptem amb un equip de professionals experts.\u00a0Des de la primera trucada telef\u00f2nica vost\u00e8 ser\u00e0 at\u00e8s per un psic\u00f2leg cl\u00ednic que us escoltar\u00e0 i respondr\u00e0 a tots els vostres dubtes.\u00a0Podeu consultar-nos sense comprom\u00eds.<\/span><\/p>\t\t\t\t\t\t<\/div>\n\t\t\t\t<\/div>\n\t\t\t\t\t<\/div>\n\t\t<\/div>\n\t\t\t\t\t\t\t<\/div>\n\t\t<\/section>\n\t\t\t\t<section class=\"elementor-section elementor-top-section elementor-element elementor-element-58acb5f0 elementor-section-boxed elementor-section-height-default elementor-section-height-default\" data-id=\"58acb5f0\" data-element_type=\"section\">\n\t\t\t\t\t\t<div class=\"elementor-container elementor-column-gap-default\">\n\t\t\t\t\t<div class=\"elementor-column elementor-col-100 elementor-top-column elementor-element elementor-element-4f62f040\" data-id=\"4f62f040\" data-element_type=\"column\">\n\t\t\t<div class=\"elementor-widget-wrap elementor-element-populated\">\n\t\t\t\t\t\t\t\t<div class=\"elementor-element elementor-element-4551ddf2 elementor-widget elementor-widget-heading\" data-id=\"4551ddf2\" data-element_type=\"widget\" data-widget_type=\"heading.default\">\n\t\t\t\t<div class=\"elementor-widget-container\">\n\t\t\t<h2 class=\"elementor-heading-title elementor-size-default\">Psic\u00f2leg timidesa\n<\/h2>\t\t<\/div>\n\t\t\t\t<\/div>\n\t\t\t\t<div class=\"elementor-element elementor-element-841b9c3 elementor-widget elementor-widget-text-editor\" data-id=\"841b9c3\" data-element_type=\"widget\" data-widget_type=\"text-editor.default\">\n\t\t\t\t<div class=\"elementor-widget-container\">\n\t\t\t\t\t\t\t<p><span>La\u00a0<\/span><b><span>relaci\u00f3 social\u00a0<\/span><\/b><span>amb altres persones pot generar diferents trastorns relacionats amb la timidesa que es tradueixen en\u00a0<\/span><b><span>por de parlar en p\u00fablic\u00a0<\/span><\/b><span>, que comunament es coneix com a\u00a0<\/span><b><span>p\u00e0nic esc\u00e8nic\u00a0<\/span><\/b><span>.\u00a0La\u00a0<\/span><b><span>psicoter\u00e0pia\u00a0<\/span><\/b><span>\u00e9s una dels m\u00e8todes m\u00e9s efica\u00e7os de superar aquests problemes a trav\u00e9s de l&#8217;aplicaci\u00f3 d&#8217;un tractament adequat de la inseguretat amb un expert\u00a0<\/span><b><span>psic\u00f2leg de timidesa\u00a0<\/span><\/b><span>.<\/span><\/p>\t\t\t\t\t\t<\/div>\n\t\t\t\t<\/div>\n\t\t\t\t<div class=\"elementor-element elementor-element-8ead5e5 elementor-widget elementor-widget-heading\" data-id=\"8ead5e5\" data-element_type=\"widget\" data-widget_type=\"heading.default\">\n\t\t\t\t<div class=\"elementor-widget-container\">\n\t\t\t<h2 class=\"elementor-heading-title elementor-size-default\">Ter\u00e0pia per a la inseguretat a Barcelona<\/h2>\t\t<\/div>\n\t\t\t\t<\/div>\n\t\t\t\t<div class=\"elementor-element elementor-element-0013540 elementor-widget elementor-widget-text-editor\" data-id=\"0013540\" data-element_type=\"widget\" data-widget_type=\"text-editor.default\">\n\t\t\t\t<div class=\"elementor-widget-container\">\n\t\t\t\t\t\t\t<p><span>La\u00a0<\/span><b><span>manca de seguretat\u00a0<\/span><\/b><span>en un mateix \u00e9s una de les principals conseq\u00fc\u00e8ncies de la\u00a0<\/span><b><span>timidesa\u00a0<\/span><\/b><span>, la\u00a0<\/span><b><span>por de parlar en p\u00fablic\u00a0<\/span><\/b><span>i el\u00a0<\/span><b><span>p\u00e0nic esc\u00e8nic\u00a0<\/span><\/b><span>.\u00a0Aix\u00f2 es tradueix en una\u00a0<\/span><b><span>manca de confian\u00e7a en si mateix\u00a0<\/span><\/b><span>, una inseguretat que t\u00e9 la seva relaci\u00f3 directa amb la capacitaci\u00f3 que cada persona per fer front a les diferents\u00a0<\/span><b><span>situacions personals i professionals de la vida\u00a0<\/span><\/b><span>.\u00a0Els nostres psic\u00f2legs compten amb una\u00a0<\/span><b><span>\u00e0mplia experi\u00e8ncia en la\u00a0<\/span><\/b><b><span>ter\u00e0pia per a la timidesa a Barcelona\u00a0<\/span><\/b><span>.<\/span><\/p>\t\t\t\t\t\t<\/div>\n\t\t\t\t<\/div>\n\t\t\t\t<div class=\"elementor-element elementor-element-b93b399 elementor-widget elementor-widget-heading\" data-id=\"b93b399\" data-element_type=\"widget\" data-widget_type=\"heading.default\">\n\t\t\t\t<div class=\"elementor-widget-container\">\n\t\t\t<h2 class=\"elementor-heading-title elementor-size-default\">Superar la por de parlar en p\u00fablic\n<\/h2>\t\t<\/div>\n\t\t\t\t<\/div>\n\t\t\t\t<div class=\"elementor-element elementor-element-ff8a141 elementor-widget elementor-widget-text-editor\" data-id=\"ff8a141\" data-element_type=\"widget\" data-widget_type=\"text-editor.default\">\n\t\t\t\t<div class=\"elementor-widget-container\">\n\t\t\t\t\t\t\t<p><span>La\u00a0<\/span><b><span>psicoter\u00e0pia\u00a0<\/span><\/b><span>ajuda a perdre la por de parlar en p\u00fablic i superar la por esc\u00e8nica.\u00a0El\u00a0<\/span><b><span>tractament psicol\u00f2gic de la inseguretat\u00a0<\/span><\/b><span>ajuda a\u00a0<\/span><b><span>aprendre a manejar l&#8217;ansietat\u00a0<\/span><\/b><span>, no\u00a0<\/span><b><span>ser exigent amb un mateix\u00a0<\/span><\/b><span>quan estiguem amb altres persones, posar el\u00a0<\/span><b><span>focus cap a l&#8217;exterior\u00a0<\/span><\/b><span>i oblidar-nos del\u00a0<\/span><b><span>\u201cjo no puc\u201d<\/span><\/b><span>.\u00a0La\u00a0<\/span><b><span>millor ter\u00e0pia per a la timidesa a Barcelona\u00a0<\/span><\/b><span>\u00e9s aquella que dirigeix \u200b\u200bla seva intervenci\u00f3 cap a l&#8217;arrel del problema, \u00e9s l&#8217;\u00fanica manera que el problema no es repeteixi.<\/span><\/p>\t\t\t\t\t\t<\/div>\n\t\t\t\t<\/div>\n\t\t\t\t\t<\/div>\n\t\t<\/div>\n\t\t\t\t\t\t\t<\/div>\n\t\t<\/section>\n\t\t\t\t<section class=\"elementor-section elementor-top-section elementor-element elementor-element-a59d2af elementor-section-stretched elementor-section-boxed elementor-section-height-default elementor-section-height-default\" data-id=\"a59d2af\" data-element_type=\"section\" data-settings=\"{&quot;stretch_section&quot;:&quot;section-stretched&quot;}\">\n\t\t\t\t\t\t<div class=\"elementor-container elementor-column-gap-default\">\n\t\t\t\t\t<div class=\"elementor-column elementor-col-50 elementor-top-column elementor-element elementor-element-60d5cb6d\" data-id=\"60d5cb6d\" data-element_type=\"column\">\n\t\t\t<div class=\"elementor-widget-wrap elementor-element-populated\">\n\t\t\t\t\t\t\t\t<div class=\"elementor-element elementor-element-383233a9 elementor-widget elementor-widget-image\" data-id=\"383233a9\" data-element_type=\"widget\" data-widget_type=\"image.default\">\n\t\t\t\t<div class=\"elementor-widget-container\">\n\t\t\t\t\t\t\t\t\t\t\t\t\t\t\t\t<a href=\"\/quienes-somos\/\">\n\t\t\t\t\t\t\t<img loading=\"lazy\" decoding=\"async\" width=\"1400\" height=\"500\" src=\"https:\/\/clinicaviher.com\/cat\/wp-content\/uploads\/2023\/06\/ficha-Sergi.webp\" class=\"attachment-full size-full wp-image-1728\" alt=\"ver ficha de Sergi Vilardell\" srcset=\"https:\/\/clinicaviher.com\/cat\/wp-content\/uploads\/2023\/06\/ficha-Sergi.webp 1400w, https:\/\/clinicaviher.com\/cat\/wp-content\/uploads\/2023\/06\/ficha-Sergi-300x107.webp 300w, https:\/\/clinicaviher.com\/cat\/wp-content\/uploads\/2023\/06\/ficha-Sergi-1024x366.webp 1024w, https:\/\/clinicaviher.com\/cat\/wp-content\/uploads\/2023\/06\/ficha-Sergi-768x274.webp 768w, https:\/\/clinicaviher.com\/cat\/wp-content\/uploads\/2023\/06\/ficha-Sergi-600x214.webp 600w\" sizes=\"(max-width: 1400px) 100vw, 1400px\" \/>\t\t\t\t\t\t\t\t<\/a>\n\t\t\t\t\t\t\t\t\t\t\t\t\t\t\t<\/div>\n\t\t\t\t<\/div>\n\t\t\t\t\t<\/div>\n\t\t<\/div>\n\t\t\t\t<div class=\"elementor-column elementor-col-50 elementor-top-column elementor-element elementor-element-18e09a3e\" data-id=\"18e09a3e\" data-element_type=\"column\">\n\t\t\t<div class=\"elementor-widget-wrap elementor-element-populated\">\n\t\t\t\t\t\t\t\t<div class=\"elementor-element elementor-element-2317ce75 elementor-widget elementor-widget-image\" data-id=\"2317ce75\" data-element_type=\"widget\" data-widget_type=\"image.default\">\n\t\t\t\t<div class=\"elementor-widget-container\">\n\t\t\t\t\t\t\t\t\t\t\t\t\t\t\t\t<a href=\"\/quienes-somos\/\">\n\t\t\t\t\t\t\t<img loading=\"lazy\" decoding=\"async\" width=\"1400\" height=\"500\" src=\"https:\/\/clinicaviher.com\/cat\/wp-content\/uploads\/2023\/06\/mila-ficha.webp\" class=\"attachment-full size-full wp-image-1729\" alt=\"ver ficha de Mila Herrera\" srcset=\"https:\/\/clinicaviher.com\/cat\/wp-content\/uploads\/2023\/06\/mila-ficha.webp 1400w, https:\/\/clinicaviher.com\/cat\/wp-content\/uploads\/2023\/06\/mila-ficha-300x107.webp 300w, https:\/\/clinicaviher.com\/cat\/wp-content\/uploads\/2023\/06\/mila-ficha-1024x366.webp 1024w, https:\/\/clinicaviher.com\/cat\/wp-content\/uploads\/2023\/06\/mila-ficha-768x274.webp 768w, https:\/\/clinicaviher.com\/cat\/wp-content\/uploads\/2023\/06\/mila-ficha-600x214.webp 600w\" sizes=\"(max-width: 1400px) 100vw, 1400px\" \/>\t\t\t\t\t\t\t\t<\/a>\n\t\t\t\t\t\t\t\t\t\t\t\t\t\t\t<\/div>\n\t\t\t\t<\/div>\n\t\t\t\t\t<\/div>\n\t\t<\/div>\n\t\t\t\t\t\t\t<\/div>\n\t\t<\/section>\n\t\t\t\t\t\t\t<\/div>\n\t\t","protected":false},"excerpt":{"rendered":"<p>Tractament timidesa Barcelona La\u00a0timidesa\u00a0no \u00e9s una patologia, per\u00f2 pot limitar seriosament la vida duna persona.\u00a0Algunes persones t\u00edmides condicionen la seva vida di\u00e0ria per les fortes inhibicions a qu\u00e8 es veuen sotmeses.\u00a0Unes limitacions que es manifesten especialment en les relacions socials o en contextos on la persona se sent exposada al judici dels altres, com ara &hellip;<\/p>\n<p class=\"read-more\"> <a class=\"\" href=\"https:\/\/clinicaviher.com\/cat\/timidesa-inseguretat\/\"> <span class=\"screen-reader-text\">Timidez<\/span> Leer m\u00e1s &raquo;<\/a><\/p>\n","protected":false},"author":1,"featured_media":0,"parent":0,"menu_order":0,"comment_status":"closed","ping_status":"closed","template":"elementor_header_footer","meta":{"site-sidebar-layout":"default","site-content-layout":"default","ast-global-header-display":"","ast-banner-title-visibility":"","ast-main-header-display":"","ast-hfb-above-header-display":"","ast-hfb-below-header-display":"","ast-hfb-mobile-header-display":"","site-post-title":"","ast-breadcrumbs-content":"","ast-featured-img":"","footer-sml-layout":"","theme-transparent-header-meta":"default","adv-header-id-meta":"","stick-header-meta":"default","header-above-stick-meta":"","header-main-stick-meta":"","header-below-stick-meta":"","footnotes":""},"yoast_head":"<!-- This site is optimized with the Yoast SEO plugin v24.3 - https:\/\/yoast.com\/wordpress\/plugins\/seo\/ -->\n<title>Psic\u00f2leg timidesa i inseguretat Barcelona<\/title>\n<meta name=\"description\" content=\"CL\u00cdNICA VIHER. Psic\u00f2leg timidesa Barcelona. Tractament psicol\u00f2gic per a la inseguretat i la por de parlar en p\u00fablic\" \/>\n<meta name=\"robots\" content=\"index, follow, max-snippet:-1, max-image-preview:large, max-video-preview:-1\" \/>\n<link rel=\"canonical\" href=\"https:\/\/clinicaviher.com\/cat\/timidesa-inseguretat\/\" \/>\n<meta property=\"og:locale\" content=\"es_ES\" \/>\n<meta property=\"og:type\" content=\"article\" \/>\n<meta property=\"og:title\" content=\"Psic\u00f2leg timidesa i inseguretat Barcelona\" \/>\n<meta property=\"og:description\" content=\"CL\u00cdNICA VIHER. Psic\u00f2leg timidesa Barcelona. Tractament psicol\u00f2gic per a la inseguretat i la por de parlar en p\u00fablic\" \/>\n<meta property=\"og:url\" content=\"https:\/\/clinicaviher.com\/cat\/timidesa-inseguretat\/\" \/>\n<meta property=\"og:site_name\" content=\"Cl\u00ednica Viher\" \/>\n<meta property=\"article:modified_time\" content=\"2023-07-20T14:59:02+00:00\" \/>\n<meta property=\"og:image\" content=\"https:\/\/clinicaviher.com\/cat\/wp-content\/uploads\/2023\/06\/psicologo-tratamiento-timidez-1024x848.webp\" \/>\n<meta name=\"twitter:card\" content=\"summary_large_image\" \/>\n<meta name=\"twitter:label1\" content=\"Tiempo de lectura\" \/>\n\t<meta name=\"twitter:data1\" content=\"4 minutos\" \/>\n<script type=\"application\/ld+json\" class=\"yoast-schema-graph\">{\"@context\":\"https:\/\/schema.org\",\"@graph\":[{\"@type\":\"WebPage\",\"@id\":\"https:\/\/clinicaviher.com\/cat\/timidesa-inseguretat\/\",\"url\":\"https:\/\/clinicaviher.com\/cat\/timidesa-inseguretat\/\",\"name\":\"Psic\u00f2leg timidesa i inseguretat Barcelona\",\"isPartOf\":{\"@id\":\"https:\/\/clinicaviher.com\/cat\/#website\"},\"primaryImageOfPage\":{\"@id\":\"https:\/\/clinicaviher.com\/cat\/timidesa-inseguretat\/#primaryimage\"},\"image\":{\"@id\":\"https:\/\/clinicaviher.com\/cat\/timidesa-inseguretat\/#primaryimage\"},\"thumbnailUrl\":\"https:\/\/clinicaviher.com\/cat\/wp-content\/uploads\/2023\/06\/psicologo-tratamiento-timidez-1024x848.webp\",\"datePublished\":\"2018-03-26T08:36:22+00:00\",\"dateModified\":\"2023-07-20T14:59:02+00:00\",\"description\":\"CL\u00cdNICA VIHER. Psic\u00f2leg timidesa Barcelona. Tractament psicol\u00f2gic per a la inseguretat i la por de parlar en p\u00fablic\",\"breadcrumb\":{\"@id\":\"https:\/\/clinicaviher.com\/cat\/timidesa-inseguretat\/#breadcrumb\"},\"inLanguage\":\"es\",\"potentialAction\":[{\"@type\":\"ReadAction\",\"target\":[\"https:\/\/clinicaviher.com\/cat\/timidesa-inseguretat\/\"]}]},{\"@type\":\"ImageObject\",\"inLanguage\":\"es\",\"@id\":\"https:\/\/clinicaviher.com\/cat\/timidesa-inseguretat\/#primaryimage\",\"url\":\"https:\/\/clinicaviher.com\/cat\/wp-content\/uploads\/2023\/06\/psicologo-tratamiento-timidez-1024x848.webp\",\"contentUrl\":\"https:\/\/clinicaviher.com\/cat\/wp-content\/uploads\/2023\/06\/psicologo-tratamiento-timidez-1024x848.webp\"},{\"@type\":\"BreadcrumbList\",\"@id\":\"https:\/\/clinicaviher.com\/cat\/timidesa-inseguretat\/#breadcrumb\",\"itemListElement\":[{\"@type\":\"ListItem\",\"position\":1,\"name\":\"Portada\",\"item\":\"https:\/\/clinicaviher.com\/cat\/\"},{\"@type\":\"ListItem\",\"position\":2,\"name\":\"Timidez\"}]},{\"@type\":\"WebSite\",\"@id\":\"https:\/\/clinicaviher.com\/cat\/#website\",\"url\":\"https:\/\/clinicaviher.com\/cat\/\",\"name\":\"Cl\u00ednica Viher\",\"description\":\"Si buscas un psic\u00f3logo en Barcelona, contamos con algunos de los mejores profesionales en psicolog\u00eda, psicoterapia y psicoan\u00e1lisis\",\"publisher\":{\"@id\":\"https:\/\/clinicaviher.com\/cat\/#organization\"},\"potentialAction\":[{\"@type\":\"SearchAction\",\"target\":{\"@type\":\"EntryPoint\",\"urlTemplate\":\"https:\/\/clinicaviher.com\/cat\/?s={search_term_string}\"},\"query-input\":{\"@type\":\"PropertyValueSpecification\",\"valueRequired\":true,\"valueName\":\"search_term_string\"}}],\"inLanguage\":\"es\"},{\"@type\":\"Organization\",\"@id\":\"https:\/\/clinicaviher.com\/cat\/#organization\",\"name\":\"Cl\u00ednica Viher\",\"url\":\"https:\/\/clinicaviher.com\/cat\/\",\"logo\":{\"@type\":\"ImageObject\",\"inLanguage\":\"es\",\"@id\":\"https:\/\/clinicaviher.com\/cat\/#\/schema\/logo\/image\/\",\"url\":\"https:\/\/clinicaviher.com\/cat\/wp-content\/uploads\/2019\/02\/logoviher-new-web.png\",\"contentUrl\":\"https:\/\/clinicaviher.com\/cat\/wp-content\/uploads\/2019\/02\/logoviher-new-web.png\",\"width\":240,\"height\":52,\"caption\":\"Cl\u00ednica Viher\"},\"image\":{\"@id\":\"https:\/\/clinicaviher.com\/cat\/#\/schema\/logo\/image\/\"}}]}<\/script>\n<!-- \/ Yoast SEO plugin. -->","yoast_head_json":{"title":"Psic\u00f2leg timidesa i inseguretat Barcelona","description":"CL\u00cdNICA VIHER. Psic\u00f2leg timidesa Barcelona. Tractament psicol\u00f2gic per a la inseguretat i la por de parlar en p\u00fablic","robots":{"index":"index","follow":"follow","max-snippet":"max-snippet:-1","max-image-preview":"max-image-preview:large","max-video-preview":"max-video-preview:-1"},"canonical":"https:\/\/clinicaviher.com\/cat\/timidesa-inseguretat\/","og_locale":"es_ES","og_type":"article","og_title":"Psic\u00f2leg timidesa i inseguretat Barcelona","og_description":"CL\u00cdNICA VIHER. Psic\u00f2leg timidesa Barcelona. Tractament psicol\u00f2gic per a la inseguretat i la por de parlar en p\u00fablic","og_url":"https:\/\/clinicaviher.com\/cat\/timidesa-inseguretat\/","og_site_name":"Cl\u00ednica Viher","article_modified_time":"2023-07-20T14:59:02+00:00","og_image":[{"url":"https:\/\/clinicaviher.com\/cat\/wp-content\/uploads\/2023\/06\/psicologo-tratamiento-timidez-1024x848.webp","type":"","width":"","height":""}],"twitter_card":"summary_large_image","twitter_misc":{"Tiempo de lectura":"4 minutos"},"schema":{"@context":"https:\/\/schema.org","@graph":[{"@type":"WebPage","@id":"https:\/\/clinicaviher.com\/cat\/timidesa-inseguretat\/","url":"https:\/\/clinicaviher.com\/cat\/timidesa-inseguretat\/","name":"Psic\u00f2leg timidesa i inseguretat Barcelona","isPartOf":{"@id":"https:\/\/clinicaviher.com\/cat\/#website"},"primaryImageOfPage":{"@id":"https:\/\/clinicaviher.com\/cat\/timidesa-inseguretat\/#primaryimage"},"image":{"@id":"https:\/\/clinicaviher.com\/cat\/timidesa-inseguretat\/#primaryimage"},"thumbnailUrl":"https:\/\/clinicaviher.com\/cat\/wp-content\/uploads\/2023\/06\/psicologo-tratamiento-timidez-1024x848.webp","datePublished":"2018-03-26T08:36:22+00:00","dateModified":"2023-07-20T14:59:02+00:00","description":"CL\u00cdNICA VIHER. Psic\u00f2leg timidesa Barcelona. Tractament psicol\u00f2gic per a la inseguretat i la por de parlar en p\u00fablic","breadcrumb":{"@id":"https:\/\/clinicaviher.com\/cat\/timidesa-inseguretat\/#breadcrumb"},"inLanguage":"es","potentialAction":[{"@type":"ReadAction","target":["https:\/\/clinicaviher.com\/cat\/timidesa-inseguretat\/"]}]},{"@type":"ImageObject","inLanguage":"es","@id":"https:\/\/clinicaviher.com\/cat\/timidesa-inseguretat\/#primaryimage","url":"https:\/\/clinicaviher.com\/cat\/wp-content\/uploads\/2023\/06\/psicologo-tratamiento-timidez-1024x848.webp","contentUrl":"https:\/\/clinicaviher.com\/cat\/wp-content\/uploads\/2023\/06\/psicologo-tratamiento-timidez-1024x848.webp"},{"@type":"BreadcrumbList","@id":"https:\/\/clinicaviher.com\/cat\/timidesa-inseguretat\/#breadcrumb","itemListElement":[{"@type":"ListItem","position":1,"name":"Portada","item":"https:\/\/clinicaviher.com\/cat\/"},{"@type":"ListItem","position":2,"name":"Timidez"}]},{"@type":"WebSite","@id":"https:\/\/clinicaviher.com\/cat\/#website","url":"https:\/\/clinicaviher.com\/cat\/","name":"Cl\u00ednica Viher","description":"Si buscas un psic\u00f3logo en Barcelona, contamos con algunos de los mejores profesionales en psicolog\u00eda, psicoterapia y psicoan\u00e1lisis","publisher":{"@id":"https:\/\/clinicaviher.com\/cat\/#organization"},"potentialAction":[{"@type":"SearchAction","target":{"@type":"EntryPoint","urlTemplate":"https:\/\/clinicaviher.com\/cat\/?s={search_term_string}"},"query-input":{"@type":"PropertyValueSpecification","valueRequired":true,"valueName":"search_term_string"}}],"inLanguage":"es"},{"@type":"Organization","@id":"https:\/\/clinicaviher.com\/cat\/#organization","name":"Cl\u00ednica Viher","url":"https:\/\/clinicaviher.com\/cat\/","logo":{"@type":"ImageObject","inLanguage":"es","@id":"https:\/\/clinicaviher.com\/cat\/#\/schema\/logo\/image\/","url":"https:\/\/clinicaviher.com\/cat\/wp-content\/uploads\/2019\/02\/logoviher-new-web.png","contentUrl":"https:\/\/clinicaviher.com\/cat\/wp-content\/uploads\/2019\/02\/logoviher-new-web.png","width":240,"height":52,"caption":"Cl\u00ednica Viher"},"image":{"@id":"https:\/\/clinicaviher.com\/cat\/#\/schema\/logo\/image\/"}}]}},"_links":{"self":[{"href":"https:\/\/clinicaviher.com\/cat\/wp-json\/wp\/v2\/pages\/47"}],"collection":[{"href":"https:\/\/clinicaviher.com\/cat\/wp-json\/wp\/v2\/pages"}],"about":[{"href":"https:\/\/clinicaviher.com\/cat\/wp-json\/wp\/v2\/types\/page"}],"author":[{"embeddable":true,"href":"https:\/\/clinicaviher.com\/cat\/wp-json\/wp\/v2\/users\/1"}],"replies":[{"embeddable":true,"href":"https:\/\/clinicaviher.com\/cat\/wp-json\/wp\/v2\/comments?post=47"}],"version-history":[{"count":21,"href":"https:\/\/clinicaviher.com\/cat\/wp-json\/wp\/v2\/pages\/47\/revisions"}],"predecessor-version":[{"id":2460,"href":"https:\/\/clinicaviher.com\/cat\/wp-json\/wp\/v2\/pages\/47\/revisions\/2460"}],"wp:attachment":[{"href":"https:\/\/clinicaviher.com\/cat\/wp-json\/wp\/v2\/media?parent=47"}],"curies":[{"name":"wp","href":"https:\/\/api.w.org\/{rel}","templated":true}]}}