{"id":55,"date":"2018-03-26T09:01:03","date_gmt":"2018-03-26T09:01:03","guid":{"rendered":"http:\/\/clinicaviher.com\/?page_id=55"},"modified":"2023-07-27T10:52:17","modified_gmt":"2023-07-27T08:52:17","slug":"trastorns-ansiosos","status":"publish","type":"page","link":"https:\/\/clinicaviher.com\/cat\/trastorns-ansiosos\/","title":{"rendered":"Trastorns ansiosos"},"content":{"rendered":"\t\t<div data-elementor-type=\"wp-page\" data-elementor-id=\"55\" class=\"elementor elementor-55\">\n\t\t\t\t\t\t\t\t\t<section class=\"elementor-section elementor-top-section elementor-element elementor-element-639d5662 elementor-section-stretched elementor-section-boxed elementor-section-height-default elementor-section-height-default\" data-id=\"639d5662\" data-element_type=\"section\" data-settings=\"{&quot;stretch_section&quot;:&quot;section-stretched&quot;,&quot;background_background&quot;:&quot;classic&quot;}\">\n\t\t\t\t\t\t<div class=\"elementor-container elementor-column-gap-default\">\n\t\t\t\t\t<div class=\"elementor-column elementor-col-100 elementor-top-column elementor-element elementor-element-40253372\" data-id=\"40253372\" data-element_type=\"column\">\n\t\t\t<div class=\"elementor-widget-wrap elementor-element-populated\">\n\t\t\t\t\t\t\t\t<div class=\"elementor-element elementor-element-3be229ec elementor-widget elementor-widget-heading\" data-id=\"3be229ec\" data-element_type=\"widget\" data-widget_type=\"heading.default\">\n\t\t\t\t<div class=\"elementor-widget-container\">\n\t\t\t<style>\/*! elementor - v3.13.3 - 28-05-2023 *\/\n.elementor-heading-title{padding:0;margin:0;line-height:1}.elementor-widget-heading .elementor-heading-title[class*=elementor-size-]>a{color:inherit;font-size:inherit;line-height:inherit}.elementor-widget-heading .elementor-heading-title.elementor-size-small{font-size:15px}.elementor-widget-heading .elementor-heading-title.elementor-size-medium{font-size:19px}.elementor-widget-heading .elementor-heading-title.elementor-size-large{font-size:29px}.elementor-widget-heading .elementor-heading-title.elementor-size-xl{font-size:39px}.elementor-widget-heading .elementor-heading-title.elementor-size-xxl{font-size:59px}<\/style><h1 class=\"elementor-heading-title elementor-size-default\">Psic\u00f2leg ansietat Barcelona\n<\/h1>\t\t<\/div>\n\t\t\t\t<\/div>\n\t\t\t\t\t<\/div>\n\t\t<\/div>\n\t\t\t\t\t\t\t<\/div>\n\t\t<\/section>\n\t\t\t\t<section class=\"elementor-section elementor-top-section elementor-element elementor-element-6d5a51b1 elementor-section-boxed elementor-section-height-default elementor-section-height-default\" data-id=\"6d5a51b1\" data-element_type=\"section\">\n\t\t\t\t\t\t<div class=\"elementor-container elementor-column-gap-default\">\n\t\t\t\t\t<div class=\"elementor-column elementor-col-100 elementor-top-column elementor-element elementor-element-76175179\" data-id=\"76175179\" data-element_type=\"column\">\n\t\t\t<div class=\"elementor-widget-wrap elementor-element-populated\">\n\t\t\t\t\t\t\t\t<div class=\"elementor-element elementor-element-47c60064 elementor-widget elementor-widget-text-editor\" data-id=\"47c60064\" data-element_type=\"widget\" data-widget_type=\"text-editor.default\">\n\t\t\t\t<div class=\"elementor-widget-container\">\n\t\t\t<style>\/*! elementor - v3.13.3 - 28-05-2023 *\/\n.elementor-widget-text-editor.elementor-drop-cap-view-stacked .elementor-drop-cap{background-color:#69727d;color:#fff}.elementor-widget-text-editor.elementor-drop-cap-view-framed .elementor-drop-cap{color:#69727d;border:3px solid;background-color:transparent}.elementor-widget-text-editor:not(.elementor-drop-cap-view-default) .elementor-drop-cap{margin-top:8px}.elementor-widget-text-editor:not(.elementor-drop-cap-view-default) .elementor-drop-cap-letter{width:1em;height:1em}.elementor-widget-text-editor .elementor-drop-cap{float:left;text-align:center;line-height:1;font-size:50px}.elementor-widget-text-editor .elementor-drop-cap-letter{display:inline-block}<\/style>\t\t\t\t<p><span>L&#8217;\u00a0<\/span><strong><span>ansietat<\/span><\/strong><span>\u00a0\u00e9s un\u00a0<\/span><strong><span>Trastorn Obsessiu Compulsiu (TOC)<\/span><\/strong><span>\u00a0.\u00a0Aquelles persones que pateixen ansietat generalitzada tenen problemes per desenvolupar una vida plena amb tota normalitat.\u00a0L&#8217;\u00a0<\/span><strong><span>estat ansi\u00f3s<\/span><\/strong><span>\u00a0genera un\u00a0<\/span><strong><span>estr\u00e8s<\/span><\/strong><span>\u00a0que t\u00e9 les conseq\u00fc\u00e8ncies en la vida personal i professional de les persones que pateixen per aquest motiu.\u00a0Per superar aquesta problem\u00e0tica, la millor opci\u00f3 \u00e9s confiar en l&#8217;experi\u00e8ncia i la professionalitat dels nostres psic\u00f2legs a\u00a0<\/span><strong><span>Cl\u00ednica Viher<\/span><\/strong><span>\u00a0.\u00a0Som un referent en el\u00a0<\/span><strong><span>tractament psicol\u00f2gic per a la tristesa<\/span><\/strong><span>\u00a0i\u00a0<\/span><strong><span>ter\u00e0pia per a l&#8217;ansietat<\/span><\/strong><span>\u00a0.<\/span>L&#8217;\u00a0<strong>ansietat<\/strong>\u00a0\u00e9s un\u00a0<strong>Trastorn Obsessiu Compulsiu (TOC)<\/strong>\u00a0.\u00a0Aquelles persones que pateixen ansietat generalitzada tenen problemes per desenvolupar una vida plena amb tota normalitat.\u00a0L&#8217;\u00a0<strong>estat ansi\u00f3s<\/strong>\u00a0genera un\u00a0<strong>estr\u00e8s<\/strong>\u00a0que t\u00e9 les conseq\u00fc\u00e8ncies en la vida personal i professional de les persones que pateixen per aquest motiu.\u00a0Per superar aquesta problem\u00e0tica, la millor opci\u00f3 \u00e9s confiar en l&#8217;experi\u00e8ncia i la professionalitat dels nostres psic\u00f2legs a\u00a0<strong>Cl\u00ednica Viher<\/strong>\u00a0.\u00a0Som un referent en el\u00a0<strong>tractament psicol\u00f2gic per a la tristesa<\/strong>\u00a0i\u00a0<strong>ter\u00e0pia per a l&#8217;ansietat<\/strong>\u00a0.<\/p>\t\t\t\t\t\t<\/div>\n\t\t\t\t<\/div>\n\t\t\t\t<section class=\"elementor-section elementor-inner-section elementor-element elementor-element-59d3fe46 elementor-section-content-middle elementor-section-boxed elementor-section-height-default elementor-section-height-default\" data-id=\"59d3fe46\" data-element_type=\"section\">\n\t\t\t\t\t\t<div class=\"elementor-container elementor-column-gap-default\">\n\t\t\t\t\t<div class=\"elementor-column elementor-col-50 elementor-inner-column elementor-element elementor-element-7e2b6f1d\" data-id=\"7e2b6f1d\" data-element_type=\"column\">\n\t\t\t<div class=\"elementor-widget-wrap elementor-element-populated\">\n\t\t\t\t\t\t\t\t<div class=\"elementor-element elementor-element-52901b74 elementor-widget elementor-widget-heading\" data-id=\"52901b74\" data-element_type=\"widget\" data-widget_type=\"heading.default\">\n\t\t\t\t<div class=\"elementor-widget-container\">\n\t\t\t<h2 class=\"elementor-heading-title elementor-size-default\">S\u00edmptomes dels trastorns ansiosos\n<\/h2>\t\t<\/div>\n\t\t\t\t<\/div>\n\t\t\t\t<div class=\"elementor-element elementor-element-893e170 elementor-widget elementor-widget-text-editor\" data-id=\"893e170\" data-element_type=\"widget\" data-widget_type=\"text-editor.default\">\n\t\t\t\t<div class=\"elementor-widget-container\">\n\t\t\t\t\t\t\t<p><span>El\u00a0<\/span><strong><span>tractament psicol\u00f2gic per a la tristesa<\/span><\/strong><span>\u00a0aplicat per un\u00a0<\/span><strong><span>psic\u00f2leg especialista en ansietat<\/span><\/strong><span>\u00a0es pot desenvolupar amb la m\u00e0xima garantia d&#8217;\u00e8xit al final del proc\u00e9s a la nostra cl\u00ednica de l&#8217;ansietat a\u00a0<\/span><strong><span>Barcelona<\/span><\/strong><span>\u00a0.\u00a0Alguns dels\u00a0<\/span><strong><span>s\u00edmptomes m\u00e9s freq\u00fcents<\/span><\/strong><span>\u00a0s\u00f3n sensaci\u00f3 de nerviosisme, agitaci\u00f3 o tensi\u00f3, estr\u00e8s, sentiment de perill proper, p\u00e0nic o fatalitat, respiraci\u00f3 r\u00e0pida (hiperventilaci\u00f3), augment en la freq\u00fc\u00e8ncia card\u00edaca, sudoraci\u00f3, debilitat o cansament, tremolors, problemes per concentrar-se o pensar en una altra cosa que no sigui la preocupaci\u00f3 actual, problemes gastrointestinals, problemes per dormir, problemes per controlar la preocupaci\u00f3 i necessitat evitar coses que provoquen ansietat.<\/span><\/p><p><span>L&#8217;ansietat es pot desenvolupar en diferents tipologies:<\/span><\/p>\t\t\t\t\t\t<\/div>\n\t\t\t\t<\/div>\n\t\t\t\t\t<\/div>\n\t\t<\/div>\n\t\t\t\t<div class=\"elementor-column elementor-col-50 elementor-inner-column elementor-element elementor-element-6f14a04f\" data-id=\"6f14a04f\" data-element_type=\"column\">\n\t\t\t<div class=\"elementor-widget-wrap elementor-element-populated\">\n\t\t\t\t\t\t\t\t<div class=\"elementor-element elementor-element-791a6603 elementor-widget elementor-widget-image\" data-id=\"791a6603\" data-element_type=\"widget\" data-widget_type=\"image.default\">\n\t\t\t\t<div class=\"elementor-widget-container\">\n\t\t\t<style>\/*! elementor - v3.13.3 - 28-05-2023 *\/\n.elementor-widget-image{text-align:center}.elementor-widget-image a{display:inline-block}.elementor-widget-image a img[src$=\".svg\"]{width:48px}.elementor-widget-image img{vertical-align:middle;display:inline-block}<\/style>\t\t\t\t\t\t\t\t\t\t\t\t<img loading=\"lazy\" decoding=\"async\" width=\"1024\" height=\"982\" src=\"https:\/\/clinicaviher.com\/cat\/wp-content\/uploads\/2023\/06\/psicologos-ansiedad-1024x982.webp\" class=\"attachment-large size-large wp-image-1865\" alt=\"psic\u00f3logos ansiedad Barcelona\" srcset=\"https:\/\/clinicaviher.com\/cat\/wp-content\/uploads\/2023\/06\/psicologos-ansiedad-1024x982.webp 1024w, https:\/\/clinicaviher.com\/cat\/wp-content\/uploads\/2023\/06\/psicologos-ansiedad-300x288.webp 300w, https:\/\/clinicaviher.com\/cat\/wp-content\/uploads\/2023\/06\/psicologos-ansiedad-768x736.webp 768w, https:\/\/clinicaviher.com\/cat\/wp-content\/uploads\/2023\/06\/psicologos-ansiedad-600x575.webp 600w, https:\/\/clinicaviher.com\/cat\/wp-content\/uploads\/2023\/06\/psicologos-ansiedad.webp 1038w\" sizes=\"(max-width: 1024px) 100vw, 1024px\" \/>\t\t\t\t\t\t\t\t\t\t\t\t\t\t\t<\/div>\n\t\t\t\t<\/div>\n\t\t\t\t\t<\/div>\n\t\t<\/div>\n\t\t\t\t\t\t\t<\/div>\n\t\t<\/section>\n\t\t\t\t\t<\/div>\n\t\t<\/div>\n\t\t\t\t\t\t\t<\/div>\n\t\t<\/section>\n\t\t\t\t<section class=\"elementor-section elementor-top-section elementor-element elementor-element-72723457 elementor-section-stretched elementor-section-boxed elementor-section-height-default elementor-section-height-default\" data-id=\"72723457\" data-element_type=\"section\" data-settings=\"{&quot;stretch_section&quot;:&quot;section-stretched&quot;,&quot;background_background&quot;:&quot;classic&quot;}\">\n\t\t\t\t\t\t<div class=\"elementor-container elementor-column-gap-default\">\n\t\t\t\t\t<div class=\"elementor-column elementor-col-100 elementor-top-column elementor-element elementor-element-2d70b7e\" data-id=\"2d70b7e\" data-element_type=\"column\">\n\t\t\t<div class=\"elementor-widget-wrap elementor-element-populated\">\n\t\t\t\t\t\t\t\t<section class=\"elementor-section elementor-inner-section elementor-element elementor-element-7b3321d elementor-section-boxed elementor-section-height-default elementor-section-height-default\" data-id=\"7b3321d\" data-element_type=\"section\">\n\t\t\t\t\t\t<div class=\"elementor-container elementor-column-gap-default\">\n\t\t\t\t\t<div class=\"elementor-column elementor-col-50 elementor-inner-column elementor-element elementor-element-bbe3724\" data-id=\"bbe3724\" data-element_type=\"column\">\n\t\t\t<div class=\"elementor-widget-wrap elementor-element-populated\">\n\t\t\t\t\t\t\t\t<div class=\"elementor-element elementor-element-66c04c3 elementor-widget elementor-widget-heading\" data-id=\"66c04c3\" data-element_type=\"widget\" data-widget_type=\"heading.default\">\n\t\t\t\t<div class=\"elementor-widget-container\">\n\t\t\t<h2 class=\"elementor-heading-title elementor-size-default\">1.<\/h2>\t\t<\/div>\n\t\t\t\t<\/div>\n\t\t\t\t\t<\/div>\n\t\t<\/div>\n\t\t\t\t<div class=\"elementor-column elementor-col-50 elementor-inner-column elementor-element elementor-element-6c2a73a\" data-id=\"6c2a73a\" data-element_type=\"column\">\n\t\t\t<div class=\"elementor-widget-wrap elementor-element-populated\">\n\t\t\t\t\t\t\t\t<div class=\"elementor-element elementor-element-7b154684 elementor-widget elementor-widget-text-editor\" data-id=\"7b154684\" data-element_type=\"widget\" data-widget_type=\"text-editor.default\">\n\t\t\t\t<div class=\"elementor-widget-container\">\n\t\t\t\t\t\t\t<p><strong>Trastorns de p\u00e0nic<\/strong>\u00a0: en aquesta casu\u00edstica els s\u00edmptomes del p\u00e0nic s\u00f3n m\u00e9s aguts i pot causar problemes psicol\u00f2gics o f\u00edsics, caracter\u00edstica que els diferencia dels estats d&#8217;ansietat generalitzada.<\/p>\t\t\t\t\t\t<\/div>\n\t\t\t\t<\/div>\n\t\t\t\t\t<\/div>\n\t\t<\/div>\n\t\t\t\t\t\t\t<\/div>\n\t\t<\/section>\n\t\t\t\t<section class=\"elementor-section elementor-inner-section elementor-element elementor-element-3dc77a1 elementor-section-boxed elementor-section-height-default elementor-section-height-default\" data-id=\"3dc77a1\" data-element_type=\"section\">\n\t\t\t\t\t\t<div class=\"elementor-container elementor-column-gap-default\">\n\t\t\t\t\t<div class=\"elementor-column elementor-col-50 elementor-inner-column elementor-element elementor-element-b43ea5f\" data-id=\"b43ea5f\" data-element_type=\"column\">\n\t\t\t<div class=\"elementor-widget-wrap elementor-element-populated\">\n\t\t\t\t\t\t\t\t<div class=\"elementor-element elementor-element-3d638b6 elementor-widget elementor-widget-heading\" data-id=\"3d638b6\" data-element_type=\"widget\" data-widget_type=\"heading.default\">\n\t\t\t\t<div class=\"elementor-widget-container\">\n\t\t\t<h2 class=\"elementor-heading-title elementor-size-default\">2.<\/h2>\t\t<\/div>\n\t\t\t\t<\/div>\n\t\t\t\t\t<\/div>\n\t\t<\/div>\n\t\t\t\t<div class=\"elementor-column elementor-col-50 elementor-inner-column elementor-element elementor-element-24dab15\" data-id=\"24dab15\" data-element_type=\"column\">\n\t\t\t<div class=\"elementor-widget-wrap elementor-element-populated\">\n\t\t\t\t\t\t\t\t<div class=\"elementor-element elementor-element-1151d21 elementor-widget elementor-widget-text-editor\" data-id=\"1151d21\" data-element_type=\"widget\" data-widget_type=\"text-editor.default\">\n\t\t\t\t<div class=\"elementor-widget-container\">\n\t\t\t\t\t\t\t<p><strong><span>F\u00f2bies<\/span><\/strong><span>\u00a0: es produeixen quan la por apareix en una situaci\u00f3, un objecte o una activitat determinada que produeix p\u00e0nic sobre qui la pateix.<\/span><\/p>\t\t\t\t\t\t<\/div>\n\t\t\t\t<\/div>\n\t\t\t\t\t<\/div>\n\t\t<\/div>\n\t\t\t\t\t\t\t<\/div>\n\t\t<\/section>\n\t\t\t\t<section class=\"elementor-section elementor-inner-section elementor-element elementor-element-9ca0665 elementor-section-boxed elementor-section-height-default elementor-section-height-default\" data-id=\"9ca0665\" data-element_type=\"section\">\n\t\t\t\t\t\t<div class=\"elementor-container elementor-column-gap-default\">\n\t\t\t\t\t<div class=\"elementor-column elementor-col-50 elementor-inner-column elementor-element elementor-element-9ebf37c\" data-id=\"9ebf37c\" data-element_type=\"column\">\n\t\t\t<div class=\"elementor-widget-wrap elementor-element-populated\">\n\t\t\t\t\t\t\t\t<div class=\"elementor-element elementor-element-d0f5f3a elementor-widget elementor-widget-heading\" data-id=\"d0f5f3a\" data-element_type=\"widget\" data-widget_type=\"heading.default\">\n\t\t\t\t<div class=\"elementor-widget-container\">\n\t\t\t<h2 class=\"elementor-heading-title elementor-size-default\">3.<\/h2>\t\t<\/div>\n\t\t\t\t<\/div>\n\t\t\t\t\t<\/div>\n\t\t<\/div>\n\t\t\t\t<div class=\"elementor-column elementor-col-50 elementor-inner-column elementor-element elementor-element-04c8d09\" data-id=\"04c8d09\" data-element_type=\"column\">\n\t\t\t<div class=\"elementor-widget-wrap elementor-element-populated\">\n\t\t\t\t\t\t\t\t<div class=\"elementor-element elementor-element-ddcec81 elementor-widget elementor-widget-text-editor\" data-id=\"ddcec81\" data-element_type=\"widget\" data-widget_type=\"text-editor.default\">\n\t\t\t\t<div class=\"elementor-widget-container\">\n\t\t\t\t\t\t\t<p><strong>Trastorn obsessiu-compulsiu<\/strong>\u00a0: tenen lloc a trav\u00e9s de pensaments o idees que es donen repetitivament amb ansietat tenint una incid\u00e8ncia en la nostra personalitat i comportament.<\/p>\t\t\t\t\t\t<\/div>\n\t\t\t\t<\/div>\n\t\t\t\t\t<\/div>\n\t\t<\/div>\n\t\t\t\t\t\t\t<\/div>\n\t\t<\/section>\n\t\t\t\t<section class=\"elementor-section elementor-inner-section elementor-element elementor-element-8c95640 elementor-section-boxed elementor-section-height-default elementor-section-height-default\" data-id=\"8c95640\" data-element_type=\"section\">\n\t\t\t\t\t\t<div class=\"elementor-container elementor-column-gap-default\">\n\t\t\t\t\t<div class=\"elementor-column elementor-col-50 elementor-inner-column elementor-element elementor-element-ee2f7dd\" data-id=\"ee2f7dd\" data-element_type=\"column\">\n\t\t\t<div class=\"elementor-widget-wrap elementor-element-populated\">\n\t\t\t\t\t\t\t\t<div class=\"elementor-element elementor-element-f0e2732 elementor-widget elementor-widget-heading\" data-id=\"f0e2732\" data-element_type=\"widget\" data-widget_type=\"heading.default\">\n\t\t\t\t<div class=\"elementor-widget-container\">\n\t\t\t<h2 class=\"elementor-heading-title elementor-size-default\">4.<\/h2>\t\t<\/div>\n\t\t\t\t<\/div>\n\t\t\t\t\t<\/div>\n\t\t<\/div>\n\t\t\t\t<div class=\"elementor-column elementor-col-50 elementor-inner-column elementor-element elementor-element-1f3b900\" data-id=\"1f3b900\" data-element_type=\"column\">\n\t\t\t<div class=\"elementor-widget-wrap elementor-element-populated\">\n\t\t\t\t\t\t\t\t<div class=\"elementor-element elementor-element-1ace1fe elementor-widget elementor-widget-text-editor\" data-id=\"1ace1fe\" data-element_type=\"widget\" data-widget_type=\"text-editor.default\">\n\t\t\t\t<div class=\"elementor-widget-container\">\n\t\t\t\t\t\t\t<p><strong><span><span class=\"VIpgJd-yAWNEb-VIpgJd-fmcmS-sn54Q\">Estr\u00e8s posttraum\u00e0tic<\/span><\/span><\/strong><span><span class=\"VIpgJd-yAWNEb-VIpgJd-fmcmS-sn54Q\">\u00a0: viure alguna situaci\u00f3 traum\u00e0tica a la inf\u00e0ncia que es troba reprimida \u00e9s la causa d&#8217;aquest tipus d&#8217;ansietat.<\/span><\/span><\/p>\t\t\t\t\t\t<\/div>\n\t\t\t\t<\/div>\n\t\t\t\t\t<\/div>\n\t\t<\/div>\n\t\t\t\t\t\t\t<\/div>\n\t\t<\/section>\n\t\t\t\t\t<\/div>\n\t\t<\/div>\n\t\t\t\t\t\t\t<\/div>\n\t\t<\/section>\n\t\t\t\t<section class=\"elementor-section elementor-top-section elementor-element elementor-element-d2e49b9 elementor-section-boxed elementor-section-height-default elementor-section-height-default\" data-id=\"d2e49b9\" data-element_type=\"section\">\n\t\t\t\t\t\t<div class=\"elementor-container elementor-column-gap-default\">\n\t\t\t\t\t<div class=\"elementor-column elementor-col-100 elementor-top-column elementor-element elementor-element-670288b2\" data-id=\"670288b2\" data-element_type=\"column\">\n\t\t\t<div class=\"elementor-widget-wrap elementor-element-populated\">\n\t\t\t\t\t\t\t\t<div class=\"elementor-element elementor-element-3640b8c7 elementor-widget elementor-widget-heading\" data-id=\"3640b8c7\" data-element_type=\"widget\" data-widget_type=\"heading.default\">\n\t\t\t\t<div class=\"elementor-widget-container\">\n\t\t\t<h2 class=\"elementor-heading-title elementor-size-default\">Crisi d'ansietat<\/h2>\t\t<\/div>\n\t\t\t\t<\/div>\n\t\t\t\t<div class=\"elementor-element elementor-element-4cef1436 elementor-widget elementor-widget-text-editor\" data-id=\"4cef1436\" data-element_type=\"widget\" data-widget_type=\"text-editor.default\">\n\t\t\t\t<div class=\"elementor-widget-container\">\n\t\t\t\t\t\t\t<p><span><span class=\"\">Entre les reaccions d&#8217;ansietat m\u00e9s freq\u00fcents i intenses es troben els&nbsp;<\/span><\/span><strong><span><span class=\"\">atacs de p\u00e0nic<\/span><\/span><\/strong><span><span class=\"\">&nbsp;.&nbsp;<\/span>Aquestes&nbsp;<\/span><strong><span>f\u00f2bies<\/span><\/strong><span>&nbsp;tenen caracter\u00edstiques que solen ser comunes a la majoria dels pacients.&nbsp;Entre elles destaquen tenir una&nbsp;<\/span><strong><span>por o un malestar excessiu<\/span><\/strong><span>&nbsp;que arriba al cl\u00edmax en pocs minuts;&nbsp;patir&nbsp;<\/span><strong><span>s\u00edmptomes<\/span><\/strong><span>&nbsp;com palpitacions, elevaci\u00f3 de la freq\u00fc\u00e8ncia card\u00edaca, tremolors, sudoraci\u00f3, sensaci\u00f3 de falta d&#8217;al\u00e8, calfreds i sufocacions, inestabilitat i mareig o por de perdre el control;&nbsp;i es distingeixen d&#8217;altres atac d&#8217;ansietat per ser&nbsp;<\/span><strong><span>imprevisibles<\/span><\/strong><span>&nbsp;, els&nbsp;<\/span><strong><span>s\u00edmptomes d&#8217;aquestes f\u00f2bies varien en cada cas<\/span><\/strong><span>&nbsp;i per a un&nbsp;<\/span><strong><span>diagn\u00f2stic definitiu&nbsp;<\/span><\/strong><span>s&#8217;han de produir diversos atacs d&#8217;ansietat.<\/span><\/p>\t\t\t\t\t\t<\/div>\n\t\t\t\t<\/div>\n\t\t\t\t<div class=\"elementor-element elementor-element-23d5e00d elementor-widget elementor-widget-heading\" data-id=\"23d5e00d\" data-element_type=\"widget\" data-widget_type=\"heading.default\">\n\t\t\t\t<div class=\"elementor-widget-container\">\n\t\t\t<h2 class=\"elementor-heading-title elementor-size-default\">Ter\u00e0pies per a l'ansietat i els trastorns ansiosos<\/h2>\t\t<\/div>\n\t\t\t\t<\/div>\n\t\t\t\t<section class=\"elementor-section elementor-inner-section elementor-element elementor-element-7352197a elementor-section-content-middle elementor-section-boxed elementor-section-height-default elementor-section-height-default\" data-id=\"7352197a\" data-element_type=\"section\">\n\t\t\t\t\t\t<div class=\"elementor-container elementor-column-gap-default\">\n\t\t\t\t\t<div class=\"elementor-column elementor-col-100 elementor-inner-column elementor-element elementor-element-6f7b9a2a\" data-id=\"6f7b9a2a\" data-element_type=\"column\">\n\t\t\t<div class=\"elementor-widget-wrap elementor-element-populated\">\n\t\t\t\t\t\t\t\t<div class=\"elementor-element elementor-element-1544ce70 elementor-widget elementor-widget-text-editor\" data-id=\"1544ce70\" data-element_type=\"widget\" data-widget_type=\"text-editor.default\">\n\t\t\t\t<div class=\"elementor-widget-container\">\n\t\t\t\t\t\t\t<p><span>Ara que ja coneix tot all\u00f2 que\u00a0<\/span><strong><span>el nostre psic\u00f2leg d&#8217;ansietat<\/span><\/strong><span>\u00a0pot fer per aquelles persones que pateixen un Trastorn Obsessiu Compulsiu (TOC) a trav\u00e9s del\u00a0<\/span><strong><span>diagn\u00f2stic i la ter\u00e0pia per a l&#8217;ansietat m\u00e9s avan\u00e7ada<\/span><\/strong><span>\u00a0nom\u00e9s cal informar-se i posar-se en contacte amb nosaltres.\u00a0El psic\u00f2leg especialista en ansietat de Cl\u00ednica Viher estar\u00e0 encantat de poder ajudar-vos aplicant els millors tractaments per a l&#8217;ansietat.<\/span><\/p>\t\t\t\t\t\t<\/div>\n\t\t\t\t<\/div>\n\t\t\t\t\t<\/div>\n\t\t<\/div>\n\t\t\t\t\t\t\t<\/div>\n\t\t<\/section>\n\t\t\t\t\t<\/div>\n\t\t<\/div>\n\t\t\t\t\t\t\t<\/div>\n\t\t<\/section>\n\t\t\t\t<section class=\"elementor-section elementor-top-section elementor-element elementor-element-316edbba elementor-section-stretched elementor-section-boxed elementor-section-height-default elementor-section-height-default\" data-id=\"316edbba\" data-element_type=\"section\" data-settings=\"{&quot;stretch_section&quot;:&quot;section-stretched&quot;}\">\n\t\t\t\t\t\t<div class=\"elementor-container elementor-column-gap-default\">\n\t\t\t\t\t<div class=\"elementor-column elementor-col-50 elementor-top-column elementor-element elementor-element-5439b79d\" data-id=\"5439b79d\" data-element_type=\"column\">\n\t\t\t<div class=\"elementor-widget-wrap elementor-element-populated\">\n\t\t\t\t\t\t\t\t<div class=\"elementor-element elementor-element-640fbd13 elementor-widget elementor-widget-image\" data-id=\"640fbd13\" data-element_type=\"widget\" data-widget_type=\"image.default\">\n\t\t\t\t<div class=\"elementor-widget-container\">\n\t\t\t\t\t\t\t\t\t\t\t\t\t\t\t\t<a href=\"\/quienes-somos\/\">\n\t\t\t\t\t\t\t<img loading=\"lazy\" decoding=\"async\" width=\"1400\" height=\"500\" src=\"https:\/\/clinicaviher.com\/cat\/wp-content\/uploads\/2023\/06\/ficha-Sergi.webp\" class=\"attachment-full size-full wp-image-1728\" alt=\"ver ficha de Sergi Vilardell\" srcset=\"https:\/\/clinicaviher.com\/cat\/wp-content\/uploads\/2023\/06\/ficha-Sergi.webp 1400w, https:\/\/clinicaviher.com\/cat\/wp-content\/uploads\/2023\/06\/ficha-Sergi-300x107.webp 300w, https:\/\/clinicaviher.com\/cat\/wp-content\/uploads\/2023\/06\/ficha-Sergi-1024x366.webp 1024w, https:\/\/clinicaviher.com\/cat\/wp-content\/uploads\/2023\/06\/ficha-Sergi-768x274.webp 768w, https:\/\/clinicaviher.com\/cat\/wp-content\/uploads\/2023\/06\/ficha-Sergi-600x214.webp 600w\" sizes=\"(max-width: 1400px) 100vw, 1400px\" \/>\t\t\t\t\t\t\t\t<\/a>\n\t\t\t\t\t\t\t\t\t\t\t\t\t\t\t<\/div>\n\t\t\t\t<\/div>\n\t\t\t\t\t<\/div>\n\t\t<\/div>\n\t\t\t\t<div class=\"elementor-column elementor-col-50 elementor-top-column elementor-element elementor-element-72347335\" data-id=\"72347335\" data-element_type=\"column\">\n\t\t\t<div class=\"elementor-widget-wrap elementor-element-populated\">\n\t\t\t\t\t\t\t\t<div class=\"elementor-element elementor-element-3815695f elementor-widget elementor-widget-image\" data-id=\"3815695f\" data-element_type=\"widget\" data-widget_type=\"image.default\">\n\t\t\t\t<div class=\"elementor-widget-container\">\n\t\t\t\t\t\t\t\t\t\t\t\t\t\t\t\t<a href=\"\/quienes-somos\/\">\n\t\t\t\t\t\t\t<img loading=\"lazy\" decoding=\"async\" width=\"1400\" height=\"500\" src=\"https:\/\/clinicaviher.com\/cat\/wp-content\/uploads\/2023\/06\/mila-ficha.webp\" class=\"attachment-full size-full wp-image-1729\" alt=\"ver ficha de Mila Herrera\" srcset=\"https:\/\/clinicaviher.com\/cat\/wp-content\/uploads\/2023\/06\/mila-ficha.webp 1400w, https:\/\/clinicaviher.com\/cat\/wp-content\/uploads\/2023\/06\/mila-ficha-300x107.webp 300w, https:\/\/clinicaviher.com\/cat\/wp-content\/uploads\/2023\/06\/mila-ficha-1024x366.webp 1024w, https:\/\/clinicaviher.com\/cat\/wp-content\/uploads\/2023\/06\/mila-ficha-768x274.webp 768w, https:\/\/clinicaviher.com\/cat\/wp-content\/uploads\/2023\/06\/mila-ficha-600x214.webp 600w\" sizes=\"(max-width: 1400px) 100vw, 1400px\" \/>\t\t\t\t\t\t\t\t<\/a>\n\t\t\t\t\t\t\t\t\t\t\t\t\t\t\t<\/div>\n\t\t\t\t<\/div>\n\t\t\t\t\t<\/div>\n\t\t<\/div>\n\t\t\t\t\t\t\t<\/div>\n\t\t<\/section>\n\t\t\t\t\t\t\t<\/div>\n\t\t","protected":false},"excerpt":{"rendered":"<p>Psic\u00f2leg ansietat Barcelona L&#8217;\u00a0ansietat\u00a0\u00e9s un\u00a0Trastorn Obsessiu Compulsiu (TOC)\u00a0.\u00a0Aquelles persones que pateixen ansietat generalitzada tenen problemes per desenvolupar una vida plena amb tota normalitat.\u00a0L&#8217;\u00a0estat ansi\u00f3s\u00a0genera un\u00a0estr\u00e8s\u00a0que t\u00e9 les conseq\u00fc\u00e8ncies en la vida personal i professional de les persones que pateixen per aquest motiu.\u00a0Per superar aquesta problem\u00e0tica, la millor opci\u00f3 \u00e9s confiar en l&#8217;experi\u00e8ncia i la professionalitat &hellip;<\/p>\n<p class=\"read-more\"> <a class=\"\" href=\"https:\/\/clinicaviher.com\/cat\/trastorns-ansiosos\/\"> <span class=\"screen-reader-text\">Trastorns ansiosos<\/span> Leer m\u00e1s &raquo;<\/a><\/p>\n","protected":false},"author":1,"featured_media":0,"parent":0,"menu_order":0,"comment_status":"closed","ping_status":"closed","template":"elementor_header_footer","meta":{"site-sidebar-layout":"default","site-content-layout":"default","ast-global-header-display":"","ast-banner-title-visibility":"","ast-main-header-display":"","ast-hfb-above-header-display":"","ast-hfb-below-header-display":"","ast-hfb-mobile-header-display":"","site-post-title":"","ast-breadcrumbs-content":"","ast-featured-img":"","footer-sml-layout":"","theme-transparent-header-meta":"default","adv-header-id-meta":"","stick-header-meta":"default","header-above-stick-meta":"","header-main-stick-meta":"","header-below-stick-meta":"","footnotes":""},"yoast_head":"<!-- This site is optimized with the Yoast SEO plugin v24.3 - https:\/\/yoast.com\/wordpress\/plugins\/seo\/ -->\n<title>Ter\u00e0pia ansietat Barcelona. Psic\u00f2legs ansietat Barcelona<\/title>\n<meta name=\"description\" content=\"CL\u00cdNICA VIHER. Cl\u00ednica de psic\u00f2legs experts en ansietat de Barcelona. Tractament de tot tipus de trastorns ansiosos\" \/>\n<meta name=\"robots\" content=\"index, follow, max-snippet:-1, max-image-preview:large, max-video-preview:-1\" \/>\n<link rel=\"canonical\" href=\"https:\/\/clinicaviher.com\/cat\/trastorns-ansiosos\/\" \/>\n<meta property=\"og:locale\" content=\"es_ES\" \/>\n<meta property=\"og:type\" content=\"article\" \/>\n<meta property=\"og:title\" content=\"Ter\u00e0pia ansietat Barcelona. Psic\u00f2legs ansietat Barcelona\" \/>\n<meta property=\"og:description\" content=\"CL\u00cdNICA VIHER. Cl\u00ednica de psic\u00f2legs experts en ansietat de Barcelona. Tractament de tot tipus de trastorns ansiosos\" \/>\n<meta property=\"og:url\" content=\"https:\/\/clinicaviher.com\/cat\/trastorns-ansiosos\/\" \/>\n<meta property=\"og:site_name\" content=\"Cl\u00ednica Viher\" \/>\n<meta property=\"article:modified_time\" content=\"2023-07-27T08:52:17+00:00\" \/>\n<meta property=\"og:image\" content=\"https:\/\/clinicaviher.com\/cat\/wp-content\/uploads\/2023\/06\/psicologos-ansiedad-1024x982.webp\" \/>\n<meta name=\"twitter:card\" content=\"summary_large_image\" \/>\n<meta name=\"twitter:label1\" content=\"Tiempo de lectura\" \/>\n\t<meta name=\"twitter:data1\" content=\"4 minutos\" \/>\n<script type=\"application\/ld+json\" class=\"yoast-schema-graph\">{\"@context\":\"https:\/\/schema.org\",\"@graph\":[{\"@type\":\"WebPage\",\"@id\":\"https:\/\/clinicaviher.com\/cat\/trastorns-ansiosos\/\",\"url\":\"https:\/\/clinicaviher.com\/cat\/trastorns-ansiosos\/\",\"name\":\"Ter\u00e0pia ansietat Barcelona. Psic\u00f2legs ansietat Barcelona\",\"isPartOf\":{\"@id\":\"https:\/\/clinicaviher.com\/cat\/#website\"},\"primaryImageOfPage\":{\"@id\":\"https:\/\/clinicaviher.com\/cat\/trastorns-ansiosos\/#primaryimage\"},\"image\":{\"@id\":\"https:\/\/clinicaviher.com\/cat\/trastorns-ansiosos\/#primaryimage\"},\"thumbnailUrl\":\"https:\/\/clinicaviher.com\/cat\/wp-content\/uploads\/2023\/06\/psicologos-ansiedad-1024x982.webp\",\"datePublished\":\"2018-03-26T09:01:03+00:00\",\"dateModified\":\"2023-07-27T08:52:17+00:00\",\"description\":\"CL\u00cdNICA VIHER. Cl\u00ednica de psic\u00f2legs experts en ansietat de Barcelona. Tractament de tot tipus de trastorns ansiosos\",\"breadcrumb\":{\"@id\":\"https:\/\/clinicaviher.com\/cat\/trastorns-ansiosos\/#breadcrumb\"},\"inLanguage\":\"es\",\"potentialAction\":[{\"@type\":\"ReadAction\",\"target\":[\"https:\/\/clinicaviher.com\/cat\/trastorns-ansiosos\/\"]}]},{\"@type\":\"ImageObject\",\"inLanguage\":\"es\",\"@id\":\"https:\/\/clinicaviher.com\/cat\/trastorns-ansiosos\/#primaryimage\",\"url\":\"https:\/\/clinicaviher.com\/cat\/wp-content\/uploads\/2023\/06\/psicologos-ansiedad-1024x982.webp\",\"contentUrl\":\"https:\/\/clinicaviher.com\/cat\/wp-content\/uploads\/2023\/06\/psicologos-ansiedad-1024x982.webp\"},{\"@type\":\"BreadcrumbList\",\"@id\":\"https:\/\/clinicaviher.com\/cat\/trastorns-ansiosos\/#breadcrumb\",\"itemListElement\":[{\"@type\":\"ListItem\",\"position\":1,\"name\":\"Portada\",\"item\":\"https:\/\/clinicaviher.com\/cat\/\"},{\"@type\":\"ListItem\",\"position\":2,\"name\":\"Trastorns ansiosos\"}]},{\"@type\":\"WebSite\",\"@id\":\"https:\/\/clinicaviher.com\/cat\/#website\",\"url\":\"https:\/\/clinicaviher.com\/cat\/\",\"name\":\"Cl\u00ednica Viher\",\"description\":\"Si buscas un psic\u00f3logo en Barcelona, contamos con algunos de los mejores profesionales en psicolog\u00eda, psicoterapia y psicoan\u00e1lisis\",\"publisher\":{\"@id\":\"https:\/\/clinicaviher.com\/cat\/#organization\"},\"potentialAction\":[{\"@type\":\"SearchAction\",\"target\":{\"@type\":\"EntryPoint\",\"urlTemplate\":\"https:\/\/clinicaviher.com\/cat\/?s={search_term_string}\"},\"query-input\":{\"@type\":\"PropertyValueSpecification\",\"valueRequired\":true,\"valueName\":\"search_term_string\"}}],\"inLanguage\":\"es\"},{\"@type\":\"Organization\",\"@id\":\"https:\/\/clinicaviher.com\/cat\/#organization\",\"name\":\"Cl\u00ednica Viher\",\"url\":\"https:\/\/clinicaviher.com\/cat\/\",\"logo\":{\"@type\":\"ImageObject\",\"inLanguage\":\"es\",\"@id\":\"https:\/\/clinicaviher.com\/cat\/#\/schema\/logo\/image\/\",\"url\":\"https:\/\/clinicaviher.com\/cat\/wp-content\/uploads\/2019\/02\/logoviher-new-web.png\",\"contentUrl\":\"https:\/\/clinicaviher.com\/cat\/wp-content\/uploads\/2019\/02\/logoviher-new-web.png\",\"width\":240,\"height\":52,\"caption\":\"Cl\u00ednica Viher\"},\"image\":{\"@id\":\"https:\/\/clinicaviher.com\/cat\/#\/schema\/logo\/image\/\"}}]}<\/script>\n<!-- \/ Yoast SEO plugin. -->","yoast_head_json":{"title":"Ter\u00e0pia ansietat Barcelona. Psic\u00f2legs ansietat Barcelona","description":"CL\u00cdNICA VIHER. Cl\u00ednica de psic\u00f2legs experts en ansietat de Barcelona. Tractament de tot tipus de trastorns ansiosos","robots":{"index":"index","follow":"follow","max-snippet":"max-snippet:-1","max-image-preview":"max-image-preview:large","max-video-preview":"max-video-preview:-1"},"canonical":"https:\/\/clinicaviher.com\/cat\/trastorns-ansiosos\/","og_locale":"es_ES","og_type":"article","og_title":"Ter\u00e0pia ansietat Barcelona. Psic\u00f2legs ansietat Barcelona","og_description":"CL\u00cdNICA VIHER. Cl\u00ednica de psic\u00f2legs experts en ansietat de Barcelona. Tractament de tot tipus de trastorns ansiosos","og_url":"https:\/\/clinicaviher.com\/cat\/trastorns-ansiosos\/","og_site_name":"Cl\u00ednica Viher","article_modified_time":"2023-07-27T08:52:17+00:00","og_image":[{"url":"https:\/\/clinicaviher.com\/cat\/wp-content\/uploads\/2023\/06\/psicologos-ansiedad-1024x982.webp","type":"","width":"","height":""}],"twitter_card":"summary_large_image","twitter_misc":{"Tiempo de lectura":"4 minutos"},"schema":{"@context":"https:\/\/schema.org","@graph":[{"@type":"WebPage","@id":"https:\/\/clinicaviher.com\/cat\/trastorns-ansiosos\/","url":"https:\/\/clinicaviher.com\/cat\/trastorns-ansiosos\/","name":"Ter\u00e0pia ansietat Barcelona. Psic\u00f2legs ansietat Barcelona","isPartOf":{"@id":"https:\/\/clinicaviher.com\/cat\/#website"},"primaryImageOfPage":{"@id":"https:\/\/clinicaviher.com\/cat\/trastorns-ansiosos\/#primaryimage"},"image":{"@id":"https:\/\/clinicaviher.com\/cat\/trastorns-ansiosos\/#primaryimage"},"thumbnailUrl":"https:\/\/clinicaviher.com\/cat\/wp-content\/uploads\/2023\/06\/psicologos-ansiedad-1024x982.webp","datePublished":"2018-03-26T09:01:03+00:00","dateModified":"2023-07-27T08:52:17+00:00","description":"CL\u00cdNICA VIHER. Cl\u00ednica de psic\u00f2legs experts en ansietat de Barcelona. Tractament de tot tipus de trastorns ansiosos","breadcrumb":{"@id":"https:\/\/clinicaviher.com\/cat\/trastorns-ansiosos\/#breadcrumb"},"inLanguage":"es","potentialAction":[{"@type":"ReadAction","target":["https:\/\/clinicaviher.com\/cat\/trastorns-ansiosos\/"]}]},{"@type":"ImageObject","inLanguage":"es","@id":"https:\/\/clinicaviher.com\/cat\/trastorns-ansiosos\/#primaryimage","url":"https:\/\/clinicaviher.com\/cat\/wp-content\/uploads\/2023\/06\/psicologos-ansiedad-1024x982.webp","contentUrl":"https:\/\/clinicaviher.com\/cat\/wp-content\/uploads\/2023\/06\/psicologos-ansiedad-1024x982.webp"},{"@type":"BreadcrumbList","@id":"https:\/\/clinicaviher.com\/cat\/trastorns-ansiosos\/#breadcrumb","itemListElement":[{"@type":"ListItem","position":1,"name":"Portada","item":"https:\/\/clinicaviher.com\/cat\/"},{"@type":"ListItem","position":2,"name":"Trastorns ansiosos"}]},{"@type":"WebSite","@id":"https:\/\/clinicaviher.com\/cat\/#website","url":"https:\/\/clinicaviher.com\/cat\/","name":"Cl\u00ednica Viher","description":"Si buscas un psic\u00f3logo en Barcelona, contamos con algunos de los mejores profesionales en psicolog\u00eda, psicoterapia y psicoan\u00e1lisis","publisher":{"@id":"https:\/\/clinicaviher.com\/cat\/#organization"},"potentialAction":[{"@type":"SearchAction","target":{"@type":"EntryPoint","urlTemplate":"https:\/\/clinicaviher.com\/cat\/?s={search_term_string}"},"query-input":{"@type":"PropertyValueSpecification","valueRequired":true,"valueName":"search_term_string"}}],"inLanguage":"es"},{"@type":"Organization","@id":"https:\/\/clinicaviher.com\/cat\/#organization","name":"Cl\u00ednica Viher","url":"https:\/\/clinicaviher.com\/cat\/","logo":{"@type":"ImageObject","inLanguage":"es","@id":"https:\/\/clinicaviher.com\/cat\/#\/schema\/logo\/image\/","url":"https:\/\/clinicaviher.com\/cat\/wp-content\/uploads\/2019\/02\/logoviher-new-web.png","contentUrl":"https:\/\/clinicaviher.com\/cat\/wp-content\/uploads\/2019\/02\/logoviher-new-web.png","width":240,"height":52,"caption":"Cl\u00ednica Viher"},"image":{"@id":"https:\/\/clinicaviher.com\/cat\/#\/schema\/logo\/image\/"}}]}},"_links":{"self":[{"href":"https:\/\/clinicaviher.com\/cat\/wp-json\/wp\/v2\/pages\/55"}],"collection":[{"href":"https:\/\/clinicaviher.com\/cat\/wp-json\/wp\/v2\/pages"}],"about":[{"href":"https:\/\/clinicaviher.com\/cat\/wp-json\/wp\/v2\/types\/page"}],"author":[{"embeddable":true,"href":"https:\/\/clinicaviher.com\/cat\/wp-json\/wp\/v2\/users\/1"}],"replies":[{"embeddable":true,"href":"https:\/\/clinicaviher.com\/cat\/wp-json\/wp\/v2\/comments?post=55"}],"version-history":[{"count":24,"href":"https:\/\/clinicaviher.com\/cat\/wp-json\/wp\/v2\/pages\/55\/revisions"}],"predecessor-version":[{"id":2501,"href":"https:\/\/clinicaviher.com\/cat\/wp-json\/wp\/v2\/pages\/55\/revisions\/2501"}],"wp:attachment":[{"href":"https:\/\/clinicaviher.com\/cat\/wp-json\/wp\/v2\/media?parent=55"}],"curies":[{"name":"wp","href":"https:\/\/api.w.org\/{rel}","templated":true}]}}