{"id":57,"date":"2018-03-26T09:05:11","date_gmt":"2018-03-26T09:05:11","guid":{"rendered":"http:\/\/clinicaviher.com\/?page_id=57"},"modified":"2023-07-20T16:57:35","modified_gmt":"2023-07-20T14:57:35","slug":"estres","status":"publish","type":"page","link":"https:\/\/clinicaviher.com\/cat\/estres\/","title":{"rendered":"Estr\u00e9s"},"content":{"rendered":"\t\t<div data-elementor-type=\"wp-page\" data-elementor-id=\"57\" class=\"elementor elementor-57\">\n\t\t\t\t\t\t\t\t\t<section class=\"elementor-section elementor-top-section elementor-element elementor-element-6c433c2f elementor-section-stretched elementor-section-boxed elementor-section-height-default elementor-section-height-default\" data-id=\"6c433c2f\" data-element_type=\"section\" data-settings=\"{&quot;stretch_section&quot;:&quot;section-stretched&quot;,&quot;background_background&quot;:&quot;classic&quot;}\">\n\t\t\t\t\t\t<div class=\"elementor-container elementor-column-gap-default\">\n\t\t\t\t\t<div class=\"elementor-column elementor-col-100 elementor-top-column elementor-element elementor-element-18e1b816\" data-id=\"18e1b816\" data-element_type=\"column\">\n\t\t\t<div class=\"elementor-widget-wrap elementor-element-populated\">\n\t\t\t\t\t\t\t\t<div class=\"elementor-element elementor-element-7d54a3c5 elementor-widget elementor-widget-heading\" data-id=\"7d54a3c5\" data-element_type=\"widget\" data-widget_type=\"heading.default\">\n\t\t\t\t<div class=\"elementor-widget-container\">\n\t\t\t<style>\/*! elementor - v3.13.3 - 28-05-2023 *\/\n.elementor-heading-title{padding:0;margin:0;line-height:1}.elementor-widget-heading .elementor-heading-title[class*=elementor-size-]>a{color:inherit;font-size:inherit;line-height:inherit}.elementor-widget-heading .elementor-heading-title.elementor-size-small{font-size:15px}.elementor-widget-heading .elementor-heading-title.elementor-size-medium{font-size:19px}.elementor-widget-heading .elementor-heading-title.elementor-size-large{font-size:29px}.elementor-widget-heading .elementor-heading-title.elementor-size-xl{font-size:39px}.elementor-widget-heading .elementor-heading-title.elementor-size-xxl{font-size:59px}<\/style><h1 class=\"elementor-heading-title elementor-size-default\">Per qu\u00e8 tinc estr\u00e8s? Origen del problema<\/h1>\t\t<\/div>\n\t\t\t\t<\/div>\n\t\t\t\t\t<\/div>\n\t\t<\/div>\n\t\t\t\t\t\t\t<\/div>\n\t\t<\/section>\n\t\t\t\t<section class=\"elementor-section elementor-top-section elementor-element elementor-element-7b243c7d elementor-section-boxed elementor-section-height-default elementor-section-height-default\" data-id=\"7b243c7d\" data-element_type=\"section\">\n\t\t\t\t\t\t<div class=\"elementor-container elementor-column-gap-default\">\n\t\t\t\t\t<div class=\"elementor-column elementor-col-100 elementor-top-column elementor-element elementor-element-1d44a647\" data-id=\"1d44a647\" data-element_type=\"column\">\n\t\t\t<div class=\"elementor-widget-wrap elementor-element-populated\">\n\t\t\t\t\t\t\t\t<div class=\"elementor-element elementor-element-48e545c3 elementor-widget elementor-widget-text-editor\" data-id=\"48e545c3\" data-element_type=\"widget\" data-widget_type=\"text-editor.default\">\n\t\t\t\t<div class=\"elementor-widget-container\">\n\t\t\t<style>\/*! elementor - v3.13.3 - 28-05-2023 *\/\n.elementor-widget-text-editor.elementor-drop-cap-view-stacked .elementor-drop-cap{background-color:#69727d;color:#fff}.elementor-widget-text-editor.elementor-drop-cap-view-framed .elementor-drop-cap{color:#69727d;border:3px solid;background-color:transparent}.elementor-widget-text-editor:not(.elementor-drop-cap-view-default) .elementor-drop-cap{margin-top:8px}.elementor-widget-text-editor:not(.elementor-drop-cap-view-default) .elementor-drop-cap-letter{width:1em;height:1em}.elementor-widget-text-editor .elementor-drop-cap{float:left;text-align:center;line-height:1;font-size:50px}.elementor-widget-text-editor .elementor-drop-cap-letter{display:inline-block}<\/style>\t\t\t\t<p><span>L&#8217;\u00a0<\/span><b><span>estr\u00e8s\u00a0<\/span><\/b><span>pot derivar tant d&#8217;\u00e0mbits personals com de contextos professionals.\u00a0<\/span><b><span>La prevenci\u00f3 i el tractament psicol\u00f2gic de l&#8217;estr\u00e8s\u00a0<\/span><\/b><span>permeten que la persona pugui viure sense tant de malestar.\u00a0Cada vegada m\u00e9s persones acudeixen a\u00a0<\/span><b><span>Cl\u00ednica Viher\u00a0<\/span><\/b><span>a la recerca d&#8217;ajuda psicol\u00f2gica per tractar el seu problema d&#8217;\u00a0<\/span><b><span>estr\u00e8s\u00a0<\/span><\/b><span>.\u00a0<\/span><b><span>El millor psic\u00f2leg de Barcelona\u00a0<\/span><\/b><span>\u00a0per tractar els problemes d&#8217;\u00a0<\/span><b><span>estr\u00e8s\u00a0<\/span><\/b><span>\u00e9s aquell que aplica un tractament enfocat al s\u00edmptoma ansi\u00f3s i alhora a la causa que el desencadena.\u00a0Els nostres\u00a0<\/span><b><span>psic\u00f2legs d&#8217;estr\u00e8s\u00a0<\/span><\/b><span>estan avalats per una \u00e0mplia experi\u00e8ncia professional en\u00a0<\/span><b><span>problemes d&#8217;estr\u00e8s i d&#8217;ansietat.<\/span><\/b><\/p>\t\t\t\t\t\t<\/div>\n\t\t\t\t<\/div>\n\t\t\t\t<section class=\"elementor-section elementor-inner-section elementor-element elementor-element-aefe4a elementor-section-content-middle elementor-section-boxed elementor-section-height-default elementor-section-height-default\" data-id=\"aefe4a\" data-element_type=\"section\">\n\t\t\t\t\t\t<div class=\"elementor-container elementor-column-gap-default\">\n\t\t\t\t\t<div class=\"elementor-column elementor-col-50 elementor-inner-column elementor-element elementor-element-1e8a2e90\" data-id=\"1e8a2e90\" data-element_type=\"column\">\n\t\t\t<div class=\"elementor-widget-wrap elementor-element-populated\">\n\t\t\t\t\t\t\t\t<div class=\"elementor-element elementor-element-25cbb964 elementor-widget elementor-widget-heading\" data-id=\"25cbb964\" data-element_type=\"widget\" data-widget_type=\"heading.default\">\n\t\t\t\t<div class=\"elementor-widget-container\">\n\t\t\t<h2 class=\"elementor-heading-title elementor-size-default\">Ter\u00e0pia per a l'estr\u00e8s: un psic\u00f2leg a Barcelona<\/h2>\t\t<\/div>\n\t\t\t\t<\/div>\n\t\t\t\t<div class=\"elementor-element elementor-element-78c7d449 elementor-widget elementor-widget-text-editor\" data-id=\"78c7d449\" data-element_type=\"widget\" data-widget_type=\"text-editor.default\">\n\t\t\t\t<div class=\"elementor-widget-container\">\n\t\t\t\t\t\t\t<p><span>L&#8217;\u00a0<\/span><b><span>estr\u00e8s\u00a0<\/span><\/b><span>apareix principalment en persones adultes, encara que aquest\u00a0<\/span><b><span>trastorn de l&#8217;ansietat\u00a0<\/span><\/b><span>es pot donar tamb\u00e9 en nens i adolescents.\u00a0S\u00f3n diversos els efectes que pot tenir l&#8217;\u00a0<\/span><b><span>estr\u00e8s\u00a0<\/span><\/b><span>sobre les persones que en pateixen.\u00a0Per exemple, ansietat, depressi\u00f3, alteracions del son i l&#8217;alimentaci\u00f3, aparici\u00f3 de problemes de mem\u00f2ria, dificultats en el sistema respiratori, tensi\u00f3 muscular, freq\u00fc\u00e8ncia card\u00edaca i tensi\u00f3 arterial elevades, problemes de reflux esof\u00e0gic i \u00falceres a l&#8217;aparell digestiu, manca de motivaci\u00f3 i irritabilitat i problemes sexuals com a disfunci\u00f3 er\u00e8ctil i irregularitats en el cicle menstrual.<\/span><\/p>\t\t\t\t\t\t<\/div>\n\t\t\t\t<\/div>\n\t\t\t\t\t<\/div>\n\t\t<\/div>\n\t\t\t\t<div class=\"elementor-column elementor-col-50 elementor-inner-column elementor-element elementor-element-32ede3ac\" data-id=\"32ede3ac\" data-element_type=\"column\">\n\t\t\t<div class=\"elementor-widget-wrap elementor-element-populated\">\n\t\t\t\t\t\t\t\t<div class=\"elementor-element elementor-element-60ffeded elementor-widget elementor-widget-image\" data-id=\"60ffeded\" data-element_type=\"widget\" data-widget_type=\"image.default\">\n\t\t\t\t<div class=\"elementor-widget-container\">\n\t\t\t<style>\/*! elementor - v3.13.3 - 28-05-2023 *\/\n.elementor-widget-image{text-align:center}.elementor-widget-image a{display:inline-block}.elementor-widget-image a img[src$=\".svg\"]{width:48px}.elementor-widget-image img{vertical-align:middle;display:inline-block}<\/style>\t\t\t\t\t\t\t\t\t\t\t\t<img loading=\"lazy\" decoding=\"async\" width=\"1024\" height=\"757\" src=\"https:\/\/clinicaviher.com\/cat\/wp-content\/uploads\/2023\/06\/tratamiento-para-estres-1024x757.webp\" class=\"attachment-large size-large wp-image-1985\" alt=\"Tratamiento para el estres\" srcset=\"https:\/\/clinicaviher.com\/cat\/wp-content\/uploads\/2023\/06\/tratamiento-para-estres-1024x757.webp 1024w, https:\/\/clinicaviher.com\/cat\/wp-content\/uploads\/2023\/06\/tratamiento-para-estres-300x222.webp 300w, https:\/\/clinicaviher.com\/cat\/wp-content\/uploads\/2023\/06\/tratamiento-para-estres-768x568.webp 768w, https:\/\/clinicaviher.com\/cat\/wp-content\/uploads\/2023\/06\/tratamiento-para-estres-600x444.webp 600w, https:\/\/clinicaviher.com\/cat\/wp-content\/uploads\/2023\/06\/tratamiento-para-estres.webp 1029w\" sizes=\"(max-width: 1024px) 100vw, 1024px\" \/>\t\t\t\t\t\t\t\t\t\t\t\t\t\t\t<\/div>\n\t\t\t\t<\/div>\n\t\t\t\t\t<\/div>\n\t\t<\/div>\n\t\t\t\t\t\t\t<\/div>\n\t\t<\/section>\n\t\t\t\t\t<\/div>\n\t\t<\/div>\n\t\t\t\t\t\t\t<\/div>\n\t\t<\/section>\n\t\t\t\t<section class=\"elementor-section elementor-top-section elementor-element elementor-element-56c905e3 elementor-section-stretched elementor-section-boxed elementor-section-height-default elementor-section-height-default\" data-id=\"56c905e3\" data-element_type=\"section\" data-settings=\"{&quot;stretch_section&quot;:&quot;section-stretched&quot;,&quot;background_background&quot;:&quot;classic&quot;}\">\n\t\t\t\t\t\t<div class=\"elementor-container elementor-column-gap-default\">\n\t\t\t\t\t<div class=\"elementor-column elementor-col-100 elementor-top-column elementor-element elementor-element-25fa976b\" data-id=\"25fa976b\" data-element_type=\"column\">\n\t\t\t<div class=\"elementor-widget-wrap elementor-element-populated\">\n\t\t\t\t\t\t\t\t<div class=\"elementor-element elementor-element-77300fa3 elementor-widget elementor-widget-heading\" data-id=\"77300fa3\" data-element_type=\"widget\" data-widget_type=\"heading.default\">\n\t\t\t\t<div class=\"elementor-widget-container\">\n\t\t\t<h2 class=\"elementor-heading-title elementor-size-default\">Tractaments psicol\u00f2gics de gesti\u00f3 de l'estr\u00e8s<\/h2>\t\t<\/div>\n\t\t\t\t<\/div>\n\t\t\t\t<div class=\"elementor-element elementor-element-5e5be143 elementor-widget elementor-widget-text-editor\" data-id=\"5e5be143\" data-element_type=\"widget\" data-widget_type=\"text-editor.default\">\n\t\t\t\t<div class=\"elementor-widget-container\">\n\t\t\t\t\t\t\t<p><span>\u00c9s important triar b\u00e9 el tipus d&#8217;\u00a0<\/span><b><span>ajuda psicol\u00f2gica per a l&#8217;estr\u00e8s\u00a0<\/span><\/b><span>, es tracta d&#8217;un problema ansi\u00f3s ha de ser tractat per un\u00a0<\/span><b><span>psic\u00f2leg d&#8217;estr\u00e8s professional\u00a0<\/span><\/b><span>.\u00a0Algunes persones prefereixen un tractament amb medicaments, com ara els ansiol\u00edtics, abans que un tractament psicol\u00f2gic.\u00a0Altres vegades caldr\u00e0 la ter\u00e0pia combinada de medicaci\u00f3 i psicoter\u00e0pia.\u00a0I en altres casos, n&#8217;hi haur\u00e0 prou amb psicoter\u00e0pia \u00fanicament.\u00a0Els nostres professionals aplicaran de la manera m\u00e9s efectiva el\u00a0<\/span><b><span>tractament psicol\u00f2gic de l&#8217;estr\u00e8s\u00a0<\/span><\/b><span>que requereixi cada pacient en funci\u00f3 de les seves necessitats i caracter\u00edstiques personals, per tal que la persona amb\u00a0<\/span><b><span>estr\u00e8s\u00a0<\/span><\/b><span>pugui dur una vida tan satisfact\u00f2ria com sigui possible.<\/span><\/p>\t\t\t\t\t\t<\/div>\n\t\t\t\t<\/div>\n\t\t\t\t\t<\/div>\n\t\t<\/div>\n\t\t\t\t\t\t\t<\/div>\n\t\t<\/section>\n\t\t\t\t<section class=\"elementor-section elementor-top-section elementor-element elementor-element-41f24187 elementor-section-boxed elementor-section-height-default elementor-section-height-default\" data-id=\"41f24187\" data-element_type=\"section\">\n\t\t\t\t\t\t<div class=\"elementor-container elementor-column-gap-default\">\n\t\t\t\t\t<div class=\"elementor-column elementor-col-100 elementor-top-column elementor-element elementor-element-65dd2c32\" data-id=\"65dd2c32\" data-element_type=\"column\">\n\t\t\t<div class=\"elementor-widget-wrap elementor-element-populated\">\n\t\t\t\t\t\t\t\t<div class=\"elementor-element elementor-element-1c35e2af elementor-widget elementor-widget-heading\" data-id=\"1c35e2af\" data-element_type=\"widget\" data-widget_type=\"heading.default\">\n\t\t\t\t<div class=\"elementor-widget-container\">\n\t\t\t<h2 class=\"elementor-heading-title elementor-size-default\">Un psic\u00f2leg especialista en estr\u00e8s a Barcelona<\/h2>\t\t<\/div>\n\t\t\t\t<\/div>\n\t\t\t\t<div class=\"elementor-element elementor-element-77b8f076 elementor-widget elementor-widget-text-editor\" data-id=\"77b8f076\" data-element_type=\"widget\" data-widget_type=\"text-editor.default\">\n\t\t\t\t<div class=\"elementor-widget-container\">\n\t\t\t\t\t\t\t<div class=\"kc-elm kc-css-3751822 kc_text_block\"><p><span>Algunes persones creuen err\u00f2niament que disminuir l&#8217;\u00a0<\/span><b><span>estr\u00e8s\u00a0<\/span><\/b><span>suposa una p\u00e8rdua de productivitat.\u00a0L&#8217;experi\u00e8ncia ens ensenya que res m\u00e9s lluny de la realitat, ja que l&#8217;estr\u00e8s a certs nivells no \u00e9s \u201cproductiu\u201d.\u00a0Quan una persona no pot parar, est\u00e0 assumint el risc que sigui el cos qui li aturi.\u00a0Alguns s\u00edmptomes o trastorns org\u00e0nics estan causats o incrementats per l&#8217;\u00a0<\/span><b><span>estr\u00e8s\u00a0<\/span><\/b><span>.\u00a0L&#8217;\u00a0<\/span><b><span>estr\u00e8s\u00a0<\/span><\/b><span>t\u00e9 a veure amb l&#8217;exc\u00e9s, amb la manca de regulaci\u00f3.\u00a0Hi ha vegades que per motius externs es fa dif\u00edcil trobar un punt de regulaci\u00f3, \u00e9s aleshores quan \u00e9s m\u00e9s necessari consultar amb un\u00a0<\/span><b><span>psic\u00f2leg especialista en estr\u00e8s<\/span><\/b><span>.<\/span><\/p><\/div>\t\t\t\t\t\t<\/div>\n\t\t\t\t<\/div>\n\t\t\t\t\t<\/div>\n\t\t<\/div>\n\t\t\t\t\t\t\t<\/div>\n\t\t<\/section>\n\t\t\t\t<section class=\"elementor-section elementor-top-section elementor-element elementor-element-5385f155 elementor-section-stretched elementor-section-boxed elementor-section-height-default elementor-section-height-default\" data-id=\"5385f155\" data-element_type=\"section\" data-settings=\"{&quot;stretch_section&quot;:&quot;section-stretched&quot;}\">\n\t\t\t\t\t\t<div class=\"elementor-container elementor-column-gap-default\">\n\t\t\t\t\t<div class=\"elementor-column elementor-col-50 elementor-top-column elementor-element elementor-element-24cc82a0\" data-id=\"24cc82a0\" data-element_type=\"column\">\n\t\t\t<div class=\"elementor-widget-wrap elementor-element-populated\">\n\t\t\t\t\t\t\t\t<div class=\"elementor-element elementor-element-76473057 elementor-widget elementor-widget-image\" data-id=\"76473057\" data-element_type=\"widget\" data-widget_type=\"image.default\">\n\t\t\t\t<div class=\"elementor-widget-container\">\n\t\t\t\t\t\t\t\t\t\t\t\t\t\t\t\t<a href=\"\/quienes-somos\/\">\n\t\t\t\t\t\t\t<img loading=\"lazy\" decoding=\"async\" width=\"1400\" height=\"500\" src=\"https:\/\/clinicaviher.com\/cat\/wp-content\/uploads\/2023\/06\/ficha-Sergi.webp\" class=\"attachment-full size-full wp-image-1728\" alt=\"ver ficha de Sergi Vilardell\" srcset=\"https:\/\/clinicaviher.com\/cat\/wp-content\/uploads\/2023\/06\/ficha-Sergi.webp 1400w, https:\/\/clinicaviher.com\/cat\/wp-content\/uploads\/2023\/06\/ficha-Sergi-300x107.webp 300w, https:\/\/clinicaviher.com\/cat\/wp-content\/uploads\/2023\/06\/ficha-Sergi-1024x366.webp 1024w, https:\/\/clinicaviher.com\/cat\/wp-content\/uploads\/2023\/06\/ficha-Sergi-768x274.webp 768w, https:\/\/clinicaviher.com\/cat\/wp-content\/uploads\/2023\/06\/ficha-Sergi-600x214.webp 600w\" sizes=\"(max-width: 1400px) 100vw, 1400px\" \/>\t\t\t\t\t\t\t\t<\/a>\n\t\t\t\t\t\t\t\t\t\t\t\t\t\t\t<\/div>\n\t\t\t\t<\/div>\n\t\t\t\t\t<\/div>\n\t\t<\/div>\n\t\t\t\t<div class=\"elementor-column elementor-col-50 elementor-top-column elementor-element elementor-element-2edd29fe\" data-id=\"2edd29fe\" data-element_type=\"column\">\n\t\t\t<div class=\"elementor-widget-wrap elementor-element-populated\">\n\t\t\t\t\t\t\t\t<div class=\"elementor-element elementor-element-6a74e586 elementor-widget elementor-widget-image\" data-id=\"6a74e586\" data-element_type=\"widget\" data-widget_type=\"image.default\">\n\t\t\t\t<div class=\"elementor-widget-container\">\n\t\t\t\t\t\t\t\t\t\t\t\t\t\t\t\t<a href=\"\/quienes-somos\/\">\n\t\t\t\t\t\t\t<img loading=\"lazy\" decoding=\"async\" width=\"1400\" height=\"500\" src=\"https:\/\/clinicaviher.com\/cat\/wp-content\/uploads\/2023\/06\/mila-ficha.webp\" class=\"attachment-full size-full wp-image-1729\" alt=\"ver ficha de Mila Herrera\" srcset=\"https:\/\/clinicaviher.com\/cat\/wp-content\/uploads\/2023\/06\/mila-ficha.webp 1400w, https:\/\/clinicaviher.com\/cat\/wp-content\/uploads\/2023\/06\/mila-ficha-300x107.webp 300w, https:\/\/clinicaviher.com\/cat\/wp-content\/uploads\/2023\/06\/mila-ficha-1024x366.webp 1024w, https:\/\/clinicaviher.com\/cat\/wp-content\/uploads\/2023\/06\/mila-ficha-768x274.webp 768w, https:\/\/clinicaviher.com\/cat\/wp-content\/uploads\/2023\/06\/mila-ficha-600x214.webp 600w\" sizes=\"(max-width: 1400px) 100vw, 1400px\" \/>\t\t\t\t\t\t\t\t<\/a>\n\t\t\t\t\t\t\t\t\t\t\t\t\t\t\t<\/div>\n\t\t\t\t<\/div>\n\t\t\t\t\t<\/div>\n\t\t<\/div>\n\t\t\t\t\t\t\t<\/div>\n\t\t<\/section>\n\t\t\t\t\t\t\t<\/div>\n\t\t","protected":false},"excerpt":{"rendered":"<p>Per qu\u00e8 tinc estr\u00e8s? Origen del problema L&#8217;\u00a0estr\u00e8s\u00a0pot derivar tant d&#8217;\u00e0mbits personals com de contextos professionals.\u00a0La prevenci\u00f3 i el tractament psicol\u00f2gic de l&#8217;estr\u00e8s\u00a0permeten que la persona pugui viure sense tant de malestar.\u00a0Cada vegada m\u00e9s persones acudeixen a\u00a0Cl\u00ednica Viher\u00a0a la recerca d&#8217;ajuda psicol\u00f2gica per tractar el seu problema d&#8217;\u00a0estr\u00e8s\u00a0.\u00a0El millor psic\u00f2leg de Barcelona\u00a0\u00a0per tractar els problemes &hellip;<\/p>\n<p class=\"read-more\"> <a class=\"\" href=\"https:\/\/clinicaviher.com\/cat\/estres\/\"> <span class=\"screen-reader-text\">Estr\u00e9s<\/span> Leer m\u00e1s &raquo;<\/a><\/p>\n","protected":false},"author":1,"featured_media":0,"parent":0,"menu_order":0,"comment_status":"closed","ping_status":"closed","template":"elementor_header_footer","meta":{"site-sidebar-layout":"default","site-content-layout":"default","ast-global-header-display":"","ast-banner-title-visibility":"","ast-main-header-display":"","ast-hfb-above-header-display":"","ast-hfb-below-header-display":"","ast-hfb-mobile-header-display":"","site-post-title":"","ast-breadcrumbs-content":"","ast-featured-img":"","footer-sml-layout":"","theme-transparent-header-meta":"default","adv-header-id-meta":"","stick-header-meta":"default","header-above-stick-meta":"","header-main-stick-meta":"","header-below-stick-meta":"","footnotes":""},"yoast_head":"<!-- This site is optimized with the Yoast SEO plugin v24.3 - https:\/\/yoast.com\/wordpress\/plugins\/seo\/ -->\n<title>Psic\u00f2legs estr\u00e8s Barcelona. Tractament estr\u00e8s<\/title>\n<meta name=\"description\" content=\"CL\u00cdNICA VIHER. Compta amb nosaltres per proporcionar-te la ter\u00e0pia m\u00e9s adequada per combatre l&#039;estr\u00e8s i l&#039;ansietat\" \/>\n<meta name=\"robots\" content=\"index, follow, max-snippet:-1, max-image-preview:large, max-video-preview:-1\" \/>\n<link rel=\"canonical\" href=\"https:\/\/clinicaviher.com\/cat\/estres\/\" \/>\n<meta property=\"og:locale\" content=\"es_ES\" \/>\n<meta property=\"og:type\" content=\"article\" \/>\n<meta property=\"og:title\" content=\"Psic\u00f2legs estr\u00e8s Barcelona. Tractament estr\u00e8s\" \/>\n<meta property=\"og:description\" content=\"CL\u00cdNICA VIHER. Compta amb nosaltres per proporcionar-te la ter\u00e0pia m\u00e9s adequada per combatre l&#039;estr\u00e8s i l&#039;ansietat\" \/>\n<meta property=\"og:url\" content=\"https:\/\/clinicaviher.com\/cat\/estres\/\" \/>\n<meta property=\"og:site_name\" content=\"Cl\u00ednica Viher\" \/>\n<meta property=\"article:modified_time\" content=\"2023-07-20T14:57:35+00:00\" \/>\n<meta property=\"og:image\" content=\"https:\/\/clinicaviher.com\/cat\/wp-content\/uploads\/2023\/06\/tratamiento-para-estres-1024x757.webp\" \/>\n<meta name=\"twitter:card\" content=\"summary_large_image\" \/>\n<meta name=\"twitter:label1\" content=\"Tiempo de lectura\" \/>\n\t<meta name=\"twitter:data1\" content=\"3 minutos\" \/>\n<script type=\"application\/ld+json\" class=\"yoast-schema-graph\">{\"@context\":\"https:\/\/schema.org\",\"@graph\":[{\"@type\":\"WebPage\",\"@id\":\"https:\/\/clinicaviher.com\/cat\/estres\/\",\"url\":\"https:\/\/clinicaviher.com\/cat\/estres\/\",\"name\":\"Psic\u00f2legs estr\u00e8s Barcelona. Tractament estr\u00e8s\",\"isPartOf\":{\"@id\":\"https:\/\/clinicaviher.com\/cat\/#website\"},\"primaryImageOfPage\":{\"@id\":\"https:\/\/clinicaviher.com\/cat\/estres\/#primaryimage\"},\"image\":{\"@id\":\"https:\/\/clinicaviher.com\/cat\/estres\/#primaryimage\"},\"thumbnailUrl\":\"https:\/\/clinicaviher.com\/cat\/wp-content\/uploads\/2023\/06\/tratamiento-para-estres-1024x757.webp\",\"datePublished\":\"2018-03-26T09:05:11+00:00\",\"dateModified\":\"2023-07-20T14:57:35+00:00\",\"description\":\"CL\u00cdNICA VIHER. Compta amb nosaltres per proporcionar-te la ter\u00e0pia m\u00e9s adequada per combatre l'estr\u00e8s i l'ansietat\",\"breadcrumb\":{\"@id\":\"https:\/\/clinicaviher.com\/cat\/estres\/#breadcrumb\"},\"inLanguage\":\"es\",\"potentialAction\":[{\"@type\":\"ReadAction\",\"target\":[\"https:\/\/clinicaviher.com\/cat\/estres\/\"]}]},{\"@type\":\"ImageObject\",\"inLanguage\":\"es\",\"@id\":\"https:\/\/clinicaviher.com\/cat\/estres\/#primaryimage\",\"url\":\"https:\/\/clinicaviher.com\/cat\/wp-content\/uploads\/2023\/06\/tratamiento-para-estres-1024x757.webp\",\"contentUrl\":\"https:\/\/clinicaviher.com\/cat\/wp-content\/uploads\/2023\/06\/tratamiento-para-estres-1024x757.webp\"},{\"@type\":\"BreadcrumbList\",\"@id\":\"https:\/\/clinicaviher.com\/cat\/estres\/#breadcrumb\",\"itemListElement\":[{\"@type\":\"ListItem\",\"position\":1,\"name\":\"Portada\",\"item\":\"https:\/\/clinicaviher.com\/cat\/\"},{\"@type\":\"ListItem\",\"position\":2,\"name\":\"Estr\u00e9s\"}]},{\"@type\":\"WebSite\",\"@id\":\"https:\/\/clinicaviher.com\/cat\/#website\",\"url\":\"https:\/\/clinicaviher.com\/cat\/\",\"name\":\"Cl\u00ednica Viher\",\"description\":\"Si buscas un psic\u00f3logo en Barcelona, contamos con algunos de los mejores profesionales en psicolog\u00eda, psicoterapia y psicoan\u00e1lisis\",\"publisher\":{\"@id\":\"https:\/\/clinicaviher.com\/cat\/#organization\"},\"potentialAction\":[{\"@type\":\"SearchAction\",\"target\":{\"@type\":\"EntryPoint\",\"urlTemplate\":\"https:\/\/clinicaviher.com\/cat\/?s={search_term_string}\"},\"query-input\":{\"@type\":\"PropertyValueSpecification\",\"valueRequired\":true,\"valueName\":\"search_term_string\"}}],\"inLanguage\":\"es\"},{\"@type\":\"Organization\",\"@id\":\"https:\/\/clinicaviher.com\/cat\/#organization\",\"name\":\"Cl\u00ednica Viher\",\"url\":\"https:\/\/clinicaviher.com\/cat\/\",\"logo\":{\"@type\":\"ImageObject\",\"inLanguage\":\"es\",\"@id\":\"https:\/\/clinicaviher.com\/cat\/#\/schema\/logo\/image\/\",\"url\":\"https:\/\/clinicaviher.com\/cat\/wp-content\/uploads\/2019\/02\/logoviher-new-web.png\",\"contentUrl\":\"https:\/\/clinicaviher.com\/cat\/wp-content\/uploads\/2019\/02\/logoviher-new-web.png\",\"width\":240,\"height\":52,\"caption\":\"Cl\u00ednica Viher\"},\"image\":{\"@id\":\"https:\/\/clinicaviher.com\/cat\/#\/schema\/logo\/image\/\"}}]}<\/script>\n<!-- \/ Yoast SEO plugin. -->","yoast_head_json":{"title":"Psic\u00f2legs estr\u00e8s Barcelona. Tractament estr\u00e8s","description":"CL\u00cdNICA VIHER. Compta amb nosaltres per proporcionar-te la ter\u00e0pia m\u00e9s adequada per combatre l'estr\u00e8s i l'ansietat","robots":{"index":"index","follow":"follow","max-snippet":"max-snippet:-1","max-image-preview":"max-image-preview:large","max-video-preview":"max-video-preview:-1"},"canonical":"https:\/\/clinicaviher.com\/cat\/estres\/","og_locale":"es_ES","og_type":"article","og_title":"Psic\u00f2legs estr\u00e8s Barcelona. Tractament estr\u00e8s","og_description":"CL\u00cdNICA VIHER. Compta amb nosaltres per proporcionar-te la ter\u00e0pia m\u00e9s adequada per combatre l'estr\u00e8s i l'ansietat","og_url":"https:\/\/clinicaviher.com\/cat\/estres\/","og_site_name":"Cl\u00ednica Viher","article_modified_time":"2023-07-20T14:57:35+00:00","og_image":[{"url":"https:\/\/clinicaviher.com\/cat\/wp-content\/uploads\/2023\/06\/tratamiento-para-estres-1024x757.webp","type":"","width":"","height":""}],"twitter_card":"summary_large_image","twitter_misc":{"Tiempo de lectura":"3 minutos"},"schema":{"@context":"https:\/\/schema.org","@graph":[{"@type":"WebPage","@id":"https:\/\/clinicaviher.com\/cat\/estres\/","url":"https:\/\/clinicaviher.com\/cat\/estres\/","name":"Psic\u00f2legs estr\u00e8s Barcelona. Tractament estr\u00e8s","isPartOf":{"@id":"https:\/\/clinicaviher.com\/cat\/#website"},"primaryImageOfPage":{"@id":"https:\/\/clinicaviher.com\/cat\/estres\/#primaryimage"},"image":{"@id":"https:\/\/clinicaviher.com\/cat\/estres\/#primaryimage"},"thumbnailUrl":"https:\/\/clinicaviher.com\/cat\/wp-content\/uploads\/2023\/06\/tratamiento-para-estres-1024x757.webp","datePublished":"2018-03-26T09:05:11+00:00","dateModified":"2023-07-20T14:57:35+00:00","description":"CL\u00cdNICA VIHER. Compta amb nosaltres per proporcionar-te la ter\u00e0pia m\u00e9s adequada per combatre l'estr\u00e8s i l'ansietat","breadcrumb":{"@id":"https:\/\/clinicaviher.com\/cat\/estres\/#breadcrumb"},"inLanguage":"es","potentialAction":[{"@type":"ReadAction","target":["https:\/\/clinicaviher.com\/cat\/estres\/"]}]},{"@type":"ImageObject","inLanguage":"es","@id":"https:\/\/clinicaviher.com\/cat\/estres\/#primaryimage","url":"https:\/\/clinicaviher.com\/cat\/wp-content\/uploads\/2023\/06\/tratamiento-para-estres-1024x757.webp","contentUrl":"https:\/\/clinicaviher.com\/cat\/wp-content\/uploads\/2023\/06\/tratamiento-para-estres-1024x757.webp"},{"@type":"BreadcrumbList","@id":"https:\/\/clinicaviher.com\/cat\/estres\/#breadcrumb","itemListElement":[{"@type":"ListItem","position":1,"name":"Portada","item":"https:\/\/clinicaviher.com\/cat\/"},{"@type":"ListItem","position":2,"name":"Estr\u00e9s"}]},{"@type":"WebSite","@id":"https:\/\/clinicaviher.com\/cat\/#website","url":"https:\/\/clinicaviher.com\/cat\/","name":"Cl\u00ednica Viher","description":"Si buscas un psic\u00f3logo en Barcelona, contamos con algunos de los mejores profesionales en psicolog\u00eda, psicoterapia y psicoan\u00e1lisis","publisher":{"@id":"https:\/\/clinicaviher.com\/cat\/#organization"},"potentialAction":[{"@type":"SearchAction","target":{"@type":"EntryPoint","urlTemplate":"https:\/\/clinicaviher.com\/cat\/?s={search_term_string}"},"query-input":{"@type":"PropertyValueSpecification","valueRequired":true,"valueName":"search_term_string"}}],"inLanguage":"es"},{"@type":"Organization","@id":"https:\/\/clinicaviher.com\/cat\/#organization","name":"Cl\u00ednica Viher","url":"https:\/\/clinicaviher.com\/cat\/","logo":{"@type":"ImageObject","inLanguage":"es","@id":"https:\/\/clinicaviher.com\/cat\/#\/schema\/logo\/image\/","url":"https:\/\/clinicaviher.com\/cat\/wp-content\/uploads\/2019\/02\/logoviher-new-web.png","contentUrl":"https:\/\/clinicaviher.com\/cat\/wp-content\/uploads\/2019\/02\/logoviher-new-web.png","width":240,"height":52,"caption":"Cl\u00ednica Viher"},"image":{"@id":"https:\/\/clinicaviher.com\/cat\/#\/schema\/logo\/image\/"}}]}},"_links":{"self":[{"href":"https:\/\/clinicaviher.com\/cat\/wp-json\/wp\/v2\/pages\/57"}],"collection":[{"href":"https:\/\/clinicaviher.com\/cat\/wp-json\/wp\/v2\/pages"}],"about":[{"href":"https:\/\/clinicaviher.com\/cat\/wp-json\/wp\/v2\/types\/page"}],"author":[{"embeddable":true,"href":"https:\/\/clinicaviher.com\/cat\/wp-json\/wp\/v2\/users\/1"}],"replies":[{"embeddable":true,"href":"https:\/\/clinicaviher.com\/cat\/wp-json\/wp\/v2\/comments?post=57"}],"version-history":[{"count":18,"href":"https:\/\/clinicaviher.com\/cat\/wp-json\/wp\/v2\/pages\/57\/revisions"}],"predecessor-version":[{"id":2457,"href":"https:\/\/clinicaviher.com\/cat\/wp-json\/wp\/v2\/pages\/57\/revisions\/2457"}],"wp:attachment":[{"href":"https:\/\/clinicaviher.com\/cat\/wp-json\/wp\/v2\/media?parent=57"}],"curies":[{"name":"wp","href":"https:\/\/api.w.org\/{rel}","templated":true}]}}