{"id":63,"date":"2018-03-26T09:23:58","date_gmt":"2018-03-26T09:23:58","guid":{"rendered":"http:\/\/clinicaviher.com\/?page_id=63"},"modified":"2023-07-27T11:30:06","modified_gmt":"2023-07-27T09:30:06","slug":"trastorns-de-la-personalitat","status":"publish","type":"page","link":"https:\/\/clinicaviher.com\/cat\/trastorns-de-la-personalitat\/","title":{"rendered":"Trastornos de la personalidad"},"content":{"rendered":"\t\t<div data-elementor-type=\"wp-page\" data-elementor-id=\"63\" class=\"elementor elementor-63\">\n\t\t\t\t\t\t\t\t\t<section class=\"elementor-section elementor-top-section elementor-element elementor-element-6329fd67 elementor-section-stretched elementor-section-boxed elementor-section-height-default elementor-section-height-default\" data-id=\"6329fd67\" data-element_type=\"section\" data-settings=\"{&quot;stretch_section&quot;:&quot;section-stretched&quot;,&quot;background_background&quot;:&quot;classic&quot;}\">\n\t\t\t\t\t\t<div class=\"elementor-container elementor-column-gap-default\">\n\t\t\t\t\t<div class=\"elementor-column elementor-col-100 elementor-top-column elementor-element elementor-element-2e29e0c3\" data-id=\"2e29e0c3\" data-element_type=\"column\">\n\t\t\t<div class=\"elementor-widget-wrap elementor-element-populated\">\n\t\t\t\t\t\t\t\t<div class=\"elementor-element elementor-element-6f731dcf elementor-widget elementor-widget-heading\" data-id=\"6f731dcf\" data-element_type=\"widget\" data-widget_type=\"heading.default\">\n\t\t\t\t<div class=\"elementor-widget-container\">\n\t\t\t<style>\/*! elementor - v3.13.3 - 28-05-2023 *\/\n.elementor-heading-title{padding:0;margin:0;line-height:1}.elementor-widget-heading .elementor-heading-title[class*=elementor-size-]>a{color:inherit;font-size:inherit;line-height:inherit}.elementor-widget-heading .elementor-heading-title.elementor-size-small{font-size:15px}.elementor-widget-heading .elementor-heading-title.elementor-size-medium{font-size:19px}.elementor-widget-heading .elementor-heading-title.elementor-size-large{font-size:29px}.elementor-widget-heading .elementor-heading-title.elementor-size-xl{font-size:39px}.elementor-widget-heading .elementor-heading-title.elementor-size-xxl{font-size:59px}<\/style><h1 class=\"elementor-heading-title elementor-size-default\">TLP S\u00edmptomes\n<\/h1>\t\t<\/div>\n\t\t\t\t<\/div>\n\t\t\t\t\t<\/div>\n\t\t<\/div>\n\t\t\t\t\t\t\t<\/div>\n\t\t<\/section>\n\t\t\t\t<section class=\"elementor-section elementor-top-section elementor-element elementor-element-468d64ec elementor-section-boxed elementor-section-height-default elementor-section-height-default\" data-id=\"468d64ec\" data-element_type=\"section\">\n\t\t\t\t\t\t<div class=\"elementor-container elementor-column-gap-default\">\n\t\t\t\t\t<div class=\"elementor-column elementor-col-100 elementor-top-column elementor-element elementor-element-1ed51fa\" data-id=\"1ed51fa\" data-element_type=\"column\">\n\t\t\t<div class=\"elementor-widget-wrap elementor-element-populated\">\n\t\t\t\t\t\t\t\t<div class=\"elementor-element elementor-element-2a3bbe64 elementor-widget elementor-widget-text-editor\" data-id=\"2a3bbe64\" data-element_type=\"widget\" data-widget_type=\"text-editor.default\">\n\t\t\t\t<div class=\"elementor-widget-container\">\n\t\t\t<style>\/*! elementor - v3.13.3 - 28-05-2023 *\/\n.elementor-widget-text-editor.elementor-drop-cap-view-stacked .elementor-drop-cap{background-color:#69727d;color:#fff}.elementor-widget-text-editor.elementor-drop-cap-view-framed .elementor-drop-cap{color:#69727d;border:3px solid;background-color:transparent}.elementor-widget-text-editor:not(.elementor-drop-cap-view-default) .elementor-drop-cap{margin-top:8px}.elementor-widget-text-editor:not(.elementor-drop-cap-view-default) .elementor-drop-cap-letter{width:1em;height:1em}.elementor-widget-text-editor .elementor-drop-cap{float:left;text-align:center;line-height:1;font-size:50px}.elementor-widget-text-editor .elementor-drop-cap-letter{display:inline-block}<\/style>\t\t\t\t<p><span><span class=\"\">Alguns dels&nbsp;<\/span><\/span><b><span><span class=\"\">s\u00edmptomes del Trastorn L\u00edmit de la Personalitat&nbsp;<\/span><\/span><\/b><span><span class=\"\">s\u00f3n els seg\u00fcents:&nbsp;<\/span><\/span><b><span><span class=\"\">Inestabilitat&nbsp;<\/span><\/span><\/b><span><span class=\"\">molt marcada.&nbsp;<\/span>Inestabilitat a l&#8217;estat d&#8217;\u00e0nim, a la valoraci\u00f3 d&#8217;un mateix o a causa de la marcada reactivitat de les emocions.&nbsp;<\/span><b><span>Sentiments d&#8217;aband\u00f3&nbsp;<\/span><\/b><span>i buit. <\/span><b><span>Idealitzaci\u00f3 i devaluaci\u00f3&nbsp;<\/span><\/b><span>en tota mena de relacions personals i alternan\u00e7a permanent entre una imatge i una altra.<\/span><\/p>\t\t\t\t\t\t<\/div>\n\t\t\t\t<\/div>\n\t\t\t\t<section class=\"elementor-section elementor-inner-section elementor-element elementor-element-55ffc9c9 elementor-section-content-middle elementor-section-boxed elementor-section-height-default elementor-section-height-default\" data-id=\"55ffc9c9\" data-element_type=\"section\">\n\t\t\t\t\t\t<div class=\"elementor-container elementor-column-gap-default\">\n\t\t\t\t\t<div class=\"elementor-column elementor-col-50 elementor-inner-column elementor-element elementor-element-27a92f45\" data-id=\"27a92f45\" data-element_type=\"column\">\n\t\t\t<div class=\"elementor-widget-wrap elementor-element-populated\">\n\t\t\t\t\t\t\t\t<div class=\"elementor-element elementor-element-e5f86e7 elementor-widget elementor-widget-heading\" data-id=\"e5f86e7\" data-element_type=\"widget\" data-widget_type=\"heading.default\">\n\t\t\t\t<div class=\"elementor-widget-container\">\n\t\t\t<h2 class=\"elementor-heading-title elementor-size-default\">\nAltres s\u00edmptomes del TLP<\/h2>\t\t<\/div>\n\t\t\t\t<\/div>\n\t\t\t\t<div class=\"elementor-element elementor-element-354cfe27 elementor-widget elementor-widget-text-editor\" data-id=\"354cfe27\" data-element_type=\"widget\" data-widget_type=\"text-editor.default\">\n\t\t\t\t<div class=\"elementor-widget-container\">\n\t\t\t\t\t\t\t<p><b><span><span class=\"\">Dificultat per controlar una ira\u00a0<\/span><\/span><\/b><span><span class=\"\">que es pot tornar molt intensa en moments determinats.\u00a0<\/span><\/span><b><span>Autolesions\u00a0<\/span><\/b><span>,\u00a0<\/span><b><span>Amenaces o temptatives de su\u00efcidi\u00a0<\/span><\/b><span>,\u00a0<\/span><b><span>Impulsivitat\u00a0<\/span><\/b><span>respecte al consum de subst\u00e0ncies, de menjar, beguda, malbaratament de diners o promiscu\u00eftat.\u00a0A m\u00e9s, poden apar\u00e8ixer\u00a0<\/span><b><span>s\u00edmptomes dissociatius\u00a0<\/span><\/b><span>que poden ser m\u00e9s o menys severs i que solen estar relacionats amb situacions de for\u00e7a estr\u00e8s i fins i tot estats de xoc.<\/span><\/p>\t\t\t\t\t\t<\/div>\n\t\t\t\t<\/div>\n\t\t\t\t\t<\/div>\n\t\t<\/div>\n\t\t\t\t<div class=\"elementor-column elementor-col-50 elementor-inner-column elementor-element elementor-element-2b99403b\" data-id=\"2b99403b\" data-element_type=\"column\">\n\t\t\t<div class=\"elementor-widget-wrap elementor-element-populated\">\n\t\t\t\t\t\t\t\t<div class=\"elementor-element elementor-element-cd4b9fa elementor-widget elementor-widget-image\" data-id=\"cd4b9fa\" data-element_type=\"widget\" data-widget_type=\"image.default\">\n\t\t\t\t<div class=\"elementor-widget-container\">\n\t\t\t<style>\/*! elementor - v3.13.3 - 28-05-2023 *\/\n.elementor-widget-image{text-align:center}.elementor-widget-image a{display:inline-block}.elementor-widget-image a img[src$=\".svg\"]{width:48px}.elementor-widget-image img{vertical-align:middle;display:inline-block}<\/style>\t\t\t\t\t\t\t\t\t\t\t\t<img loading=\"lazy\" decoding=\"async\" width=\"959\" height=\"718\" src=\"https:\/\/clinicaviher.com\/cat\/wp-content\/uploads\/2023\/06\/trastorno-de-personalidad.webp\" class=\"attachment-large size-large wp-image-2020\" alt=\"trastorno de la personalidad\" srcset=\"https:\/\/clinicaviher.com\/cat\/wp-content\/uploads\/2023\/06\/trastorno-de-personalidad.webp 959w, https:\/\/clinicaviher.com\/cat\/wp-content\/uploads\/2023\/06\/trastorno-de-personalidad-300x225.webp 300w, https:\/\/clinicaviher.com\/cat\/wp-content\/uploads\/2023\/06\/trastorno-de-personalidad-768x575.webp 768w, https:\/\/clinicaviher.com\/cat\/wp-content\/uploads\/2023\/06\/trastorno-de-personalidad-600x449.webp 600w\" sizes=\"auto, (max-width: 959px) 100vw, 959px\" \/>\t\t\t\t\t\t\t\t\t\t\t\t\t\t\t<\/div>\n\t\t\t\t<\/div>\n\t\t\t\t\t<\/div>\n\t\t<\/div>\n\t\t\t\t\t\t\t<\/div>\n\t\t<\/section>\n\t\t\t\t\t<\/div>\n\t\t<\/div>\n\t\t\t\t\t\t\t<\/div>\n\t\t<\/section>\n\t\t\t\t<section class=\"elementor-section elementor-top-section elementor-element elementor-element-335ad034 elementor-section-stretched elementor-section-boxed elementor-section-height-default elementor-section-height-default\" data-id=\"335ad034\" data-element_type=\"section\" data-settings=\"{&quot;stretch_section&quot;:&quot;section-stretched&quot;,&quot;background_background&quot;:&quot;classic&quot;}\">\n\t\t\t\t\t\t<div class=\"elementor-container elementor-column-gap-default\">\n\t\t\t\t\t<div class=\"elementor-column elementor-col-100 elementor-top-column elementor-element elementor-element-fbbd593\" data-id=\"fbbd593\" data-element_type=\"column\">\n\t\t\t<div class=\"elementor-widget-wrap elementor-element-populated\">\n\t\t\t\t\t\t\t\t<div class=\"elementor-element elementor-element-430a1da7 elementor-widget elementor-widget-heading\" data-id=\"430a1da7\" data-element_type=\"widget\" data-widget_type=\"heading.default\">\n\t\t\t\t<div class=\"elementor-widget-container\">\n\t\t\t<h2 class=\"elementor-heading-title elementor-size-default\">Qu\u00e8 \u00e9s el TLP?\n<\/h2>\t\t<\/div>\n\t\t\t\t<\/div>\n\t\t\t\t<div class=\"elementor-element elementor-element-e1e456b elementor-widget elementor-widget-text-editor\" data-id=\"e1e456b\" data-element_type=\"widget\" data-widget_type=\"text-editor.default\">\n\t\t\t\t<div class=\"elementor-widget-container\">\n\t\t\t\t\t\t\t<p><span>El\u00a0<\/span><b><span>TLP\u00a0<\/span><\/b><span>o\u00a0<\/span><b><span>Trastorn L\u00edmit de la Personalitat\u00a0<\/span><\/b><span>, \u00e9s un dels trastorns classificats pel DSM dins dels anomenats\u00a0<\/span><b><span>Trastorns de la Personalitat\u00a0<\/span><\/b><span>, sent el\u00a0<\/span><b><span>TLP\u00a0<\/span><\/b><span>el m\u00e9s com\u00fa de tots ells i un dels m\u00e9s greus.\u00a0Sabem que es d\u00f3na en una proporci\u00f3 m\u00e9s gran en dones que en homes, que no s&#8217;estableix el diagn\u00f2stic fins entrada l&#8217;edat adulta, encara que clarament poden existir s\u00edmptomes des de l&#8217;adolesc\u00e8ncia.<\/span><\/p>\t\t\t\t\t\t<\/div>\n\t\t\t\t<\/div>\n\t\t\t\t<div class=\"elementor-element elementor-element-1b69f025 elementor-widget elementor-widget-heading\" data-id=\"1b69f025\" data-element_type=\"widget\" data-widget_type=\"heading.default\">\n\t\t\t\t<div class=\"elementor-widget-container\">\n\t\t\t<h2 class=\"elementor-heading-title elementor-size-default\">Psic\u00f2leg trastorns de la personalitat\n<\/h2>\t\t<\/div>\n\t\t\t\t<\/div>\n\t\t\t\t<div class=\"elementor-element elementor-element-33737993 elementor-widget elementor-widget-text-editor\" data-id=\"33737993\" data-element_type=\"widget\" data-widget_type=\"text-editor.default\">\n\t\t\t\t<div class=\"elementor-widget-container\">\n\t\t\t\t\t\t\t<div class=\"kc-elm kc-css-3751822 kc_text_block\"><p><span><span class=\"\">I sabem tamb\u00e9 que la psicoter\u00e0pia pot ser efectiva en els casos de\u00a0<\/span><\/span><b><span><span class=\"\">TLP\u00a0<\/span><\/span><\/b><span><span class=\"\">.\u00a0<\/span>Avui dia hi ha\u00a0<\/span><b><span>psic\u00f2legs especialistes en TLP\u00a0<\/span><\/b><span>i unitats o\u00a0<\/span><b><span>cl\u00edniques de TLP\u00a0<\/span><\/b><span>que ofereixen\u00a0<\/span><b><span>tractaments per al TLP\u00a0<\/span><\/b><span>de tipus ambulatori, centre de dia o d&#8217;ingr\u00e9s.\u00a0<\/span><span>Des de\u00a0<\/span><b><span>Cl\u00ednica Viher\u00a0<\/span><\/b><span>us recomanem comptar amb experts en aquest tipus de cl\u00ednica.\u00a0D&#8217;altra banda, en el tractament del\u00a0<\/span><b><span>Trastorn L\u00edmit de la Personalitat\u00a0<\/span><\/b><span>\u00a0o\u00a0<\/span><b><span>del TLP\u00a0<\/span><\/b><span>pot ser determinant el treball en equip.<\/span><\/p><\/div>\t\t\t\t\t\t<\/div>\n\t\t\t\t<\/div>\n\t\t\t\t\t<\/div>\n\t\t<\/div>\n\t\t\t\t\t\t\t<\/div>\n\t\t<\/section>\n\t\t\t\t<section class=\"elementor-section elementor-top-section elementor-element elementor-element-54bf651d elementor-section-boxed elementor-section-height-default elementor-section-height-default\" data-id=\"54bf651d\" data-element_type=\"section\">\n\t\t\t\t\t\t<div class=\"elementor-container elementor-column-gap-default\">\n\t\t\t\t\t<div class=\"elementor-column elementor-col-100 elementor-top-column elementor-element elementor-element-73c33436\" data-id=\"73c33436\" data-element_type=\"column\">\n\t\t\t<div class=\"elementor-widget-wrap elementor-element-populated\">\n\t\t\t\t\t\t\t\t<div class=\"elementor-element elementor-element-3c1e5135 elementor-widget elementor-widget-heading\" data-id=\"3c1e5135\" data-element_type=\"widget\" data-widget_type=\"heading.default\">\n\t\t\t\t<div class=\"elementor-widget-container\">\n\t\t\t<h2 class=\"elementor-heading-title elementor-size-default\">TLP Diagn\u00f2stic\n<\/h2>\t\t<\/div>\n\t\t\t\t<\/div>\n\t\t\t\t<div class=\"elementor-element elementor-element-6ac57937 elementor-widget elementor-widget-text-editor\" data-id=\"6ac57937\" data-element_type=\"widget\" data-widget_type=\"text-editor.default\">\n\t\t\t\t<div class=\"elementor-widget-container\">\n\t\t\t\t\t\t\t<p><span>Qu\u00e8\u00a0<\/span><b><span>\u00e9s el TLP\u00a0<\/span><\/b><span>?\u00a0Qu\u00e8\u00a0<\/span><b><span>\u00e9s un Trastorn de personalitat\u00a0<\/span><\/b><span>?\u00a0S\u00f3n moltes les persones que tenen\u00a0<\/span><b><span>TLP\u00a0<\/span><\/b><span>i solen ser diagnosticades per error d&#8217;un altre\u00a0<\/span><b><span>trastorn de la personalitat\u00a0<\/span><\/b><span>o un altre tipus de trastorn, com ara el\u00a0<\/span><b><span>trastorn bipolar.\u00a0<\/span><\/b><span>El\u00a0<\/span><b><span>trastorn bipolar\u00a0<\/span><\/b><span>comparteix alguns dels s\u00edmptomes m\u00e9s visibles del\u00a0<\/span><b><span>TLP\u00a0<\/span><\/b><span>, com ara la impulsivitat, els successius canvis d&#8217;humor i tota mena de conductes, actituds o comportaments imprudents\u2026 Un altre exemple \u00e9s el cas de la\u00a0<\/span><b><span>depressi\u00f3\u00a0<\/span><\/b><span>.<\/span><\/p>\t\t\t\t\t\t<\/div>\n\t\t\t\t<\/div>\n\t\t\t\t<div class=\"elementor-element elementor-element-a3c6a78 elementor-widget elementor-widget-heading\" data-id=\"a3c6a78\" data-element_type=\"widget\" data-widget_type=\"heading.default\">\n\t\t\t\t<div class=\"elementor-widget-container\">\n\t\t\t<h2 class=\"elementor-heading-title elementor-size-default\">Com tractar els Trastorns de la Personalitat?<\/h2>\t\t<\/div>\n\t\t\t\t<\/div>\n\t\t\t\t<div class=\"elementor-element elementor-element-c26bc01 elementor-widget elementor-widget-text-editor\" data-id=\"c26bc01\" data-element_type=\"widget\" data-widget_type=\"text-editor.default\">\n\t\t\t\t<div class=\"elementor-widget-container\">\n\t\t\t\t\t\t\t<p><span>S&#8217;han descrit diversos tipus de\u00a0<\/span><b><span>Trastorns de la Personalitat\u00a0<\/span><\/b><span>.\u00a0<\/span><b><span>El Trastorn L\u00edmit de la Personalitat\u00a0<\/span><\/b><span>(\u00a0<\/span><b><span>TLP\u00a0<\/span><\/b><span>) est\u00e0 considerat com un dels\u00a0<\/span><b><span>trastorns de personalitat\u00a0<\/span><\/b><span>amb s\u00edmptomes m\u00e9s greus, per\u00f2 est\u00e0 demostrat que la psicoter\u00e0pia pot ser molt efectiva en aquest tipus de trastorn.\u00a0Hi ha diverses orientacions cl\u00edniques i diversos tipus de dispositius terap\u00e8utics per al tractament dels trastorns de personalitat.\u00a0Conv\u00e9 valorar el m\u00e9s adequat cas per cas.<\/span><\/p>\t\t\t\t\t\t<\/div>\n\t\t\t\t<\/div>\n\t\t\t\t\t<\/div>\n\t\t<\/div>\n\t\t\t\t\t\t\t<\/div>\n\t\t<\/section>\n\t\t\t\t<section class=\"elementor-section elementor-top-section elementor-element elementor-element-605ae063 elementor-section-stretched elementor-section-boxed elementor-section-height-default elementor-section-height-default\" data-id=\"605ae063\" data-element_type=\"section\" data-settings=\"{&quot;stretch_section&quot;:&quot;section-stretched&quot;}\">\n\t\t\t\t\t\t<div class=\"elementor-container elementor-column-gap-default\">\n\t\t\t\t\t<div class=\"elementor-column elementor-col-50 elementor-top-column elementor-element elementor-element-e4a4d12\" data-id=\"e4a4d12\" data-element_type=\"column\">\n\t\t\t<div class=\"elementor-widget-wrap elementor-element-populated\">\n\t\t\t\t\t\t\t\t<div class=\"elementor-element elementor-element-6d0e0e elementor-widget elementor-widget-image\" data-id=\"6d0e0e\" data-element_type=\"widget\" data-widget_type=\"image.default\">\n\t\t\t\t<div class=\"elementor-widget-container\">\n\t\t\t\t\t\t\t\t\t\t\t\t\t\t\t\t<a href=\"\/quienes-somos\/\">\n\t\t\t\t\t\t\t<img loading=\"lazy\" decoding=\"async\" width=\"1400\" height=\"500\" src=\"https:\/\/clinicaviher.com\/cat\/wp-content\/uploads\/2023\/06\/ficha-Sergi.webp\" class=\"attachment-full size-full wp-image-1728\" alt=\"ver ficha de Sergi Vilardell\" srcset=\"https:\/\/clinicaviher.com\/cat\/wp-content\/uploads\/2023\/06\/ficha-Sergi.webp 1400w, https:\/\/clinicaviher.com\/cat\/wp-content\/uploads\/2023\/06\/ficha-Sergi-300x107.webp 300w, https:\/\/clinicaviher.com\/cat\/wp-content\/uploads\/2023\/06\/ficha-Sergi-1024x366.webp 1024w, https:\/\/clinicaviher.com\/cat\/wp-content\/uploads\/2023\/06\/ficha-Sergi-768x274.webp 768w, https:\/\/clinicaviher.com\/cat\/wp-content\/uploads\/2023\/06\/ficha-Sergi-600x214.webp 600w\" sizes=\"auto, (max-width: 1400px) 100vw, 1400px\" \/>\t\t\t\t\t\t\t\t<\/a>\n\t\t\t\t\t\t\t\t\t\t\t\t\t\t\t<\/div>\n\t\t\t\t<\/div>\n\t\t\t\t\t<\/div>\n\t\t<\/div>\n\t\t\t\t<div class=\"elementor-column elementor-col-50 elementor-top-column elementor-element elementor-element-402a29fb\" data-id=\"402a29fb\" data-element_type=\"column\">\n\t\t\t<div class=\"elementor-widget-wrap elementor-element-populated\">\n\t\t\t\t\t\t\t\t<div class=\"elementor-element elementor-element-802706b elementor-widget elementor-widget-image\" data-id=\"802706b\" data-element_type=\"widget\" data-widget_type=\"image.default\">\n\t\t\t\t<div class=\"elementor-widget-container\">\n\t\t\t\t\t\t\t\t\t\t\t\t\t\t\t\t<a href=\"\/quienes-somos\/\">\n\t\t\t\t\t\t\t<img loading=\"lazy\" decoding=\"async\" width=\"1400\" height=\"500\" src=\"https:\/\/clinicaviher.com\/cat\/wp-content\/uploads\/2023\/06\/mila-ficha.webp\" class=\"attachment-full size-full wp-image-1729\" alt=\"ver ficha de Mila Herrera\" srcset=\"https:\/\/clinicaviher.com\/cat\/wp-content\/uploads\/2023\/06\/mila-ficha.webp 1400w, https:\/\/clinicaviher.com\/cat\/wp-content\/uploads\/2023\/06\/mila-ficha-300x107.webp 300w, https:\/\/clinicaviher.com\/cat\/wp-content\/uploads\/2023\/06\/mila-ficha-1024x366.webp 1024w, https:\/\/clinicaviher.com\/cat\/wp-content\/uploads\/2023\/06\/mila-ficha-768x274.webp 768w, https:\/\/clinicaviher.com\/cat\/wp-content\/uploads\/2023\/06\/mila-ficha-600x214.webp 600w\" sizes=\"auto, (max-width: 1400px) 100vw, 1400px\" \/>\t\t\t\t\t\t\t\t<\/a>\n\t\t\t\t\t\t\t\t\t\t\t\t\t\t\t<\/div>\n\t\t\t\t<\/div>\n\t\t\t\t\t<\/div>\n\t\t<\/div>\n\t\t\t\t\t\t\t<\/div>\n\t\t<\/section>\n\t\t\t\t\t\t\t<\/div>\n\t\t","protected":false},"excerpt":{"rendered":"<p>TLP S\u00edmptomes Alguns dels&nbsp;s\u00edmptomes del Trastorn L\u00edmit de la Personalitat&nbsp;s\u00f3n els seg\u00fcents:&nbsp;Inestabilitat&nbsp;molt marcada.&nbsp;Inestabilitat a l&#8217;estat d&#8217;\u00e0nim, a la valoraci\u00f3 d&#8217;un mateix o a causa de la marcada reactivitat de les emocions.&nbsp;Sentiments d&#8217;aband\u00f3&nbsp;i buit. Idealitzaci\u00f3 i devaluaci\u00f3&nbsp;en tota mena de relacions personals i alternan\u00e7a permanent entre una imatge i una altra. Altres s\u00edmptomes del TLP Dificultat &hellip;<\/p>\n<p class=\"read-more\"> <a class=\"\" href=\"https:\/\/clinicaviher.com\/cat\/trastorns-de-la-personalitat\/\"> <span class=\"screen-reader-text\">Trastornos de la personalidad<\/span> Leer m\u00e1s &raquo;<\/a><\/p>\n","protected":false},"author":1,"featured_media":0,"parent":0,"menu_order":0,"comment_status":"closed","ping_status":"closed","template":"elementor_header_footer","meta":{"site-sidebar-layout":"default","site-content-layout":"default","ast-global-header-display":"","ast-banner-title-visibility":"","ast-main-header-display":"","ast-hfb-above-header-display":"","ast-hfb-below-header-display":"","ast-hfb-mobile-header-display":"","site-post-title":"","ast-breadcrumbs-content":"","ast-featured-img":"","footer-sml-layout":"","theme-transparent-header-meta":"default","adv-header-id-meta":"","stick-header-meta":"default","header-above-stick-meta":"","header-main-stick-meta":"","header-below-stick-meta":"","footnotes":""},"class_list":["post-63","page","type-page","status-publish","hentry"],"yoast_head":"<!-- This site is optimized with the Yoast SEO plugin v27.5 - https:\/\/yoast.com\/product\/yoast-seo-wordpress\/ -->\n<title>Tractament trastorn personalitat<\/title>\n<meta name=\"description\" content=\"CL\u00cdNICA VIHER. Diagn\u00f2stic i tractament psicol\u00f2gic per al Trastorn de Personalitat i el Trastorn L\u00edmit de Personalitat\" \/>\n<meta name=\"robots\" content=\"index, follow, max-snippet:-1, max-image-preview:large, max-video-preview:-1\" \/>\n<link rel=\"canonical\" href=\"https:\/\/clinicaviher.com\/cat\/trastorns-de-la-personalitat\/\" \/>\n<meta property=\"og:locale\" content=\"es_ES\" \/>\n<meta property=\"og:type\" content=\"article\" \/>\n<meta property=\"og:title\" content=\"Tractament trastorn personalitat\" \/>\n<meta property=\"og:description\" content=\"CL\u00cdNICA VIHER. Diagn\u00f2stic i tractament psicol\u00f2gic per al Trastorn de Personalitat i el Trastorn L\u00edmit de Personalitat\" \/>\n<meta property=\"og:url\" content=\"https:\/\/clinicaviher.com\/cat\/trastorns-de-la-personalitat\/\" \/>\n<meta property=\"og:site_name\" content=\"Cl\u00ednica Viher\" \/>\n<meta property=\"article:modified_time\" content=\"2023-07-27T09:30:06+00:00\" \/>\n<meta property=\"og:image\" content=\"https:\/\/clinicaviher.com\/cat\/wp-content\/uploads\/2023\/06\/trastorno-de-personalidad.webp\" \/>\n<meta name=\"twitter:card\" content=\"summary_large_image\" \/>\n<meta name=\"twitter:label1\" content=\"Tiempo de lectura\" \/>\n\t<meta name=\"twitter:data1\" content=\"3 minutos\" \/>\n<script type=\"application\/ld+json\" class=\"yoast-schema-graph\">{\"@context\":\"https:\\\/\\\/schema.org\",\"@graph\":[{\"@type\":\"WebPage\",\"@id\":\"https:\\\/\\\/clinicaviher.com\\\/cat\\\/trastorns-de-la-personalitat\\\/\",\"url\":\"https:\\\/\\\/clinicaviher.com\\\/cat\\\/trastorns-de-la-personalitat\\\/\",\"name\":\"Tractament trastorn personalitat\",\"isPartOf\":{\"@id\":\"https:\\\/\\\/clinicaviher.com\\\/cat\\\/#website\"},\"primaryImageOfPage\":{\"@id\":\"https:\\\/\\\/clinicaviher.com\\\/cat\\\/trastorns-de-la-personalitat\\\/#primaryimage\"},\"image\":{\"@id\":\"https:\\\/\\\/clinicaviher.com\\\/cat\\\/trastorns-de-la-personalitat\\\/#primaryimage\"},\"thumbnailUrl\":\"https:\\\/\\\/clinicaviher.com\\\/cat\\\/wp-content\\\/uploads\\\/2023\\\/06\\\/trastorno-de-personalidad.webp\",\"datePublished\":\"2018-03-26T09:23:58+00:00\",\"dateModified\":\"2023-07-27T09:30:06+00:00\",\"description\":\"CL\u00cdNICA VIHER. Diagn\u00f2stic i tractament psicol\u00f2gic per al Trastorn de Personalitat i el Trastorn L\u00edmit de Personalitat\",\"breadcrumb\":{\"@id\":\"https:\\\/\\\/clinicaviher.com\\\/cat\\\/trastorns-de-la-personalitat\\\/#breadcrumb\"},\"inLanguage\":\"es\",\"potentialAction\":[{\"@type\":\"ReadAction\",\"target\":[\"https:\\\/\\\/clinicaviher.com\\\/cat\\\/trastorns-de-la-personalitat\\\/\"]}]},{\"@type\":\"ImageObject\",\"inLanguage\":\"es\",\"@id\":\"https:\\\/\\\/clinicaviher.com\\\/cat\\\/trastorns-de-la-personalitat\\\/#primaryimage\",\"url\":\"https:\\\/\\\/clinicaviher.com\\\/cat\\\/wp-content\\\/uploads\\\/2023\\\/06\\\/trastorno-de-personalidad.webp\",\"contentUrl\":\"https:\\\/\\\/clinicaviher.com\\\/cat\\\/wp-content\\\/uploads\\\/2023\\\/06\\\/trastorno-de-personalidad.webp\",\"width\":959,\"height\":718,\"caption\":\"trastorno de la personalidad\"},{\"@type\":\"BreadcrumbList\",\"@id\":\"https:\\\/\\\/clinicaviher.com\\\/cat\\\/trastorns-de-la-personalitat\\\/#breadcrumb\",\"itemListElement\":[{\"@type\":\"ListItem\",\"position\":1,\"name\":\"Portada\",\"item\":\"https:\\\/\\\/clinicaviher.com\\\/cat\\\/\"},{\"@type\":\"ListItem\",\"position\":2,\"name\":\"Trastornos de la personalidad\"}]},{\"@type\":\"WebSite\",\"@id\":\"https:\\\/\\\/clinicaviher.com\\\/cat\\\/#website\",\"url\":\"https:\\\/\\\/clinicaviher.com\\\/cat\\\/\",\"name\":\"Cl\u00ednica Viher\",\"description\":\"Si buscas un psic\u00f3logo en Barcelona, contamos con algunos de los mejores profesionales en psicolog\u00eda, psicoterapia y psicoan\u00e1lisis\",\"publisher\":{\"@id\":\"https:\\\/\\\/clinicaviher.com\\\/cat\\\/#organization\"},\"potentialAction\":[{\"@type\":\"SearchAction\",\"target\":{\"@type\":\"EntryPoint\",\"urlTemplate\":\"https:\\\/\\\/clinicaviher.com\\\/cat\\\/?s={search_term_string}\"},\"query-input\":{\"@type\":\"PropertyValueSpecification\",\"valueRequired\":true,\"valueName\":\"search_term_string\"}}],\"inLanguage\":\"es\"},{\"@type\":\"Organization\",\"@id\":\"https:\\\/\\\/clinicaviher.com\\\/cat\\\/#organization\",\"name\":\"Cl\u00ednica Viher\",\"url\":\"https:\\\/\\\/clinicaviher.com\\\/cat\\\/\",\"logo\":{\"@type\":\"ImageObject\",\"inLanguage\":\"es\",\"@id\":\"https:\\\/\\\/clinicaviher.com\\\/cat\\\/#\\\/schema\\\/logo\\\/image\\\/\",\"url\":\"https:\\\/\\\/clinicaviher.com\\\/cat\\\/wp-content\\\/uploads\\\/2019\\\/02\\\/logoviher-new-web.png\",\"contentUrl\":\"https:\\\/\\\/clinicaviher.com\\\/cat\\\/wp-content\\\/uploads\\\/2019\\\/02\\\/logoviher-new-web.png\",\"width\":240,\"height\":52,\"caption\":\"Cl\u00ednica Viher\"},\"image\":{\"@id\":\"https:\\\/\\\/clinicaviher.com\\\/cat\\\/#\\\/schema\\\/logo\\\/image\\\/\"}}]}<\/script>\n<!-- \/ Yoast SEO plugin. -->","yoast_head_json":{"title":"Tractament trastorn personalitat","description":"CL\u00cdNICA VIHER. Diagn\u00f2stic i tractament psicol\u00f2gic per al Trastorn de Personalitat i el Trastorn L\u00edmit de Personalitat","robots":{"index":"index","follow":"follow","max-snippet":"max-snippet:-1","max-image-preview":"max-image-preview:large","max-video-preview":"max-video-preview:-1"},"canonical":"https:\/\/clinicaviher.com\/cat\/trastorns-de-la-personalitat\/","og_locale":"es_ES","og_type":"article","og_title":"Tractament trastorn personalitat","og_description":"CL\u00cdNICA VIHER. Diagn\u00f2stic i tractament psicol\u00f2gic per al Trastorn de Personalitat i el Trastorn L\u00edmit de Personalitat","og_url":"https:\/\/clinicaviher.com\/cat\/trastorns-de-la-personalitat\/","og_site_name":"Cl\u00ednica Viher","article_modified_time":"2023-07-27T09:30:06+00:00","og_image":[{"url":"https:\/\/clinicaviher.com\/cat\/wp-content\/uploads\/2023\/06\/trastorno-de-personalidad.webp","type":"","width":"","height":""}],"twitter_card":"summary_large_image","twitter_misc":{"Tiempo de lectura":"3 minutos"},"schema":{"@context":"https:\/\/schema.org","@graph":[{"@type":"WebPage","@id":"https:\/\/clinicaviher.com\/cat\/trastorns-de-la-personalitat\/","url":"https:\/\/clinicaviher.com\/cat\/trastorns-de-la-personalitat\/","name":"Tractament trastorn personalitat","isPartOf":{"@id":"https:\/\/clinicaviher.com\/cat\/#website"},"primaryImageOfPage":{"@id":"https:\/\/clinicaviher.com\/cat\/trastorns-de-la-personalitat\/#primaryimage"},"image":{"@id":"https:\/\/clinicaviher.com\/cat\/trastorns-de-la-personalitat\/#primaryimage"},"thumbnailUrl":"https:\/\/clinicaviher.com\/cat\/wp-content\/uploads\/2023\/06\/trastorno-de-personalidad.webp","datePublished":"2018-03-26T09:23:58+00:00","dateModified":"2023-07-27T09:30:06+00:00","description":"CL\u00cdNICA VIHER. Diagn\u00f2stic i tractament psicol\u00f2gic per al Trastorn de Personalitat i el Trastorn L\u00edmit de Personalitat","breadcrumb":{"@id":"https:\/\/clinicaviher.com\/cat\/trastorns-de-la-personalitat\/#breadcrumb"},"inLanguage":"es","potentialAction":[{"@type":"ReadAction","target":["https:\/\/clinicaviher.com\/cat\/trastorns-de-la-personalitat\/"]}]},{"@type":"ImageObject","inLanguage":"es","@id":"https:\/\/clinicaviher.com\/cat\/trastorns-de-la-personalitat\/#primaryimage","url":"https:\/\/clinicaviher.com\/cat\/wp-content\/uploads\/2023\/06\/trastorno-de-personalidad.webp","contentUrl":"https:\/\/clinicaviher.com\/cat\/wp-content\/uploads\/2023\/06\/trastorno-de-personalidad.webp","width":959,"height":718,"caption":"trastorno de la personalidad"},{"@type":"BreadcrumbList","@id":"https:\/\/clinicaviher.com\/cat\/trastorns-de-la-personalitat\/#breadcrumb","itemListElement":[{"@type":"ListItem","position":1,"name":"Portada","item":"https:\/\/clinicaviher.com\/cat\/"},{"@type":"ListItem","position":2,"name":"Trastornos de la personalidad"}]},{"@type":"WebSite","@id":"https:\/\/clinicaviher.com\/cat\/#website","url":"https:\/\/clinicaviher.com\/cat\/","name":"Cl\u00ednica Viher","description":"Si buscas un psic\u00f3logo en Barcelona, contamos con algunos de los mejores profesionales en psicolog\u00eda, psicoterapia y psicoan\u00e1lisis","publisher":{"@id":"https:\/\/clinicaviher.com\/cat\/#organization"},"potentialAction":[{"@type":"SearchAction","target":{"@type":"EntryPoint","urlTemplate":"https:\/\/clinicaviher.com\/cat\/?s={search_term_string}"},"query-input":{"@type":"PropertyValueSpecification","valueRequired":true,"valueName":"search_term_string"}}],"inLanguage":"es"},{"@type":"Organization","@id":"https:\/\/clinicaviher.com\/cat\/#organization","name":"Cl\u00ednica Viher","url":"https:\/\/clinicaviher.com\/cat\/","logo":{"@type":"ImageObject","inLanguage":"es","@id":"https:\/\/clinicaviher.com\/cat\/#\/schema\/logo\/image\/","url":"https:\/\/clinicaviher.com\/cat\/wp-content\/uploads\/2019\/02\/logoviher-new-web.png","contentUrl":"https:\/\/clinicaviher.com\/cat\/wp-content\/uploads\/2019\/02\/logoviher-new-web.png","width":240,"height":52,"caption":"Cl\u00ednica Viher"},"image":{"@id":"https:\/\/clinicaviher.com\/cat\/#\/schema\/logo\/image\/"}}]}},"_links":{"self":[{"href":"https:\/\/clinicaviher.com\/cat\/wp-json\/wp\/v2\/pages\/63","targetHints":{"allow":["GET"]}}],"collection":[{"href":"https:\/\/clinicaviher.com\/cat\/wp-json\/wp\/v2\/pages"}],"about":[{"href":"https:\/\/clinicaviher.com\/cat\/wp-json\/wp\/v2\/types\/page"}],"author":[{"embeddable":true,"href":"https:\/\/clinicaviher.com\/cat\/wp-json\/wp\/v2\/users\/1"}],"replies":[{"embeddable":true,"href":"https:\/\/clinicaviher.com\/cat\/wp-json\/wp\/v2\/comments?post=63"}],"version-history":[{"count":26,"href":"https:\/\/clinicaviher.com\/cat\/wp-json\/wp\/v2\/pages\/63\/revisions"}],"predecessor-version":[{"id":2522,"href":"https:\/\/clinicaviher.com\/cat\/wp-json\/wp\/v2\/pages\/63\/revisions\/2522"}],"wp:attachment":[{"href":"https:\/\/clinicaviher.com\/cat\/wp-json\/wp\/v2\/media?parent=63"}],"curies":[{"name":"wp","href":"https:\/\/api.w.org\/{rel}","templated":true}]}}