{"id":71,"date":"2018-03-26T10:46:43","date_gmt":"2018-03-26T10:46:43","guid":{"rendered":"http:\/\/clinicaviher.com\/?page_id=71"},"modified":"2023-07-20T16:51:18","modified_gmt":"2023-07-20T14:51:18","slug":"psicolegs-infantils","status":"publish","type":"page","link":"https:\/\/clinicaviher.com\/cat\/psicolegs-infantils\/","title":{"rendered":"Infantil"},"content":{"rendered":"\t\t<div data-elementor-type=\"wp-page\" data-elementor-id=\"71\" class=\"elementor elementor-71\">\n\t\t\t\t\t\t\t\t\t<section class=\"elementor-section elementor-top-section elementor-element elementor-element-27d9efd8 elementor-section-stretched elementor-section-boxed elementor-section-height-default elementor-section-height-default\" data-id=\"27d9efd8\" data-element_type=\"section\" data-settings=\"{&quot;stretch_section&quot;:&quot;section-stretched&quot;,&quot;background_background&quot;:&quot;classic&quot;}\">\n\t\t\t\t\t\t<div class=\"elementor-container elementor-column-gap-default\">\n\t\t\t\t\t<div class=\"elementor-column elementor-col-100 elementor-top-column elementor-element elementor-element-13ff030a\" data-id=\"13ff030a\" data-element_type=\"column\">\n\t\t\t<div class=\"elementor-widget-wrap elementor-element-populated\">\n\t\t\t\t\t\t\t\t<div class=\"elementor-element elementor-element-4deb7d98 elementor-widget elementor-widget-heading\" data-id=\"4deb7d98\" data-element_type=\"widget\" data-widget_type=\"heading.default\">\n\t\t\t\t<div class=\"elementor-widget-container\">\n\t\t\t<style>\/*! elementor - v3.13.3 - 28-05-2023 *\/\n.elementor-heading-title{padding:0;margin:0;line-height:1}.elementor-widget-heading .elementor-heading-title[class*=elementor-size-]>a{color:inherit;font-size:inherit;line-height:inherit}.elementor-widget-heading .elementor-heading-title.elementor-size-small{font-size:15px}.elementor-widget-heading .elementor-heading-title.elementor-size-medium{font-size:19px}.elementor-widget-heading .elementor-heading-title.elementor-size-large{font-size:29px}.elementor-widget-heading .elementor-heading-title.elementor-size-xl{font-size:39px}.elementor-widget-heading .elementor-heading-title.elementor-size-xxl{font-size:59px}<\/style><h1 class=\"elementor-heading-title elementor-size-default\">Psic\u00f2leg infantil<\/h1>\t\t<\/div>\n\t\t\t\t<\/div>\n\t\t\t\t\t<\/div>\n\t\t<\/div>\n\t\t\t\t\t\t\t<\/div>\n\t\t<\/section>\n\t\t\t\t<section class=\"elementor-section elementor-top-section elementor-element elementor-element-4655e40a elementor-section-boxed elementor-section-height-default elementor-section-height-default\" data-id=\"4655e40a\" data-element_type=\"section\">\n\t\t\t\t\t\t<div class=\"elementor-container elementor-column-gap-default\">\n\t\t\t\t\t<div class=\"elementor-column elementor-col-100 elementor-top-column elementor-element elementor-element-591cd0f3\" data-id=\"591cd0f3\" data-element_type=\"column\">\n\t\t\t<div class=\"elementor-widget-wrap elementor-element-populated\">\n\t\t\t\t\t\t\t\t<div class=\"elementor-element elementor-element-1e0ea763 elementor-widget elementor-widget-text-editor\" data-id=\"1e0ea763\" data-element_type=\"widget\" data-widget_type=\"text-editor.default\">\n\t\t\t\t<div class=\"elementor-widget-container\">\n\t\t\t<style>\/*! elementor - v3.13.3 - 28-05-2023 *\/\n.elementor-widget-text-editor.elementor-drop-cap-view-stacked .elementor-drop-cap{background-color:#69727d;color:#fff}.elementor-widget-text-editor.elementor-drop-cap-view-framed .elementor-drop-cap{color:#69727d;border:3px solid;background-color:transparent}.elementor-widget-text-editor:not(.elementor-drop-cap-view-default) .elementor-drop-cap{margin-top:8px}.elementor-widget-text-editor:not(.elementor-drop-cap-view-default) .elementor-drop-cap-letter{width:1em;height:1em}.elementor-widget-text-editor .elementor-drop-cap{float:left;text-align:center;line-height:1;font-size:50px}.elementor-widget-text-editor .elementor-drop-cap-letter{display:inline-block}<\/style>\t\t\t\t<p><span><span class=\"\">Tots els pares ens enfadem alguna vegada per alguna actitud o comportament dels nostres fills.\u00a0<\/span>Per\u00f2 hem de comprendre que encara estan en desenvolupament i que moltes actituds s\u00f3n dif\u00edcils de corregir nom\u00e9s amb l&#8217;ajuda de la fam\u00edlia, dels pares.\u00a0Molts d&#8217;aquests aspectes a qu\u00e8 ens referim nom\u00e9s seran esmenables des de l&#8217;\u00e0mbit de la psicologia infantil.<\/span><\/p><p><span>Per\u00f2 com detectar quan el nostre nen necessita l&#8217;ajuda d&#8217;un professional del camp de la psicologia?<\/span><\/p>\t\t\t\t\t\t<\/div>\n\t\t\t\t<\/div>\n\t\t\t\t<div class=\"elementor-element elementor-element-4b868fa4 elementor-widget elementor-widget-heading\" data-id=\"4b868fa4\" data-element_type=\"widget\" data-widget_type=\"heading.default\">\n\t\t\t\t<div class=\"elementor-widget-container\">\n\t\t\t<h2 class=\"elementor-heading-title elementor-size-default\">Quan \u00e9s convenient anar a un psic\u00f2leg infantil?<\/h2>\t\t<\/div>\n\t\t\t\t<\/div>\n\t\t\t\t<section class=\"elementor-section elementor-inner-section elementor-element elementor-element-2bce7e elementor-section-content-middle elementor-section-boxed elementor-section-height-default elementor-section-height-default\" data-id=\"2bce7e\" data-element_type=\"section\">\n\t\t\t\t\t\t<div class=\"elementor-container elementor-column-gap-default\">\n\t\t\t\t\t<div class=\"elementor-column elementor-col-50 elementor-inner-column elementor-element elementor-element-294250bd\" data-id=\"294250bd\" data-element_type=\"column\">\n\t\t\t<div class=\"elementor-widget-wrap elementor-element-populated\">\n\t\t\t\t\t\t\t\t<div class=\"elementor-element elementor-element-1ae2a2db elementor-widget elementor-widget-text-editor\" data-id=\"1ae2a2db\" data-element_type=\"widget\" data-widget_type=\"text-editor.default\">\n\t\t\t\t<div class=\"elementor-widget-container\">\n\t\t\t\t\t\t\t<p style=\"box-sizing: border-box; margin: 0px 0px 10px; padding: 0px; border: none; outline: none; position: relative; line-height: 1.8em; font-family: Poppins, sans-serif; text-align: justify; color: #666666; font-size: 14px; font-style: normal; font-variant-ligatures: normal; font-variant-caps: normal; font-weight: 400; letter-spacing: normal; orphans: 2; text-indent: 0px; text-transform: none; widows: 2; word-spacing: 0px; -webkit-text-stroke-width: 0px; white-space: normal; background-color: #ffffff; text-decoration-thickness: initial; text-decoration-style: initial; text-decoration-color: initial;\"><span style=\"box-sizing: border-box; margin: 0px; padding: 0px; border: none; outline: none; vertical-align: inherit;\"><span style=\"box-sizing: border-box; margin: 0px; padding: 0px; border: none; outline: none; vertical-align: inherit;\">Davant de qualsevol dubte.\u00a0<\/span><span style=\"box-sizing: border-box; margin: 0px; padding: 0px; border: none; outline: none; vertical-align: inherit;\">Per molt petit que pensi que \u00e9s el problema, el nostre deure com a pare \u00e9s assegurar-nos.\u00a0<\/span><span style=\"box-sizing: border-box; margin: 0px; padding: 0px; border: none; outline: none; vertical-align: inherit;\">A m\u00e9s, hi ha petits problemes de manca d&#8217;autoestima o de tristesa que es poden acabar convertint en traumes si no els acabem tractant a temps.\u00a0<\/span><span style=\"box-sizing: border-box; margin: 0px; padding: 0px; border: none; outline: none; vertical-align: inherit;\">Per aix\u00f2, davant de qualsevol signe evident que indiqui que la seva filla o fill necessiti un diagn\u00f2stic i tractament professional, el m\u00e9s recomanable \u00e9s no deixar-lo passar ni un minut.<\/span><\/span><\/p><p style=\"box-sizing: border-box; margin: 0px 0px 10px; padding: 0px; border: none; outline: none; position: relative; line-height: 1.8em; font-family: Poppins, sans-serif; text-align: justify; color: #666666; font-size: 14px; font-style: normal; font-variant-ligatures: normal; font-variant-caps: normal; font-weight: 400; letter-spacing: normal; orphans: 2; text-indent: 0px; text-transform: none; widows: 2; word-spacing: 0px; -webkit-text-stroke-width: 0px; white-space: normal; background-color: #ffffff; text-decoration-thickness: initial; text-decoration-style: initial; text-decoration-color: initial;\"><span style=\"box-sizing: border-box; margin: 0px; padding: 0px; border: none; outline: none; vertical-align: inherit;\"><span style=\"box-sizing: border-box; margin: 0px; padding: 0px; border: none; outline: none; vertical-align: inherit;\">Posem-ne un exemple.\u00a0<\/span><span style=\"box-sizing: border-box; margin: 0px; padding: 0px; border: none; outline: none; vertical-align: inherit;\">Imagini&#8217;s que el nostre fill baixa el seu rendiment escolar i treu pitjors notes que el que hi \u00e9s habitual.\u00a0<\/span><span style=\"box-sizing: border-box; margin: 0px; padding: 0px; border: none; outline: none; vertical-align: inherit;\">Potser, com a pares, tendim a renyar-los.\u00a0<\/span><span style=\"box-sizing: border-box; margin: 0px; padding: 0px; border: none; outline: none; vertical-align: inherit;\">Per\u00f2 potser aix\u00f2 cont\u00e9 algun tipus de problema emocional que estigui afectant el seu rendiment i que pugui acabar desencadenant alguna patologia m\u00e9s greu.<\/span><\/span><\/p><p style=\"box-sizing: border-box; margin: 0px 0px 10px; padding: 0px; border: none; outline: none; position: relative; line-height: 1.8em; font-family: Poppins, sans-serif; text-align: justify; color: #666666; font-size: 14px; font-style: normal; font-variant-ligatures: normal; font-variant-caps: normal; font-weight: 400; letter-spacing: normal; orphans: 2; text-indent: 0px; text-transform: none; widows: 2; word-spacing: 0px; -webkit-text-stroke-width: 0px; white-space: normal; background-color: #ffffff; text-decoration-thickness: initial; text-decoration-style: initial; text-decoration-color: initial;\"><span style=\"box-sizing: border-box; margin: 0px; padding: 0px; border: none; outline: none; vertical-align: inherit;\"><span style=\"box-sizing: border-box; margin: 0px; padding: 0px; border: none; outline: none; vertical-align: inherit;\">El que s\u00ed que \u00e9s cert \u00e9s que cal tenir en compte l&#8217;edat del nen.\u00a0<\/span><span style=\"box-sizing: border-box; margin: 0px; padding: 0px; border: none; outline: none; vertical-align: inherit;\">Per exemple, un nen de 2 o 3 anys passa certes fases cr\u00edtiques com algunes rebequeries o actituds negatives.\u00a0<\/span><span style=\"box-sizing: border-box; margin: 0px; padding: 0px; border: none; outline: none; vertical-align: inherit;\">Aix\u00f2 \u00e9s normal i propi de l&#8217;edat.\u00a0<\/span><span style=\"box-sizing: border-box; margin: 0px; padding: 0px; border: none; outline: none; vertical-align: inherit;\">Amb paci\u00e8ncia, no resulta gens greu.\u00a0<\/span><span style=\"box-sizing: border-box; margin: 0px; padding: 0px; border: none; outline: none; vertical-align: inherit;\">\u00c9s el que anomenem \u201cdesenvolupament esperat\u201d.<\/span><\/span><\/p><p><span>S\u00ed que cal estar atents quan el desenvolupament del nen comen\u00e7a a madurar-se, a partir dels 6 o 7 anys, etapa que a m\u00e9s coincideix amb els primers passos a l&#8217;escola.\u00a0<\/span><span>Una etapa en qu\u00e8 poden sorgir diverses complicacions relacionades amb la psicologia i la pedagogia.<\/span><\/p>\t\t\t\t\t\t<\/div>\n\t\t\t\t<\/div>\n\t\t\t\t\t<\/div>\n\t\t<\/div>\n\t\t\t\t<div class=\"elementor-column elementor-col-50 elementor-inner-column elementor-element elementor-element-4d1605ae\" data-id=\"4d1605ae\" data-element_type=\"column\">\n\t\t\t<div class=\"elementor-widget-wrap elementor-element-populated\">\n\t\t\t\t\t\t\t\t<div class=\"elementor-element elementor-element-16fdf2c2 elementor-widget elementor-widget-image\" data-id=\"16fdf2c2\" data-element_type=\"widget\" data-widget_type=\"image.default\">\n\t\t\t\t<div class=\"elementor-widget-container\">\n\t\t\t<style>\/*! elementor - v3.13.3 - 28-05-2023 *\/\n.elementor-widget-image{text-align:center}.elementor-widget-image a{display:inline-block}.elementor-widget-image a img[src$=\".svg\"]{width:48px}.elementor-widget-image img{vertical-align:middle;display:inline-block}<\/style>\t\t\t\t\t\t\t\t\t\t\t\t<img loading=\"lazy\" decoding=\"async\" width=\"693\" height=\"632\" src=\"https:\/\/clinicaviher.com\/cat\/wp-content\/uploads\/2023\/06\/psicologo-infantil.webp\" class=\"attachment-large size-large wp-image-1923\" alt=\"Psic\u00f3loga infantil\" srcset=\"https:\/\/clinicaviher.com\/cat\/wp-content\/uploads\/2023\/06\/psicologo-infantil.webp 693w, https:\/\/clinicaviher.com\/cat\/wp-content\/uploads\/2023\/06\/psicologo-infantil-300x274.webp 300w, https:\/\/clinicaviher.com\/cat\/wp-content\/uploads\/2023\/06\/psicologo-infantil-600x547.webp 600w\" sizes=\"(max-width: 693px) 100vw, 693px\" \/>\t\t\t\t\t\t\t\t\t\t\t\t\t\t\t<\/div>\n\t\t\t\t<\/div>\n\t\t\t\t\t<\/div>\n\t\t<\/div>\n\t\t\t\t\t\t\t<\/div>\n\t\t<\/section>\n\t\t\t\t<div class=\"elementor-element elementor-element-a325c88 elementor-widget elementor-widget-text-editor\" data-id=\"a325c88\" data-element_type=\"widget\" data-widget_type=\"text-editor.default\">\n\t\t\t\t<div class=\"elementor-widget-container\">\n\t\t\t\t\t\t\t<p><span>A Cl\u00ednica Viher ens posem a la vostra disposici\u00f3.\u00a0<\/span><span>Comptem amb professionals de llarga experi\u00e8ncia en l&#8217;\u00e0mbit de la psicologia infantil, aix\u00ed com en moltes altres \u00e0rees de la psicologia.<\/span><\/p>\t\t\t\t\t\t<\/div>\n\t\t\t\t<\/div>\n\t\t\t\t\t<\/div>\n\t\t<\/div>\n\t\t\t\t\t\t\t<\/div>\n\t\t<\/section>\n\t\t\t\t<section class=\"elementor-section elementor-top-section elementor-element elementor-element-777dcd1a elementor-section-stretched elementor-section-boxed elementor-section-height-default elementor-section-height-default\" data-id=\"777dcd1a\" data-element_type=\"section\" data-settings=\"{&quot;stretch_section&quot;:&quot;section-stretched&quot;,&quot;background_background&quot;:&quot;classic&quot;}\">\n\t\t\t\t\t\t<div class=\"elementor-container elementor-column-gap-default\">\n\t\t\t\t\t<div class=\"elementor-column elementor-col-100 elementor-top-column elementor-element elementor-element-1c1d70a7\" data-id=\"1c1d70a7\" data-element_type=\"column\">\n\t\t\t<div class=\"elementor-widget-wrap elementor-element-populated\">\n\t\t\t\t\t\t\t\t<div class=\"elementor-element elementor-element-23a4af93 elementor-widget elementor-widget-heading\" data-id=\"23a4af93\" data-element_type=\"widget\" data-widget_type=\"heading.default\">\n\t\t\t\t<div class=\"elementor-widget-container\">\n\t\t\t<h2 class=\"elementor-heading-title elementor-size-default\">Pot ajudar la ter\u00e0pia infantil al seu fill?\n<\/h2>\t\t<\/div>\n\t\t\t\t<\/div>\n\t\t\t\t<div class=\"elementor-element elementor-element-24df187c elementor-widget elementor-widget-text-editor\" data-id=\"24df187c\" data-element_type=\"widget\" data-widget_type=\"text-editor.default\">\n\t\t\t\t<div class=\"elementor-widget-container\">\n\t\t\t\t\t\t\t<p><span>Per suposat.\u00a0<\/span><span>\u00c9s clar que el pot ajudar.\u00a0<\/span><span>La ter\u00e0pia infantil \u00e9s fins i tot m\u00e9s efica\u00e7 que ter\u00e0pies de psicologia en adults, moltes vegades.\u00a0<\/span><span>Entre altres problemes, podem enumerar-ne alguns en diferents blocs com els seg\u00fcents: els relacionats amb les dificultats d&#8217;aprenentatge escolar, problemes emocionals, comportament o actituds, f\u00f2bies i altres tipus de problemes.<\/span><\/p>\t\t\t\t\t\t<\/div>\n\t\t\t\t<\/div>\n\t\t\t\t<section class=\"elementor-section elementor-inner-section elementor-element elementor-element-ada285a elementor-section-boxed elementor-section-height-default elementor-section-height-default\" data-id=\"ada285a\" data-element_type=\"section\">\n\t\t\t\t\t\t<div class=\"elementor-container elementor-column-gap-default\">\n\t\t\t\t\t<div class=\"elementor-column elementor-col-50 elementor-inner-column elementor-element elementor-element-cea92f5\" data-id=\"cea92f5\" data-element_type=\"column\">\n\t\t\t<div class=\"elementor-widget-wrap elementor-element-populated\">\n\t\t\t\t\t\t\t\t<div class=\"elementor-element elementor-element-58ad165 elementor-widget elementor-widget-heading\" data-id=\"58ad165\" data-element_type=\"widget\" data-widget_type=\"heading.default\">\n\t\t\t\t<div class=\"elementor-widget-container\">\n\t\t\t<h3 class=\"elementor-heading-title elementor-size-default\">Dificultats daprenentatge<\/h3>\t\t<\/div>\n\t\t\t\t<\/div>\n\t\t\t\t<div class=\"elementor-element elementor-element-5fb89ba elementor-widget elementor-widget-text-editor\" data-id=\"5fb89ba\" data-element_type=\"widget\" data-widget_type=\"text-editor.default\">\n\t\t\t\t<div class=\"elementor-widget-container\">\n\t\t\t\t\t\t\t<p><span>Els nostres psic\u00f2legs infantils s\u00f3n especialistes en psicologia escolar.\u00a0<\/span><span>Els professionals de la nostra cl\u00ednica estan qualificats i capacitats per tractar des de comportaments no tan greus com la manca de concentraci\u00f3 o la des\u00eddia, fins a altres com el TDAH, discalc\u00falia o disl\u00e8xia.<\/span><\/p>\t\t\t\t\t\t<\/div>\n\t\t\t\t<\/div>\n\t\t\t\t\t<\/div>\n\t\t<\/div>\n\t\t\t\t<div class=\"elementor-column elementor-col-50 elementor-inner-column elementor-element elementor-element-52ce738\" data-id=\"52ce738\" data-element_type=\"column\">\n\t\t\t<div class=\"elementor-widget-wrap elementor-element-populated\">\n\t\t\t\t\t\t\t\t<div class=\"elementor-element elementor-element-178a472 elementor-widget elementor-widget-heading\" data-id=\"178a472\" data-element_type=\"widget\" data-widget_type=\"heading.default\">\n\t\t\t\t<div class=\"elementor-widget-container\">\n\t\t\t<h3 class=\"elementor-heading-title elementor-size-default\">Problemes o dificultats emocionals \n<\/h3>\t\t<\/div>\n\t\t\t\t<\/div>\n\t\t\t\t<div class=\"elementor-element elementor-element-5f3c363 elementor-widget elementor-widget-text-editor\" data-id=\"5f3c363\" data-element_type=\"widget\" data-widget_type=\"text-editor.default\">\n\t\t\t\t<div class=\"elementor-widget-container\">\n\t\t\t\t\t\t\t<p>A Cl\u00ednica Viher, els nostres psic\u00f2legs per a nens poden tractar efica\u00e7ment la tristesa, ansietat, depressi\u00f3, ira i qualsevol altre problema emocional en edat infantil.<\/p>\t\t\t\t\t\t<\/div>\n\t\t\t\t<\/div>\n\t\t\t\t\t<\/div>\n\t\t<\/div>\n\t\t\t\t\t\t\t<\/div>\n\t\t<\/section>\n\t\t\t\t<section class=\"elementor-section elementor-inner-section elementor-element elementor-element-aaa8400 elementor-section-boxed elementor-section-height-default elementor-section-height-default\" data-id=\"aaa8400\" data-element_type=\"section\">\n\t\t\t\t\t\t<div class=\"elementor-container elementor-column-gap-default\">\n\t\t\t\t\t<div class=\"elementor-column elementor-col-50 elementor-inner-column elementor-element elementor-element-d88712d\" data-id=\"d88712d\" data-element_type=\"column\">\n\t\t\t<div class=\"elementor-widget-wrap elementor-element-populated\">\n\t\t\t\t\t\t\t\t<div class=\"elementor-element elementor-element-7dfb721 elementor-widget elementor-widget-heading\" data-id=\"7dfb721\" data-element_type=\"widget\" data-widget_type=\"heading.default\">\n\t\t\t\t<div class=\"elementor-widget-container\">\n\t\t\t<h3 class=\"elementor-heading-title elementor-size-default\">Comportament<\/h3>\t\t<\/div>\n\t\t\t\t<\/div>\n\t\t\t\t<div class=\"elementor-element elementor-element-9e7f887 elementor-widget elementor-widget-text-editor\" data-id=\"9e7f887\" data-element_type=\"widget\" data-widget_type=\"text-editor.default\">\n\t\t\t\t<div class=\"elementor-widget-container\">\n\t\t\t\t\t\t\t<p>La impulsivitat, alguna conducta disruptiva o antisocial, males actituds a casa oa lescola o incompliment de normes.<\/p>\t\t\t\t\t\t<\/div>\n\t\t\t\t<\/div>\n\t\t\t\t\t<\/div>\n\t\t<\/div>\n\t\t\t\t<div class=\"elementor-column elementor-col-50 elementor-inner-column elementor-element elementor-element-d4537a6\" data-id=\"d4537a6\" data-element_type=\"column\">\n\t\t\t<div class=\"elementor-widget-wrap elementor-element-populated\">\n\t\t\t\t\t\t\t\t<div class=\"elementor-element elementor-element-d3183d3 elementor-widget elementor-widget-heading\" data-id=\"d3183d3\" data-element_type=\"widget\" data-widget_type=\"heading.default\">\n\t\t\t\t<div class=\"elementor-widget-container\">\n\t\t\t<h3 class=\"elementor-heading-title elementor-size-default\">F\u00f2bies<\/h3>\t\t<\/div>\n\t\t\t\t<\/div>\n\t\t\t\t<div class=\"elementor-element elementor-element-d3c56ba elementor-widget elementor-widget-text-editor\" data-id=\"d3c56ba\" data-element_type=\"widget\" data-widget_type=\"text-editor.default\">\n\t\t\t\t<div class=\"elementor-widget-container\">\n\t\t\t\t\t\t\t<p><span>En edat infantil sol ser habitual que aparegui algun tipus de f\u00f2bia.\u00a0<\/span><span>Si creus que pot ser aix\u00ed, no dubtis a contactar amb Cl\u00ednica Viher.\u00a0<\/span><span>Les f\u00f2bies tamb\u00e9 s\u00f3n tractables, siguin del tipus que siguin.<\/span><\/p>\t\t\t\t\t\t<\/div>\n\t\t\t\t<\/div>\n\t\t\t\t\t<\/div>\n\t\t<\/div>\n\t\t\t\t\t\t\t<\/div>\n\t\t<\/section>\n\t\t\t\t<div class=\"elementor-element elementor-element-1f93eec elementor-widget elementor-widget-heading\" data-id=\"1f93eec\" data-element_type=\"widget\" data-widget_type=\"heading.default\">\n\t\t\t\t<div class=\"elementor-widget-container\">\n\t\t\t<h3 class=\"elementor-heading-title elementor-size-default\">Altres problemes relacionats amb la psicologia infantil\n<\/h3>\t\t<\/div>\n\t\t\t\t<\/div>\n\t\t\t\t<div class=\"elementor-element elementor-element-6121c06 elementor-widget elementor-widget-text-editor\" data-id=\"6121c06\" data-element_type=\"widget\" data-widget_type=\"text-editor.default\">\n\t\t\t\t<div class=\"elementor-widget-container\">\n\t\t\t\t\t\t\t<p>Des de trastorns del son fins a la correcci\u00f3 d&#8217;altres h\u00e0bits referents a l&#8217;\u00e0mbit de la psicologia.<\/p>\t\t\t\t\t\t<\/div>\n\t\t\t\t<\/div>\n\t\t\t\t\t<\/div>\n\t\t<\/div>\n\t\t\t\t\t\t\t<\/div>\n\t\t<\/section>\n\t\t\t\t<section class=\"elementor-section elementor-top-section elementor-element elementor-element-66232bd4 elementor-section-boxed elementor-section-height-default elementor-section-height-default\" data-id=\"66232bd4\" data-element_type=\"section\">\n\t\t\t\t\t\t<div class=\"elementor-container elementor-column-gap-default\">\n\t\t\t\t\t<div class=\"elementor-column elementor-col-100 elementor-top-column elementor-element elementor-element-5e9d761\" data-id=\"5e9d761\" data-element_type=\"column\">\n\t\t\t<div class=\"elementor-widget-wrap elementor-element-populated\">\n\t\t\t\t\t\t\t\t<div class=\"elementor-element elementor-element-6a070ad1 elementor-widget elementor-widget-heading\" data-id=\"6a070ad1\" data-element_type=\"widget\" data-widget_type=\"heading.default\">\n\t\t\t\t<div class=\"elementor-widget-container\">\n\t\t\t<h2 class=\"elementor-heading-title elementor-size-default\">Psicopedagogia infantil a Barcelona\n<\/h2>\t\t<\/div>\n\t\t\t\t<\/div>\n\t\t\t\t<div class=\"elementor-element elementor-element-7752ee1d elementor-widget elementor-widget-text-editor\" data-id=\"7752ee1d\" data-element_type=\"widget\" data-widget_type=\"text-editor.default\">\n\t\t\t\t<div class=\"elementor-widget-container\">\n\t\t\t\t\t\t\t<p><span>Est\u00e0 cercant un psic\u00f2leg o psic\u00f2loga a Barcelona i que siguin especialistes en psicopedagogia infantil?\u00a0Cl\u00ednica Viher us espera.\u00a0I \u00e9s que \u00e9s molt recomanable que un nen tingui ple coneixement sobre les seves fortaleses i sigui conscient de les seves debilitats o dificultats, per treballar-les aix\u00ed.\u00a0Aix\u00f2 \u00e9s el primer perqu\u00e8 cada tractament sigui el m\u00e9s efica\u00e7 possible.\u00a0La resta \u00e9s la nostra missi\u00f3.<\/span><\/p><p><span>Per aix\u00f2, davant de qualsevol dubte que tinguin els pares, hem de consultar amb professionals.\u00a0La salut dels nostres fills t\u00e9 massa valor per no preocupar-se.<\/span><\/p><p><span>Si necessiteu un psic\u00f2leg infantil de Barcelona, \u200b\u200bpodeu exposar-nos ara mateix el que necessiteu contactant amb nosaltres a trav\u00e9s del nostre formulari de contacte o via telef\u00f2nica.\u00a0Consulti&#8217;ns sense comprom\u00eds!<\/span><\/p>\t\t\t\t\t\t<\/div>\n\t\t\t\t<\/div>\n\t\t\t\t\t<\/div>\n\t\t<\/div>\n\t\t\t\t\t\t\t<\/div>\n\t\t<\/section>\n\t\t\t\t<section class=\"elementor-section elementor-top-section elementor-element elementor-element-7f32cb34 elementor-section-stretched elementor-section-boxed elementor-section-height-default elementor-section-height-default\" data-id=\"7f32cb34\" data-element_type=\"section\" data-settings=\"{&quot;stretch_section&quot;:&quot;section-stretched&quot;}\">\n\t\t\t\t\t\t<div class=\"elementor-container elementor-column-gap-default\">\n\t\t\t\t\t<div class=\"elementor-column elementor-col-50 elementor-top-column elementor-element elementor-element-2f9e4ddd\" data-id=\"2f9e4ddd\" data-element_type=\"column\">\n\t\t\t<div class=\"elementor-widget-wrap elementor-element-populated\">\n\t\t\t\t\t\t\t\t<div class=\"elementor-element elementor-element-973bf4 elementor-widget elementor-widget-image\" data-id=\"973bf4\" data-element_type=\"widget\" data-widget_type=\"image.default\">\n\t\t\t\t<div class=\"elementor-widget-container\">\n\t\t\t\t\t\t\t\t\t\t\t\t\t\t\t\t<a href=\"\/quienes-somos\/\">\n\t\t\t\t\t\t\t<img loading=\"lazy\" decoding=\"async\" width=\"1400\" height=\"500\" src=\"https:\/\/clinicaviher.com\/cat\/wp-content\/uploads\/2023\/06\/ficha-Sergi.webp\" class=\"attachment-full size-full wp-image-1728\" alt=\"ver ficha de Sergi Vilardell\" srcset=\"https:\/\/clinicaviher.com\/cat\/wp-content\/uploads\/2023\/06\/ficha-Sergi.webp 1400w, https:\/\/clinicaviher.com\/cat\/wp-content\/uploads\/2023\/06\/ficha-Sergi-300x107.webp 300w, https:\/\/clinicaviher.com\/cat\/wp-content\/uploads\/2023\/06\/ficha-Sergi-1024x366.webp 1024w, https:\/\/clinicaviher.com\/cat\/wp-content\/uploads\/2023\/06\/ficha-Sergi-768x274.webp 768w, https:\/\/clinicaviher.com\/cat\/wp-content\/uploads\/2023\/06\/ficha-Sergi-600x214.webp 600w\" sizes=\"(max-width: 1400px) 100vw, 1400px\" \/>\t\t\t\t\t\t\t\t<\/a>\n\t\t\t\t\t\t\t\t\t\t\t\t\t\t\t<\/div>\n\t\t\t\t<\/div>\n\t\t\t\t\t<\/div>\n\t\t<\/div>\n\t\t\t\t<div class=\"elementor-column elementor-col-50 elementor-top-column elementor-element elementor-element-d1bdfc6\" data-id=\"d1bdfc6\" data-element_type=\"column\">\n\t\t\t<div class=\"elementor-widget-wrap elementor-element-populated\">\n\t\t\t\t\t\t\t\t<div class=\"elementor-element elementor-element-5010aeb3 elementor-widget elementor-widget-image\" data-id=\"5010aeb3\" data-element_type=\"widget\" data-widget_type=\"image.default\">\n\t\t\t\t<div class=\"elementor-widget-container\">\n\t\t\t\t\t\t\t\t\t\t\t\t\t\t\t\t<a href=\"\/quienes-somos\/\">\n\t\t\t\t\t\t\t<img loading=\"lazy\" decoding=\"async\" width=\"1400\" height=\"500\" src=\"https:\/\/clinicaviher.com\/cat\/wp-content\/uploads\/2023\/06\/mila-ficha.webp\" class=\"attachment-full size-full wp-image-1729\" alt=\"ver ficha de Mila Herrera\" srcset=\"https:\/\/clinicaviher.com\/cat\/wp-content\/uploads\/2023\/06\/mila-ficha.webp 1400w, https:\/\/clinicaviher.com\/cat\/wp-content\/uploads\/2023\/06\/mila-ficha-300x107.webp 300w, https:\/\/clinicaviher.com\/cat\/wp-content\/uploads\/2023\/06\/mila-ficha-1024x366.webp 1024w, https:\/\/clinicaviher.com\/cat\/wp-content\/uploads\/2023\/06\/mila-ficha-768x274.webp 768w, https:\/\/clinicaviher.com\/cat\/wp-content\/uploads\/2023\/06\/mila-ficha-600x214.webp 600w\" sizes=\"(max-width: 1400px) 100vw, 1400px\" \/>\t\t\t\t\t\t\t\t<\/a>\n\t\t\t\t\t\t\t\t\t\t\t\t\t\t\t<\/div>\n\t\t\t\t<\/div>\n\t\t\t\t\t<\/div>\n\t\t<\/div>\n\t\t\t\t\t\t\t<\/div>\n\t\t<\/section>\n\t\t\t\t\t\t\t<\/div>\n\t\t","protected":false},"excerpt":{"rendered":"<p>Psic\u00f2leg infantil Tots els pares ens enfadem alguna vegada per alguna actitud o comportament dels nostres fills.\u00a0Per\u00f2 hem de comprendre que encara estan en desenvolupament i que moltes actituds s\u00f3n dif\u00edcils de corregir nom\u00e9s amb l&#8217;ajuda de la fam\u00edlia, dels pares.\u00a0Molts d&#8217;aquests aspectes a qu\u00e8 ens referim nom\u00e9s seran esmenables des de l&#8217;\u00e0mbit de la &hellip;<\/p>\n<p class=\"read-more\"> <a class=\"\" href=\"https:\/\/clinicaviher.com\/cat\/psicolegs-infantils\/\"> <span class=\"screen-reader-text\">Infantil<\/span> Leer m\u00e1s &raquo;<\/a><\/p>\n","protected":false},"author":1,"featured_media":0,"parent":0,"menu_order":0,"comment_status":"closed","ping_status":"closed","template":"elementor_header_footer","meta":{"site-sidebar-layout":"default","site-content-layout":"default","ast-global-header-display":"","ast-banner-title-visibility":"","ast-main-header-display":"","ast-hfb-above-header-display":"","ast-hfb-below-header-display":"","ast-hfb-mobile-header-display":"","site-post-title":"","ast-breadcrumbs-content":"","ast-featured-img":"","footer-sml-layout":"","theme-transparent-header-meta":"default","adv-header-id-meta":"","stick-header-meta":"default","header-above-stick-meta":"","header-main-stick-meta":"","header-below-stick-meta":"","footnotes":""},"yoast_head":"<!-- This site is optimized with the Yoast SEO plugin v24.3 - https:\/\/yoast.com\/wordpress\/plugins\/seo\/ -->\n<title>Psic\u00f2leg infantil Barcelona. Ter\u00e0pia infantil<\/title>\n<meta name=\"description\" content=\"CL\u00cdNICA VIHER. Psicopedagogia i tractament psicol\u00f2gic per a nens. Psicologia infantil i escolar a Barcelona\" \/>\n<meta name=\"robots\" content=\"index, follow, max-snippet:-1, max-image-preview:large, max-video-preview:-1\" \/>\n<link rel=\"canonical\" href=\"https:\/\/clinicaviher.com\/cat\/psicolegs-infantils\/\" \/>\n<meta property=\"og:locale\" content=\"es_ES\" \/>\n<meta property=\"og:type\" content=\"article\" \/>\n<meta property=\"og:title\" content=\"Psic\u00f2leg infantil Barcelona. Ter\u00e0pia infantil\" \/>\n<meta property=\"og:description\" content=\"CL\u00cdNICA VIHER. Psicopedagogia i tractament psicol\u00f2gic per a nens. Psicologia infantil i escolar a Barcelona\" \/>\n<meta property=\"og:url\" content=\"https:\/\/clinicaviher.com\/cat\/psicolegs-infantils\/\" \/>\n<meta property=\"og:site_name\" content=\"Cl\u00ednica Viher\" \/>\n<meta property=\"article:modified_time\" content=\"2023-07-20T14:51:18+00:00\" \/>\n<meta property=\"og:image\" content=\"https:\/\/clinicaviher.com\/cat\/wp-content\/uploads\/2023\/06\/psicologo-infantil.webp\" \/>\n<meta name=\"twitter:card\" content=\"summary_large_image\" \/>\n<meta name=\"twitter:label1\" content=\"Tiempo de lectura\" \/>\n\t<meta name=\"twitter:data1\" content=\"4 minutos\" \/>\n<script type=\"application\/ld+json\" class=\"yoast-schema-graph\">{\"@context\":\"https:\/\/schema.org\",\"@graph\":[{\"@type\":\"WebPage\",\"@id\":\"https:\/\/clinicaviher.com\/cat\/psicolegs-infantils\/\",\"url\":\"https:\/\/clinicaviher.com\/cat\/psicolegs-infantils\/\",\"name\":\"Psic\u00f2leg infantil Barcelona. Ter\u00e0pia infantil\",\"isPartOf\":{\"@id\":\"https:\/\/clinicaviher.com\/cat\/#website\"},\"primaryImageOfPage\":{\"@id\":\"https:\/\/clinicaviher.com\/cat\/psicolegs-infantils\/#primaryimage\"},\"image\":{\"@id\":\"https:\/\/clinicaviher.com\/cat\/psicolegs-infantils\/#primaryimage\"},\"thumbnailUrl\":\"https:\/\/clinicaviher.com\/cat\/wp-content\/uploads\/2023\/06\/psicologo-infantil.webp\",\"datePublished\":\"2018-03-26T10:46:43+00:00\",\"dateModified\":\"2023-07-20T14:51:18+00:00\",\"description\":\"CL\u00cdNICA VIHER. Psicopedagogia i tractament psicol\u00f2gic per a nens. Psicologia infantil i escolar a Barcelona\",\"breadcrumb\":{\"@id\":\"https:\/\/clinicaviher.com\/cat\/psicolegs-infantils\/#breadcrumb\"},\"inLanguage\":\"es\",\"potentialAction\":[{\"@type\":\"ReadAction\",\"target\":[\"https:\/\/clinicaviher.com\/cat\/psicolegs-infantils\/\"]}]},{\"@type\":\"ImageObject\",\"inLanguage\":\"es\",\"@id\":\"https:\/\/clinicaviher.com\/cat\/psicolegs-infantils\/#primaryimage\",\"url\":\"https:\/\/clinicaviher.com\/cat\/wp-content\/uploads\/2023\/06\/psicologo-infantil.webp\",\"contentUrl\":\"https:\/\/clinicaviher.com\/cat\/wp-content\/uploads\/2023\/06\/psicologo-infantil.webp\",\"width\":693,\"height\":632,\"caption\":\"Psic\u00f3loga infantil\"},{\"@type\":\"BreadcrumbList\",\"@id\":\"https:\/\/clinicaviher.com\/cat\/psicolegs-infantils\/#breadcrumb\",\"itemListElement\":[{\"@type\":\"ListItem\",\"position\":1,\"name\":\"Portada\",\"item\":\"https:\/\/clinicaviher.com\/cat\/\"},{\"@type\":\"ListItem\",\"position\":2,\"name\":\"Infantil\"}]},{\"@type\":\"WebSite\",\"@id\":\"https:\/\/clinicaviher.com\/cat\/#website\",\"url\":\"https:\/\/clinicaviher.com\/cat\/\",\"name\":\"Cl\u00ednica Viher\",\"description\":\"Si buscas un psic\u00f3logo en Barcelona, contamos con algunos de los mejores profesionales en psicolog\u00eda, psicoterapia y psicoan\u00e1lisis\",\"publisher\":{\"@id\":\"https:\/\/clinicaviher.com\/cat\/#organization\"},\"potentialAction\":[{\"@type\":\"SearchAction\",\"target\":{\"@type\":\"EntryPoint\",\"urlTemplate\":\"https:\/\/clinicaviher.com\/cat\/?s={search_term_string}\"},\"query-input\":{\"@type\":\"PropertyValueSpecification\",\"valueRequired\":true,\"valueName\":\"search_term_string\"}}],\"inLanguage\":\"es\"},{\"@type\":\"Organization\",\"@id\":\"https:\/\/clinicaviher.com\/cat\/#organization\",\"name\":\"Cl\u00ednica Viher\",\"url\":\"https:\/\/clinicaviher.com\/cat\/\",\"logo\":{\"@type\":\"ImageObject\",\"inLanguage\":\"es\",\"@id\":\"https:\/\/clinicaviher.com\/cat\/#\/schema\/logo\/image\/\",\"url\":\"https:\/\/clinicaviher.com\/cat\/wp-content\/uploads\/2019\/02\/logoviher-new-web.png\",\"contentUrl\":\"https:\/\/clinicaviher.com\/cat\/wp-content\/uploads\/2019\/02\/logoviher-new-web.png\",\"width\":240,\"height\":52,\"caption\":\"Cl\u00ednica Viher\"},\"image\":{\"@id\":\"https:\/\/clinicaviher.com\/cat\/#\/schema\/logo\/image\/\"}}]}<\/script>\n<!-- \/ Yoast SEO plugin. -->","yoast_head_json":{"title":"Psic\u00f2leg infantil Barcelona. Ter\u00e0pia infantil","description":"CL\u00cdNICA VIHER. Psicopedagogia i tractament psicol\u00f2gic per a nens. Psicologia infantil i escolar a Barcelona","robots":{"index":"index","follow":"follow","max-snippet":"max-snippet:-1","max-image-preview":"max-image-preview:large","max-video-preview":"max-video-preview:-1"},"canonical":"https:\/\/clinicaviher.com\/cat\/psicolegs-infantils\/","og_locale":"es_ES","og_type":"article","og_title":"Psic\u00f2leg infantil Barcelona. Ter\u00e0pia infantil","og_description":"CL\u00cdNICA VIHER. Psicopedagogia i tractament psicol\u00f2gic per a nens. Psicologia infantil i escolar a Barcelona","og_url":"https:\/\/clinicaviher.com\/cat\/psicolegs-infantils\/","og_site_name":"Cl\u00ednica Viher","article_modified_time":"2023-07-20T14:51:18+00:00","og_image":[{"url":"https:\/\/clinicaviher.com\/cat\/wp-content\/uploads\/2023\/06\/psicologo-infantil.webp","type":"","width":"","height":""}],"twitter_card":"summary_large_image","twitter_misc":{"Tiempo de lectura":"4 minutos"},"schema":{"@context":"https:\/\/schema.org","@graph":[{"@type":"WebPage","@id":"https:\/\/clinicaviher.com\/cat\/psicolegs-infantils\/","url":"https:\/\/clinicaviher.com\/cat\/psicolegs-infantils\/","name":"Psic\u00f2leg infantil Barcelona. Ter\u00e0pia infantil","isPartOf":{"@id":"https:\/\/clinicaviher.com\/cat\/#website"},"primaryImageOfPage":{"@id":"https:\/\/clinicaviher.com\/cat\/psicolegs-infantils\/#primaryimage"},"image":{"@id":"https:\/\/clinicaviher.com\/cat\/psicolegs-infantils\/#primaryimage"},"thumbnailUrl":"https:\/\/clinicaviher.com\/cat\/wp-content\/uploads\/2023\/06\/psicologo-infantil.webp","datePublished":"2018-03-26T10:46:43+00:00","dateModified":"2023-07-20T14:51:18+00:00","description":"CL\u00cdNICA VIHER. Psicopedagogia i tractament psicol\u00f2gic per a nens. Psicologia infantil i escolar a Barcelona","breadcrumb":{"@id":"https:\/\/clinicaviher.com\/cat\/psicolegs-infantils\/#breadcrumb"},"inLanguage":"es","potentialAction":[{"@type":"ReadAction","target":["https:\/\/clinicaviher.com\/cat\/psicolegs-infantils\/"]}]},{"@type":"ImageObject","inLanguage":"es","@id":"https:\/\/clinicaviher.com\/cat\/psicolegs-infantils\/#primaryimage","url":"https:\/\/clinicaviher.com\/cat\/wp-content\/uploads\/2023\/06\/psicologo-infantil.webp","contentUrl":"https:\/\/clinicaviher.com\/cat\/wp-content\/uploads\/2023\/06\/psicologo-infantil.webp","width":693,"height":632,"caption":"Psic\u00f3loga infantil"},{"@type":"BreadcrumbList","@id":"https:\/\/clinicaviher.com\/cat\/psicolegs-infantils\/#breadcrumb","itemListElement":[{"@type":"ListItem","position":1,"name":"Portada","item":"https:\/\/clinicaviher.com\/cat\/"},{"@type":"ListItem","position":2,"name":"Infantil"}]},{"@type":"WebSite","@id":"https:\/\/clinicaviher.com\/cat\/#website","url":"https:\/\/clinicaviher.com\/cat\/","name":"Cl\u00ednica Viher","description":"Si buscas un psic\u00f3logo en Barcelona, contamos con algunos de los mejores profesionales en psicolog\u00eda, psicoterapia y psicoan\u00e1lisis","publisher":{"@id":"https:\/\/clinicaviher.com\/cat\/#organization"},"potentialAction":[{"@type":"SearchAction","target":{"@type":"EntryPoint","urlTemplate":"https:\/\/clinicaviher.com\/cat\/?s={search_term_string}"},"query-input":{"@type":"PropertyValueSpecification","valueRequired":true,"valueName":"search_term_string"}}],"inLanguage":"es"},{"@type":"Organization","@id":"https:\/\/clinicaviher.com\/cat\/#organization","name":"Cl\u00ednica Viher","url":"https:\/\/clinicaviher.com\/cat\/","logo":{"@type":"ImageObject","inLanguage":"es","@id":"https:\/\/clinicaviher.com\/cat\/#\/schema\/logo\/image\/","url":"https:\/\/clinicaviher.com\/cat\/wp-content\/uploads\/2019\/02\/logoviher-new-web.png","contentUrl":"https:\/\/clinicaviher.com\/cat\/wp-content\/uploads\/2019\/02\/logoviher-new-web.png","width":240,"height":52,"caption":"Cl\u00ednica Viher"},"image":{"@id":"https:\/\/clinicaviher.com\/cat\/#\/schema\/logo\/image\/"}}]}},"_links":{"self":[{"href":"https:\/\/clinicaviher.com\/cat\/wp-json\/wp\/v2\/pages\/71"}],"collection":[{"href":"https:\/\/clinicaviher.com\/cat\/wp-json\/wp\/v2\/pages"}],"about":[{"href":"https:\/\/clinicaviher.com\/cat\/wp-json\/wp\/v2\/types\/page"}],"author":[{"embeddable":true,"href":"https:\/\/clinicaviher.com\/cat\/wp-json\/wp\/v2\/users\/1"}],"replies":[{"embeddable":true,"href":"https:\/\/clinicaviher.com\/cat\/wp-json\/wp\/v2\/comments?post=71"}],"version-history":[{"count":10,"href":"https:\/\/clinicaviher.com\/cat\/wp-json\/wp\/v2\/pages\/71\/revisions"}],"predecessor-version":[{"id":2442,"href":"https:\/\/clinicaviher.com\/cat\/wp-json\/wp\/v2\/pages\/71\/revisions\/2442"}],"wp:attachment":[{"href":"https:\/\/clinicaviher.com\/cat\/wp-json\/wp\/v2\/media?parent=71"}],"curies":[{"name":"wp","href":"https:\/\/api.w.org\/{rel}","templated":true}]}}