{"id":74,"date":"2018-03-26T10:54:32","date_gmt":"2018-03-26T10:54:32","guid":{"rendered":"http:\/\/clinicaviher.com\/?page_id=74"},"modified":"2023-07-27T12:31:15","modified_gmt":"2023-07-27T10:31:15","slug":"autisme","status":"publish","type":"page","link":"https:\/\/clinicaviher.com\/cat\/autisme\/","title":{"rendered":"Autisme"},"content":{"rendered":"\t\t<div data-elementor-type=\"wp-page\" data-elementor-id=\"74\" class=\"elementor elementor-74\">\n\t\t\t\t\t\t\t\t\t<section class=\"elementor-section elementor-top-section elementor-element elementor-element-1395e839 elementor-section-stretched elementor-section-boxed elementor-section-height-default elementor-section-height-default\" data-id=\"1395e839\" data-element_type=\"section\" data-settings=\"{&quot;stretch_section&quot;:&quot;section-stretched&quot;,&quot;background_background&quot;:&quot;classic&quot;}\">\n\t\t\t\t\t\t<div class=\"elementor-container elementor-column-gap-default\">\n\t\t\t\t\t<div class=\"elementor-column elementor-col-100 elementor-top-column elementor-element elementor-element-3479cdf5\" data-id=\"3479cdf5\" data-element_type=\"column\">\n\t\t\t<div class=\"elementor-widget-wrap elementor-element-populated\">\n\t\t\t\t\t\t\t\t<div class=\"elementor-element elementor-element-1644aa61 elementor-widget elementor-widget-heading\" data-id=\"1644aa61\" data-element_type=\"widget\" data-widget_type=\"heading.default\">\n\t\t\t\t<div class=\"elementor-widget-container\">\n\t\t\t<style>\/*! elementor - v3.13.3 - 28-05-2023 *\/\n.elementor-heading-title{padding:0;margin:0;line-height:1}.elementor-widget-heading .elementor-heading-title[class*=elementor-size-]>a{color:inherit;font-size:inherit;line-height:inherit}.elementor-widget-heading .elementor-heading-title.elementor-size-small{font-size:15px}.elementor-widget-heading .elementor-heading-title.elementor-size-medium{font-size:19px}.elementor-widget-heading .elementor-heading-title.elementor-size-large{font-size:29px}.elementor-widget-heading .elementor-heading-title.elementor-size-xl{font-size:39px}.elementor-widget-heading .elementor-heading-title.elementor-size-xxl{font-size:59px}<\/style><h1 class=\"elementor-heading-title elementor-size-default\">Psic\u00f2legs especialistes a TEA (Trastorn de l'Espectre Autista) i Psic\u00f2legs especialistes en autisme\n<\/h1>\t\t<\/div>\n\t\t\t\t<\/div>\n\t\t\t\t\t<\/div>\n\t\t<\/div>\n\t\t\t\t\t\t\t<\/div>\n\t\t<\/section>\n\t\t\t\t<section class=\"elementor-section elementor-top-section elementor-element elementor-element-41bfe124 elementor-section-boxed elementor-section-height-default elementor-section-height-default\" data-id=\"41bfe124\" data-element_type=\"section\">\n\t\t\t\t\t\t<div class=\"elementor-container elementor-column-gap-default\">\n\t\t\t\t\t<div class=\"elementor-column elementor-col-100 elementor-top-column elementor-element elementor-element-411ec4e\" data-id=\"411ec4e\" data-element_type=\"column\">\n\t\t\t<div class=\"elementor-widget-wrap elementor-element-populated\">\n\t\t\t\t\t\t\t\t<div class=\"elementor-element elementor-element-6aa9e7db elementor-widget elementor-widget-text-editor\" data-id=\"6aa9e7db\" data-element_type=\"widget\" data-widget_type=\"text-editor.default\">\n\t\t\t\t<div class=\"elementor-widget-container\">\n\t\t\t<style>\/*! elementor - v3.13.3 - 28-05-2023 *\/\n.elementor-widget-text-editor.elementor-drop-cap-view-stacked .elementor-drop-cap{background-color:#69727d;color:#fff}.elementor-widget-text-editor.elementor-drop-cap-view-framed .elementor-drop-cap{color:#69727d;border:3px solid;background-color:transparent}.elementor-widget-text-editor:not(.elementor-drop-cap-view-default) .elementor-drop-cap{margin-top:8px}.elementor-widget-text-editor:not(.elementor-drop-cap-view-default) .elementor-drop-cap-letter{width:1em;height:1em}.elementor-widget-text-editor .elementor-drop-cap{float:left;text-align:center;line-height:1;font-size:50px}.elementor-widget-text-editor .elementor-drop-cap-letter{display:inline-block}<\/style>\t\t\t\t<p>Lamentablement, ens trobem m\u00e9s vegades de les que ens agradaria amb fam\u00edlies molt confoses i desconcertades, ja no nom\u00e9s pels\u00a0<b>s\u00edmptomes\u00a0<\/b>que poden presentar els seus fills en all\u00f2 que actualment s&#8217;ha decidit anomenar\u00a0<b>Autisme\u00a0<\/b>o\u00a0<b>Trastorn de l&#8217;Espectre Autista,\u00a0<\/b>les seves sigles s\u00f3n\u00a0<b>TEA,\u00a0<\/b>sin\u00f3 per les grans difer\u00e8ncies existents entre els psic\u00f2legs infantils per abordar les propostes de\u00a0<b>diagn\u00f2stic de l&#8217;autisme o diagn\u00f2stic del TEA\u00a0<\/b>i tractar aquests\u00a0<b>trastorns infantils.\u00a0<\/b><b>Els millors psic\u00f2legs infantils Barcelona\u00a0<\/b>?\u00a0<b>els millors especialistes a TEA Barcelona?,\u00a0<\/b>aquestes s\u00f3n algunes de les preguntes que es fan els pares despr\u00e9s de rebre el diagn\u00f2stic de TEA en els seus fills\u00a0<b>.\u00a0Es tracta de trobar una manera de treballar amb nens amb autisme i amb TEA\u00a0<\/b>que sigui respectuosa amb el nen i amb la seva subjectivitat,\u00a0<b>psic\u00f2legs infantils\u00a0<\/b>, que intervinguin des d&#8217;una posici\u00f3 \u00e8tica davant de la singularitat de cada nen.<\/p>\t\t\t\t\t\t<\/div>\n\t\t\t\t<\/div>\n\t\t\t\t<section class=\"elementor-section elementor-inner-section elementor-element elementor-element-1c77dca8 elementor-section-content-middle elementor-section-boxed elementor-section-height-default elementor-section-height-default\" data-id=\"1c77dca8\" data-element_type=\"section\">\n\t\t\t\t\t\t<div class=\"elementor-container elementor-column-gap-default\">\n\t\t\t\t\t<div class=\"elementor-column elementor-col-50 elementor-inner-column elementor-element elementor-element-4704b7f9\" data-id=\"4704b7f9\" data-element_type=\"column\">\n\t\t\t<div class=\"elementor-widget-wrap elementor-element-populated\">\n\t\t\t\t\t\t\t\t<div class=\"elementor-element elementor-element-6083ebd0 elementor-widget elementor-widget-heading\" data-id=\"6083ebd0\" data-element_type=\"widget\" data-widget_type=\"heading.default\">\n\t\t\t\t<div class=\"elementor-widget-container\">\n\t\t\t<h2 class=\"elementor-heading-title elementor-size-default\">Psic\u00f2legs autisme i TEA Barcelona\n<\/h2>\t\t<\/div>\n\t\t\t\t<\/div>\n\t\t\t\t<div class=\"elementor-element elementor-element-5bc238ff elementor-widget elementor-widget-text-editor\" data-id=\"5bc238ff\" data-element_type=\"widget\" data-widget_type=\"text-editor.default\">\n\t\t\t\t<div class=\"elementor-widget-container\">\n\t\t\t\t\t\t\t<p><span>A&nbsp;<\/span><b><span>Cl\u00ednica Viher, psic\u00f2legs infantils&nbsp;<\/span><\/b><span>amb dilatada experi\u00e8ncia en aquest terreny&nbsp;<\/span><b><span>,&nbsp;<\/span><\/b><span>sabem que actualment hi ha diferents sabers que mostren autoritat per&nbsp;<\/span><b><span>diagnosticar&nbsp;<\/span><\/b><span>, teoritzar, explicar,&nbsp;<\/span><b><span>tractar&nbsp;<\/span><\/b><span>, educar o terapeutitzar l&#8217;&nbsp;<\/span><b><span>autisme&nbsp;<\/span><\/b><span>en concret i el&nbsp;<\/span><b><span>TEA en general&nbsp;<\/span><\/b><span>.&nbsp;Efectivament amb grans contradiccions entre ells, sabem que la unanimitat \u00e9s impossible, per\u00f2 nosaltres, que som&nbsp;<\/span><b><span>psic\u00f2legs infantils&nbsp;<\/span><\/b><span>que treballem des de fa molt\u00edssims anys amb&nbsp;<\/span><b><span>nens amb autisme&nbsp;<\/span><\/b><span>i amb&nbsp;<\/span><b><span>TEA&nbsp;<\/span><\/b><span>per\u00f2 tamb\u00e9 amb nens que no presenten aquestes particularitats, sabem que el nostre&nbsp;<\/span><b><span>abordatge de l&#8217;autisme i del TEA&nbsp;<\/span><\/b><span>\u00e9s radicalment diferent del que fan altres<b> <\/b><\/span><b><span>terap\u00e8utiques&nbsp;<\/span><\/b><span>exactament pel que est\u00e0 en joc i que no \u00e9s com entenem la patologia, sin\u00f3 com entenem i&nbsp;<\/span><b><span>tractem&nbsp;<\/span><\/b><span>all\u00f2 hum\u00e0.<\/span><\/p>\t\t\t\t\t\t<\/div>\n\t\t\t\t<\/div>\n\t\t\t\t\t<\/div>\n\t\t<\/div>\n\t\t\t\t<div class=\"elementor-column elementor-col-50 elementor-inner-column elementor-element elementor-element-55c89df9\" data-id=\"55c89df9\" data-element_type=\"column\">\n\t\t\t<div class=\"elementor-widget-wrap elementor-element-populated\">\n\t\t\t\t\t\t\t\t<div class=\"elementor-element elementor-element-10f400ab elementor-widget elementor-widget-image\" data-id=\"10f400ab\" data-element_type=\"widget\" data-widget_type=\"image.default\">\n\t\t\t\t<div class=\"elementor-widget-container\">\n\t\t\t<style>\/*! elementor - v3.13.3 - 28-05-2023 *\/\n.elementor-widget-image{text-align:center}.elementor-widget-image a{display:inline-block}.elementor-widget-image a img[src$=\".svg\"]{width:48px}.elementor-widget-image img{vertical-align:middle;display:inline-block}<\/style>\t\t\t\t\t\t\t\t\t\t\t\t<img loading=\"lazy\" decoding=\"async\" width=\"480\" height=\"480\" src=\"https:\/\/clinicaviher.com\/cat\/wp-content\/uploads\/2018\/11\/icons8-ardilla-480.png\" class=\"attachment-large size-large wp-image-1096\" alt=\"psic\u00f3logos infantiles especialistas en autismo\" srcset=\"https:\/\/clinicaviher.com\/cat\/wp-content\/uploads\/2018\/11\/icons8-ardilla-480.png 480w, https:\/\/clinicaviher.com\/cat\/wp-content\/uploads\/2018\/11\/icons8-ardilla-480-300x300.png 300w, https:\/\/clinicaviher.com\/cat\/wp-content\/uploads\/2018\/11\/icons8-ardilla-480-100x100.png 100w, https:\/\/clinicaviher.com\/cat\/wp-content\/uploads\/2018\/11\/icons8-ardilla-480-150x150.png 150w, https:\/\/clinicaviher.com\/cat\/wp-content\/uploads\/2018\/11\/icons8-ardilla-480-79x79.png 79w, https:\/\/clinicaviher.com\/cat\/wp-content\/uploads\/2018\/11\/icons8-ardilla-480-55x55.png 55w\" sizes=\"(max-width: 480px) 100vw, 480px\" \/>\t\t\t\t\t\t\t\t\t\t\t\t\t\t\t<\/div>\n\t\t\t\t<\/div>\n\t\t\t\t\t<\/div>\n\t\t<\/div>\n\t\t\t\t\t\t\t<\/div>\n\t\t<\/section>\n\t\t\t\t\t<\/div>\n\t\t<\/div>\n\t\t\t\t\t\t\t<\/div>\n\t\t<\/section>\n\t\t\t\t<section class=\"elementor-section elementor-top-section elementor-element elementor-element-35eef0f0 elementor-section-stretched elementor-section-boxed elementor-section-height-default elementor-section-height-default\" data-id=\"35eef0f0\" data-element_type=\"section\" data-settings=\"{&quot;stretch_section&quot;:&quot;section-stretched&quot;,&quot;background_background&quot;:&quot;classic&quot;}\">\n\t\t\t\t\t\t<div class=\"elementor-container elementor-column-gap-default\">\n\t\t\t\t\t<div class=\"elementor-column elementor-col-100 elementor-top-column elementor-element elementor-element-30a0d36f\" data-id=\"30a0d36f\" data-element_type=\"column\">\n\t\t\t<div class=\"elementor-widget-wrap elementor-element-populated\">\n\t\t\t\t\t\t\t\t<div class=\"elementor-element elementor-element-67637e81 elementor-widget elementor-widget-heading\" data-id=\"67637e81\" data-element_type=\"widget\" data-widget_type=\"heading.default\">\n\t\t\t\t<div class=\"elementor-widget-container\">\n\t\t\t<h2 class=\"elementor-heading-title elementor-size-default\">\nFem Diagn\u00f2stic d'autisme? i Diagn\u00f2stic de TEA?<\/h2>\t\t<\/div>\n\t\t\t\t<\/div>\n\t\t\t\t<div class=\"elementor-element elementor-element-55e5b405 elementor-widget elementor-widget-text-editor\" data-id=\"55e5b405\" data-element_type=\"widget\" data-widget_type=\"text-editor.default\">\n\t\t\t\t<div class=\"elementor-widget-container\">\n\t\t\t\t\t\t\t<p><span>El nostre llarg recorregut com a\u00a0<\/span><b><span>psic\u00f2legs infantils\u00a0<\/span><\/b><span>per institucions p\u00fabliques i privades de la xarxa de Salut Mental de Catalunya ens capacita i ens permet fer valoracions cl\u00edniques i orientacions diagn\u00f2stiques fiables que s\u00f3n la porta d&#8217;acc\u00e9s a poder treballar i intervenir d&#8217;una manera orientada cl\u00ednicament parlant, tant amb els\u00a0<\/span><b><span>nens amb autisme o amb TEA\u00a0<\/span><\/b><span>i amb les fam\u00edlies.<\/span><\/p>\t\t\t\t\t\t<\/div>\n\t\t\t\t<\/div>\n\t\t\t\t\t<\/div>\n\t\t<\/div>\n\t\t\t\t\t\t\t<\/div>\n\t\t<\/section>\n\t\t\t\t<section class=\"elementor-section elementor-top-section elementor-element elementor-element-3b44dbce elementor-section-boxed elementor-section-height-default elementor-section-height-default\" data-id=\"3b44dbce\" data-element_type=\"section\">\n\t\t\t\t\t\t<div class=\"elementor-container elementor-column-gap-default\">\n\t\t\t\t\t<div class=\"elementor-column elementor-col-100 elementor-top-column elementor-element elementor-element-10a4d543\" data-id=\"10a4d543\" data-element_type=\"column\">\n\t\t\t<div class=\"elementor-widget-wrap elementor-element-populated\">\n\t\t\t\t\t\t\t\t<div class=\"elementor-element elementor-element-29bd2332 elementor-widget elementor-widget-heading\" data-id=\"29bd2332\" data-element_type=\"widget\" data-widget_type=\"heading.default\">\n\t\t\t\t<div class=\"elementor-widget-container\">\n\t\t\t<h2 class=\"elementor-heading-title elementor-size-default\">\nQuin \u00e9s el nostre tractament de l'autisme? i el nostre Tractament del TEA? Hi ha cura per fer-ho?<\/h2>\t\t<\/div>\n\t\t\t\t<\/div>\n\t\t\t\t<div class=\"elementor-element elementor-element-3906c elementor-widget elementor-widget-text-editor\" data-id=\"3906c\" data-element_type=\"widget\" data-widget_type=\"text-editor.default\">\n\t\t\t\t<div class=\"elementor-widget-container\">\n\t\t\t\t\t\t\t<p><span>Els nostres\u00a0<\/span><b><span>psic\u00f2legs infantils d&#8217;autisme i TEA a Barcelona\u00a0<\/span><\/b><span>no tractem de manera est\u00e0ndard ni protocol\u00b7litzada els nens ni les seves fam\u00edlies etiquetant, marcant i reduint els subjectes a una mera\u00a0<\/span><span>classificaci\u00f3 diagn\u00f2stica\u00a0<\/span><b><span>(autista, TEA\u2026)\u00a0<\/span><\/b><span>sin\u00f3 que\u00a0<\/span><b><span>a Cl\u00ednica Viher\u00a0<\/span><\/b><span>l&#8217;\u00a0<\/span><span>orientaci\u00f3 de la cura consisteix en un acompanyament i acolliment del patiment de cada nen i de la seva fam\u00edlia per poder-los oferir altres sortides de les que ja van comen\u00e7ar a buscar, i altres maneres de poder ser al m\u00f3n per\u00f2 amb molt menys patir.<\/span><\/p>\t\t\t\t\t\t<\/div>\n\t\t\t\t<\/div>\n\t\t\t\t<div class=\"elementor-element elementor-element-4c6ff8ff elementor-widget elementor-widget-heading\" data-id=\"4c6ff8ff\" data-element_type=\"widget\" data-widget_type=\"heading.default\">\n\t\t\t\t<div class=\"elementor-widget-container\">\n\t\t\t<h2 class=\"elementor-heading-title elementor-size-default\">Els millors psic\u00f2legs infantils especialistes en autisme (TEA) a Barcelona<\/h2>\t\t<\/div>\n\t\t\t\t<\/div>\n\t\t\t\t<section class=\"elementor-section elementor-inner-section elementor-element elementor-element-756367cb elementor-section-content-middle elementor-section-boxed elementor-section-height-default elementor-section-height-default\" data-id=\"756367cb\" data-element_type=\"section\">\n\t\t\t\t\t\t<div class=\"elementor-container elementor-column-gap-default\">\n\t\t\t\t\t<div class=\"elementor-column elementor-col-100 elementor-inner-column elementor-element elementor-element-4d2f9db8\" data-id=\"4d2f9db8\" data-element_type=\"column\">\n\t\t\t<div class=\"elementor-widget-wrap elementor-element-populated\">\n\t\t\t\t\t\t\t\t<div class=\"elementor-element elementor-element-4a58ecf6 elementor-widget elementor-widget-text-editor\" data-id=\"4a58ecf6\" data-element_type=\"widget\" data-widget_type=\"text-editor.default\">\n\t\t\t\t<div class=\"elementor-widget-container\">\n\t\t\t\t\t\t\t<p><span>El vostre fill o filla est\u00e0 cada vegada m\u00e9s inquiet, impulsiu o angoixat?\u00a0Est\u00e0 cercant un\u00a0<\/span><b><span>psic\u00f2leg TEA Barcelona\u00a0<\/span><\/b><span>?\u00a0<\/span><span>Est\u00e0 cercant\u00a0<\/span><b><span>un tractament efectiu per a l&#8217;autisme o TEA infantil\u00a0<\/span><\/b><span>o busca\u00a0<\/span><b><span>psic\u00f2legs infantils a Barcelona\u00a0<\/span><\/b><span>?\u00a0Si necessiteu\u00a0<\/span><b><span>ter\u00e0pia amb un psic\u00f2leg especialista en autisme,\u00a0<\/span><\/b><span>heu de saber que\u00a0<\/span><b><span>els millors psic\u00f2legs de Barcelona\u00a0<\/span><\/b><span>seran aquells que entenguin la import\u00e0ncia d&#8217;individualitzar el tractament de cada nen despr\u00e9s d&#8217;una fase de valoraci\u00f3 diagn\u00f2stica.\u00a0<\/span><span>Aix\u00f2 sempre \u00e9s important, per\u00f2 especialment quan treballem amb la inf\u00e0ncia.\u00a0<\/span><span>A\u00a0<\/span><b><span>Cl\u00ednica Viher\u00a0<\/span><\/b><span>som\u00a0<\/span><b><span>especialistes en ter\u00e0pia per a nens<\/span><\/b><span>.\u00a0Consulti&#8217;ns sense comprom\u00eds, ser\u00e0 at\u00e8s per un\u00a0<\/span><b><span>psic\u00f2leg especialista en infantil\u00a0<\/span><\/b><span>des de la primera trucada.<\/span><\/p>\t\t\t\t\t\t<\/div>\n\t\t\t\t<\/div>\n\t\t\t\t\t<\/div>\n\t\t<\/div>\n\t\t\t\t\t\t\t<\/div>\n\t\t<\/section>\n\t\t\t\t\t<\/div>\n\t\t<\/div>\n\t\t\t\t\t\t\t<\/div>\n\t\t<\/section>\n\t\t\t\t<section class=\"elementor-section elementor-top-section elementor-element elementor-element-19003e73 elementor-section-stretched elementor-section-boxed elementor-section-height-default elementor-section-height-default\" data-id=\"19003e73\" data-element_type=\"section\" data-settings=\"{&quot;stretch_section&quot;:&quot;section-stretched&quot;}\">\n\t\t\t\t\t\t<div class=\"elementor-container elementor-column-gap-default\">\n\t\t\t\t\t<div class=\"elementor-column elementor-col-50 elementor-top-column elementor-element elementor-element-2a7120ff\" data-id=\"2a7120ff\" data-element_type=\"column\">\n\t\t\t<div class=\"elementor-widget-wrap elementor-element-populated\">\n\t\t\t\t\t\t\t\t<div class=\"elementor-element elementor-element-39353645 elementor-widget elementor-widget-image\" data-id=\"39353645\" data-element_type=\"widget\" data-widget_type=\"image.default\">\n\t\t\t\t<div class=\"elementor-widget-container\">\n\t\t\t\t\t\t\t\t\t\t\t\t\t\t\t\t<a href=\"\/quienes-somos\/\">\n\t\t\t\t\t\t\t<img loading=\"lazy\" decoding=\"async\" width=\"1400\" height=\"500\" src=\"https:\/\/clinicaviher.com\/cat\/wp-content\/uploads\/2023\/06\/ficha-Sergi.webp\" class=\"attachment-full size-full wp-image-1728\" alt=\"ver ficha de Sergi Vilardell\" srcset=\"https:\/\/clinicaviher.com\/cat\/wp-content\/uploads\/2023\/06\/ficha-Sergi.webp 1400w, https:\/\/clinicaviher.com\/cat\/wp-content\/uploads\/2023\/06\/ficha-Sergi-300x107.webp 300w, https:\/\/clinicaviher.com\/cat\/wp-content\/uploads\/2023\/06\/ficha-Sergi-1024x366.webp 1024w, https:\/\/clinicaviher.com\/cat\/wp-content\/uploads\/2023\/06\/ficha-Sergi-768x274.webp 768w, https:\/\/clinicaviher.com\/cat\/wp-content\/uploads\/2023\/06\/ficha-Sergi-600x214.webp 600w\" sizes=\"(max-width: 1400px) 100vw, 1400px\" \/>\t\t\t\t\t\t\t\t<\/a>\n\t\t\t\t\t\t\t\t\t\t\t\t\t\t\t<\/div>\n\t\t\t\t<\/div>\n\t\t\t\t\t<\/div>\n\t\t<\/div>\n\t\t\t\t<div class=\"elementor-column elementor-col-50 elementor-top-column elementor-element elementor-element-1cf7a5e8\" data-id=\"1cf7a5e8\" data-element_type=\"column\">\n\t\t\t<div class=\"elementor-widget-wrap elementor-element-populated\">\n\t\t\t\t\t\t\t\t<div class=\"elementor-element elementor-element-5009e29b elementor-widget elementor-widget-image\" data-id=\"5009e29b\" data-element_type=\"widget\" data-widget_type=\"image.default\">\n\t\t\t\t<div class=\"elementor-widget-container\">\n\t\t\t\t\t\t\t\t\t\t\t\t\t\t\t\t<a href=\"\/quienes-somos\/\">\n\t\t\t\t\t\t\t<img loading=\"lazy\" decoding=\"async\" width=\"1400\" height=\"500\" src=\"https:\/\/clinicaviher.com\/cat\/wp-content\/uploads\/2023\/06\/mila-ficha.webp\" class=\"attachment-full size-full wp-image-1729\" alt=\"ver ficha de Mila Herrera\" srcset=\"https:\/\/clinicaviher.com\/cat\/wp-content\/uploads\/2023\/06\/mila-ficha.webp 1400w, https:\/\/clinicaviher.com\/cat\/wp-content\/uploads\/2023\/06\/mila-ficha-300x107.webp 300w, https:\/\/clinicaviher.com\/cat\/wp-content\/uploads\/2023\/06\/mila-ficha-1024x366.webp 1024w, https:\/\/clinicaviher.com\/cat\/wp-content\/uploads\/2023\/06\/mila-ficha-768x274.webp 768w, https:\/\/clinicaviher.com\/cat\/wp-content\/uploads\/2023\/06\/mila-ficha-600x214.webp 600w\" sizes=\"(max-width: 1400px) 100vw, 1400px\" \/>\t\t\t\t\t\t\t\t<\/a>\n\t\t\t\t\t\t\t\t\t\t\t\t\t\t\t<\/div>\n\t\t\t\t<\/div>\n\t\t\t\t\t<\/div>\n\t\t<\/div>\n\t\t\t\t\t\t\t<\/div>\n\t\t<\/section>\n\t\t\t\t\t\t\t<\/div>\n\t\t","protected":false},"excerpt":{"rendered":"<p>Psic\u00f2legs especialistes a TEA (Trastorn de l&#8217;Espectre Autista) i Psic\u00f2legs especialistes en autisme Lamentablement, ens trobem m\u00e9s vegades de les que ens agradaria amb fam\u00edlies molt confoses i desconcertades, ja no nom\u00e9s pels\u00a0s\u00edmptomes\u00a0que poden presentar els seus fills en all\u00f2 que actualment s&#8217;ha decidit anomenar\u00a0Autisme\u00a0o\u00a0Trastorn de l&#8217;Espectre Autista,\u00a0les seves sigles s\u00f3n\u00a0TEA,\u00a0sin\u00f3 per les grans difer\u00e8ncies &hellip;<\/p>\n<p class=\"read-more\"> <a class=\"\" href=\"https:\/\/clinicaviher.com\/cat\/autisme\/\"> <span class=\"screen-reader-text\">Autisme<\/span> Leer m\u00e1s &raquo;<\/a><\/p>\n","protected":false},"author":1,"featured_media":0,"parent":0,"menu_order":0,"comment_status":"closed","ping_status":"closed","template":"elementor_header_footer","meta":{"site-sidebar-layout":"default","site-content-layout":"default","ast-global-header-display":"","ast-banner-title-visibility":"","ast-main-header-display":"","ast-hfb-above-header-display":"","ast-hfb-below-header-display":"","ast-hfb-mobile-header-display":"","site-post-title":"","ast-breadcrumbs-content":"","ast-featured-img":"","footer-sml-layout":"","theme-transparent-header-meta":"default","adv-header-id-meta":"","stick-header-meta":"default","header-above-stick-meta":"","header-main-stick-meta":"","header-below-stick-meta":"","footnotes":""},"yoast_head":"<!-- This site is optimized with the Yoast SEO plugin v24.3 - https:\/\/yoast.com\/wordpress\/plugins\/seo\/ -->\n<title>Psic\u00f2leg autisme Barcelona. Centre TEA Barcelona<\/title>\n<meta name=\"description\" content=\"CL\u00cdNICA VIHER. Tractament del Trastorn de l\u00b4Espectre Autista en nens. Ter\u00e0pia per a nens autistes\" \/>\n<meta name=\"robots\" content=\"index, follow, max-snippet:-1, max-image-preview:large, max-video-preview:-1\" \/>\n<link rel=\"canonical\" href=\"https:\/\/clinicaviher.com\/cat\/autisme\/\" \/>\n<meta property=\"og:locale\" content=\"es_ES\" \/>\n<meta property=\"og:type\" content=\"article\" \/>\n<meta property=\"og:title\" content=\"Psic\u00f2leg autisme Barcelona. Centre TEA Barcelona\" \/>\n<meta property=\"og:description\" content=\"CL\u00cdNICA VIHER. Tractament del Trastorn de l\u00b4Espectre Autista en nens. Ter\u00e0pia per a nens autistes\" \/>\n<meta property=\"og:url\" content=\"https:\/\/clinicaviher.com\/cat\/autisme\/\" \/>\n<meta property=\"og:site_name\" content=\"Cl\u00ednica Viher\" \/>\n<meta property=\"article:modified_time\" content=\"2023-07-27T10:31:15+00:00\" \/>\n<meta property=\"og:image\" content=\"https:\/\/clinicaviher.com\/cat\/wp-content\/uploads\/2018\/11\/icons8-ardilla-480.png\" \/>\n<meta name=\"twitter:card\" content=\"summary_large_image\" \/>\n<meta name=\"twitter:label1\" content=\"Tiempo de lectura\" \/>\n\t<meta name=\"twitter:data1\" content=\"4 minutos\" \/>\n<script type=\"application\/ld+json\" class=\"yoast-schema-graph\">{\"@context\":\"https:\/\/schema.org\",\"@graph\":[{\"@type\":\"WebPage\",\"@id\":\"https:\/\/clinicaviher.com\/cat\/autisme\/\",\"url\":\"https:\/\/clinicaviher.com\/cat\/autisme\/\",\"name\":\"Psic\u00f2leg autisme Barcelona. Centre TEA Barcelona\",\"isPartOf\":{\"@id\":\"https:\/\/clinicaviher.com\/cat\/#website\"},\"primaryImageOfPage\":{\"@id\":\"https:\/\/clinicaviher.com\/cat\/autisme\/#primaryimage\"},\"image\":{\"@id\":\"https:\/\/clinicaviher.com\/cat\/autisme\/#primaryimage\"},\"thumbnailUrl\":\"https:\/\/clinicaviher.com\/cat\/wp-content\/uploads\/2018\/11\/icons8-ardilla-480.png\",\"datePublished\":\"2018-03-26T10:54:32+00:00\",\"dateModified\":\"2023-07-27T10:31:15+00:00\",\"description\":\"CL\u00cdNICA VIHER. Tractament del Trastorn de l\u00b4Espectre Autista en nens. Ter\u00e0pia per a nens autistes\",\"breadcrumb\":{\"@id\":\"https:\/\/clinicaviher.com\/cat\/autisme\/#breadcrumb\"},\"inLanguage\":\"es\",\"potentialAction\":[{\"@type\":\"ReadAction\",\"target\":[\"https:\/\/clinicaviher.com\/cat\/autisme\/\"]}]},{\"@type\":\"ImageObject\",\"inLanguage\":\"es\",\"@id\":\"https:\/\/clinicaviher.com\/cat\/autisme\/#primaryimage\",\"url\":\"https:\/\/clinicaviher.com\/cat\/wp-content\/uploads\/2018\/11\/icons8-ardilla-480.png\",\"contentUrl\":\"https:\/\/clinicaviher.com\/cat\/wp-content\/uploads\/2018\/11\/icons8-ardilla-480.png\",\"width\":480,\"height\":480,\"caption\":\"psic\u00f3logos infantiles especialistas en autismo\"},{\"@type\":\"BreadcrumbList\",\"@id\":\"https:\/\/clinicaviher.com\/cat\/autisme\/#breadcrumb\",\"itemListElement\":[{\"@type\":\"ListItem\",\"position\":1,\"name\":\"Portada\",\"item\":\"https:\/\/clinicaviher.com\/cat\/\"},{\"@type\":\"ListItem\",\"position\":2,\"name\":\"Autisme\"}]},{\"@type\":\"WebSite\",\"@id\":\"https:\/\/clinicaviher.com\/cat\/#website\",\"url\":\"https:\/\/clinicaviher.com\/cat\/\",\"name\":\"Cl\u00ednica Viher\",\"description\":\"Si buscas un psic\u00f3logo en Barcelona, contamos con algunos de los mejores profesionales en psicolog\u00eda, psicoterapia y psicoan\u00e1lisis\",\"publisher\":{\"@id\":\"https:\/\/clinicaviher.com\/cat\/#organization\"},\"potentialAction\":[{\"@type\":\"SearchAction\",\"target\":{\"@type\":\"EntryPoint\",\"urlTemplate\":\"https:\/\/clinicaviher.com\/cat\/?s={search_term_string}\"},\"query-input\":{\"@type\":\"PropertyValueSpecification\",\"valueRequired\":true,\"valueName\":\"search_term_string\"}}],\"inLanguage\":\"es\"},{\"@type\":\"Organization\",\"@id\":\"https:\/\/clinicaviher.com\/cat\/#organization\",\"name\":\"Cl\u00ednica Viher\",\"url\":\"https:\/\/clinicaviher.com\/cat\/\",\"logo\":{\"@type\":\"ImageObject\",\"inLanguage\":\"es\",\"@id\":\"https:\/\/clinicaviher.com\/cat\/#\/schema\/logo\/image\/\",\"url\":\"https:\/\/clinicaviher.com\/cat\/wp-content\/uploads\/2019\/02\/logoviher-new-web.png\",\"contentUrl\":\"https:\/\/clinicaviher.com\/cat\/wp-content\/uploads\/2019\/02\/logoviher-new-web.png\",\"width\":240,\"height\":52,\"caption\":\"Cl\u00ednica Viher\"},\"image\":{\"@id\":\"https:\/\/clinicaviher.com\/cat\/#\/schema\/logo\/image\/\"}}]}<\/script>\n<!-- \/ Yoast SEO plugin. -->","yoast_head_json":{"title":"Psic\u00f2leg autisme Barcelona. Centre TEA Barcelona","description":"CL\u00cdNICA VIHER. Tractament del Trastorn de l\u00b4Espectre Autista en nens. Ter\u00e0pia per a nens autistes","robots":{"index":"index","follow":"follow","max-snippet":"max-snippet:-1","max-image-preview":"max-image-preview:large","max-video-preview":"max-video-preview:-1"},"canonical":"https:\/\/clinicaviher.com\/cat\/autisme\/","og_locale":"es_ES","og_type":"article","og_title":"Psic\u00f2leg autisme Barcelona. Centre TEA Barcelona","og_description":"CL\u00cdNICA VIHER. Tractament del Trastorn de l\u00b4Espectre Autista en nens. Ter\u00e0pia per a nens autistes","og_url":"https:\/\/clinicaviher.com\/cat\/autisme\/","og_site_name":"Cl\u00ednica Viher","article_modified_time":"2023-07-27T10:31:15+00:00","og_image":[{"url":"https:\/\/clinicaviher.com\/cat\/wp-content\/uploads\/2018\/11\/icons8-ardilla-480.png","type":"","width":"","height":""}],"twitter_card":"summary_large_image","twitter_misc":{"Tiempo de lectura":"4 minutos"},"schema":{"@context":"https:\/\/schema.org","@graph":[{"@type":"WebPage","@id":"https:\/\/clinicaviher.com\/cat\/autisme\/","url":"https:\/\/clinicaviher.com\/cat\/autisme\/","name":"Psic\u00f2leg autisme Barcelona. Centre TEA Barcelona","isPartOf":{"@id":"https:\/\/clinicaviher.com\/cat\/#website"},"primaryImageOfPage":{"@id":"https:\/\/clinicaviher.com\/cat\/autisme\/#primaryimage"},"image":{"@id":"https:\/\/clinicaviher.com\/cat\/autisme\/#primaryimage"},"thumbnailUrl":"https:\/\/clinicaviher.com\/cat\/wp-content\/uploads\/2018\/11\/icons8-ardilla-480.png","datePublished":"2018-03-26T10:54:32+00:00","dateModified":"2023-07-27T10:31:15+00:00","description":"CL\u00cdNICA VIHER. Tractament del Trastorn de l\u00b4Espectre Autista en nens. Ter\u00e0pia per a nens autistes","breadcrumb":{"@id":"https:\/\/clinicaviher.com\/cat\/autisme\/#breadcrumb"},"inLanguage":"es","potentialAction":[{"@type":"ReadAction","target":["https:\/\/clinicaviher.com\/cat\/autisme\/"]}]},{"@type":"ImageObject","inLanguage":"es","@id":"https:\/\/clinicaviher.com\/cat\/autisme\/#primaryimage","url":"https:\/\/clinicaviher.com\/cat\/wp-content\/uploads\/2018\/11\/icons8-ardilla-480.png","contentUrl":"https:\/\/clinicaviher.com\/cat\/wp-content\/uploads\/2018\/11\/icons8-ardilla-480.png","width":480,"height":480,"caption":"psic\u00f3logos infantiles especialistas en autismo"},{"@type":"BreadcrumbList","@id":"https:\/\/clinicaviher.com\/cat\/autisme\/#breadcrumb","itemListElement":[{"@type":"ListItem","position":1,"name":"Portada","item":"https:\/\/clinicaviher.com\/cat\/"},{"@type":"ListItem","position":2,"name":"Autisme"}]},{"@type":"WebSite","@id":"https:\/\/clinicaviher.com\/cat\/#website","url":"https:\/\/clinicaviher.com\/cat\/","name":"Cl\u00ednica Viher","description":"Si buscas un psic\u00f3logo en Barcelona, contamos con algunos de los mejores profesionales en psicolog\u00eda, psicoterapia y psicoan\u00e1lisis","publisher":{"@id":"https:\/\/clinicaviher.com\/cat\/#organization"},"potentialAction":[{"@type":"SearchAction","target":{"@type":"EntryPoint","urlTemplate":"https:\/\/clinicaviher.com\/cat\/?s={search_term_string}"},"query-input":{"@type":"PropertyValueSpecification","valueRequired":true,"valueName":"search_term_string"}}],"inLanguage":"es"},{"@type":"Organization","@id":"https:\/\/clinicaviher.com\/cat\/#organization","name":"Cl\u00ednica Viher","url":"https:\/\/clinicaviher.com\/cat\/","logo":{"@type":"ImageObject","inLanguage":"es","@id":"https:\/\/clinicaviher.com\/cat\/#\/schema\/logo\/image\/","url":"https:\/\/clinicaviher.com\/cat\/wp-content\/uploads\/2019\/02\/logoviher-new-web.png","contentUrl":"https:\/\/clinicaviher.com\/cat\/wp-content\/uploads\/2019\/02\/logoviher-new-web.png","width":240,"height":52,"caption":"Cl\u00ednica Viher"},"image":{"@id":"https:\/\/clinicaviher.com\/cat\/#\/schema\/logo\/image\/"}}]}},"_links":{"self":[{"href":"https:\/\/clinicaviher.com\/cat\/wp-json\/wp\/v2\/pages\/74"}],"collection":[{"href":"https:\/\/clinicaviher.com\/cat\/wp-json\/wp\/v2\/pages"}],"about":[{"href":"https:\/\/clinicaviher.com\/cat\/wp-json\/wp\/v2\/types\/page"}],"author":[{"embeddable":true,"href":"https:\/\/clinicaviher.com\/cat\/wp-json\/wp\/v2\/users\/1"}],"replies":[{"embeddable":true,"href":"https:\/\/clinicaviher.com\/cat\/wp-json\/wp\/v2\/comments?post=74"}],"version-history":[{"count":17,"href":"https:\/\/clinicaviher.com\/cat\/wp-json\/wp\/v2\/pages\/74\/revisions"}],"predecessor-version":[{"id":2555,"href":"https:\/\/clinicaviher.com\/cat\/wp-json\/wp\/v2\/pages\/74\/revisions\/2555"}],"wp:attachment":[{"href":"https:\/\/clinicaviher.com\/cat\/wp-json\/wp\/v2\/media?parent=74"}],"curies":[{"name":"wp","href":"https:\/\/api.w.org\/{rel}","templated":true}]}}