{"id":795,"date":"2018-09-19T10:19:49","date_gmt":"2018-09-19T10:19:49","guid":{"rendered":"https:\/\/clinicaviher.com\/?page_id=795"},"modified":"2023-07-20T17:02:03","modified_gmt":"2023-07-20T15:02:03","slug":"anorexia","status":"publish","type":"page","link":"https:\/\/clinicaviher.com\/cat\/anorexia\/","title":{"rendered":"Anorexia"},"content":{"rendered":"\t\t<div data-elementor-type=\"wp-page\" data-elementor-id=\"795\" class=\"elementor elementor-795\">\n\t\t\t\t\t\t\t\t\t<section class=\"elementor-section elementor-top-section elementor-element elementor-element-12ad1aa3 elementor-section-stretched elementor-section-boxed elementor-section-height-default elementor-section-height-default\" data-id=\"12ad1aa3\" data-element_type=\"section\" data-settings=\"{&quot;stretch_section&quot;:&quot;section-stretched&quot;,&quot;background_background&quot;:&quot;classic&quot;}\">\n\t\t\t\t\t\t<div class=\"elementor-container elementor-column-gap-default\">\n\t\t\t\t\t<div class=\"elementor-column elementor-col-100 elementor-top-column elementor-element elementor-element-114a4bb2\" data-id=\"114a4bb2\" data-element_type=\"column\">\n\t\t\t<div class=\"elementor-widget-wrap elementor-element-populated\">\n\t\t\t\t\t\t\t\t<div class=\"elementor-element elementor-element-78820b57 elementor-widget elementor-widget-heading\" data-id=\"78820b57\" data-element_type=\"widget\" data-widget_type=\"heading.default\">\n\t\t\t\t<div class=\"elementor-widget-container\">\n\t\t\t<style>\/*! elementor - v3.13.3 - 28-05-2023 *\/\n.elementor-heading-title{padding:0;margin:0;line-height:1}.elementor-widget-heading .elementor-heading-title[class*=elementor-size-]>a{color:inherit;font-size:inherit;line-height:inherit}.elementor-widget-heading .elementor-heading-title.elementor-size-small{font-size:15px}.elementor-widget-heading .elementor-heading-title.elementor-size-medium{font-size:19px}.elementor-widget-heading .elementor-heading-title.elementor-size-large{font-size:29px}.elementor-widget-heading .elementor-heading-title.elementor-size-xl{font-size:39px}.elementor-widget-heading .elementor-heading-title.elementor-size-xxl{font-size:59px}<\/style><h1 class=\"elementor-heading-title elementor-size-default\">Psic\u00f2leg Anor\u00e8xia\n<\/h1>\t\t<\/div>\n\t\t\t\t<\/div>\n\t\t\t\t\t<\/div>\n\t\t<\/div>\n\t\t\t\t\t\t\t<\/div>\n\t\t<\/section>\n\t\t\t\t<section class=\"elementor-section elementor-top-section elementor-element elementor-element-328fd6f8 elementor-section-boxed elementor-section-height-default elementor-section-height-default\" data-id=\"328fd6f8\" data-element_type=\"section\">\n\t\t\t\t\t\t<div class=\"elementor-container elementor-column-gap-default\">\n\t\t\t\t\t<div class=\"elementor-column elementor-col-100 elementor-top-column elementor-element elementor-element-2f0ad1f5\" data-id=\"2f0ad1f5\" data-element_type=\"column\">\n\t\t\t<div class=\"elementor-widget-wrap elementor-element-populated\">\n\t\t\t\t\t\t\t\t<div class=\"elementor-element elementor-element-3475f390 elementor-widget elementor-widget-text-editor\" data-id=\"3475f390\" data-element_type=\"widget\" data-widget_type=\"text-editor.default\">\n\t\t\t\t<div class=\"elementor-widget-container\">\n\t\t\t<style>\/*! elementor - v3.13.3 - 28-05-2023 *\/\n.elementor-widget-text-editor.elementor-drop-cap-view-stacked .elementor-drop-cap{background-color:#69727d;color:#fff}.elementor-widget-text-editor.elementor-drop-cap-view-framed .elementor-drop-cap{color:#69727d;border:3px solid;background-color:transparent}.elementor-widget-text-editor:not(.elementor-drop-cap-view-default) .elementor-drop-cap{margin-top:8px}.elementor-widget-text-editor:not(.elementor-drop-cap-view-default) .elementor-drop-cap-letter{width:1em;height:1em}.elementor-widget-text-editor .elementor-drop-cap{float:left;text-align:center;line-height:1;font-size:50px}.elementor-widget-text-editor .elementor-drop-cap-letter{display:inline-block}<\/style>\t\t\t\t<div class=\"kc-elm kc-css-3716744 kc_text_block\"><p><span>Conv\u00e9 distingir\u00a0<\/span><b><span>anor\u00e8xia nerviosa\u00a0<\/span><\/b><span>de\u00a0<\/span><b><span>s\u00edmptoma anor\u00e8xic\u00a0<\/span><\/b><span>.\u00a0Si b\u00e9 l&#8217;\u00a0<\/span><b><span>anor\u00e8xia\u00a0<\/span><\/b><b><span>nerviosa\u00a0<\/span><\/b><span>est\u00e0 considerada un\u00a0<\/span><b><span>trastorn de l&#8217;alimentaci\u00f3\u00a0<\/span><\/b><span>, el\u00a0<\/span><b><span>s\u00edmptoma anor\u00e8xic\u00a0<\/span><\/b><span>no seria un trastorn pr\u00f2piament sin\u00f3 un s\u00edmptoma que pot estar associat a m\u00faltiples causes.\u00a0\u00c9s recomanable consultar un\u00a0<\/span><b><span>psic\u00f2leg especialista en trastorns de la conducta aliment\u00e0ria\u00a0<\/span><\/b><span>per valorar la situaci\u00f3 i indicar\u00a0<\/span><b><span>el millor tractament per a l&#8217;anor\u00e8xia.<\/span><\/b><\/p><\/div>\t\t\t\t\t\t<\/div>\n\t\t\t\t<\/div>\n\t\t\t\t<section class=\"elementor-section elementor-inner-section elementor-element elementor-element-5681be9e elementor-section-content-middle elementor-section-boxed elementor-section-height-default elementor-section-height-default\" data-id=\"5681be9e\" data-element_type=\"section\">\n\t\t\t\t\t\t<div class=\"elementor-container elementor-column-gap-default\">\n\t\t\t\t\t<div class=\"elementor-column elementor-col-50 elementor-inner-column elementor-element elementor-element-44f666e3\" data-id=\"44f666e3\" data-element_type=\"column\">\n\t\t\t<div class=\"elementor-widget-wrap elementor-element-populated\">\n\t\t\t\t\t\t\t\t<div class=\"elementor-element elementor-element-4b27a10c elementor-widget elementor-widget-heading\" data-id=\"4b27a10c\" data-element_type=\"widget\" data-widget_type=\"heading.default\">\n\t\t\t\t<div class=\"elementor-widget-container\">\n\t\t\t<h2 class=\"elementor-heading-title elementor-size-default\">Psic\u00f2leg especialista en anor\u00e8xia\n<\/h2>\t\t<\/div>\n\t\t\t\t<\/div>\n\t\t\t\t<div class=\"elementor-element elementor-element-6c18886d elementor-widget elementor-widget-text-editor\" data-id=\"6c18886d\" data-element_type=\"widget\" data-widget_type=\"text-editor.default\">\n\t\t\t\t<div class=\"elementor-widget-container\">\n\t\t\t\t\t\t\t<p><span>Una persona que pateix\u00a0<\/span><b><span>anor\u00e8xia nerviosa\u00a0<\/span><\/b><span>pot arribar a perdre un gran percentatge del pes: entre un 20 i un 50 per cent del seu pes habitual.\u00a0En aquests casos, sol apar\u00e8ixer una visi\u00f3 distorsionada del propi cos, podent arribar a veure&#8217;s cont\u00ednuament amb exc\u00e9s de pes, encara que les evid\u00e8ncies mostrin tot el contrari.\u00a0<\/span><b><span>Consultar un psic\u00f2leg especialista en anor\u00e8xia\u00a0<\/span><\/b><span>pot ser el primer pas per aconseguir la recuperaci\u00f3.<\/span><\/p>\t\t\t\t\t\t<\/div>\n\t\t\t\t<\/div>\n\t\t\t\t\t<\/div>\n\t\t<\/div>\n\t\t\t\t<div class=\"elementor-column elementor-col-50 elementor-inner-column elementor-element elementor-element-da86e9c\" data-id=\"da86e9c\" data-element_type=\"column\">\n\t\t\t<div class=\"elementor-widget-wrap elementor-element-populated\">\n\t\t\t\t\t\t\t\t<div class=\"elementor-element elementor-element-569e2392 elementor-widget elementor-widget-image\" data-id=\"569e2392\" data-element_type=\"widget\" data-widget_type=\"image.default\">\n\t\t\t\t<div class=\"elementor-widget-container\">\n\t\t\t<style>\/*! elementor - v3.13.3 - 28-05-2023 *\/\n.elementor-widget-image{text-align:center}.elementor-widget-image a{display:inline-block}.elementor-widget-image a img[src$=\".svg\"]{width:48px}.elementor-widget-image img{vertical-align:middle;display:inline-block}<\/style>\t\t\t\t\t\t\t\t\t\t\t\t<img loading=\"lazy\" decoding=\"async\" width=\"591\" height=\"635\" src=\"https:\/\/clinicaviher.com\/cat\/wp-content\/uploads\/2023\/06\/tratamiento-anorexia.webp\" class=\"attachment-large size-large wp-image-2049\" alt=\"tratamiento anorexia\" srcset=\"https:\/\/clinicaviher.com\/cat\/wp-content\/uploads\/2023\/06\/tratamiento-anorexia.webp 591w, https:\/\/clinicaviher.com\/cat\/wp-content\/uploads\/2023\/06\/tratamiento-anorexia-279x300.webp 279w\" sizes=\"(max-width: 591px) 100vw, 591px\" \/>\t\t\t\t\t\t\t\t\t\t\t\t\t\t\t<\/div>\n\t\t\t\t<\/div>\n\t\t\t\t\t<\/div>\n\t\t<\/div>\n\t\t\t\t\t\t\t<\/div>\n\t\t<\/section>\n\t\t\t\t\t<\/div>\n\t\t<\/div>\n\t\t\t\t\t\t\t<\/div>\n\t\t<\/section>\n\t\t\t\t<section class=\"elementor-section elementor-top-section elementor-element elementor-element-537ec3e1 elementor-section-stretched elementor-section-boxed elementor-section-height-default elementor-section-height-default\" data-id=\"537ec3e1\" data-element_type=\"section\" data-settings=\"{&quot;stretch_section&quot;:&quot;section-stretched&quot;,&quot;background_background&quot;:&quot;classic&quot;}\">\n\t\t\t\t\t\t<div class=\"elementor-container elementor-column-gap-default\">\n\t\t\t\t\t<div class=\"elementor-column elementor-col-100 elementor-top-column elementor-element elementor-element-2264e23\" data-id=\"2264e23\" data-element_type=\"column\">\n\t\t\t<div class=\"elementor-widget-wrap elementor-element-populated\">\n\t\t\t\t\t\t\t\t<div class=\"elementor-element elementor-element-454b555c elementor-widget elementor-widget-heading\" data-id=\"454b555c\" data-element_type=\"widget\" data-widget_type=\"heading.default\">\n\t\t\t\t<div class=\"elementor-widget-container\">\n\t\t\t<h2 class=\"elementor-heading-title elementor-size-default\">Psic\u00f2leg anor\u00e8xia Barcelona\n<\/h2>\t\t<\/div>\n\t\t\t\t<\/div>\n\t\t\t\t<div class=\"elementor-element elementor-element-23ab20db elementor-widget elementor-widget-text-editor\" data-id=\"23ab20db\" data-element_type=\"widget\" data-widget_type=\"text-editor.default\">\n\t\t\t\t<div class=\"elementor-widget-container\">\n\t\t\t\t\t\t\t<p><span>\u00c9s important que el\u00a0<\/span><b><span>tractament de l&#8217;anor\u00e8xia\u00a0<\/span><\/b><span>sigui individualitzat.\u00a0Aix\u00f2 \u00e9s important si tenim en compte que no hi ha un \u00fanic\u00a0<\/span><b><span>tipus d&#8217;anor\u00e8xia nerviosa\u00a0<\/span><\/b><span>, per\u00f2 sobretot \u00e9s important si tenim present que cada persona \u00e9s diferent i mant\u00e9 una relaci\u00f3 singular tant amb el menjar com amb la imatge corporal.\u00a0El millor\u00a0<\/span><b><span>tractament per a l&#8217;anor\u00e8xia\u00a0<\/span><\/b><span>ser\u00e0 el que tingui en compte aquest punt, evitant qualsevol abordatge terap\u00e8utic que no sigui el del cas per cas.<\/span><\/p>\t\t\t\t\t\t<\/div>\n\t\t\t\t<\/div>\n\t\t\t\t\t<\/div>\n\t\t<\/div>\n\t\t\t\t\t\t\t<\/div>\n\t\t<\/section>\n\t\t\t\t<section class=\"elementor-section elementor-top-section elementor-element elementor-element-4b318f13 elementor-section-boxed elementor-section-height-default elementor-section-height-default\" data-id=\"4b318f13\" data-element_type=\"section\">\n\t\t\t\t\t\t<div class=\"elementor-container elementor-column-gap-default\">\n\t\t\t\t\t<div class=\"elementor-column elementor-col-100 elementor-top-column elementor-element elementor-element-4bb864b9\" data-id=\"4bb864b9\" data-element_type=\"column\">\n\t\t\t<div class=\"elementor-widget-wrap elementor-element-populated\">\n\t\t\t\t\t\t\t\t<div class=\"elementor-element elementor-element-4abba522 elementor-widget elementor-widget-heading\" data-id=\"4abba522\" data-element_type=\"widget\" data-widget_type=\"heading.default\">\n\t\t\t\t<div class=\"elementor-widget-container\">\n\t\t\t<h2 class=\"elementor-heading-title elementor-size-default\">Anor\u00e8xia nerviosa tractament\n<\/h2>\t\t<\/div>\n\t\t\t\t<\/div>\n\t\t\t\t<div class=\"elementor-element elementor-element-26baf28e elementor-widget elementor-widget-text-editor\" data-id=\"26baf28e\" data-element_type=\"widget\" data-widget_type=\"text-editor.default\">\n\t\t\t\t<div class=\"elementor-widget-container\">\n\t\t\t\t\t\t\t<p><span>L&#8217;\u00a0<\/span><b><span>anor\u00e8xia nerviosa\u00a0<\/span><\/b><span>pot ser m\u00e9s o menys greu segons una s\u00e8rie de par\u00e0metres.\u00a0Si b\u00e9 alguns casos poden requerir un\u00a0<\/span><b><span>tractament d&#8217;ingr\u00e9s per a l&#8217;anor\u00e8xia\u00a0<\/span><\/b><span>, en altres casos \u00e9s possible un\u00a0<\/span><b><span>tractament ambulatori per a l&#8217;anor\u00e8xia\u00a0<\/span><\/b><span>.\u00a0S&#8217;ha de determinar el tipus de tractament despr\u00e9s d&#8217;una valoraci\u00f3 inicial.\u00a0De vegades aquests dos\u00a0<\/span><b><span>tipus de tractaments per a l&#8217;anor\u00e8xia\u00a0<\/span><\/b><span>es converteixen en dues fases: una primera fase d&#8217;ingr\u00e9s orientada a l&#8217;estabilitzaci\u00f3 i una segona fase de seguiment extern amb un\u00a0<\/span><b><span>psic\u00f2leg anor\u00e8xia a Barcelona<\/span><\/b><span>.<\/span><\/p>\t\t\t\t\t\t<\/div>\n\t\t\t\t<\/div>\n\t\t\t\t<div class=\"elementor-element elementor-element-4c6f5aa1 elementor-widget elementor-widget-heading\" data-id=\"4c6f5aa1\" data-element_type=\"widget\" data-widget_type=\"heading.default\">\n\t\t\t\t<div class=\"elementor-widget-container\">\n\t\t\t<h2 class=\"elementor-heading-title elementor-size-default\">Anor\u00e8xia definici\u00f3<\/h2>\t\t<\/div>\n\t\t\t\t<\/div>\n\t\t\t\t<section class=\"elementor-section elementor-inner-section elementor-element elementor-element-501ceb80 elementor-section-content-middle elementor-section-boxed elementor-section-height-default elementor-section-height-default\" data-id=\"501ceb80\" data-element_type=\"section\">\n\t\t\t\t\t\t<div class=\"elementor-container elementor-column-gap-default\">\n\t\t\t\t\t<div class=\"elementor-column elementor-col-100 elementor-inner-column elementor-element elementor-element-45b6596\" data-id=\"45b6596\" data-element_type=\"column\">\n\t\t\t<div class=\"elementor-widget-wrap elementor-element-populated\">\n\t\t\t\t\t\t\t\t<div class=\"elementor-element elementor-element-5e1315ec elementor-widget elementor-widget-text-editor\" data-id=\"5e1315ec\" data-element_type=\"widget\" data-widget_type=\"text-editor.default\">\n\t\t\t\t<div class=\"elementor-widget-container\">\n\t\t\t\t\t\t\t<p><span>L&#8217;\u00a0<\/span><b><span>anor\u00e8xia\u00a0<\/span><\/b><span>\u00e9s un\u00a0<\/span><b><span>trastorn de la conducta aliment\u00e0ria\u00a0<\/span><\/b><span>que pot ser greu, especialment quan el rebuig al menjar \u00e9s molt sever i el temor a engreixar-se es converteix en una total obsessi\u00f3.\u00a0Principalment trobem dos\u00a0<\/span><b><span>tipus d&#8217;anor\u00e8xia\u00a0<\/span><\/b><span>: l&#8217;\u00a0<\/span><b><span>anor\u00e8xia purgativa\u00a0<\/span><\/b><span>i l&#8217;\u00a0<\/span><b><span>anor\u00e8xia restrictiva\u00a0<\/span><\/b><span>.\u00a0L&#8217;\u00a0<\/span><b><span>anor\u00e8xia nerviosa\u00a0<\/span><\/b><span>est\u00e0 considerada un trastorn del nostre temps, que es d\u00f3na especialment en pa\u00efsos industrialitzat i amb una prevalen\u00e7a m\u00e9s gran en dones, encara que tamb\u00e9 es pot donar en homes. L&#8217;adolesc\u00e8ncia \u00e9s el per\u00edode de m\u00e9s risc, encara que tamb\u00e9 es d\u00f3na a l&#8217;edat adulta.<\/span><\/p>\t\t\t\t\t\t<\/div>\n\t\t\t\t<\/div>\n\t\t\t\t\t<\/div>\n\t\t<\/div>\n\t\t\t\t\t\t\t<\/div>\n\t\t<\/section>\n\t\t\t\t\t<\/div>\n\t\t<\/div>\n\t\t\t\t\t\t\t<\/div>\n\t\t<\/section>\n\t\t\t\t<section class=\"elementor-section elementor-top-section elementor-element elementor-element-18da2609 elementor-section-stretched elementor-section-boxed elementor-section-height-default elementor-section-height-default\" data-id=\"18da2609\" data-element_type=\"section\" data-settings=\"{&quot;stretch_section&quot;:&quot;section-stretched&quot;}\">\n\t\t\t\t\t\t<div class=\"elementor-container elementor-column-gap-default\">\n\t\t\t\t\t<div class=\"elementor-column elementor-col-50 elementor-top-column elementor-element elementor-element-5247b5de\" data-id=\"5247b5de\" data-element_type=\"column\">\n\t\t\t<div class=\"elementor-widget-wrap elementor-element-populated\">\n\t\t\t\t\t\t\t\t<div class=\"elementor-element elementor-element-5e148980 elementor-widget elementor-widget-image\" data-id=\"5e148980\" data-element_type=\"widget\" data-widget_type=\"image.default\">\n\t\t\t\t<div class=\"elementor-widget-container\">\n\t\t\t\t\t\t\t\t\t\t\t\t\t\t\t\t<a href=\"\/quienes-somos\/\">\n\t\t\t\t\t\t\t<img loading=\"lazy\" decoding=\"async\" width=\"1400\" height=\"500\" src=\"https:\/\/clinicaviher.com\/cat\/wp-content\/uploads\/2023\/06\/ficha-Sergi.webp\" class=\"attachment-full size-full wp-image-1728\" alt=\"ver ficha de Sergi Vilardell\" srcset=\"https:\/\/clinicaviher.com\/cat\/wp-content\/uploads\/2023\/06\/ficha-Sergi.webp 1400w, https:\/\/clinicaviher.com\/cat\/wp-content\/uploads\/2023\/06\/ficha-Sergi-300x107.webp 300w, https:\/\/clinicaviher.com\/cat\/wp-content\/uploads\/2023\/06\/ficha-Sergi-1024x366.webp 1024w, https:\/\/clinicaviher.com\/cat\/wp-content\/uploads\/2023\/06\/ficha-Sergi-768x274.webp 768w, https:\/\/clinicaviher.com\/cat\/wp-content\/uploads\/2023\/06\/ficha-Sergi-600x214.webp 600w\" sizes=\"(max-width: 1400px) 100vw, 1400px\" \/>\t\t\t\t\t\t\t\t<\/a>\n\t\t\t\t\t\t\t\t\t\t\t\t\t\t\t<\/div>\n\t\t\t\t<\/div>\n\t\t\t\t\t<\/div>\n\t\t<\/div>\n\t\t\t\t<div class=\"elementor-column elementor-col-50 elementor-top-column elementor-element elementor-element-5525d3\" data-id=\"5525d3\" data-element_type=\"column\">\n\t\t\t<div class=\"elementor-widget-wrap elementor-element-populated\">\n\t\t\t\t\t\t\t\t<div class=\"elementor-element elementor-element-48d558c4 elementor-widget elementor-widget-image\" data-id=\"48d558c4\" data-element_type=\"widget\" data-widget_type=\"image.default\">\n\t\t\t\t<div class=\"elementor-widget-container\">\n\t\t\t\t\t\t\t\t\t\t\t\t\t\t\t\t<a href=\"\/quienes-somos\/\">\n\t\t\t\t\t\t\t<img loading=\"lazy\" decoding=\"async\" width=\"1400\" height=\"500\" src=\"https:\/\/clinicaviher.com\/cat\/wp-content\/uploads\/2023\/06\/mila-ficha.webp\" class=\"attachment-full size-full wp-image-1729\" alt=\"ver ficha de Mila Herrera\" srcset=\"https:\/\/clinicaviher.com\/cat\/wp-content\/uploads\/2023\/06\/mila-ficha.webp 1400w, https:\/\/clinicaviher.com\/cat\/wp-content\/uploads\/2023\/06\/mila-ficha-300x107.webp 300w, https:\/\/clinicaviher.com\/cat\/wp-content\/uploads\/2023\/06\/mila-ficha-1024x366.webp 1024w, https:\/\/clinicaviher.com\/cat\/wp-content\/uploads\/2023\/06\/mila-ficha-768x274.webp 768w, https:\/\/clinicaviher.com\/cat\/wp-content\/uploads\/2023\/06\/mila-ficha-600x214.webp 600w\" sizes=\"(max-width: 1400px) 100vw, 1400px\" \/>\t\t\t\t\t\t\t\t<\/a>\n\t\t\t\t\t\t\t\t\t\t\t\t\t\t\t<\/div>\n\t\t\t\t<\/div>\n\t\t\t\t\t<\/div>\n\t\t<\/div>\n\t\t\t\t\t\t\t<\/div>\n\t\t<\/section>\n\t\t\t\t\t\t\t<\/div>\n\t\t","protected":false},"excerpt":{"rendered":"<p>Psic\u00f2leg Anor\u00e8xia Conv\u00e9 distingir\u00a0anor\u00e8xia nerviosa\u00a0de\u00a0s\u00edmptoma anor\u00e8xic\u00a0.\u00a0Si b\u00e9 l&#8217;\u00a0anor\u00e8xia\u00a0nerviosa\u00a0est\u00e0 considerada un\u00a0trastorn de l&#8217;alimentaci\u00f3\u00a0, el\u00a0s\u00edmptoma anor\u00e8xic\u00a0no seria un trastorn pr\u00f2piament sin\u00f3 un s\u00edmptoma que pot estar associat a m\u00faltiples causes.\u00a0\u00c9s recomanable consultar un\u00a0psic\u00f2leg especialista en trastorns de la conducta aliment\u00e0ria\u00a0per valorar la situaci\u00f3 i indicar\u00a0el millor tractament per a l&#8217;anor\u00e8xia. Psic\u00f2leg especialista en anor\u00e8xia Una persona que &hellip;<\/p>\n<p class=\"read-more\"> <a class=\"\" href=\"https:\/\/clinicaviher.com\/cat\/anorexia\/\"> <span class=\"screen-reader-text\">Anorexia<\/span> Leer m\u00e1s &raquo;<\/a><\/p>\n","protected":false},"author":1,"featured_media":0,"parent":0,"menu_order":0,"comment_status":"closed","ping_status":"closed","template":"elementor_header_footer","meta":{"site-sidebar-layout":"default","site-content-layout":"default","ast-global-header-display":"","ast-banner-title-visibility":"","ast-main-header-display":"","ast-hfb-above-header-display":"","ast-hfb-below-header-display":"","ast-hfb-mobile-header-display":"","site-post-title":"","ast-breadcrumbs-content":"","ast-featured-img":"","footer-sml-layout":"","theme-transparent-header-meta":"default","adv-header-id-meta":"","stick-header-meta":"default","header-above-stick-meta":"","header-main-stick-meta":"","header-below-stick-meta":"","footnotes":""},"yoast_head":"<!-- This site is optimized with the Yoast SEO plugin v24.3 - https:\/\/yoast.com\/wordpress\/plugins\/seo\/ -->\n<title>Tractament de l&#039;anor\u00e8xia. Anor\u00e8xia Nerviosa<\/title>\n<meta name=\"description\" content=\"CL\u00cdNICA VIHER. Psic\u00f2legs de Barcelona especialistes en el tractament del trastorn alimentari de l&#039;anor\u00e8xia nerviosa\" \/>\n<meta name=\"robots\" content=\"index, follow, max-snippet:-1, max-image-preview:large, max-video-preview:-1\" \/>\n<link rel=\"canonical\" href=\"https:\/\/clinicaviher.com\/cat\/anorexia\/\" \/>\n<meta property=\"og:locale\" content=\"es_ES\" \/>\n<meta property=\"og:type\" content=\"article\" \/>\n<meta property=\"og:title\" content=\"Tractament de l&#039;anor\u00e8xia. Anor\u00e8xia Nerviosa\" \/>\n<meta property=\"og:description\" content=\"CL\u00cdNICA VIHER. Psic\u00f2legs de Barcelona especialistes en el tractament del trastorn alimentari de l&#039;anor\u00e8xia nerviosa\" \/>\n<meta property=\"og:url\" content=\"https:\/\/clinicaviher.com\/cat\/anorexia\/\" \/>\n<meta property=\"og:site_name\" content=\"Cl\u00ednica Viher\" \/>\n<meta property=\"article:modified_time\" content=\"2023-07-20T15:02:03+00:00\" \/>\n<meta property=\"og:image\" content=\"https:\/\/clinicaviher.com\/cat\/wp-content\/uploads\/2023\/06\/tratamiento-anorexia.webp\" \/>\n<meta name=\"twitter:card\" content=\"summary_large_image\" \/>\n<meta name=\"twitter:label1\" content=\"Tiempo de lectura\" \/>\n\t<meta name=\"twitter:data1\" content=\"3 minutos\" \/>\n<script type=\"application\/ld+json\" class=\"yoast-schema-graph\">{\"@context\":\"https:\/\/schema.org\",\"@graph\":[{\"@type\":\"WebPage\",\"@id\":\"https:\/\/clinicaviher.com\/cat\/anorexia\/\",\"url\":\"https:\/\/clinicaviher.com\/cat\/anorexia\/\",\"name\":\"Tractament de l'anor\u00e8xia. Anor\u00e8xia Nerviosa\",\"isPartOf\":{\"@id\":\"https:\/\/clinicaviher.com\/cat\/#website\"},\"primaryImageOfPage\":{\"@id\":\"https:\/\/clinicaviher.com\/cat\/anorexia\/#primaryimage\"},\"image\":{\"@id\":\"https:\/\/clinicaviher.com\/cat\/anorexia\/#primaryimage\"},\"thumbnailUrl\":\"https:\/\/clinicaviher.com\/cat\/wp-content\/uploads\/2023\/06\/tratamiento-anorexia.webp\",\"datePublished\":\"2018-09-19T10:19:49+00:00\",\"dateModified\":\"2023-07-20T15:02:03+00:00\",\"description\":\"CL\u00cdNICA VIHER. Psic\u00f2legs de Barcelona especialistes en el tractament del trastorn alimentari de l'anor\u00e8xia nerviosa\",\"breadcrumb\":{\"@id\":\"https:\/\/clinicaviher.com\/cat\/anorexia\/#breadcrumb\"},\"inLanguage\":\"es\",\"potentialAction\":[{\"@type\":\"ReadAction\",\"target\":[\"https:\/\/clinicaviher.com\/cat\/anorexia\/\"]}]},{\"@type\":\"ImageObject\",\"inLanguage\":\"es\",\"@id\":\"https:\/\/clinicaviher.com\/cat\/anorexia\/#primaryimage\",\"url\":\"https:\/\/clinicaviher.com\/cat\/wp-content\/uploads\/2023\/06\/tratamiento-anorexia.webp\",\"contentUrl\":\"https:\/\/clinicaviher.com\/cat\/wp-content\/uploads\/2023\/06\/tratamiento-anorexia.webp\",\"width\":591,\"height\":635,\"caption\":\"tratamiento anorexia\"},{\"@type\":\"BreadcrumbList\",\"@id\":\"https:\/\/clinicaviher.com\/cat\/anorexia\/#breadcrumb\",\"itemListElement\":[{\"@type\":\"ListItem\",\"position\":1,\"name\":\"Portada\",\"item\":\"https:\/\/clinicaviher.com\/cat\/\"},{\"@type\":\"ListItem\",\"position\":2,\"name\":\"Anorexia\"}]},{\"@type\":\"WebSite\",\"@id\":\"https:\/\/clinicaviher.com\/cat\/#website\",\"url\":\"https:\/\/clinicaviher.com\/cat\/\",\"name\":\"Cl\u00ednica Viher\",\"description\":\"Si buscas un psic\u00f3logo en Barcelona, contamos con algunos de los mejores profesionales en psicolog\u00eda, psicoterapia y psicoan\u00e1lisis\",\"publisher\":{\"@id\":\"https:\/\/clinicaviher.com\/cat\/#organization\"},\"potentialAction\":[{\"@type\":\"SearchAction\",\"target\":{\"@type\":\"EntryPoint\",\"urlTemplate\":\"https:\/\/clinicaviher.com\/cat\/?s={search_term_string}\"},\"query-input\":{\"@type\":\"PropertyValueSpecification\",\"valueRequired\":true,\"valueName\":\"search_term_string\"}}],\"inLanguage\":\"es\"},{\"@type\":\"Organization\",\"@id\":\"https:\/\/clinicaviher.com\/cat\/#organization\",\"name\":\"Cl\u00ednica Viher\",\"url\":\"https:\/\/clinicaviher.com\/cat\/\",\"logo\":{\"@type\":\"ImageObject\",\"inLanguage\":\"es\",\"@id\":\"https:\/\/clinicaviher.com\/cat\/#\/schema\/logo\/image\/\",\"url\":\"https:\/\/clinicaviher.com\/cat\/wp-content\/uploads\/2019\/02\/logoviher-new-web.png\",\"contentUrl\":\"https:\/\/clinicaviher.com\/cat\/wp-content\/uploads\/2019\/02\/logoviher-new-web.png\",\"width\":240,\"height\":52,\"caption\":\"Cl\u00ednica Viher\"},\"image\":{\"@id\":\"https:\/\/clinicaviher.com\/cat\/#\/schema\/logo\/image\/\"}}]}<\/script>\n<!-- \/ Yoast SEO plugin. -->","yoast_head_json":{"title":"Tractament de l'anor\u00e8xia. Anor\u00e8xia Nerviosa","description":"CL\u00cdNICA VIHER. Psic\u00f2legs de Barcelona especialistes en el tractament del trastorn alimentari de l'anor\u00e8xia nerviosa","robots":{"index":"index","follow":"follow","max-snippet":"max-snippet:-1","max-image-preview":"max-image-preview:large","max-video-preview":"max-video-preview:-1"},"canonical":"https:\/\/clinicaviher.com\/cat\/anorexia\/","og_locale":"es_ES","og_type":"article","og_title":"Tractament de l'anor\u00e8xia. Anor\u00e8xia Nerviosa","og_description":"CL\u00cdNICA VIHER. Psic\u00f2legs de Barcelona especialistes en el tractament del trastorn alimentari de l'anor\u00e8xia nerviosa","og_url":"https:\/\/clinicaviher.com\/cat\/anorexia\/","og_site_name":"Cl\u00ednica Viher","article_modified_time":"2023-07-20T15:02:03+00:00","og_image":[{"url":"https:\/\/clinicaviher.com\/cat\/wp-content\/uploads\/2023\/06\/tratamiento-anorexia.webp","type":"","width":"","height":""}],"twitter_card":"summary_large_image","twitter_misc":{"Tiempo de lectura":"3 minutos"},"schema":{"@context":"https:\/\/schema.org","@graph":[{"@type":"WebPage","@id":"https:\/\/clinicaviher.com\/cat\/anorexia\/","url":"https:\/\/clinicaviher.com\/cat\/anorexia\/","name":"Tractament de l'anor\u00e8xia. Anor\u00e8xia Nerviosa","isPartOf":{"@id":"https:\/\/clinicaviher.com\/cat\/#website"},"primaryImageOfPage":{"@id":"https:\/\/clinicaviher.com\/cat\/anorexia\/#primaryimage"},"image":{"@id":"https:\/\/clinicaviher.com\/cat\/anorexia\/#primaryimage"},"thumbnailUrl":"https:\/\/clinicaviher.com\/cat\/wp-content\/uploads\/2023\/06\/tratamiento-anorexia.webp","datePublished":"2018-09-19T10:19:49+00:00","dateModified":"2023-07-20T15:02:03+00:00","description":"CL\u00cdNICA VIHER. Psic\u00f2legs de Barcelona especialistes en el tractament del trastorn alimentari de l'anor\u00e8xia nerviosa","breadcrumb":{"@id":"https:\/\/clinicaviher.com\/cat\/anorexia\/#breadcrumb"},"inLanguage":"es","potentialAction":[{"@type":"ReadAction","target":["https:\/\/clinicaviher.com\/cat\/anorexia\/"]}]},{"@type":"ImageObject","inLanguage":"es","@id":"https:\/\/clinicaviher.com\/cat\/anorexia\/#primaryimage","url":"https:\/\/clinicaviher.com\/cat\/wp-content\/uploads\/2023\/06\/tratamiento-anorexia.webp","contentUrl":"https:\/\/clinicaviher.com\/cat\/wp-content\/uploads\/2023\/06\/tratamiento-anorexia.webp","width":591,"height":635,"caption":"tratamiento anorexia"},{"@type":"BreadcrumbList","@id":"https:\/\/clinicaviher.com\/cat\/anorexia\/#breadcrumb","itemListElement":[{"@type":"ListItem","position":1,"name":"Portada","item":"https:\/\/clinicaviher.com\/cat\/"},{"@type":"ListItem","position":2,"name":"Anorexia"}]},{"@type":"WebSite","@id":"https:\/\/clinicaviher.com\/cat\/#website","url":"https:\/\/clinicaviher.com\/cat\/","name":"Cl\u00ednica Viher","description":"Si buscas un psic\u00f3logo en Barcelona, contamos con algunos de los mejores profesionales en psicolog\u00eda, psicoterapia y psicoan\u00e1lisis","publisher":{"@id":"https:\/\/clinicaviher.com\/cat\/#organization"},"potentialAction":[{"@type":"SearchAction","target":{"@type":"EntryPoint","urlTemplate":"https:\/\/clinicaviher.com\/cat\/?s={search_term_string}"},"query-input":{"@type":"PropertyValueSpecification","valueRequired":true,"valueName":"search_term_string"}}],"inLanguage":"es"},{"@type":"Organization","@id":"https:\/\/clinicaviher.com\/cat\/#organization","name":"Cl\u00ednica Viher","url":"https:\/\/clinicaviher.com\/cat\/","logo":{"@type":"ImageObject","inLanguage":"es","@id":"https:\/\/clinicaviher.com\/cat\/#\/schema\/logo\/image\/","url":"https:\/\/clinicaviher.com\/cat\/wp-content\/uploads\/2019\/02\/logoviher-new-web.png","contentUrl":"https:\/\/clinicaviher.com\/cat\/wp-content\/uploads\/2019\/02\/logoviher-new-web.png","width":240,"height":52,"caption":"Cl\u00ednica Viher"},"image":{"@id":"https:\/\/clinicaviher.com\/cat\/#\/schema\/logo\/image\/"}}]}},"_links":{"self":[{"href":"https:\/\/clinicaviher.com\/cat\/wp-json\/wp\/v2\/pages\/795"}],"collection":[{"href":"https:\/\/clinicaviher.com\/cat\/wp-json\/wp\/v2\/pages"}],"about":[{"href":"https:\/\/clinicaviher.com\/cat\/wp-json\/wp\/v2\/types\/page"}],"author":[{"embeddable":true,"href":"https:\/\/clinicaviher.com\/cat\/wp-json\/wp\/v2\/users\/1"}],"replies":[{"embeddable":true,"href":"https:\/\/clinicaviher.com\/cat\/wp-json\/wp\/v2\/comments?post=795"}],"version-history":[{"count":14,"href":"https:\/\/clinicaviher.com\/cat\/wp-json\/wp\/v2\/pages\/795\/revisions"}],"predecessor-version":[{"id":2470,"href":"https:\/\/clinicaviher.com\/cat\/wp-json\/wp\/v2\/pages\/795\/revisions\/2470"}],"wp:attachment":[{"href":"https:\/\/clinicaviher.com\/cat\/wp-json\/wp\/v2\/media?parent=795"}],"curies":[{"name":"wp","href":"https:\/\/api.w.org\/{rel}","templated":true}]}}