{"id":798,"date":"2018-09-19T10:40:24","date_gmt":"2018-09-19T10:40:24","guid":{"rendered":"https:\/\/clinicaviher.com\/?page_id=798"},"modified":"2023-07-20T17:02:51","modified_gmt":"2023-07-20T15:02:51","slug":"psicoleg-bulimia","status":"publish","type":"page","link":"https:\/\/clinicaviher.com\/cat\/psicoleg-bulimia\/","title":{"rendered":"Psicologo bulimia"},"content":{"rendered":"\t\t<div data-elementor-type=\"wp-page\" data-elementor-id=\"798\" class=\"elementor elementor-798\">\n\t\t\t\t\t\t\t\t\t<section class=\"elementor-section elementor-top-section elementor-element elementor-element-41adf00d elementor-section-stretched elementor-section-boxed elementor-section-height-default elementor-section-height-default\" data-id=\"41adf00d\" data-element_type=\"section\" data-settings=\"{&quot;stretch_section&quot;:&quot;section-stretched&quot;,&quot;background_background&quot;:&quot;classic&quot;}\">\n\t\t\t\t\t\t<div class=\"elementor-container elementor-column-gap-default\">\n\t\t\t\t\t<div class=\"elementor-column elementor-col-100 elementor-top-column elementor-element elementor-element-1067c31a\" data-id=\"1067c31a\" data-element_type=\"column\">\n\t\t\t<div class=\"elementor-widget-wrap elementor-element-populated\">\n\t\t\t\t\t\t\t\t<div class=\"elementor-element elementor-element-70b1424 elementor-widget elementor-widget-heading\" data-id=\"70b1424\" data-element_type=\"widget\" data-widget_type=\"heading.default\">\n\t\t\t\t<div class=\"elementor-widget-container\">\n\t\t\t<style>\/*! elementor - v3.13.3 - 28-05-2023 *\/\n.elementor-heading-title{padding:0;margin:0;line-height:1}.elementor-widget-heading .elementor-heading-title[class*=elementor-size-]>a{color:inherit;font-size:inherit;line-height:inherit}.elementor-widget-heading .elementor-heading-title.elementor-size-small{font-size:15px}.elementor-widget-heading .elementor-heading-title.elementor-size-medium{font-size:19px}.elementor-widget-heading .elementor-heading-title.elementor-size-large{font-size:29px}.elementor-widget-heading .elementor-heading-title.elementor-size-xl{font-size:39px}.elementor-widget-heading .elementor-heading-title.elementor-size-xxl{font-size:59px}<\/style><h1 class=\"elementor-heading-title elementor-size-default\">Psic\u00f2leg bul\u00edmia Barcelona\n<\/h1>\t\t<\/div>\n\t\t\t\t<\/div>\n\t\t\t\t\t<\/div>\n\t\t<\/div>\n\t\t\t\t\t\t\t<\/div>\n\t\t<\/section>\n\t\t\t\t<section class=\"elementor-section elementor-top-section elementor-element elementor-element-36d161b4 elementor-section-boxed elementor-section-height-default elementor-section-height-default\" data-id=\"36d161b4\" data-element_type=\"section\">\n\t\t\t\t\t\t<div class=\"elementor-container elementor-column-gap-default\">\n\t\t\t\t\t<div class=\"elementor-column elementor-col-100 elementor-top-column elementor-element elementor-element-6268ef7\" data-id=\"6268ef7\" data-element_type=\"column\">\n\t\t\t<div class=\"elementor-widget-wrap elementor-element-populated\">\n\t\t\t\t\t\t\t\t<div class=\"elementor-element elementor-element-40e2f9cc elementor-widget elementor-widget-text-editor\" data-id=\"40e2f9cc\" data-element_type=\"widget\" data-widget_type=\"text-editor.default\">\n\t\t\t\t<div class=\"elementor-widget-container\">\n\t\t\t<style>\/*! elementor - v3.13.3 - 28-05-2023 *\/\n.elementor-widget-text-editor.elementor-drop-cap-view-stacked .elementor-drop-cap{background-color:#69727d;color:#fff}.elementor-widget-text-editor.elementor-drop-cap-view-framed .elementor-drop-cap{color:#69727d;border:3px solid;background-color:transparent}.elementor-widget-text-editor:not(.elementor-drop-cap-view-default) .elementor-drop-cap{margin-top:8px}.elementor-widget-text-editor:not(.elementor-drop-cap-view-default) .elementor-drop-cap-letter{width:1em;height:1em}.elementor-widget-text-editor .elementor-drop-cap{float:left;text-align:center;line-height:1;font-size:50px}.elementor-widget-text-editor .elementor-drop-cap-letter{display:inline-block}<\/style>\t\t\t\t<p><span>La\u00a0<\/span><b><span>bul\u00edmia nerviosa\u00a0<\/span><\/b><span>\u00e9s un\u00a0<\/span><b><span>trastorn alimentari\u00a0<\/span><\/b><span>que mant\u00e9 una relaci\u00f3 forta amb aspectes psicol\u00f2gics, com l&#8217;ansietat, l&#8217;angoixa, la culpa o l&#8217;estat an\u00edmic.\u00a0Es pot convertir en un problema greu de salut per l&#8217;impacte de les conseq\u00fc\u00e8ncies a nivell psicol\u00f2gic i org\u00e0nic que t\u00e9 la repetici\u00f3 d&#8217;atracaments i v\u00f2mits en el temps.\u00a0\u00c9s important consultar amb\u00a0<\/span><b><span>psic\u00f2legs especialistes en el tractament psicol\u00f2gic per a la bul\u00edmia nerviosa<\/span><\/b><span>.<\/span><\/p>\t\t\t\t\t\t<\/div>\n\t\t\t\t<\/div>\n\t\t\t\t<section class=\"elementor-section elementor-inner-section elementor-element elementor-element-394237a6 elementor-section-content-middle elementor-section-boxed elementor-section-height-default elementor-section-height-default\" data-id=\"394237a6\" data-element_type=\"section\">\n\t\t\t\t\t\t<div class=\"elementor-container elementor-column-gap-default\">\n\t\t\t\t\t<div class=\"elementor-column elementor-col-50 elementor-inner-column elementor-element elementor-element-7308fe3f\" data-id=\"7308fe3f\" data-element_type=\"column\">\n\t\t\t<div class=\"elementor-widget-wrap elementor-element-populated\">\n\t\t\t\t\t\t\t\t<div class=\"elementor-element elementor-element-4db10f97 elementor-widget elementor-widget-heading\" data-id=\"4db10f97\" data-element_type=\"widget\" data-widget_type=\"heading.default\">\n\t\t\t\t<div class=\"elementor-widget-container\">\n\t\t\t<h2 class=\"elementor-heading-title elementor-size-default\">Bul\u00edmia nerviosa\n<\/h2>\t\t<\/div>\n\t\t\t\t<\/div>\n\t\t\t\t<div class=\"elementor-element elementor-element-70d49988 elementor-widget elementor-widget-text-editor\" data-id=\"70d49988\" data-element_type=\"widget\" data-widget_type=\"text-editor.default\">\n\t\t\t\t<div class=\"elementor-widget-container\">\n\t\t\t\t\t\t\t<p><span>La\u00a0<\/span><b><span>bul\u00edmia nerviosa\u00a0<\/span><\/b><span>es d\u00f3na m\u00e9s en dones que en homes, apareixent principalment durant l&#8217;adolesc\u00e8ncia, encara que tamb\u00e9 es pot donar al llarg de la vida adulta.\u00a0La\u00a0<\/span><b><span>bul\u00edmia nerviosa\u00a0<\/span><\/b><span>es pot considerar un\u00a0<\/span><b><span>trastorn de l&#8217;alimentaci\u00f3\u00a0<\/span><\/b><span>del nostre temps, que es d\u00f3na especialment als pa\u00efsos industrialitzats.\u00a0En aquest sentit, no es pot pensar els\u00a0<\/span><b><span>trastorns alimentaris\u00a0<\/span><\/b><span>sense tenir en compte els ideals d&#8217;un determinat discurs social.<\/span><\/p>\t\t\t\t\t\t<\/div>\n\t\t\t\t<\/div>\n\t\t\t\t\t<\/div>\n\t\t<\/div>\n\t\t\t\t<div class=\"elementor-column elementor-col-50 elementor-inner-column elementor-element elementor-element-3f54446f\" data-id=\"3f54446f\" data-element_type=\"column\">\n\t\t\t<div class=\"elementor-widget-wrap elementor-element-populated\">\n\t\t\t\t\t\t\t\t<div class=\"elementor-element elementor-element-2c86ed94 elementor-widget elementor-widget-image\" data-id=\"2c86ed94\" data-element_type=\"widget\" data-widget_type=\"image.default\">\n\t\t\t\t<div class=\"elementor-widget-container\">\n\t\t\t<style>\/*! elementor - v3.13.3 - 28-05-2023 *\/\n.elementor-widget-image{text-align:center}.elementor-widget-image a{display:inline-block}.elementor-widget-image a img[src$=\".svg\"]{width:48px}.elementor-widget-image img{vertical-align:middle;display:inline-block}<\/style>\t\t\t\t\t\t\t\t\t\t\t\t<img loading=\"lazy\" decoding=\"async\" width=\"1024\" height=\"822\" src=\"https:\/\/clinicaviher.com\/cat\/wp-content\/uploads\/2023\/06\/tratamiento-bulimia-1024x822.webp\" class=\"attachment-large size-large wp-image-2053\" alt=\"tratamiento bulimia\" srcset=\"https:\/\/clinicaviher.com\/cat\/wp-content\/uploads\/2023\/06\/tratamiento-bulimia-1024x822.webp 1024w, https:\/\/clinicaviher.com\/cat\/wp-content\/uploads\/2023\/06\/tratamiento-bulimia-300x241.webp 300w, https:\/\/clinicaviher.com\/cat\/wp-content\/uploads\/2023\/06\/tratamiento-bulimia-768x616.webp 768w, https:\/\/clinicaviher.com\/cat\/wp-content\/uploads\/2023\/06\/tratamiento-bulimia-600x481.webp 600w, https:\/\/clinicaviher.com\/cat\/wp-content\/uploads\/2023\/06\/tratamiento-bulimia.webp 1134w\" sizes=\"(max-width: 1024px) 100vw, 1024px\" \/>\t\t\t\t\t\t\t\t\t\t\t\t\t\t\t<\/div>\n\t\t\t\t<\/div>\n\t\t\t\t\t<\/div>\n\t\t<\/div>\n\t\t\t\t\t\t\t<\/div>\n\t\t<\/section>\n\t\t\t\t\t<\/div>\n\t\t<\/div>\n\t\t\t\t\t\t\t<\/div>\n\t\t<\/section>\n\t\t\t\t<section class=\"elementor-section elementor-top-section elementor-element elementor-element-454655d7 elementor-section-stretched elementor-section-boxed elementor-section-height-default elementor-section-height-default\" data-id=\"454655d7\" data-element_type=\"section\" data-settings=\"{&quot;stretch_section&quot;:&quot;section-stretched&quot;,&quot;background_background&quot;:&quot;classic&quot;}\">\n\t\t\t\t\t\t<div class=\"elementor-container elementor-column-gap-default\">\n\t\t\t\t\t<div class=\"elementor-column elementor-col-100 elementor-top-column elementor-element elementor-element-47492812\" data-id=\"47492812\" data-element_type=\"column\">\n\t\t\t<div class=\"elementor-widget-wrap elementor-element-populated\">\n\t\t\t\t\t\t\t\t<div class=\"elementor-element elementor-element-5ff59513 elementor-widget elementor-widget-heading\" data-id=\"5ff59513\" data-element_type=\"widget\" data-widget_type=\"heading.default\">\n\t\t\t\t<div class=\"elementor-widget-container\">\n\t\t\t<h2 class=\"elementor-heading-title elementor-size-default\">Bul\u00edmia tractament\n<\/h2>\t\t<\/div>\n\t\t\t\t<\/div>\n\t\t\t\t<div class=\"elementor-element elementor-element-5b16c0ed elementor-widget elementor-widget-text-editor\" data-id=\"5b16c0ed\" data-element_type=\"widget\" data-widget_type=\"text-editor.default\">\n\t\t\t\t<div class=\"elementor-widget-container\">\n\t\t\t\t\t\t\t<p><span>En el\u00a0<\/span><b><span>tractament de la bul\u00edmia nerviosa\u00a0<\/span><\/b><span>, com en altres trastorns, \u00e9s molt important dur a terme una bona valoraci\u00f3 i establir una orientaci\u00f3 diagn\u00f2stica, cosa que permetr\u00e0 adaptar el tractament\u00a0<\/span><b><span>de la bul\u00edmia\u00a0<\/span><\/b><span>a les singularitats de cada cas.\u00a0<\/span><b><span>El millor psic\u00f2leg per a la bul\u00edmia\u00a0<\/span><\/b><span>ser\u00e0 justament aquell que entengui la necessitat d&#8217;individualitzar el tractament cas per cas.\u00a0A\u00a0<\/span><b><span>Cl\u00ednica Viher\u00a0<\/span><\/b><span>ser\u00e0 at\u00e8s per un\u00a0<\/span><b><span>psic\u00f2leg especialista\u00a0<\/span><\/b><span>des de la primera trucada.\u00a0Podeu consultar-nos sense comprom\u00eds.<\/span><\/p>\t\t\t\t\t\t<\/div>\n\t\t\t\t<\/div>\n\t\t\t\t\t<\/div>\n\t\t<\/div>\n\t\t\t\t\t\t\t<\/div>\n\t\t<\/section>\n\t\t\t\t<section class=\"elementor-section elementor-top-section elementor-element elementor-element-5c15df65 elementor-section-boxed elementor-section-height-default elementor-section-height-default\" data-id=\"5c15df65\" data-element_type=\"section\">\n\t\t\t\t\t\t<div class=\"elementor-container elementor-column-gap-default\">\n\t\t\t\t\t<div class=\"elementor-column elementor-col-100 elementor-top-column elementor-element elementor-element-7ccf50e2\" data-id=\"7ccf50e2\" data-element_type=\"column\">\n\t\t\t<div class=\"elementor-widget-wrap elementor-element-populated\">\n\t\t\t\t\t\t\t\t<div class=\"elementor-element elementor-element-24b025d2 elementor-widget elementor-widget-heading\" data-id=\"24b025d2\" data-element_type=\"widget\" data-widget_type=\"heading.default\">\n\t\t\t\t<div class=\"elementor-widget-container\">\n\t\t\t<h2 class=\"elementor-heading-title elementor-size-default\">Tractament bul\u00edmia Barcelona\n<\/h2>\t\t<\/div>\n\t\t\t\t<\/div>\n\t\t\t\t<div class=\"elementor-element elementor-element-5581d32c elementor-widget elementor-widget-text-editor\" data-id=\"5581d32c\" data-element_type=\"widget\" data-widget_type=\"text-editor.default\">\n\t\t\t\t<div class=\"elementor-widget-container\">\n\t\t\t\t\t\t\t<p><span>El\u00a0<\/span><b><span>tractament de la bul\u00edmia\u00a0<\/span><\/b><span>pot ser de dos tipus: un\u00a0<\/span><b><span>tractament d&#8217;ingr\u00e9s per a la bul\u00edmia\u00a0<\/span><\/b><span>en una\u00a0<\/span><b><span>cl\u00ednica especialitzada en bul\u00edmia\u00a0<\/span><\/b><span>o en una unitat hospital\u00e0ria, o b\u00e9 un\u00a0<\/span><b><span>tractament ambulatori per a la bul\u00edmia\u00a0<\/span><\/b><span>amb un\u00a0<\/span><b><span>psic\u00f2leg de bul\u00edmia a Barcelona\u00a0<\/span><\/b><span>i\/o un seguiment metge espec\u00edfic.\u00a0De la mateixa manera hi ha\u00a0<\/span><b><span>tractaments per a la bul\u00edmia\u00a0<\/span><\/b><span>que centren la seva intervenci\u00f3 en la\u00a0<\/span><b><span>ter\u00e0pia grupal per a la bul\u00edmia\u00a0<\/span><\/b><span>i altres que aposten per una ter\u00e0pia individual.\u00a0Per determinar\u00a0<\/span><b><span>el tractament m\u00e9s efica\u00e7 per a la bul\u00edmia\u00a0<\/span><\/b><span>cal dur a terme una valoraci\u00f3 inicial.<\/span><\/p>\t\t\t\t\t\t<\/div>\n\t\t\t\t<\/div>\n\t\t\t\t\t<\/div>\n\t\t<\/div>\n\t\t\t\t\t\t\t<\/div>\n\t\t<\/section>\n\t\t\t\t<section class=\"elementor-section elementor-top-section elementor-element elementor-element-561af6db elementor-section-stretched elementor-section-boxed elementor-section-height-default elementor-section-height-default\" data-id=\"561af6db\" data-element_type=\"section\" data-settings=\"{&quot;stretch_section&quot;:&quot;section-stretched&quot;}\">\n\t\t\t\t\t\t<div class=\"elementor-container elementor-column-gap-default\">\n\t\t\t\t\t<div class=\"elementor-column elementor-col-50 elementor-top-column elementor-element elementor-element-49e90b32\" data-id=\"49e90b32\" data-element_type=\"column\">\n\t\t\t<div class=\"elementor-widget-wrap elementor-element-populated\">\n\t\t\t\t\t\t\t\t<div class=\"elementor-element elementor-element-71cef939 elementor-widget elementor-widget-image\" data-id=\"71cef939\" data-element_type=\"widget\" data-widget_type=\"image.default\">\n\t\t\t\t<div class=\"elementor-widget-container\">\n\t\t\t\t\t\t\t\t\t\t\t\t\t\t\t\t<a href=\"\/quienes-somos\/\">\n\t\t\t\t\t\t\t<img loading=\"lazy\" decoding=\"async\" width=\"1400\" height=\"500\" src=\"https:\/\/clinicaviher.com\/cat\/wp-content\/uploads\/2023\/06\/ficha-Sergi.webp\" class=\"attachment-full size-full wp-image-1728\" alt=\"ver ficha de Sergi Vilardell\" srcset=\"https:\/\/clinicaviher.com\/cat\/wp-content\/uploads\/2023\/06\/ficha-Sergi.webp 1400w, https:\/\/clinicaviher.com\/cat\/wp-content\/uploads\/2023\/06\/ficha-Sergi-300x107.webp 300w, https:\/\/clinicaviher.com\/cat\/wp-content\/uploads\/2023\/06\/ficha-Sergi-1024x366.webp 1024w, https:\/\/clinicaviher.com\/cat\/wp-content\/uploads\/2023\/06\/ficha-Sergi-768x274.webp 768w, https:\/\/clinicaviher.com\/cat\/wp-content\/uploads\/2023\/06\/ficha-Sergi-600x214.webp 600w\" sizes=\"(max-width: 1400px) 100vw, 1400px\" \/>\t\t\t\t\t\t\t\t<\/a>\n\t\t\t\t\t\t\t\t\t\t\t\t\t\t\t<\/div>\n\t\t\t\t<\/div>\n\t\t\t\t\t<\/div>\n\t\t<\/div>\n\t\t\t\t<div class=\"elementor-column elementor-col-50 elementor-top-column elementor-element elementor-element-25634c3a\" data-id=\"25634c3a\" data-element_type=\"column\">\n\t\t\t<div class=\"elementor-widget-wrap elementor-element-populated\">\n\t\t\t\t\t\t\t\t<div class=\"elementor-element elementor-element-4c15a64e elementor-widget elementor-widget-image\" data-id=\"4c15a64e\" data-element_type=\"widget\" data-widget_type=\"image.default\">\n\t\t\t\t<div class=\"elementor-widget-container\">\n\t\t\t\t\t\t\t\t\t\t\t\t\t\t\t\t<a href=\"\/quienes-somos\/\">\n\t\t\t\t\t\t\t<img loading=\"lazy\" decoding=\"async\" width=\"1400\" height=\"500\" src=\"https:\/\/clinicaviher.com\/cat\/wp-content\/uploads\/2023\/06\/mila-ficha.webp\" class=\"attachment-full size-full wp-image-1729\" alt=\"ver ficha de Mila Herrera\" srcset=\"https:\/\/clinicaviher.com\/cat\/wp-content\/uploads\/2023\/06\/mila-ficha.webp 1400w, https:\/\/clinicaviher.com\/cat\/wp-content\/uploads\/2023\/06\/mila-ficha-300x107.webp 300w, https:\/\/clinicaviher.com\/cat\/wp-content\/uploads\/2023\/06\/mila-ficha-1024x366.webp 1024w, https:\/\/clinicaviher.com\/cat\/wp-content\/uploads\/2023\/06\/mila-ficha-768x274.webp 768w, https:\/\/clinicaviher.com\/cat\/wp-content\/uploads\/2023\/06\/mila-ficha-600x214.webp 600w\" sizes=\"(max-width: 1400px) 100vw, 1400px\" \/>\t\t\t\t\t\t\t\t<\/a>\n\t\t\t\t\t\t\t\t\t\t\t\t\t\t\t<\/div>\n\t\t\t\t<\/div>\n\t\t\t\t\t<\/div>\n\t\t<\/div>\n\t\t\t\t\t\t\t<\/div>\n\t\t<\/section>\n\t\t\t\t\t\t\t<\/div>\n\t\t","protected":false},"excerpt":{"rendered":"<p>Psic\u00f2leg bul\u00edmia Barcelona La\u00a0bul\u00edmia nerviosa\u00a0\u00e9s un\u00a0trastorn alimentari\u00a0que mant\u00e9 una relaci\u00f3 forta amb aspectes psicol\u00f2gics, com l&#8217;ansietat, l&#8217;angoixa, la culpa o l&#8217;estat an\u00edmic.\u00a0Es pot convertir en un problema greu de salut per l&#8217;impacte de les conseq\u00fc\u00e8ncies a nivell psicol\u00f2gic i org\u00e0nic que t\u00e9 la repetici\u00f3 d&#8217;atracaments i v\u00f2mits en el temps.\u00a0\u00c9s important consultar amb\u00a0psic\u00f2legs especialistes en &hellip;<\/p>\n<p class=\"read-more\"> <a class=\"\" href=\"https:\/\/clinicaviher.com\/cat\/psicoleg-bulimia\/\"> <span class=\"screen-reader-text\">Psicologo bulimia<\/span> Leer m\u00e1s &raquo;<\/a><\/p>\n","protected":false},"author":1,"featured_media":0,"parent":0,"menu_order":0,"comment_status":"closed","ping_status":"closed","template":"elementor_header_footer","meta":{"site-sidebar-layout":"default","site-content-layout":"default","ast-global-header-display":"","ast-banner-title-visibility":"","ast-main-header-display":"","ast-hfb-above-header-display":"","ast-hfb-below-header-display":"","ast-hfb-mobile-header-display":"","site-post-title":"","ast-breadcrumbs-content":"","ast-featured-img":"","footer-sml-layout":"","theme-transparent-header-meta":"default","adv-header-id-meta":"","stick-header-meta":"default","header-above-stick-meta":"","header-main-stick-meta":"","header-below-stick-meta":"","footnotes":""},"yoast_head":"<!-- This site is optimized with the Yoast SEO plugin v24.3 - https:\/\/yoast.com\/wordpress\/plugins\/seo\/ -->\n<title>Tractament de la Bul\u00edmia. Bul\u00edmia Nerviosa<\/title>\n<meta name=\"description\" content=\"CL\u00cdNICA VIHER. Cl\u00ednica de psic\u00f2legs de Barcelona especialistes a Bul\u00edmia nerviosa. Tractament professional per al trastorn alimentari de la Bul\u00edmia\" \/>\n<meta name=\"robots\" content=\"index, follow, max-snippet:-1, max-image-preview:large, max-video-preview:-1\" \/>\n<link rel=\"canonical\" href=\"https:\/\/clinicaviher.com\/cat\/psicoleg-bulimia\/\" \/>\n<meta property=\"og:locale\" content=\"es_ES\" \/>\n<meta property=\"og:type\" content=\"article\" \/>\n<meta property=\"og:title\" content=\"Tractament de la Bul\u00edmia. Bul\u00edmia Nerviosa\" \/>\n<meta property=\"og:description\" content=\"CL\u00cdNICA VIHER. Cl\u00ednica de psic\u00f2legs de Barcelona especialistes a Bul\u00edmia nerviosa. Tractament professional per al trastorn alimentari de la Bul\u00edmia\" \/>\n<meta property=\"og:url\" content=\"https:\/\/clinicaviher.com\/cat\/psicoleg-bulimia\/\" \/>\n<meta property=\"og:site_name\" content=\"Cl\u00ednica Viher\" \/>\n<meta property=\"article:modified_time\" content=\"2023-07-20T15:02:51+00:00\" \/>\n<meta property=\"og:image\" content=\"https:\/\/clinicaviher.com\/cat\/wp-content\/uploads\/2023\/06\/tratamiento-bulimia-1024x822.webp\" \/>\n<meta name=\"twitter:card\" content=\"summary_large_image\" \/>\n<meta name=\"twitter:label1\" content=\"Tiempo de lectura\" \/>\n\t<meta name=\"twitter:data1\" content=\"3 minutos\" \/>\n<script type=\"application\/ld+json\" class=\"yoast-schema-graph\">{\"@context\":\"https:\/\/schema.org\",\"@graph\":[{\"@type\":\"WebPage\",\"@id\":\"https:\/\/clinicaviher.com\/cat\/psicoleg-bulimia\/\",\"url\":\"https:\/\/clinicaviher.com\/cat\/psicoleg-bulimia\/\",\"name\":\"Tractament de la Bul\u00edmia. Bul\u00edmia Nerviosa\",\"isPartOf\":{\"@id\":\"https:\/\/clinicaviher.com\/cat\/#website\"},\"primaryImageOfPage\":{\"@id\":\"https:\/\/clinicaviher.com\/cat\/psicoleg-bulimia\/#primaryimage\"},\"image\":{\"@id\":\"https:\/\/clinicaviher.com\/cat\/psicoleg-bulimia\/#primaryimage\"},\"thumbnailUrl\":\"https:\/\/clinicaviher.com\/cat\/wp-content\/uploads\/2023\/06\/tratamiento-bulimia-1024x822.webp\",\"datePublished\":\"2018-09-19T10:40:24+00:00\",\"dateModified\":\"2023-07-20T15:02:51+00:00\",\"description\":\"CL\u00cdNICA VIHER. Cl\u00ednica de psic\u00f2legs de Barcelona especialistes a Bul\u00edmia nerviosa. Tractament professional per al trastorn alimentari de la Bul\u00edmia\",\"breadcrumb\":{\"@id\":\"https:\/\/clinicaviher.com\/cat\/psicoleg-bulimia\/#breadcrumb\"},\"inLanguage\":\"es\",\"potentialAction\":[{\"@type\":\"ReadAction\",\"target\":[\"https:\/\/clinicaviher.com\/cat\/psicoleg-bulimia\/\"]}]},{\"@type\":\"ImageObject\",\"inLanguage\":\"es\",\"@id\":\"https:\/\/clinicaviher.com\/cat\/psicoleg-bulimia\/#primaryimage\",\"url\":\"https:\/\/clinicaviher.com\/cat\/wp-content\/uploads\/2023\/06\/tratamiento-bulimia-1024x822.webp\",\"contentUrl\":\"https:\/\/clinicaviher.com\/cat\/wp-content\/uploads\/2023\/06\/tratamiento-bulimia-1024x822.webp\"},{\"@type\":\"BreadcrumbList\",\"@id\":\"https:\/\/clinicaviher.com\/cat\/psicoleg-bulimia\/#breadcrumb\",\"itemListElement\":[{\"@type\":\"ListItem\",\"position\":1,\"name\":\"Portada\",\"item\":\"https:\/\/clinicaviher.com\/cat\/\"},{\"@type\":\"ListItem\",\"position\":2,\"name\":\"Psicologo bulimia\"}]},{\"@type\":\"WebSite\",\"@id\":\"https:\/\/clinicaviher.com\/cat\/#website\",\"url\":\"https:\/\/clinicaviher.com\/cat\/\",\"name\":\"Cl\u00ednica Viher\",\"description\":\"Si buscas un psic\u00f3logo en Barcelona, contamos con algunos de los mejores profesionales en psicolog\u00eda, psicoterapia y psicoan\u00e1lisis\",\"publisher\":{\"@id\":\"https:\/\/clinicaviher.com\/cat\/#organization\"},\"potentialAction\":[{\"@type\":\"SearchAction\",\"target\":{\"@type\":\"EntryPoint\",\"urlTemplate\":\"https:\/\/clinicaviher.com\/cat\/?s={search_term_string}\"},\"query-input\":{\"@type\":\"PropertyValueSpecification\",\"valueRequired\":true,\"valueName\":\"search_term_string\"}}],\"inLanguage\":\"es\"},{\"@type\":\"Organization\",\"@id\":\"https:\/\/clinicaviher.com\/cat\/#organization\",\"name\":\"Cl\u00ednica Viher\",\"url\":\"https:\/\/clinicaviher.com\/cat\/\",\"logo\":{\"@type\":\"ImageObject\",\"inLanguage\":\"es\",\"@id\":\"https:\/\/clinicaviher.com\/cat\/#\/schema\/logo\/image\/\",\"url\":\"https:\/\/clinicaviher.com\/cat\/wp-content\/uploads\/2019\/02\/logoviher-new-web.png\",\"contentUrl\":\"https:\/\/clinicaviher.com\/cat\/wp-content\/uploads\/2019\/02\/logoviher-new-web.png\",\"width\":240,\"height\":52,\"caption\":\"Cl\u00ednica Viher\"},\"image\":{\"@id\":\"https:\/\/clinicaviher.com\/cat\/#\/schema\/logo\/image\/\"}}]}<\/script>\n<!-- \/ Yoast SEO plugin. -->","yoast_head_json":{"title":"Tractament de la Bul\u00edmia. Bul\u00edmia Nerviosa","description":"CL\u00cdNICA VIHER. Cl\u00ednica de psic\u00f2legs de Barcelona especialistes a Bul\u00edmia nerviosa. Tractament professional per al trastorn alimentari de la Bul\u00edmia","robots":{"index":"index","follow":"follow","max-snippet":"max-snippet:-1","max-image-preview":"max-image-preview:large","max-video-preview":"max-video-preview:-1"},"canonical":"https:\/\/clinicaviher.com\/cat\/psicoleg-bulimia\/","og_locale":"es_ES","og_type":"article","og_title":"Tractament de la Bul\u00edmia. Bul\u00edmia Nerviosa","og_description":"CL\u00cdNICA VIHER. Cl\u00ednica de psic\u00f2legs de Barcelona especialistes a Bul\u00edmia nerviosa. Tractament professional per al trastorn alimentari de la Bul\u00edmia","og_url":"https:\/\/clinicaviher.com\/cat\/psicoleg-bulimia\/","og_site_name":"Cl\u00ednica Viher","article_modified_time":"2023-07-20T15:02:51+00:00","og_image":[{"url":"https:\/\/clinicaviher.com\/cat\/wp-content\/uploads\/2023\/06\/tratamiento-bulimia-1024x822.webp","type":"","width":"","height":""}],"twitter_card":"summary_large_image","twitter_misc":{"Tiempo de lectura":"3 minutos"},"schema":{"@context":"https:\/\/schema.org","@graph":[{"@type":"WebPage","@id":"https:\/\/clinicaviher.com\/cat\/psicoleg-bulimia\/","url":"https:\/\/clinicaviher.com\/cat\/psicoleg-bulimia\/","name":"Tractament de la Bul\u00edmia. Bul\u00edmia Nerviosa","isPartOf":{"@id":"https:\/\/clinicaviher.com\/cat\/#website"},"primaryImageOfPage":{"@id":"https:\/\/clinicaviher.com\/cat\/psicoleg-bulimia\/#primaryimage"},"image":{"@id":"https:\/\/clinicaviher.com\/cat\/psicoleg-bulimia\/#primaryimage"},"thumbnailUrl":"https:\/\/clinicaviher.com\/cat\/wp-content\/uploads\/2023\/06\/tratamiento-bulimia-1024x822.webp","datePublished":"2018-09-19T10:40:24+00:00","dateModified":"2023-07-20T15:02:51+00:00","description":"CL\u00cdNICA VIHER. Cl\u00ednica de psic\u00f2legs de Barcelona especialistes a Bul\u00edmia nerviosa. Tractament professional per al trastorn alimentari de la Bul\u00edmia","breadcrumb":{"@id":"https:\/\/clinicaviher.com\/cat\/psicoleg-bulimia\/#breadcrumb"},"inLanguage":"es","potentialAction":[{"@type":"ReadAction","target":["https:\/\/clinicaviher.com\/cat\/psicoleg-bulimia\/"]}]},{"@type":"ImageObject","inLanguage":"es","@id":"https:\/\/clinicaviher.com\/cat\/psicoleg-bulimia\/#primaryimage","url":"https:\/\/clinicaviher.com\/cat\/wp-content\/uploads\/2023\/06\/tratamiento-bulimia-1024x822.webp","contentUrl":"https:\/\/clinicaviher.com\/cat\/wp-content\/uploads\/2023\/06\/tratamiento-bulimia-1024x822.webp"},{"@type":"BreadcrumbList","@id":"https:\/\/clinicaviher.com\/cat\/psicoleg-bulimia\/#breadcrumb","itemListElement":[{"@type":"ListItem","position":1,"name":"Portada","item":"https:\/\/clinicaviher.com\/cat\/"},{"@type":"ListItem","position":2,"name":"Psicologo bulimia"}]},{"@type":"WebSite","@id":"https:\/\/clinicaviher.com\/cat\/#website","url":"https:\/\/clinicaviher.com\/cat\/","name":"Cl\u00ednica Viher","description":"Si buscas un psic\u00f3logo en Barcelona, contamos con algunos de los mejores profesionales en psicolog\u00eda, psicoterapia y psicoan\u00e1lisis","publisher":{"@id":"https:\/\/clinicaviher.com\/cat\/#organization"},"potentialAction":[{"@type":"SearchAction","target":{"@type":"EntryPoint","urlTemplate":"https:\/\/clinicaviher.com\/cat\/?s={search_term_string}"},"query-input":{"@type":"PropertyValueSpecification","valueRequired":true,"valueName":"search_term_string"}}],"inLanguage":"es"},{"@type":"Organization","@id":"https:\/\/clinicaviher.com\/cat\/#organization","name":"Cl\u00ednica Viher","url":"https:\/\/clinicaviher.com\/cat\/","logo":{"@type":"ImageObject","inLanguage":"es","@id":"https:\/\/clinicaviher.com\/cat\/#\/schema\/logo\/image\/","url":"https:\/\/clinicaviher.com\/cat\/wp-content\/uploads\/2019\/02\/logoviher-new-web.png","contentUrl":"https:\/\/clinicaviher.com\/cat\/wp-content\/uploads\/2019\/02\/logoviher-new-web.png","width":240,"height":52,"caption":"Cl\u00ednica Viher"},"image":{"@id":"https:\/\/clinicaviher.com\/cat\/#\/schema\/logo\/image\/"}}]}},"_links":{"self":[{"href":"https:\/\/clinicaviher.com\/cat\/wp-json\/wp\/v2\/pages\/798"}],"collection":[{"href":"https:\/\/clinicaviher.com\/cat\/wp-json\/wp\/v2\/pages"}],"about":[{"href":"https:\/\/clinicaviher.com\/cat\/wp-json\/wp\/v2\/types\/page"}],"author":[{"embeddable":true,"href":"https:\/\/clinicaviher.com\/cat\/wp-json\/wp\/v2\/users\/1"}],"replies":[{"embeddable":true,"href":"https:\/\/clinicaviher.com\/cat\/wp-json\/wp\/v2\/comments?post=798"}],"version-history":[{"count":12,"href":"https:\/\/clinicaviher.com\/cat\/wp-json\/wp\/v2\/pages\/798\/revisions"}],"predecessor-version":[{"id":2471,"href":"https:\/\/clinicaviher.com\/cat\/wp-json\/wp\/v2\/pages\/798\/revisions\/2471"}],"wp:attachment":[{"href":"https:\/\/clinicaviher.com\/cat\/wp-json\/wp\/v2\/media?parent=798"}],"curies":[{"name":"wp","href":"https:\/\/api.w.org\/{rel}","templated":true}]}}