{"id":880,"date":"2018-10-03T12:16:55","date_gmt":"2018-10-03T12:16:55","guid":{"rendered":"https:\/\/clinicaviher.com\/?page_id=880"},"modified":"2023-07-20T16:56:51","modified_gmt":"2023-07-20T14:56:51","slug":"ansietat-general","status":"publish","type":"page","link":"https:\/\/clinicaviher.com\/cat\/ansietat-general\/","title":{"rendered":"Ansietat General"},"content":{"rendered":"\t\t<div data-elementor-type=\"wp-page\" data-elementor-id=\"880\" class=\"elementor elementor-880\">\n\t\t\t\t\t\t\t\t\t<section class=\"elementor-section elementor-top-section elementor-element elementor-element-57180836 elementor-section-stretched elementor-section-boxed elementor-section-height-default elementor-section-height-default\" data-id=\"57180836\" data-element_type=\"section\" data-settings=\"{&quot;stretch_section&quot;:&quot;section-stretched&quot;,&quot;background_background&quot;:&quot;classic&quot;}\">\n\t\t\t\t\t\t<div class=\"elementor-container elementor-column-gap-default\">\n\t\t\t\t\t<div class=\"elementor-column elementor-col-100 elementor-top-column elementor-element elementor-element-16b7f715\" data-id=\"16b7f715\" data-element_type=\"column\">\n\t\t\t<div class=\"elementor-widget-wrap elementor-element-populated\">\n\t\t\t\t\t\t\t\t<div class=\"elementor-element elementor-element-6488e31 elementor-widget elementor-widget-heading\" data-id=\"6488e31\" data-element_type=\"widget\" data-widget_type=\"heading.default\">\n\t\t\t\t<div class=\"elementor-widget-container\">\n\t\t\t<style>\/*! elementor - v3.13.3 - 28-05-2023 *\/\n.elementor-heading-title{padding:0;margin:0;line-height:1}.elementor-widget-heading .elementor-heading-title[class*=elementor-size-]>a{color:inherit;font-size:inherit;line-height:inherit}.elementor-widget-heading .elementor-heading-title.elementor-size-small{font-size:15px}.elementor-widget-heading .elementor-heading-title.elementor-size-medium{font-size:19px}.elementor-widget-heading .elementor-heading-title.elementor-size-large{font-size:29px}.elementor-widget-heading .elementor-heading-title.elementor-size-xl{font-size:39px}.elementor-widget-heading .elementor-heading-title.elementor-size-xxl{font-size:59px}<\/style><h1 class=\"elementor-heading-title elementor-size-default\">Cl\u00ednica Viher, un centre de psicologia a Barcelona<\/h1>\t\t<\/div>\n\t\t\t\t<\/div>\n\t\t\t\t\t<\/div>\n\t\t<\/div>\n\t\t\t\t\t\t\t<\/div>\n\t\t<\/section>\n\t\t\t\t<section class=\"elementor-section elementor-top-section elementor-element elementor-element-4c943b2d elementor-section-boxed elementor-section-height-default elementor-section-height-default\" data-id=\"4c943b2d\" data-element_type=\"section\">\n\t\t\t\t\t\t<div class=\"elementor-container elementor-column-gap-default\">\n\t\t\t\t\t<div class=\"elementor-column elementor-col-100 elementor-top-column elementor-element elementor-element-38c06b6a\" data-id=\"38c06b6a\" data-element_type=\"column\">\n\t\t\t<div class=\"elementor-widget-wrap elementor-element-populated\">\n\t\t\t\t\t\t\t\t<div class=\"elementor-element elementor-element-f122d18 elementor-widget elementor-widget-text-editor\" data-id=\"f122d18\" data-element_type=\"widget\" data-widget_type=\"text-editor.default\">\n\t\t\t\t<div class=\"elementor-widget-container\">\n\t\t\t<style>\/*! elementor - v3.13.3 - 28-05-2023 *\/\n.elementor-widget-text-editor.elementor-drop-cap-view-stacked .elementor-drop-cap{background-color:#69727d;color:#fff}.elementor-widget-text-editor.elementor-drop-cap-view-framed .elementor-drop-cap{color:#69727d;border:3px solid;background-color:transparent}.elementor-widget-text-editor:not(.elementor-drop-cap-view-default) .elementor-drop-cap{margin-top:8px}.elementor-widget-text-editor:not(.elementor-drop-cap-view-default) .elementor-drop-cap-letter{width:1em;height:1em}.elementor-widget-text-editor .elementor-drop-cap{float:left;text-align:center;line-height:1;font-size:50px}.elementor-widget-text-editor .elementor-drop-cap-letter{display:inline-block}<\/style>\t\t\t\t<p><span>El\u00a0<\/span><b><span>trastorn d&#8217;ansietat generalitzada\u00a0<\/span><\/b><span>\u00e9s molt com\u00fa actualment.\u00a0La persona que el pateix sovint se sent desbordada per situacions comunes.\u00a0Es caracteritza per una forta angoixa acompanyada d\u00b4una s\u00e8rie de pensaments de car\u00e0cter obsessiu, que acaben provocant una caiguda de l\u00b4estat d\u00b4\u00e0nim.<\/span><\/p>\t\t\t\t\t\t<\/div>\n\t\t\t\t<\/div>\n\t\t\t\t<section class=\"elementor-section elementor-inner-section elementor-element elementor-element-10d48bce elementor-section-content-middle elementor-section-boxed elementor-section-height-default elementor-section-height-default\" data-id=\"10d48bce\" data-element_type=\"section\">\n\t\t\t\t\t\t<div class=\"elementor-container elementor-column-gap-default\">\n\t\t\t\t\t<div class=\"elementor-column elementor-col-50 elementor-inner-column elementor-element elementor-element-73c59d6a\" data-id=\"73c59d6a\" data-element_type=\"column\">\n\t\t\t<div class=\"elementor-widget-wrap elementor-element-populated\">\n\t\t\t\t\t\t\t\t<div class=\"elementor-element elementor-element-493e7fe4 elementor-widget elementor-widget-heading\" data-id=\"493e7fe4\" data-element_type=\"widget\" data-widget_type=\"heading.default\">\n\t\t\t\t<div class=\"elementor-widget-container\">\n\t\t\t<h2 class=\"elementor-heading-title elementor-size-default\">Psic\u00f2leg especialista en ansietat<\/h2>\t\t<\/div>\n\t\t\t\t<\/div>\n\t\t\t\t<div class=\"elementor-element elementor-element-20f0112c elementor-widget elementor-widget-text-editor\" data-id=\"20f0112c\" data-element_type=\"widget\" data-widget_type=\"text-editor.default\">\n\t\t\t\t<div class=\"elementor-widget-container\">\n\t\t\t\t\t\t\t<p><span>L&#8217;\u00a0<\/span><b><span>ansietat\u00a0<\/span><\/b><span>es pot considerar una resposta normal davant d&#8217;una situaci\u00f3 que la persona representa, conscient o inconscientment, com un perill.\u00a0Per tant, l&#8217;\u00a0<\/span><b><span>ansietat\u00a0<\/span><\/b><span>t\u00e9 una funci\u00f3 defensiva i alhora adaptativa.\u00a0No obstant aix\u00f2, quan l&#8217;\u00a0<\/span><b><span>ansietat\u00a0<\/span><\/b><span>es converteix en una constant o quan la intensitat condiciona la vida d&#8217;una persona, es fa necessari el\u00a0<\/span><b><span>tractament\u00a0<\/span><\/b><span>, si \u00e9s possible amb un\u00a0<\/span><b><span>psic\u00f2leg especialista en ansietat.<\/span><\/b><\/p>\t\t\t\t\t\t<\/div>\n\t\t\t\t<\/div>\n\t\t\t\t\t<\/div>\n\t\t<\/div>\n\t\t\t\t<div class=\"elementor-column elementor-col-50 elementor-inner-column elementor-element elementor-element-1fc5482c\" data-id=\"1fc5482c\" data-element_type=\"column\">\n\t\t\t<div class=\"elementor-widget-wrap elementor-element-populated\">\n\t\t\t\t\t\t\t\t<div class=\"elementor-element elementor-element-5d91fd46 elementor-widget elementor-widget-image\" data-id=\"5d91fd46\" data-element_type=\"widget\" data-widget_type=\"image.default\">\n\t\t\t\t<div class=\"elementor-widget-container\">\n\t\t\t<style>\/*! elementor - v3.13.3 - 28-05-2023 *\/\n.elementor-widget-image{text-align:center}.elementor-widget-image a{display:inline-block}.elementor-widget-image a img[src$=\".svg\"]{width:48px}.elementor-widget-image img{vertical-align:middle;display:inline-block}<\/style>\t\t\t\t\t\t\t\t\t\t\t\t<img loading=\"lazy\" decoding=\"async\" width=\"883\" height=\"860\" src=\"https:\/\/clinicaviher.com\/cat\/wp-content\/uploads\/2023\/06\/tratamiento-para-ansiedad.webp\" class=\"attachment-large size-large wp-image-1977\" alt=\"psic\u00f3logos tratamiento para la ansiedad\" srcset=\"https:\/\/clinicaviher.com\/cat\/wp-content\/uploads\/2023\/06\/tratamiento-para-ansiedad.webp 883w, https:\/\/clinicaviher.com\/cat\/wp-content\/uploads\/2023\/06\/tratamiento-para-ansiedad-300x292.webp 300w, https:\/\/clinicaviher.com\/cat\/wp-content\/uploads\/2023\/06\/tratamiento-para-ansiedad-768x748.webp 768w, https:\/\/clinicaviher.com\/cat\/wp-content\/uploads\/2023\/06\/tratamiento-para-ansiedad-600x584.webp 600w\" sizes=\"(max-width: 883px) 100vw, 883px\" \/>\t\t\t\t\t\t\t\t\t\t\t\t\t\t\t<\/div>\n\t\t\t\t<\/div>\n\t\t\t\t\t<\/div>\n\t\t<\/div>\n\t\t\t\t\t\t\t<\/div>\n\t\t<\/section>\n\t\t\t\t\t<\/div>\n\t\t<\/div>\n\t\t\t\t\t\t\t<\/div>\n\t\t<\/section>\n\t\t\t\t<section class=\"elementor-section elementor-top-section elementor-element elementor-element-548e1ea elementor-section-stretched elementor-section-boxed elementor-section-height-default elementor-section-height-default\" data-id=\"548e1ea\" data-element_type=\"section\" data-settings=\"{&quot;stretch_section&quot;:&quot;section-stretched&quot;,&quot;background_background&quot;:&quot;classic&quot;}\">\n\t\t\t\t\t\t<div class=\"elementor-container elementor-column-gap-default\">\n\t\t\t\t\t<div class=\"elementor-column elementor-col-100 elementor-top-column elementor-element elementor-element-6f4b51d6\" data-id=\"6f4b51d6\" data-element_type=\"column\">\n\t\t\t<div class=\"elementor-widget-wrap elementor-element-populated\">\n\t\t\t\t\t\t\t\t<div class=\"elementor-element elementor-element-1119d44f elementor-widget elementor-widget-heading\" data-id=\"1119d44f\" data-element_type=\"widget\" data-widget_type=\"heading.default\">\n\t\t\t\t<div class=\"elementor-widget-container\">\n\t\t\t<h2 class=\"elementor-heading-title elementor-size-default\">Tractament per al trastorn d'ansietat generalitzada<\/h2>\t\t<\/div>\n\t\t\t\t<\/div>\n\t\t\t\t<div class=\"elementor-element elementor-element-310a9932 elementor-widget elementor-widget-text-editor\" data-id=\"310a9932\" data-element_type=\"widget\" data-widget_type=\"text-editor.default\">\n\t\t\t\t<div class=\"elementor-widget-container\">\n\t\t\t\t\t\t\t<p><span>Hi ha un doble treball al llarg d&#8217;un\u00a0<\/span><b><span>tractament per al trastorn d&#8217;ansietat generalitzada\u00a0<\/span><\/b><span>.\u00a0D&#8217;una banda, adquirir nous recursos per fer front a l&#8217;\u00a0<\/span><b><span>ansietat\u00a0<\/span><\/b><span>i aconseguir que aquesta acabi en una crisi d&#8217;\u00a0<\/span><b><span>ansietat\u00a0<\/span><\/b><span>.\u00a0D&#8217;altra banda, \u00e9s igualment important que la persona que pateix un\u00a0<\/span><b><span>trastorn d&#8217;ansietat generalitzada\u00a0<\/span><\/b><span>es conegui b\u00e9 a si mateixa i pugui identificar-ne tant les causes com els desencadenants.<\/span><\/p>\t\t\t\t\t\t<\/div>\n\t\t\t\t<\/div>\n\t\t\t\t<div class=\"elementor-element elementor-element-4e80ca0f elementor-widget elementor-widget-heading\" data-id=\"4e80ca0f\" data-element_type=\"widget\" data-widget_type=\"heading.default\">\n\t\t\t\t<div class=\"elementor-widget-container\">\n\t\t\t<h2 class=\"elementor-heading-title elementor-size-default\">La ter\u00e0pia per a l'ansietat a Barcelona\n<\/h2>\t\t<\/div>\n\t\t\t\t<\/div>\n\t\t\t\t<div class=\"elementor-element elementor-element-656b551f elementor-widget elementor-widget-text-editor\" data-id=\"656b551f\" data-element_type=\"widget\" data-widget_type=\"text-editor.default\">\n\t\t\t\t<div class=\"elementor-widget-container\">\n\t\t\t\t\t\t\t<div class=\"kc-elm kc-css-3751822 kc_text_block\"><p><span>Els s\u00edmptomes del\u00a0<\/span><b><span>trastorn d&#8217;ansietat generalitzada\u00a0<\/span><\/b><span>s\u00f3n de tipus psicol\u00f2gic i f\u00edsic i poden arribar a condicional totalment o parcialment diversos \u00e0mbits de la vida de la persona, com ara les relacions socials, la capacitat de treballar i estar en parella, la vida familiar i les obligacions quotidianes.\u00a0La\u00a0<\/span><b><span>ter\u00e0pia per a l&#8217;ansietat a Barcelona\u00a0<\/span><\/b><span>pot ser en una\u00a0<\/span><b><span>cl\u00ednica de psicologia\u00a0<\/span><\/b><span>o amb un\u00a0<\/span><b><span>psic\u00f2leg ansietat a Barcelona\u00a0<\/span><\/b><span>.<\/span><\/p><\/div>\t\t\t\t\t\t<\/div>\n\t\t\t\t<\/div>\n\t\t\t\t\t<\/div>\n\t\t<\/div>\n\t\t\t\t\t\t\t<\/div>\n\t\t<\/section>\n\t\t\t\t<section class=\"elementor-section elementor-top-section elementor-element elementor-element-52b74a5 elementor-section-boxed elementor-section-height-default elementor-section-height-default\" data-id=\"52b74a5\" data-element_type=\"section\">\n\t\t\t\t\t\t<div class=\"elementor-container elementor-column-gap-default\">\n\t\t\t\t\t<div class=\"elementor-column elementor-col-100 elementor-top-column elementor-element elementor-element-35d2603b\" data-id=\"35d2603b\" data-element_type=\"column\">\n\t\t\t<div class=\"elementor-widget-wrap elementor-element-populated\">\n\t\t\t\t\t\t\t\t<div class=\"elementor-element elementor-element-1d843a4 elementor-widget elementor-widget-heading\" data-id=\"1d843a4\" data-element_type=\"widget\" data-widget_type=\"heading.default\">\n\t\t\t\t<div class=\"elementor-widget-container\">\n\t\t\t<h2 class=\"elementor-heading-title elementor-size-default\">Un m\u00e8tode efica\u00e7 per tractar l'ansietat<\/h2>\t\t<\/div>\n\t\t\t\t<\/div>\n\t\t\t\t<div class=\"elementor-element elementor-element-8654c48 elementor-widget elementor-widget-text-editor\" data-id=\"8654c48\" data-element_type=\"widget\" data-widget_type=\"text-editor.default\">\n\t\t\t\t<div class=\"elementor-widget-container\">\n\t\t\t\t\t\t\t<p><span>Moltes persones amb un\u00a0<\/span><b><span>trastorn d&#8217;ansietat generalitzada\u00a0<\/span><\/b><span>es reconeixen com a persones nervioses des de sempre, per\u00f2 en el moment \u00e0lgid de l&#8217;\u00a0<\/span><b><span>ansietat\u00a0<\/span><\/b><span>senten una por estranya i no identificada que els envaeix.\u00a0Una sensaci\u00f3 que alguna cosa no va b\u00e9, quelcom que els concerneix per\u00f2 que no saben b\u00e9 amb qu\u00e8 relacionar.\u00a0La ter\u00e0pia pot ser amb un\u00a0<\/span><b><span>psic\u00f2leg especialista en ansietat\u00a0<\/span><\/b><span>o psiquiatre.<\/span><\/p>\t\t\t\t\t\t<\/div>\n\t\t\t\t<\/div>\n\t\t\t\t<div class=\"elementor-element elementor-element-cf8b306 elementor-widget elementor-widget-heading\" data-id=\"cf8b306\" data-element_type=\"widget\" data-widget_type=\"heading.default\">\n\t\t\t\t<div class=\"elementor-widget-container\">\n\t\t\t<h2 class=\"elementor-heading-title elementor-size-default\">Psic\u00f2leg ansietat Barcelona\n<\/h2>\t\t<\/div>\n\t\t\t\t<\/div>\n\t\t\t\t<div class=\"elementor-element elementor-element-0831435 elementor-widget elementor-widget-text-editor\" data-id=\"0831435\" data-element_type=\"widget\" data-widget_type=\"text-editor.default\">\n\t\t\t\t<div class=\"elementor-widget-container\">\n\t\t\t\t\t\t\t<p><span>El tractament farmacol\u00f2gic ajuda a estabilitzar el pacient i t\u00e9 efectes a m\u00e9s curt termini, per\u00f2 no acostuma a ser suficient per evitar que el problema es repeteixi.\u00a0Per aix\u00f2 cal psicoter\u00e0pia.\u00a0Visitar-se amb un\u00a0<\/span><b><span>psic\u00f2leg ansietat Barcelona\u00a0<\/span><\/b><span>, \u200b\u200bpermet que la persona pugui adquirir m\u00e9s recursos per fer front a l&#8217;\u00a0<\/span><b><span>ansietat\u00a0<\/span><\/b><span>, per con\u00e8ixer-se millor i per orientar-se d&#8217;una altra manera a la vida.<\/span><\/p>\t\t\t\t\t\t<\/div>\n\t\t\t\t<\/div>\n\t\t\t\t\t<\/div>\n\t\t<\/div>\n\t\t\t\t\t\t\t<\/div>\n\t\t<\/section>\n\t\t\t\t<section class=\"elementor-section elementor-top-section elementor-element elementor-element-1093df9f elementor-section-stretched elementor-section-boxed elementor-section-height-default elementor-section-height-default\" data-id=\"1093df9f\" data-element_type=\"section\" data-settings=\"{&quot;stretch_section&quot;:&quot;section-stretched&quot;}\">\n\t\t\t\t\t\t<div class=\"elementor-container elementor-column-gap-default\">\n\t\t\t\t\t<div class=\"elementor-column elementor-col-50 elementor-top-column elementor-element elementor-element-48d73142\" data-id=\"48d73142\" data-element_type=\"column\">\n\t\t\t<div class=\"elementor-widget-wrap elementor-element-populated\">\n\t\t\t\t\t\t\t\t<div class=\"elementor-element elementor-element-54a4db94 elementor-widget elementor-widget-image\" data-id=\"54a4db94\" data-element_type=\"widget\" data-widget_type=\"image.default\">\n\t\t\t\t<div class=\"elementor-widget-container\">\n\t\t\t\t\t\t\t\t\t\t\t\t\t\t\t\t<a href=\"\/quienes-somos\/\">\n\t\t\t\t\t\t\t<img loading=\"lazy\" decoding=\"async\" width=\"1400\" height=\"500\" src=\"https:\/\/clinicaviher.com\/cat\/wp-content\/uploads\/2023\/06\/ficha-Sergi.webp\" class=\"attachment-full size-full wp-image-1728\" alt=\"ver ficha de Sergi Vilardell\" srcset=\"https:\/\/clinicaviher.com\/cat\/wp-content\/uploads\/2023\/06\/ficha-Sergi.webp 1400w, https:\/\/clinicaviher.com\/cat\/wp-content\/uploads\/2023\/06\/ficha-Sergi-300x107.webp 300w, https:\/\/clinicaviher.com\/cat\/wp-content\/uploads\/2023\/06\/ficha-Sergi-1024x366.webp 1024w, https:\/\/clinicaviher.com\/cat\/wp-content\/uploads\/2023\/06\/ficha-Sergi-768x274.webp 768w, https:\/\/clinicaviher.com\/cat\/wp-content\/uploads\/2023\/06\/ficha-Sergi-600x214.webp 600w\" sizes=\"(max-width: 1400px) 100vw, 1400px\" \/>\t\t\t\t\t\t\t\t<\/a>\n\t\t\t\t\t\t\t\t\t\t\t\t\t\t\t<\/div>\n\t\t\t\t<\/div>\n\t\t\t\t\t<\/div>\n\t\t<\/div>\n\t\t\t\t<div class=\"elementor-column elementor-col-50 elementor-top-column elementor-element elementor-element-56ea551d\" data-id=\"56ea551d\" data-element_type=\"column\">\n\t\t\t<div class=\"elementor-widget-wrap elementor-element-populated\">\n\t\t\t\t\t\t\t\t<div class=\"elementor-element elementor-element-6dc7e441 elementor-widget elementor-widget-image\" data-id=\"6dc7e441\" data-element_type=\"widget\" data-widget_type=\"image.default\">\n\t\t\t\t<div class=\"elementor-widget-container\">\n\t\t\t\t\t\t\t\t\t\t\t\t\t\t\t\t<a href=\"\/quienes-somos\/\">\n\t\t\t\t\t\t\t<img loading=\"lazy\" decoding=\"async\" width=\"1400\" height=\"500\" src=\"https:\/\/clinicaviher.com\/cat\/wp-content\/uploads\/2023\/06\/mila-ficha.webp\" class=\"attachment-full size-full wp-image-1729\" alt=\"ver ficha de Mila Herrera\" srcset=\"https:\/\/clinicaviher.com\/cat\/wp-content\/uploads\/2023\/06\/mila-ficha.webp 1400w, https:\/\/clinicaviher.com\/cat\/wp-content\/uploads\/2023\/06\/mila-ficha-300x107.webp 300w, https:\/\/clinicaviher.com\/cat\/wp-content\/uploads\/2023\/06\/mila-ficha-1024x366.webp 1024w, https:\/\/clinicaviher.com\/cat\/wp-content\/uploads\/2023\/06\/mila-ficha-768x274.webp 768w, https:\/\/clinicaviher.com\/cat\/wp-content\/uploads\/2023\/06\/mila-ficha-600x214.webp 600w\" sizes=\"(max-width: 1400px) 100vw, 1400px\" \/>\t\t\t\t\t\t\t\t<\/a>\n\t\t\t\t\t\t\t\t\t\t\t\t\t\t\t<\/div>\n\t\t\t\t<\/div>\n\t\t\t\t\t<\/div>\n\t\t<\/div>\n\t\t\t\t\t\t\t<\/div>\n\t\t<\/section>\n\t\t\t\t\t\t\t<\/div>\n\t\t","protected":false},"excerpt":{"rendered":"<p>Cl\u00ednica Viher, un centre de psicologia a Barcelona El\u00a0trastorn d&#8217;ansietat generalitzada\u00a0\u00e9s molt com\u00fa actualment.\u00a0La persona que el pateix sovint se sent desbordada per situacions comunes.\u00a0Es caracteritza per una forta angoixa acompanyada d\u00b4una s\u00e8rie de pensaments de car\u00e0cter obsessiu, que acaben provocant una caiguda de l\u00b4estat d\u00b4\u00e0nim. Psic\u00f2leg especialista en ansietat L&#8217;\u00a0ansietat\u00a0es pot considerar una resposta &hellip;<\/p>\n<p class=\"read-more\"> <a class=\"\" href=\"https:\/\/clinicaviher.com\/cat\/ansietat-general\/\"> <span class=\"screen-reader-text\">Ansietat General<\/span> Leer m\u00e1s &raquo;<\/a><\/p>\n","protected":false},"author":1,"featured_media":0,"parent":0,"menu_order":0,"comment_status":"closed","ping_status":"closed","template":"elementor_header_footer","meta":{"site-sidebar-layout":"default","site-content-layout":"default","ast-global-header-display":"","ast-banner-title-visibility":"","ast-main-header-display":"","ast-hfb-above-header-display":"","ast-hfb-below-header-display":"","ast-hfb-mobile-header-display":"","site-post-title":"","ast-breadcrumbs-content":"","ast-featured-img":"","footer-sml-layout":"","theme-transparent-header-meta":"default","adv-header-id-meta":"","stick-header-meta":"default","header-above-stick-meta":"","header-main-stick-meta":"","header-below-stick-meta":"","footnotes":""},"yoast_head":"<!-- This site is optimized with the Yoast SEO plugin v24.3 - https:\/\/yoast.com\/wordpress\/plugins\/seo\/ -->\n<title>Ansietat General<\/title>\n<meta name=\"description\" content=\"Els s\u00edmptomes del trastorn d&#039;ansietat generalitzada s\u00f3n de tipus psicol\u00f2gic i f\u00edsic i condiciona totalment o parcialment la vida de la persona\" \/>\n<meta name=\"robots\" content=\"index, follow, max-snippet:-1, max-image-preview:large, max-video-preview:-1\" \/>\n<link rel=\"canonical\" href=\"https:\/\/clinicaviher.com\/cat\/ansietat-general\/\" \/>\n<meta property=\"og:locale\" content=\"es_ES\" \/>\n<meta property=\"og:type\" content=\"article\" \/>\n<meta property=\"og:title\" content=\"Ansietat General\" \/>\n<meta property=\"og:description\" content=\"Els s\u00edmptomes del trastorn d&#039;ansietat generalitzada s\u00f3n de tipus psicol\u00f2gic i f\u00edsic i condiciona totalment o parcialment la vida de la persona\" \/>\n<meta property=\"og:url\" content=\"https:\/\/clinicaviher.com\/cat\/ansietat-general\/\" \/>\n<meta property=\"og:site_name\" content=\"Cl\u00ednica Viher\" \/>\n<meta property=\"article:modified_time\" content=\"2023-07-20T14:56:51+00:00\" \/>\n<meta property=\"og:image\" content=\"https:\/\/clinicaviher.com\/cat\/wp-content\/uploads\/2023\/06\/tratamiento-para-ansiedad.webp\" \/>\n<meta name=\"twitter:card\" content=\"summary_large_image\" \/>\n<meta name=\"twitter:label1\" content=\"Tiempo de lectura\" \/>\n\t<meta name=\"twitter:data1\" content=\"3 minutos\" \/>\n<script type=\"application\/ld+json\" class=\"yoast-schema-graph\">{\"@context\":\"https:\/\/schema.org\",\"@graph\":[{\"@type\":\"WebPage\",\"@id\":\"https:\/\/clinicaviher.com\/cat\/ansietat-general\/\",\"url\":\"https:\/\/clinicaviher.com\/cat\/ansietat-general\/\",\"name\":\"Ansietat General\",\"isPartOf\":{\"@id\":\"https:\/\/clinicaviher.com\/cat\/#website\"},\"primaryImageOfPage\":{\"@id\":\"https:\/\/clinicaviher.com\/cat\/ansietat-general\/#primaryimage\"},\"image\":{\"@id\":\"https:\/\/clinicaviher.com\/cat\/ansietat-general\/#primaryimage\"},\"thumbnailUrl\":\"https:\/\/clinicaviher.com\/cat\/wp-content\/uploads\/2023\/06\/tratamiento-para-ansiedad.webp\",\"datePublished\":\"2018-10-03T12:16:55+00:00\",\"dateModified\":\"2023-07-20T14:56:51+00:00\",\"description\":\"Els s\u00edmptomes del trastorn d'ansietat generalitzada s\u00f3n de tipus psicol\u00f2gic i f\u00edsic i condiciona totalment o parcialment la vida de la persona\",\"breadcrumb\":{\"@id\":\"https:\/\/clinicaviher.com\/cat\/ansietat-general\/#breadcrumb\"},\"inLanguage\":\"es\",\"potentialAction\":[{\"@type\":\"ReadAction\",\"target\":[\"https:\/\/clinicaviher.com\/cat\/ansietat-general\/\"]}]},{\"@type\":\"ImageObject\",\"inLanguage\":\"es\",\"@id\":\"https:\/\/clinicaviher.com\/cat\/ansietat-general\/#primaryimage\",\"url\":\"https:\/\/clinicaviher.com\/cat\/wp-content\/uploads\/2023\/06\/tratamiento-para-ansiedad.webp\",\"contentUrl\":\"https:\/\/clinicaviher.com\/cat\/wp-content\/uploads\/2023\/06\/tratamiento-para-ansiedad.webp\",\"width\":883,\"height\":860,\"caption\":\"psic\u00f3logos tratamiento para la ansiedad\"},{\"@type\":\"BreadcrumbList\",\"@id\":\"https:\/\/clinicaviher.com\/cat\/ansietat-general\/#breadcrumb\",\"itemListElement\":[{\"@type\":\"ListItem\",\"position\":1,\"name\":\"Portada\",\"item\":\"https:\/\/clinicaviher.com\/cat\/\"},{\"@type\":\"ListItem\",\"position\":2,\"name\":\"Ansietat General\"}]},{\"@type\":\"WebSite\",\"@id\":\"https:\/\/clinicaviher.com\/cat\/#website\",\"url\":\"https:\/\/clinicaviher.com\/cat\/\",\"name\":\"Cl\u00ednica Viher\",\"description\":\"Si buscas un psic\u00f3logo en Barcelona, contamos con algunos de los mejores profesionales en psicolog\u00eda, psicoterapia y psicoan\u00e1lisis\",\"publisher\":{\"@id\":\"https:\/\/clinicaviher.com\/cat\/#organization\"},\"potentialAction\":[{\"@type\":\"SearchAction\",\"target\":{\"@type\":\"EntryPoint\",\"urlTemplate\":\"https:\/\/clinicaviher.com\/cat\/?s={search_term_string}\"},\"query-input\":{\"@type\":\"PropertyValueSpecification\",\"valueRequired\":true,\"valueName\":\"search_term_string\"}}],\"inLanguage\":\"es\"},{\"@type\":\"Organization\",\"@id\":\"https:\/\/clinicaviher.com\/cat\/#organization\",\"name\":\"Cl\u00ednica Viher\",\"url\":\"https:\/\/clinicaviher.com\/cat\/\",\"logo\":{\"@type\":\"ImageObject\",\"inLanguage\":\"es\",\"@id\":\"https:\/\/clinicaviher.com\/cat\/#\/schema\/logo\/image\/\",\"url\":\"https:\/\/clinicaviher.com\/cat\/wp-content\/uploads\/2019\/02\/logoviher-new-web.png\",\"contentUrl\":\"https:\/\/clinicaviher.com\/cat\/wp-content\/uploads\/2019\/02\/logoviher-new-web.png\",\"width\":240,\"height\":52,\"caption\":\"Cl\u00ednica Viher\"},\"image\":{\"@id\":\"https:\/\/clinicaviher.com\/cat\/#\/schema\/logo\/image\/\"}}]}<\/script>\n<!-- \/ Yoast SEO plugin. -->","yoast_head_json":{"title":"Ansietat General","description":"Els s\u00edmptomes del trastorn d'ansietat generalitzada s\u00f3n de tipus psicol\u00f2gic i f\u00edsic i condiciona totalment o parcialment la vida de la persona","robots":{"index":"index","follow":"follow","max-snippet":"max-snippet:-1","max-image-preview":"max-image-preview:large","max-video-preview":"max-video-preview:-1"},"canonical":"https:\/\/clinicaviher.com\/cat\/ansietat-general\/","og_locale":"es_ES","og_type":"article","og_title":"Ansietat General","og_description":"Els s\u00edmptomes del trastorn d'ansietat generalitzada s\u00f3n de tipus psicol\u00f2gic i f\u00edsic i condiciona totalment o parcialment la vida de la persona","og_url":"https:\/\/clinicaviher.com\/cat\/ansietat-general\/","og_site_name":"Cl\u00ednica Viher","article_modified_time":"2023-07-20T14:56:51+00:00","og_image":[{"url":"https:\/\/clinicaviher.com\/cat\/wp-content\/uploads\/2023\/06\/tratamiento-para-ansiedad.webp","type":"","width":"","height":""}],"twitter_card":"summary_large_image","twitter_misc":{"Tiempo de lectura":"3 minutos"},"schema":{"@context":"https:\/\/schema.org","@graph":[{"@type":"WebPage","@id":"https:\/\/clinicaviher.com\/cat\/ansietat-general\/","url":"https:\/\/clinicaviher.com\/cat\/ansietat-general\/","name":"Ansietat General","isPartOf":{"@id":"https:\/\/clinicaviher.com\/cat\/#website"},"primaryImageOfPage":{"@id":"https:\/\/clinicaviher.com\/cat\/ansietat-general\/#primaryimage"},"image":{"@id":"https:\/\/clinicaviher.com\/cat\/ansietat-general\/#primaryimage"},"thumbnailUrl":"https:\/\/clinicaviher.com\/cat\/wp-content\/uploads\/2023\/06\/tratamiento-para-ansiedad.webp","datePublished":"2018-10-03T12:16:55+00:00","dateModified":"2023-07-20T14:56:51+00:00","description":"Els s\u00edmptomes del trastorn d'ansietat generalitzada s\u00f3n de tipus psicol\u00f2gic i f\u00edsic i condiciona totalment o parcialment la vida de la persona","breadcrumb":{"@id":"https:\/\/clinicaviher.com\/cat\/ansietat-general\/#breadcrumb"},"inLanguage":"es","potentialAction":[{"@type":"ReadAction","target":["https:\/\/clinicaviher.com\/cat\/ansietat-general\/"]}]},{"@type":"ImageObject","inLanguage":"es","@id":"https:\/\/clinicaviher.com\/cat\/ansietat-general\/#primaryimage","url":"https:\/\/clinicaviher.com\/cat\/wp-content\/uploads\/2023\/06\/tratamiento-para-ansiedad.webp","contentUrl":"https:\/\/clinicaviher.com\/cat\/wp-content\/uploads\/2023\/06\/tratamiento-para-ansiedad.webp","width":883,"height":860,"caption":"psic\u00f3logos tratamiento para la ansiedad"},{"@type":"BreadcrumbList","@id":"https:\/\/clinicaviher.com\/cat\/ansietat-general\/#breadcrumb","itemListElement":[{"@type":"ListItem","position":1,"name":"Portada","item":"https:\/\/clinicaviher.com\/cat\/"},{"@type":"ListItem","position":2,"name":"Ansietat General"}]},{"@type":"WebSite","@id":"https:\/\/clinicaviher.com\/cat\/#website","url":"https:\/\/clinicaviher.com\/cat\/","name":"Cl\u00ednica Viher","description":"Si buscas un psic\u00f3logo en Barcelona, contamos con algunos de los mejores profesionales en psicolog\u00eda, psicoterapia y psicoan\u00e1lisis","publisher":{"@id":"https:\/\/clinicaviher.com\/cat\/#organization"},"potentialAction":[{"@type":"SearchAction","target":{"@type":"EntryPoint","urlTemplate":"https:\/\/clinicaviher.com\/cat\/?s={search_term_string}"},"query-input":{"@type":"PropertyValueSpecification","valueRequired":true,"valueName":"search_term_string"}}],"inLanguage":"es"},{"@type":"Organization","@id":"https:\/\/clinicaviher.com\/cat\/#organization","name":"Cl\u00ednica Viher","url":"https:\/\/clinicaviher.com\/cat\/","logo":{"@type":"ImageObject","inLanguage":"es","@id":"https:\/\/clinicaviher.com\/cat\/#\/schema\/logo\/image\/","url":"https:\/\/clinicaviher.com\/cat\/wp-content\/uploads\/2019\/02\/logoviher-new-web.png","contentUrl":"https:\/\/clinicaviher.com\/cat\/wp-content\/uploads\/2019\/02\/logoviher-new-web.png","width":240,"height":52,"caption":"Cl\u00ednica Viher"},"image":{"@id":"https:\/\/clinicaviher.com\/cat\/#\/schema\/logo\/image\/"}}]}},"_links":{"self":[{"href":"https:\/\/clinicaviher.com\/cat\/wp-json\/wp\/v2\/pages\/880"}],"collection":[{"href":"https:\/\/clinicaviher.com\/cat\/wp-json\/wp\/v2\/pages"}],"about":[{"href":"https:\/\/clinicaviher.com\/cat\/wp-json\/wp\/v2\/types\/page"}],"author":[{"embeddable":true,"href":"https:\/\/clinicaviher.com\/cat\/wp-json\/wp\/v2\/users\/1"}],"replies":[{"embeddable":true,"href":"https:\/\/clinicaviher.com\/cat\/wp-json\/wp\/v2\/comments?post=880"}],"version-history":[{"count":8,"href":"https:\/\/clinicaviher.com\/cat\/wp-json\/wp\/v2\/pages\/880\/revisions"}],"predecessor-version":[{"id":2454,"href":"https:\/\/clinicaviher.com\/cat\/wp-json\/wp\/v2\/pages\/880\/revisions\/2454"}],"wp:attachment":[{"href":"https:\/\/clinicaviher.com\/cat\/wp-json\/wp\/v2\/media?parent=880"}],"curies":[{"name":"wp","href":"https:\/\/api.w.org\/{rel}","templated":true}]}}