{"id":885,"date":"2018-10-03T12:27:50","date_gmt":"2018-10-03T12:27:50","guid":{"rendered":"https:\/\/clinicaviher.com\/?page_id=885"},"modified":"2023-07-20T16:58:25","modified_gmt":"2023-07-20T14:58:25","slug":"fobies-adults","status":"publish","type":"page","link":"https:\/\/clinicaviher.com\/cat\/fobies-adults\/","title":{"rendered":"Fobias adultos"},"content":{"rendered":"\t\t<div data-elementor-type=\"wp-page\" data-elementor-id=\"885\" class=\"elementor elementor-885\">\n\t\t\t\t\t\t\t\t\t<section class=\"elementor-section elementor-top-section elementor-element elementor-element-52f93b5 elementor-section-stretched elementor-section-boxed elementor-section-height-default elementor-section-height-default\" data-id=\"52f93b5\" data-element_type=\"section\" data-settings=\"{&quot;stretch_section&quot;:&quot;section-stretched&quot;,&quot;background_background&quot;:&quot;classic&quot;}\">\n\t\t\t\t\t\t<div class=\"elementor-container elementor-column-gap-default\">\n\t\t\t\t\t<div class=\"elementor-column elementor-col-100 elementor-top-column elementor-element elementor-element-5cbb77a5\" data-id=\"5cbb77a5\" data-element_type=\"column\">\n\t\t\t<div class=\"elementor-widget-wrap elementor-element-populated\">\n\t\t\t\t\t\t\t\t<div class=\"elementor-element elementor-element-1e7eaa0a elementor-widget elementor-widget-heading\" data-id=\"1e7eaa0a\" data-element_type=\"widget\" data-widget_type=\"heading.default\">\n\t\t\t\t<div class=\"elementor-widget-container\">\n\t\t\t<style>\/*! elementor - v3.13.3 - 28-05-2023 *\/\n.elementor-heading-title{padding:0;margin:0;line-height:1}.elementor-widget-heading .elementor-heading-title[class*=elementor-size-]>a{color:inherit;font-size:inherit;line-height:inherit}.elementor-widget-heading .elementor-heading-title.elementor-size-small{font-size:15px}.elementor-widget-heading .elementor-heading-title.elementor-size-medium{font-size:19px}.elementor-widget-heading .elementor-heading-title.elementor-size-large{font-size:29px}.elementor-widget-heading .elementor-heading-title.elementor-size-xl{font-size:39px}.elementor-widget-heading .elementor-heading-title.elementor-size-xxl{font-size:59px}<\/style><h1 class=\"elementor-heading-title elementor-size-default\">Psic\u00f2leg f\u00f2bies\n<\/h1>\t\t<\/div>\n\t\t\t\t<\/div>\n\t\t\t\t\t<\/div>\n\t\t<\/div>\n\t\t\t\t\t\t\t<\/div>\n\t\t<\/section>\n\t\t\t\t<section class=\"elementor-section elementor-top-section elementor-element elementor-element-5f48c405 elementor-section-boxed elementor-section-height-default elementor-section-height-default\" data-id=\"5f48c405\" data-element_type=\"section\">\n\t\t\t\t\t\t<div class=\"elementor-container elementor-column-gap-default\">\n\t\t\t\t\t<div class=\"elementor-column elementor-col-100 elementor-top-column elementor-element elementor-element-6d923df4\" data-id=\"6d923df4\" data-element_type=\"column\">\n\t\t\t<div class=\"elementor-widget-wrap elementor-element-populated\">\n\t\t\t\t\t\t\t\t<div class=\"elementor-element elementor-element-4c7e3d75 elementor-widget elementor-widget-text-editor\" data-id=\"4c7e3d75\" data-element_type=\"widget\" data-widget_type=\"text-editor.default\">\n\t\t\t\t<div class=\"elementor-widget-container\">\n\t\t\t<style>\/*! elementor - v3.13.3 - 28-05-2023 *\/\n.elementor-widget-text-editor.elementor-drop-cap-view-stacked .elementor-drop-cap{background-color:#69727d;color:#fff}.elementor-widget-text-editor.elementor-drop-cap-view-framed .elementor-drop-cap{color:#69727d;border:3px solid;background-color:transparent}.elementor-widget-text-editor:not(.elementor-drop-cap-view-default) .elementor-drop-cap{margin-top:8px}.elementor-widget-text-editor:not(.elementor-drop-cap-view-default) .elementor-drop-cap-letter{width:1em;height:1em}.elementor-widget-text-editor .elementor-drop-cap{float:left;text-align:center;line-height:1;font-size:50px}.elementor-widget-text-editor .elementor-drop-cap-letter{display:inline-block}<\/style>\t\t\t\t<p><span>Les\u00a0<\/span><b><span>f\u00f2bies\u00a0<\/span><\/b><span>s\u00f3n un dels problemes psicol\u00f2gics m\u00e9s comuns.\u00a0Conv\u00e9 diferenciar una\u00a0<\/span><span>por d&#8217;\u00a0<b>una\u00a0<\/b><\/span><b><span>f\u00f2bia\u00a0<\/span><\/b><span>.\u00a0<b>Si b\u00e9, tots dos\u00a0<\/b>poden tenir una resposta similar, cal assenyalar que la por\u00a0\u00e9s una resposta emocional prim\u00e0ria davant all\u00f2 que \u00e9s representat com un perill.\u00a0La\u00a0<b>f\u00f2bia\u00a0<\/b>\u00e9s considerada com un trastorn, tant per la intensitat dels seus s\u00edmptomes (alguns poden acabar en crisi de p\u00e0nic), com per com pot ser d&#8217;irracional l&#8217;objecte f\u00f2bic.<\/span><\/p>\t\t\t\t\t\t<\/div>\n\t\t\t\t<\/div>\n\t\t\t\t<section class=\"elementor-section elementor-inner-section elementor-element elementor-element-aba638c elementor-section-content-middle elementor-section-boxed elementor-section-height-default elementor-section-height-default\" data-id=\"aba638c\" data-element_type=\"section\">\n\t\t\t\t\t\t<div class=\"elementor-container elementor-column-gap-default\">\n\t\t\t\t\t<div class=\"elementor-column elementor-col-50 elementor-inner-column elementor-element elementor-element-4bb2737\" data-id=\"4bb2737\" data-element_type=\"column\">\n\t\t\t<div class=\"elementor-widget-wrap elementor-element-populated\">\n\t\t\t\t\t\t\t\t<div class=\"elementor-element elementor-element-5775ea9f elementor-widget elementor-widget-heading\" data-id=\"5775ea9f\" data-element_type=\"widget\" data-widget_type=\"heading.default\">\n\t\t\t\t<div class=\"elementor-widget-container\">\n\t\t\t<h2 class=\"elementor-heading-title elementor-size-default\">Psic\u00f2leg especialista en f\u00f2bies\n<\/h2>\t\t<\/div>\n\t\t\t\t<\/div>\n\t\t\t\t<div class=\"elementor-element elementor-element-5626b320 elementor-widget elementor-widget-text-editor\" data-id=\"5626b320\" data-element_type=\"widget\" data-widget_type=\"text-editor.default\">\n\t\t\t\t<div class=\"elementor-widget-container\">\n\t\t\t\t\t\t\t<p><span>Les\u00a0<\/span><b><span>f\u00f2bies\u00a0<\/span><\/b><span>poden apar\u00e8ixer tant en nens com en adults.\u00a0Sempre van relacionades amb episodis d&#8217;ansietat i angoixa, provocant en alguns casos fortes limitacions a les persones que les pateixen.\u00a0Segons el tipus de f\u00f2bia que es desenvolupi, \u00e9s possible que la persona vegi seriosament limitada la seva vida di\u00e0ria, en un intent per evitar la trobada amb l&#8217;objecte f\u00f2bic.\u00a0En aquests casos estaria indicat consultar amb un\u00a0<\/span><b><span>psic\u00f2leg especialista en f\u00f2bies<\/span><\/b><span>.<\/span><\/p>\t\t\t\t\t\t<\/div>\n\t\t\t\t<\/div>\n\t\t\t\t\t<\/div>\n\t\t<\/div>\n\t\t\t\t<div class=\"elementor-column elementor-col-50 elementor-inner-column elementor-element elementor-element-219557a6\" data-id=\"219557a6\" data-element_type=\"column\">\n\t\t\t<div class=\"elementor-widget-wrap elementor-element-populated\">\n\t\t\t\t\t\t\t\t<div class=\"elementor-element elementor-element-36b02769 elementor-widget elementor-widget-image\" data-id=\"36b02769\" data-element_type=\"widget\" data-widget_type=\"image.default\">\n\t\t\t\t<div class=\"elementor-widget-container\">\n\t\t\t<style>\/*! elementor - v3.13.3 - 28-05-2023 *\/\n.elementor-widget-image{text-align:center}.elementor-widget-image a{display:inline-block}.elementor-widget-image a img[src$=\".svg\"]{width:48px}.elementor-widget-image img{vertical-align:middle;display:inline-block}<\/style>\t\t\t\t\t\t\t\t\t\t\t\t<img loading=\"lazy\" decoding=\"async\" width=\"1024\" height=\"743\" src=\"https:\/\/clinicaviher.com\/cat\/wp-content\/uploads\/2023\/06\/tratamiento-fobias-1024x743.webp\" class=\"attachment-large size-large wp-image-1989\" alt=\"tratamiento para las fobias\" srcset=\"https:\/\/clinicaviher.com\/cat\/wp-content\/uploads\/2023\/06\/tratamiento-fobias-1024x743.webp 1024w, https:\/\/clinicaviher.com\/cat\/wp-content\/uploads\/2023\/06\/tratamiento-fobias-300x218.webp 300w, https:\/\/clinicaviher.com\/cat\/wp-content\/uploads\/2023\/06\/tratamiento-fobias-768x558.webp 768w, https:\/\/clinicaviher.com\/cat\/wp-content\/uploads\/2023\/06\/tratamiento-fobias-600x436.webp 600w, https:\/\/clinicaviher.com\/cat\/wp-content\/uploads\/2023\/06\/tratamiento-fobias.webp 1358w\" sizes=\"auto, (max-width: 1024px) 100vw, 1024px\" \/>\t\t\t\t\t\t\t\t\t\t\t\t\t\t\t<\/div>\n\t\t\t\t<\/div>\n\t\t\t\t\t<\/div>\n\t\t<\/div>\n\t\t\t\t\t\t\t<\/div>\n\t\t<\/section>\n\t\t\t\t\t<\/div>\n\t\t<\/div>\n\t\t\t\t\t\t\t<\/div>\n\t\t<\/section>\n\t\t\t\t<section class=\"elementor-section elementor-top-section elementor-element elementor-element-26bac70c elementor-section-stretched elementor-section-boxed elementor-section-height-default elementor-section-height-default\" data-id=\"26bac70c\" data-element_type=\"section\" data-settings=\"{&quot;stretch_section&quot;:&quot;section-stretched&quot;,&quot;background_background&quot;:&quot;classic&quot;}\">\n\t\t\t\t\t\t<div class=\"elementor-container elementor-column-gap-default\">\n\t\t\t\t\t<div class=\"elementor-column elementor-col-100 elementor-top-column elementor-element elementor-element-1a85ea1e\" data-id=\"1a85ea1e\" data-element_type=\"column\">\n\t\t\t<div class=\"elementor-widget-wrap elementor-element-populated\">\n\t\t\t\t\t\t\t\t<div class=\"elementor-element elementor-element-39c962e2 elementor-widget elementor-widget-heading\" data-id=\"39c962e2\" data-element_type=\"widget\" data-widget_type=\"heading.default\">\n\t\t\t\t<div class=\"elementor-widget-container\">\n\t\t\t<h2 class=\"elementor-heading-title elementor-size-default\">Com superar les nostres f\u00f2bies?\n<\/h2>\t\t<\/div>\n\t\t\t\t<\/div>\n\t\t\t\t<div class=\"elementor-element elementor-element-e95307f elementor-widget elementor-widget-text-editor\" data-id=\"e95307f\" data-element_type=\"widget\" data-widget_type=\"text-editor.default\">\n\t\t\t\t<div class=\"elementor-widget-container\">\n\t\t\t\t\t\t\t<p><span>La psicoter\u00e0pia \u00e9s efectiva per tractar les\u00a0<\/span><b><span>f\u00f2bies\u00a0<\/span><\/b><span>.\u00a0<\/span><b><span>La millor cl\u00ednica psicol\u00f2gica per tractar pors i f\u00f2bies a Barcelona,\u00a0<\/span><\/b><span>\u200b\u200bser\u00e0 aquella que no nom\u00e9s es preocupi per eliminar els s\u00edmptomes ansiosos que deriven de la\u00a0<\/span><b><span>f\u00f2bia\u00a0<\/span><\/b><span>, sin\u00f3 aquella que es pregunta per la causa d&#8217;aquesta\u00a0<\/span><b><span>f\u00f2bia\u00a0<\/span><\/b><span>.\u00a0<\/span><b><span>La millor ter\u00e0pia per a les f\u00f2bies\u00a0<\/span><\/b><span>\u00e9s aquella que es dirigeix \u200b\u200ba l&#8217;arrel del problema, ja que \u00e9s l&#8217;\u00fanica manera que no es repeteixi.<\/span><\/p>\t\t\t\t\t\t<\/div>\n\t\t\t\t<\/div>\n\t\t\t\t\t<\/div>\n\t\t<\/div>\n\t\t\t\t\t\t\t<\/div>\n\t\t<\/section>\n\t\t\t\t<section class=\"elementor-section elementor-top-section elementor-element elementor-element-7b47424a elementor-section-boxed elementor-section-height-default elementor-section-height-default\" data-id=\"7b47424a\" data-element_type=\"section\">\n\t\t\t\t\t\t<div class=\"elementor-container elementor-column-gap-default\">\n\t\t\t\t\t<div class=\"elementor-column elementor-col-100 elementor-top-column elementor-element elementor-element-43138661\" data-id=\"43138661\" data-element_type=\"column\">\n\t\t\t<div class=\"elementor-widget-wrap elementor-element-populated\">\n\t\t\t\t\t\t\t\t<div class=\"elementor-element elementor-element-71ac219e elementor-widget elementor-widget-heading\" data-id=\"71ac219e\" data-element_type=\"widget\" data-widget_type=\"heading.default\">\n\t\t\t\t<div class=\"elementor-widget-container\">\n\t\t\t<h2 class=\"elementor-heading-title elementor-size-default\">El millor psic\u00f2leg de f\u00f2bies\n<\/h2>\t\t<\/div>\n\t\t\t\t<\/div>\n\t\t\t\t<div class=\"elementor-element elementor-element-11baea22 elementor-widget elementor-widget-text-editor\" data-id=\"11baea22\" data-element_type=\"widget\" data-widget_type=\"text-editor.default\">\n\t\t\t\t<div class=\"elementor-widget-container\">\n\t\t\t\t\t\t\t<div class=\"kc-elm kc-css-3751822 kc_text_block\"><p><b><span>El millor psic\u00f2leg de f\u00f2bies\u00a0<\/span><\/b><span>ser\u00e0 aquell que tracti la\u00a0<\/span><b><span>f\u00f2bia\u00a0<\/span><\/b><span>com una mica m\u00e9s complex que una simple resposta ansiosa davant d&#8217;una\u00a0<\/span><b><span>por\u00a0<\/span><\/b><span>.\u00a0Conv\u00e9 preguntar &#8211; se per la funci\u00f3 d&#8217; aquesta\u00a0<\/span><b><span>f\u00f2bia\u00a0<\/span><\/b><span>.\u00a0Aix\u00f2 \u00e9s molt important perqu\u00e8 hi ha vegades que la\u00a0<\/span><b><span>f\u00f2bia\u00a0<\/span><\/b><span>canvia d&#8217;objecte, \u00e9s a dir, un deixa de t\u00e9mer per un objecte f\u00f2bic i passa a t\u00e9mer-ne un altre.\u00a0Per evitar que es produeixi aquest despla\u00e7ament, \u00e9s important que el\u00a0<\/span><b><span>psic\u00f2leg de f\u00f2bies\u00a0<\/span><\/b><span>dirigeixi la seva intervenci\u00f3 tamb\u00e9 a les causes i no nom\u00e9s als s\u00edmptomes.<\/span><\/p><\/div>\t\t\t\t\t\t<\/div>\n\t\t\t\t<\/div>\n\t\t\t\t<div class=\"elementor-element elementor-element-41731313 elementor-widget elementor-widget-heading\" data-id=\"41731313\" data-element_type=\"widget\" data-widget_type=\"heading.default\">\n\t\t\t\t<div class=\"elementor-widget-container\">\n\t\t\t<h2 class=\"elementor-heading-title elementor-size-default\">Tractament per a les f\u00f2bies\n<\/h2>\t\t<\/div>\n\t\t\t\t<\/div>\n\t\t\t\t<section class=\"elementor-section elementor-inner-section elementor-element elementor-element-5ab0ca92 elementor-section-content-middle elementor-section-boxed elementor-section-height-default elementor-section-height-default\" data-id=\"5ab0ca92\" data-element_type=\"section\">\n\t\t\t\t\t\t<div class=\"elementor-container elementor-column-gap-default\">\n\t\t\t\t\t<div class=\"elementor-column elementor-col-100 elementor-inner-column elementor-element elementor-element-628ee11c\" data-id=\"628ee11c\" data-element_type=\"column\">\n\t\t\t<div class=\"elementor-widget-wrap elementor-element-populated\">\n\t\t\t\t\t\t\t\t<div class=\"elementor-element elementor-element-68ea5c41 elementor-widget elementor-widget-text-editor\" data-id=\"68ea5c41\" data-element_type=\"widget\" data-widget_type=\"text-editor.default\">\n\t\t\t\t<div class=\"elementor-widget-container\">\n\t\t\t\t\t\t\t<p><b><span>Els millors psic\u00f2legs en el tractament de les f\u00f2bies en adults\u00a0<\/span><\/b><span>adapten el tractament a les necessitats de cadasc\u00fa.\u00a0Una dilatada experi\u00e8ncia i un tracte personalitzat al llarg de tot el proc\u00e9s s\u00f3n dues de les claus de la nostra feina.\u00a0Consulti&#8217;ns sense comprom\u00eds, des de la primera trucada ser\u00e0 at\u00e8s per un psic\u00f2leg especialista.<\/span><\/p>\t\t\t\t\t\t<\/div>\n\t\t\t\t<\/div>\n\t\t\t\t\t<\/div>\n\t\t<\/div>\n\t\t\t\t\t\t\t<\/div>\n\t\t<\/section>\n\t\t\t\t\t<\/div>\n\t\t<\/div>\n\t\t\t\t\t\t\t<\/div>\n\t\t<\/section>\n\t\t\t\t<section class=\"elementor-section elementor-top-section elementor-element elementor-element-7d95457b elementor-section-stretched elementor-section-boxed elementor-section-height-default elementor-section-height-default\" data-id=\"7d95457b\" data-element_type=\"section\" data-settings=\"{&quot;stretch_section&quot;:&quot;section-stretched&quot;}\">\n\t\t\t\t\t\t<div class=\"elementor-container elementor-column-gap-default\">\n\t\t\t\t\t<div class=\"elementor-column elementor-col-50 elementor-top-column elementor-element elementor-element-38049bc6\" data-id=\"38049bc6\" data-element_type=\"column\">\n\t\t\t<div class=\"elementor-widget-wrap elementor-element-populated\">\n\t\t\t\t\t\t\t\t<div class=\"elementor-element elementor-element-720c3fce elementor-widget elementor-widget-image\" data-id=\"720c3fce\" data-element_type=\"widget\" data-widget_type=\"image.default\">\n\t\t\t\t<div class=\"elementor-widget-container\">\n\t\t\t\t\t\t\t\t\t\t\t\t\t\t\t\t<a href=\"\/quienes-somos\/\">\n\t\t\t\t\t\t\t<img loading=\"lazy\" decoding=\"async\" width=\"1400\" height=\"500\" src=\"https:\/\/clinicaviher.com\/cat\/wp-content\/uploads\/2023\/06\/ficha-Sergi.webp\" class=\"attachment-full size-full wp-image-1728\" alt=\"ver ficha de Sergi Vilardell\" srcset=\"https:\/\/clinicaviher.com\/cat\/wp-content\/uploads\/2023\/06\/ficha-Sergi.webp 1400w, https:\/\/clinicaviher.com\/cat\/wp-content\/uploads\/2023\/06\/ficha-Sergi-300x107.webp 300w, https:\/\/clinicaviher.com\/cat\/wp-content\/uploads\/2023\/06\/ficha-Sergi-1024x366.webp 1024w, https:\/\/clinicaviher.com\/cat\/wp-content\/uploads\/2023\/06\/ficha-Sergi-768x274.webp 768w, https:\/\/clinicaviher.com\/cat\/wp-content\/uploads\/2023\/06\/ficha-Sergi-600x214.webp 600w\" sizes=\"auto, (max-width: 1400px) 100vw, 1400px\" \/>\t\t\t\t\t\t\t\t<\/a>\n\t\t\t\t\t\t\t\t\t\t\t\t\t\t\t<\/div>\n\t\t\t\t<\/div>\n\t\t\t\t\t<\/div>\n\t\t<\/div>\n\t\t\t\t<div class=\"elementor-column elementor-col-50 elementor-top-column elementor-element elementor-element-1fc7cb3a\" data-id=\"1fc7cb3a\" data-element_type=\"column\">\n\t\t\t<div class=\"elementor-widget-wrap elementor-element-populated\">\n\t\t\t\t\t\t\t\t<div class=\"elementor-element elementor-element-60ac1e4d elementor-widget elementor-widget-image\" data-id=\"60ac1e4d\" data-element_type=\"widget\" data-widget_type=\"image.default\">\n\t\t\t\t<div class=\"elementor-widget-container\">\n\t\t\t\t\t\t\t\t\t\t\t\t\t\t\t\t<a href=\"\/quienes-somos\/\">\n\t\t\t\t\t\t\t<img loading=\"lazy\" decoding=\"async\" width=\"1400\" height=\"500\" src=\"https:\/\/clinicaviher.com\/cat\/wp-content\/uploads\/2023\/06\/mila-ficha.webp\" class=\"attachment-full size-full wp-image-1729\" alt=\"ver ficha de Mila Herrera\" srcset=\"https:\/\/clinicaviher.com\/cat\/wp-content\/uploads\/2023\/06\/mila-ficha.webp 1400w, https:\/\/clinicaviher.com\/cat\/wp-content\/uploads\/2023\/06\/mila-ficha-300x107.webp 300w, https:\/\/clinicaviher.com\/cat\/wp-content\/uploads\/2023\/06\/mila-ficha-1024x366.webp 1024w, https:\/\/clinicaviher.com\/cat\/wp-content\/uploads\/2023\/06\/mila-ficha-768x274.webp 768w, https:\/\/clinicaviher.com\/cat\/wp-content\/uploads\/2023\/06\/mila-ficha-600x214.webp 600w\" sizes=\"auto, (max-width: 1400px) 100vw, 1400px\" \/>\t\t\t\t\t\t\t\t<\/a>\n\t\t\t\t\t\t\t\t\t\t\t\t\t\t\t<\/div>\n\t\t\t\t<\/div>\n\t\t\t\t\t<\/div>\n\t\t<\/div>\n\t\t\t\t\t\t\t<\/div>\n\t\t<\/section>\n\t\t\t\t\t\t\t<\/div>\n\t\t","protected":false},"excerpt":{"rendered":"<p>Psic\u00f2leg f\u00f2bies Les\u00a0f\u00f2bies\u00a0s\u00f3n un dels problemes psicol\u00f2gics m\u00e9s comuns.\u00a0Conv\u00e9 diferenciar una\u00a0por d&#8217;\u00a0una\u00a0f\u00f2bia\u00a0.\u00a0Si b\u00e9, tots dos\u00a0poden tenir una resposta similar, cal assenyalar que la por\u00a0\u00e9s una resposta emocional prim\u00e0ria davant all\u00f2 que \u00e9s representat com un perill.\u00a0La\u00a0f\u00f2bia\u00a0\u00e9s considerada com un trastorn, tant per la intensitat dels seus s\u00edmptomes (alguns poden acabar en crisi de p\u00e0nic), com &hellip;<\/p>\n<p class=\"read-more\"> <a class=\"\" href=\"https:\/\/clinicaviher.com\/cat\/fobies-adults\/\"> <span class=\"screen-reader-text\">Fobias adultos<\/span> Leer m\u00e1s &raquo;<\/a><\/p>\n","protected":false},"author":1,"featured_media":0,"parent":0,"menu_order":0,"comment_status":"closed","ping_status":"closed","template":"elementor_header_footer","meta":{"site-sidebar-layout":"default","site-content-layout":"default","ast-global-header-display":"","ast-banner-title-visibility":"","ast-main-header-display":"","ast-hfb-above-header-display":"","ast-hfb-below-header-display":"","ast-hfb-mobile-header-display":"","site-post-title":"","ast-breadcrumbs-content":"","ast-featured-img":"","footer-sml-layout":"","theme-transparent-header-meta":"default","adv-header-id-meta":"","stick-header-meta":"default","header-above-stick-meta":"","header-main-stick-meta":"","header-below-stick-meta":"","footnotes":""},"class_list":["post-885","page","type-page","status-publish","hentry"],"yoast_head":"<!-- This site is optimized with the Yoast SEO plugin v27.5 - https:\/\/yoast.com\/product\/yoast-seo-wordpress\/ -->\n<title>Psic\u00f2leg f\u00f2bies adults Barcelona. Psic\u00f2legs pors<\/title>\n<meta name=\"description\" content=\"CL\u00cdNICA VIHER. Cl\u00ednica de psicologia a Barcelona amb ter\u00e0pia especialitzada per a les diferents f\u00f2bies que poden presentar persones adultes\" \/>\n<meta name=\"robots\" content=\"index, follow, max-snippet:-1, max-image-preview:large, max-video-preview:-1\" \/>\n<link rel=\"canonical\" href=\"https:\/\/clinicaviher.com\/cat\/fobies-adults\/\" \/>\n<meta property=\"og:locale\" content=\"es_ES\" \/>\n<meta property=\"og:type\" content=\"article\" \/>\n<meta property=\"og:title\" content=\"Psic\u00f2leg f\u00f2bies adults Barcelona. Psic\u00f2legs pors\" \/>\n<meta property=\"og:description\" content=\"CL\u00cdNICA VIHER. Cl\u00ednica de psicologia a Barcelona amb ter\u00e0pia especialitzada per a les diferents f\u00f2bies que poden presentar persones adultes\" \/>\n<meta property=\"og:url\" content=\"https:\/\/clinicaviher.com\/cat\/fobies-adults\/\" \/>\n<meta property=\"og:site_name\" content=\"Cl\u00ednica Viher\" \/>\n<meta property=\"article:modified_time\" content=\"2023-07-20T14:58:25+00:00\" \/>\n<meta property=\"og:image\" content=\"https:\/\/clinicaviher.com\/cat\/wp-content\/uploads\/2023\/06\/tratamiento-fobias-1024x743.webp\" \/>\n<meta name=\"twitter:card\" content=\"summary_large_image\" \/>\n<meta name=\"twitter:label1\" content=\"Tiempo de lectura\" \/>\n\t<meta name=\"twitter:data1\" content=\"3 minutos\" \/>\n<script type=\"application\/ld+json\" class=\"yoast-schema-graph\">{\"@context\":\"https:\\\/\\\/schema.org\",\"@graph\":[{\"@type\":\"WebPage\",\"@id\":\"https:\\\/\\\/clinicaviher.com\\\/cat\\\/fobies-adults\\\/\",\"url\":\"https:\\\/\\\/clinicaviher.com\\\/cat\\\/fobies-adults\\\/\",\"name\":\"Psic\u00f2leg f\u00f2bies adults Barcelona. Psic\u00f2legs pors\",\"isPartOf\":{\"@id\":\"https:\\\/\\\/clinicaviher.com\\\/cat\\\/#website\"},\"primaryImageOfPage\":{\"@id\":\"https:\\\/\\\/clinicaviher.com\\\/cat\\\/fobies-adults\\\/#primaryimage\"},\"image\":{\"@id\":\"https:\\\/\\\/clinicaviher.com\\\/cat\\\/fobies-adults\\\/#primaryimage\"},\"thumbnailUrl\":\"https:\\\/\\\/clinicaviher.com\\\/cat\\\/wp-content\\\/uploads\\\/2023\\\/06\\\/tratamiento-fobias-1024x743.webp\",\"datePublished\":\"2018-10-03T12:27:50+00:00\",\"dateModified\":\"2023-07-20T14:58:25+00:00\",\"description\":\"CL\u00cdNICA VIHER. Cl\u00ednica de psicologia a Barcelona amb ter\u00e0pia especialitzada per a les diferents f\u00f2bies que poden presentar persones adultes\",\"breadcrumb\":{\"@id\":\"https:\\\/\\\/clinicaviher.com\\\/cat\\\/fobies-adults\\\/#breadcrumb\"},\"inLanguage\":\"es\",\"potentialAction\":[{\"@type\":\"ReadAction\",\"target\":[\"https:\\\/\\\/clinicaviher.com\\\/cat\\\/fobies-adults\\\/\"]}]},{\"@type\":\"ImageObject\",\"inLanguage\":\"es\",\"@id\":\"https:\\\/\\\/clinicaviher.com\\\/cat\\\/fobies-adults\\\/#primaryimage\",\"url\":\"https:\\\/\\\/clinicaviher.com\\\/cat\\\/wp-content\\\/uploads\\\/2023\\\/06\\\/tratamiento-fobias-1024x743.webp\",\"contentUrl\":\"https:\\\/\\\/clinicaviher.com\\\/cat\\\/wp-content\\\/uploads\\\/2023\\\/06\\\/tratamiento-fobias-1024x743.webp\"},{\"@type\":\"BreadcrumbList\",\"@id\":\"https:\\\/\\\/clinicaviher.com\\\/cat\\\/fobies-adults\\\/#breadcrumb\",\"itemListElement\":[{\"@type\":\"ListItem\",\"position\":1,\"name\":\"Portada\",\"item\":\"https:\\\/\\\/clinicaviher.com\\\/cat\\\/\"},{\"@type\":\"ListItem\",\"position\":2,\"name\":\"Fobias adultos\"}]},{\"@type\":\"WebSite\",\"@id\":\"https:\\\/\\\/clinicaviher.com\\\/cat\\\/#website\",\"url\":\"https:\\\/\\\/clinicaviher.com\\\/cat\\\/\",\"name\":\"Cl\u00ednica Viher\",\"description\":\"Si buscas un psic\u00f3logo en Barcelona, contamos con algunos de los mejores profesionales en psicolog\u00eda, psicoterapia y psicoan\u00e1lisis\",\"publisher\":{\"@id\":\"https:\\\/\\\/clinicaviher.com\\\/cat\\\/#organization\"},\"potentialAction\":[{\"@type\":\"SearchAction\",\"target\":{\"@type\":\"EntryPoint\",\"urlTemplate\":\"https:\\\/\\\/clinicaviher.com\\\/cat\\\/?s={search_term_string}\"},\"query-input\":{\"@type\":\"PropertyValueSpecification\",\"valueRequired\":true,\"valueName\":\"search_term_string\"}}],\"inLanguage\":\"es\"},{\"@type\":\"Organization\",\"@id\":\"https:\\\/\\\/clinicaviher.com\\\/cat\\\/#organization\",\"name\":\"Cl\u00ednica Viher\",\"url\":\"https:\\\/\\\/clinicaviher.com\\\/cat\\\/\",\"logo\":{\"@type\":\"ImageObject\",\"inLanguage\":\"es\",\"@id\":\"https:\\\/\\\/clinicaviher.com\\\/cat\\\/#\\\/schema\\\/logo\\\/image\\\/\",\"url\":\"https:\\\/\\\/clinicaviher.com\\\/cat\\\/wp-content\\\/uploads\\\/2019\\\/02\\\/logoviher-new-web.png\",\"contentUrl\":\"https:\\\/\\\/clinicaviher.com\\\/cat\\\/wp-content\\\/uploads\\\/2019\\\/02\\\/logoviher-new-web.png\",\"width\":240,\"height\":52,\"caption\":\"Cl\u00ednica Viher\"},\"image\":{\"@id\":\"https:\\\/\\\/clinicaviher.com\\\/cat\\\/#\\\/schema\\\/logo\\\/image\\\/\"}}]}<\/script>\n<!-- \/ Yoast SEO plugin. -->","yoast_head_json":{"title":"Psic\u00f2leg f\u00f2bies adults Barcelona. Psic\u00f2legs pors","description":"CL\u00cdNICA VIHER. Cl\u00ednica de psicologia a Barcelona amb ter\u00e0pia especialitzada per a les diferents f\u00f2bies que poden presentar persones adultes","robots":{"index":"index","follow":"follow","max-snippet":"max-snippet:-1","max-image-preview":"max-image-preview:large","max-video-preview":"max-video-preview:-1"},"canonical":"https:\/\/clinicaviher.com\/cat\/fobies-adults\/","og_locale":"es_ES","og_type":"article","og_title":"Psic\u00f2leg f\u00f2bies adults Barcelona. Psic\u00f2legs pors","og_description":"CL\u00cdNICA VIHER. Cl\u00ednica de psicologia a Barcelona amb ter\u00e0pia especialitzada per a les diferents f\u00f2bies que poden presentar persones adultes","og_url":"https:\/\/clinicaviher.com\/cat\/fobies-adults\/","og_site_name":"Cl\u00ednica Viher","article_modified_time":"2023-07-20T14:58:25+00:00","og_image":[{"url":"https:\/\/clinicaviher.com\/cat\/wp-content\/uploads\/2023\/06\/tratamiento-fobias-1024x743.webp","type":"","width":"","height":""}],"twitter_card":"summary_large_image","twitter_misc":{"Tiempo de lectura":"3 minutos"},"schema":{"@context":"https:\/\/schema.org","@graph":[{"@type":"WebPage","@id":"https:\/\/clinicaviher.com\/cat\/fobies-adults\/","url":"https:\/\/clinicaviher.com\/cat\/fobies-adults\/","name":"Psic\u00f2leg f\u00f2bies adults Barcelona. Psic\u00f2legs pors","isPartOf":{"@id":"https:\/\/clinicaviher.com\/cat\/#website"},"primaryImageOfPage":{"@id":"https:\/\/clinicaviher.com\/cat\/fobies-adults\/#primaryimage"},"image":{"@id":"https:\/\/clinicaviher.com\/cat\/fobies-adults\/#primaryimage"},"thumbnailUrl":"https:\/\/clinicaviher.com\/cat\/wp-content\/uploads\/2023\/06\/tratamiento-fobias-1024x743.webp","datePublished":"2018-10-03T12:27:50+00:00","dateModified":"2023-07-20T14:58:25+00:00","description":"CL\u00cdNICA VIHER. Cl\u00ednica de psicologia a Barcelona amb ter\u00e0pia especialitzada per a les diferents f\u00f2bies que poden presentar persones adultes","breadcrumb":{"@id":"https:\/\/clinicaviher.com\/cat\/fobies-adults\/#breadcrumb"},"inLanguage":"es","potentialAction":[{"@type":"ReadAction","target":["https:\/\/clinicaviher.com\/cat\/fobies-adults\/"]}]},{"@type":"ImageObject","inLanguage":"es","@id":"https:\/\/clinicaviher.com\/cat\/fobies-adults\/#primaryimage","url":"https:\/\/clinicaviher.com\/cat\/wp-content\/uploads\/2023\/06\/tratamiento-fobias-1024x743.webp","contentUrl":"https:\/\/clinicaviher.com\/cat\/wp-content\/uploads\/2023\/06\/tratamiento-fobias-1024x743.webp"},{"@type":"BreadcrumbList","@id":"https:\/\/clinicaviher.com\/cat\/fobies-adults\/#breadcrumb","itemListElement":[{"@type":"ListItem","position":1,"name":"Portada","item":"https:\/\/clinicaviher.com\/cat\/"},{"@type":"ListItem","position":2,"name":"Fobias adultos"}]},{"@type":"WebSite","@id":"https:\/\/clinicaviher.com\/cat\/#website","url":"https:\/\/clinicaviher.com\/cat\/","name":"Cl\u00ednica Viher","description":"Si buscas un psic\u00f3logo en Barcelona, contamos con algunos de los mejores profesionales en psicolog\u00eda, psicoterapia y psicoan\u00e1lisis","publisher":{"@id":"https:\/\/clinicaviher.com\/cat\/#organization"},"potentialAction":[{"@type":"SearchAction","target":{"@type":"EntryPoint","urlTemplate":"https:\/\/clinicaviher.com\/cat\/?s={search_term_string}"},"query-input":{"@type":"PropertyValueSpecification","valueRequired":true,"valueName":"search_term_string"}}],"inLanguage":"es"},{"@type":"Organization","@id":"https:\/\/clinicaviher.com\/cat\/#organization","name":"Cl\u00ednica Viher","url":"https:\/\/clinicaviher.com\/cat\/","logo":{"@type":"ImageObject","inLanguage":"es","@id":"https:\/\/clinicaviher.com\/cat\/#\/schema\/logo\/image\/","url":"https:\/\/clinicaviher.com\/cat\/wp-content\/uploads\/2019\/02\/logoviher-new-web.png","contentUrl":"https:\/\/clinicaviher.com\/cat\/wp-content\/uploads\/2019\/02\/logoviher-new-web.png","width":240,"height":52,"caption":"Cl\u00ednica Viher"},"image":{"@id":"https:\/\/clinicaviher.com\/cat\/#\/schema\/logo\/image\/"}}]}},"_links":{"self":[{"href":"https:\/\/clinicaviher.com\/cat\/wp-json\/wp\/v2\/pages\/885","targetHints":{"allow":["GET"]}}],"collection":[{"href":"https:\/\/clinicaviher.com\/cat\/wp-json\/wp\/v2\/pages"}],"about":[{"href":"https:\/\/clinicaviher.com\/cat\/wp-json\/wp\/v2\/types\/page"}],"author":[{"embeddable":true,"href":"https:\/\/clinicaviher.com\/cat\/wp-json\/wp\/v2\/users\/1"}],"replies":[{"embeddable":true,"href":"https:\/\/clinicaviher.com\/cat\/wp-json\/wp\/v2\/comments?post=885"}],"version-history":[{"count":11,"href":"https:\/\/clinicaviher.com\/cat\/wp-json\/wp\/v2\/pages\/885\/revisions"}],"predecessor-version":[{"id":2458,"href":"https:\/\/clinicaviher.com\/cat\/wp-json\/wp\/v2\/pages\/885\/revisions\/2458"}],"wp:attachment":[{"href":"https:\/\/clinicaviher.com\/cat\/wp-json\/wp\/v2\/media?parent=885"}],"curies":[{"name":"wp","href":"https:\/\/api.w.org\/{rel}","templated":true}]}}