{"id":993,"date":"2018-11-08T12:34:28","date_gmt":"2018-11-08T12:34:28","guid":{"rendered":"https:\/\/clinicaviher.com\/?page_id=993"},"modified":"2023-09-18T14:15:36","modified_gmt":"2023-09-18T12:15:36","slug":"identitat-de-gener","status":"publish","type":"page","link":"https:\/\/clinicaviher.com\/cat\/identitat-de-gener\/","title":{"rendered":"Identitat de Gener"},"content":{"rendered":"\t\t<div data-elementor-type=\"wp-page\" data-elementor-id=\"993\" class=\"elementor elementor-993\">\n\t\t\t\t\t\t\t\t\t<section class=\"elementor-section elementor-top-section elementor-element elementor-element-b75ef42 elementor-section-stretched elementor-section-boxed elementor-section-height-default elementor-section-height-default\" data-id=\"b75ef42\" data-element_type=\"section\" data-settings=\"{&quot;stretch_section&quot;:&quot;section-stretched&quot;,&quot;background_background&quot;:&quot;classic&quot;}\">\n\t\t\t\t\t\t<div class=\"elementor-container elementor-column-gap-default\">\n\t\t\t\t\t<div class=\"elementor-column elementor-col-100 elementor-top-column elementor-element elementor-element-5d7acec9\" data-id=\"5d7acec9\" data-element_type=\"column\">\n\t\t\t<div class=\"elementor-widget-wrap elementor-element-populated\">\n\t\t\t\t\t\t\t\t<div class=\"elementor-element elementor-element-7fb55584 elementor-widget elementor-widget-heading\" data-id=\"7fb55584\" data-element_type=\"widget\" data-widget_type=\"heading.default\">\n\t\t\t\t<div class=\"elementor-widget-container\">\n\t\t\t<style>\/*! elementor - v3.13.3 - 28-05-2023 *\/\n.elementor-heading-title{padding:0;margin:0;line-height:1}.elementor-widget-heading .elementor-heading-title[class*=elementor-size-]>a{color:inherit;font-size:inherit;line-height:inherit}.elementor-widget-heading .elementor-heading-title.elementor-size-small{font-size:15px}.elementor-widget-heading .elementor-heading-title.elementor-size-medium{font-size:19px}.elementor-widget-heading .elementor-heading-title.elementor-size-large{font-size:29px}.elementor-widget-heading .elementor-heading-title.elementor-size-xl{font-size:39px}.elementor-widget-heading .elementor-heading-title.elementor-size-xxl{font-size:59px}<\/style><h1 class=\"elementor-heading-title elementor-size-default\">Psic\u00f2leg identitat de g\u00e8nere<\/h1>\t\t<\/div>\n\t\t\t\t<\/div>\n\t\t\t\t\t<\/div>\n\t\t<\/div>\n\t\t\t\t\t\t\t<\/div>\n\t\t<\/section>\n\t\t\t\t<section class=\"elementor-section elementor-top-section elementor-element elementor-element-348007cd elementor-section-boxed elementor-section-height-default elementor-section-height-default\" data-id=\"348007cd\" data-element_type=\"section\">\n\t\t\t\t\t\t<div class=\"elementor-container elementor-column-gap-default\">\n\t\t\t\t\t<div class=\"elementor-column elementor-col-100 elementor-top-column elementor-element elementor-element-57e1cefa\" data-id=\"57e1cefa\" data-element_type=\"column\">\n\t\t\t<div class=\"elementor-widget-wrap elementor-element-populated\">\n\t\t\t\t\t\t\t\t<div class=\"elementor-element elementor-element-4c665668 elementor-widget elementor-widget-text-editor\" data-id=\"4c665668\" data-element_type=\"widget\" data-widget_type=\"text-editor.default\">\n\t\t\t\t<div class=\"elementor-widget-container\">\n\t\t\t<style>\/*! elementor - v3.13.3 - 28-05-2023 *\/\n.elementor-widget-text-editor.elementor-drop-cap-view-stacked .elementor-drop-cap{background-color:#69727d;color:#fff}.elementor-widget-text-editor.elementor-drop-cap-view-framed .elementor-drop-cap{color:#69727d;border:3px solid;background-color:transparent}.elementor-widget-text-editor:not(.elementor-drop-cap-view-default) .elementor-drop-cap{margin-top:8px}.elementor-widget-text-editor:not(.elementor-drop-cap-view-default) .elementor-drop-cap-letter{width:1em;height:1em}.elementor-widget-text-editor .elementor-drop-cap{float:left;text-align:center;line-height:1;font-size:50px}.elementor-widget-text-editor .elementor-drop-cap-letter{display:inline-block}<\/style>\t\t\t\t<p><span>La\u00a0<\/span><b><span>identitat de g\u00e8nere\u00a0<\/span><\/b><span>no sempre correspon al sexe biol\u00f2gic, sin\u00f3 que \u00e9s una percepci\u00f3 subjectiva.\u00a0Aix\u00f2 \u00e9s un fet conegut per tothom.\u00a0En els darrers anys han aparegut amb for\u00e7a nous significants que r\u00e0pidament han calat a la societat i que han perm\u00e8s noves formes d&#8217;identificaci\u00f3, especialment entre els m\u00e9s joves.<\/span><\/p>\t\t\t\t\t\t<\/div>\n\t\t\t\t<\/div>\n\t\t\t\t<section class=\"elementor-section elementor-inner-section elementor-element elementor-element-6b5eb197 elementor-section-content-middle elementor-section-boxed elementor-section-height-default elementor-section-height-default\" data-id=\"6b5eb197\" data-element_type=\"section\">\n\t\t\t\t\t\t<div class=\"elementor-container elementor-column-gap-default\">\n\t\t\t\t\t<div class=\"elementor-column elementor-col-50 elementor-inner-column elementor-element elementor-element-518bcb1c\" data-id=\"518bcb1c\" data-element_type=\"column\">\n\t\t\t<div class=\"elementor-widget-wrap elementor-element-populated\">\n\t\t\t\t\t\t\t\t<div class=\"elementor-element elementor-element-4b05e904 elementor-widget elementor-widget-heading\" data-id=\"4b05e904\" data-element_type=\"widget\" data-widget_type=\"heading.default\">\n\t\t\t\t<div class=\"elementor-widget-container\">\n\t\t\t<h2 class=\"elementor-heading-title elementor-size-default\">Psic\u00f2leg trastorns de la identitat sexual<\/h2>\t\t<\/div>\n\t\t\t\t<\/div>\n\t\t\t\t<div class=\"elementor-element elementor-element-30b0da6c elementor-widget elementor-widget-text-editor\" data-id=\"30b0da6c\" data-element_type=\"widget\" data-widget_type=\"text-editor.default\">\n\t\t\t\t<div class=\"elementor-widget-container\">\n\t\t\t\t\t\t\t<div class=\"kc-elm kc-css-823326 kc_text_block\"><p><span>M\u00e9s enll\u00e0 de la categoria bin\u00e0ria home-dona i de la correspond\u00e8ncia entre la\u00a0<\/span><b><span>identitat de g\u00e8nere\u00a0<\/span><\/b><span>i el sexe biol\u00f2gic, tamb\u00e9 anomenada actualment amb el neologisme\u00a0<\/span><b><span>cisg\u00e8nere\u00a0<\/span><\/b><span>, hi ha altres significants que v\u00e9nen a representar persones que no s&#8217;identifiquen amb les categories cl\u00e0ssiques , tals com:\u00a0<\/span><b><span>transsexuals\u00a0<\/span><\/b><span>,\u00a0<\/span><b><span>transg\u00e8nere\u00a0<\/span><\/b><span>o\u00a0<\/span><b><span>tercer g\u00e8nere\u00a0<\/span><\/b><span>(menys com\u00fa als pa\u00efsos occidentals).<\/span><\/p><\/div>\t\t\t\t\t\t<\/div>\n\t\t\t\t<\/div>\n\t\t\t\t\t<\/div>\n\t\t<\/div>\n\t\t\t\t<div class=\"elementor-column elementor-col-50 elementor-inner-column elementor-element elementor-element-53641f38\" data-id=\"53641f38\" data-element_type=\"column\">\n\t\t\t<div class=\"elementor-widget-wrap elementor-element-populated\">\n\t\t\t\t\t\t\t\t<div class=\"elementor-element elementor-element-3f36a2c1 elementor-widget elementor-widget-image\" data-id=\"3f36a2c1\" data-element_type=\"widget\" data-widget_type=\"image.default\">\n\t\t\t\t<div class=\"elementor-widget-container\">\n\t\t\t<style>\/*! elementor - v3.13.3 - 28-05-2023 *\/\n.elementor-widget-image{text-align:center}.elementor-widget-image a{display:inline-block}.elementor-widget-image a img[src$=\".svg\"]{width:48px}.elementor-widget-image img{vertical-align:middle;display:inline-block}<\/style>\t\t\t\t\t\t\t\t\t\t\t\t<img loading=\"lazy\" decoding=\"async\" width=\"1017\" height=\"672\" src=\"https:\/\/clinicaviher.com\/cat\/wp-content\/uploads\/2023\/06\/psicologo-identidad-de-genero.webp\" class=\"attachment-large size-large wp-image-1832\" alt=\"psicologo para identidad de genero\" srcset=\"https:\/\/clinicaviher.com\/cat\/wp-content\/uploads\/2023\/06\/psicologo-identidad-de-genero.webp 1017w, https:\/\/clinicaviher.com\/cat\/wp-content\/uploads\/2023\/06\/psicologo-identidad-de-genero-300x198.webp 300w, https:\/\/clinicaviher.com\/cat\/wp-content\/uploads\/2023\/06\/psicologo-identidad-de-genero-768x507.webp 768w, https:\/\/clinicaviher.com\/cat\/wp-content\/uploads\/2023\/06\/psicologo-identidad-de-genero-600x396.webp 600w\" sizes=\"(max-width: 1017px) 100vw, 1017px\" \/>\t\t\t\t\t\t\t\t\t\t\t\t\t\t\t<\/div>\n\t\t\t\t<\/div>\n\t\t\t\t\t<\/div>\n\t\t<\/div>\n\t\t\t\t\t\t\t<\/div>\n\t\t<\/section>\n\t\t\t\t\t<\/div>\n\t\t<\/div>\n\t\t\t\t\t\t\t<\/div>\n\t\t<\/section>\n\t\t\t\t<section class=\"elementor-section elementor-top-section elementor-element elementor-element-2ac9310d elementor-section-stretched elementor-section-boxed elementor-section-height-default elementor-section-height-default\" data-id=\"2ac9310d\" data-element_type=\"section\" data-settings=\"{&quot;stretch_section&quot;:&quot;section-stretched&quot;,&quot;background_background&quot;:&quot;classic&quot;}\">\n\t\t\t\t\t\t<div class=\"elementor-container elementor-column-gap-default\">\n\t\t\t\t\t<div class=\"elementor-column elementor-col-100 elementor-top-column elementor-element elementor-element-66fed605\" data-id=\"66fed605\" data-element_type=\"column\">\n\t\t\t<div class=\"elementor-widget-wrap elementor-element-populated\">\n\t\t\t\t\t\t\t\t<div class=\"elementor-element elementor-element-dfb8e9f elementor-widget elementor-widget-heading\" data-id=\"dfb8e9f\" data-element_type=\"widget\" data-widget_type=\"heading.default\">\n\t\t\t\t<div class=\"elementor-widget-container\">\n\t\t\t<h2 class=\"elementor-heading-title elementor-size-default\">Psic\u00f2leg transsexualitat\n\n<\/h2>\t\t<\/div>\n\t\t\t\t<\/div>\n\t\t\t\t<div class=\"elementor-element elementor-element-121e8283 elementor-widget elementor-widget-text-editor\" data-id=\"121e8283\" data-element_type=\"widget\" data-widget_type=\"text-editor.default\">\n\t\t\t\t<div class=\"elementor-widget-container\">\n\t\t\t\t\t\t\t<p><span>La\u00a0<\/span><b><span>transexulitat\u00a0<\/span><\/b><span>fa refer\u00e8ncia a les persones que no s&#8217;identifiquen al seu sexe biol\u00f2gic i que intervenen quir\u00fargicament i hormonalment el cos per adequar-lo al g\u00e8nere al qual s&#8217;identifiquen.\u00a0Actualment, la psiquiatria no considera la\u00a0<\/span><b><span>transsexualitat\u00a0<\/span><\/b><span>com una patologia mental, per\u00f2 la inclou als trastorns de la identitat sexual (DSM-IV).\u00a0Des de l&#8217;any 2018, l&#8217;OMS ha deixat de considerar la\u00a0<\/span><b><span>transsexualitat\u00a0<\/span><\/b><span>com un trastorn.<\/span><\/p>\t\t\t\t\t\t<\/div>\n\t\t\t\t<\/div>\n\t\t\t\t\t<\/div>\n\t\t<\/div>\n\t\t\t\t\t\t\t<\/div>\n\t\t<\/section>\n\t\t\t\t<section class=\"elementor-section elementor-top-section elementor-element elementor-element-6487ddc5 elementor-section-boxed elementor-section-height-default elementor-section-height-default\" data-id=\"6487ddc5\" data-element_type=\"section\">\n\t\t\t\t\t\t<div class=\"elementor-container elementor-column-gap-default\">\n\t\t\t\t\t<div class=\"elementor-column elementor-col-100 elementor-top-column elementor-element elementor-element-6156df8d\" data-id=\"6156df8d\" data-element_type=\"column\">\n\t\t\t<div class=\"elementor-widget-wrap elementor-element-populated\">\n\t\t\t\t\t\t\t\t<div class=\"elementor-element elementor-element-2cc75c3a elementor-widget elementor-widget-heading\" data-id=\"2cc75c3a\" data-element_type=\"widget\" data-widget_type=\"heading.default\">\n\t\t\t\t<div class=\"elementor-widget-container\">\n\t\t\t<h2 class=\"elementor-heading-title elementor-size-default\">Psic\u00f2leg LGBT<\/h2>\t\t<\/div>\n\t\t\t\t<\/div>\n\t\t\t\t<div class=\"elementor-element elementor-element-661af936 elementor-widget elementor-widget-text-editor\" data-id=\"661af936\" data-element_type=\"widget\" data-widget_type=\"text-editor.default\">\n\t\t\t\t<div class=\"elementor-widget-container\">\n\t\t\t\t\t\t\t<p><span><span class=\"VIpgJd-yAWNEb-VIpgJd-fmcmS-sn54Q\">Les persones\u00a0<\/span><\/span><b><span><span class=\"VIpgJd-yAWNEb-VIpgJd-fmcmS-sn54Q\">transg\u00e8neres\u00a0<\/span><\/span><\/b><span><span class=\"VIpgJd-yAWNEb-VIpgJd-fmcmS-sn54Q\">no s&#8217;identifiquen amb el seu sexe biol\u00f2gic.\u00a0<\/span>En els darrers anys han aparegut nous significants dins dels\u00a0<\/span><b><span>transg\u00e8nere\u00a0<\/span><\/b><span>, que vindrien a representar aquelles persones que no s&#8217;identifiquen en les categories bin\u00e0ries:\u00a0<\/span><b><span>androg\u00ednia\u00a0<\/span><\/b><span>,\u00a0<\/span><b><span>g\u00e8nere no binari\u00a0<\/span><\/b><span>o\u00a0<\/span><b><i><span>genderqueer\u00a0<\/span><\/i><\/b><i><span>,<\/span><\/i><b><span>\u00a0g\u00e8nere fluid\u00a0<\/span><\/b><span>\u2026 El\u00a0<\/span><b><span>transg\u00e8nere\u00a0<\/span><\/b><span>forma part de la comunitat\u00a0<\/span><b><span>LGBT\u00a0<\/span><\/b><span>(Lesbianes , Gais, Bisexuals i\u00a0<\/span><b><span>Transg\u00e8neres\u00a0<\/span><\/b><span>), que s&#8217;ha convertit en un moviment organitzat en pro de la defensa dels drets d&#8217;aquestes persones.<\/span><\/p>\t\t\t\t\t\t<\/div>\n\t\t\t\t<\/div>\n\t\t\t\t<section class=\"elementor-section elementor-inner-section elementor-element elementor-element-293385ad elementor-section-content-middle elementor-section-boxed elementor-section-height-default elementor-section-height-default\" data-id=\"293385ad\" data-element_type=\"section\">\n\t\t\t\t\t\t<div class=\"elementor-container elementor-column-gap-default\">\n\t\t\t\t\t<div class=\"elementor-column elementor-col-100 elementor-inner-column elementor-element elementor-element-1b5b5a58\" data-id=\"1b5b5a58\" data-element_type=\"column\">\n\t\t\t<div class=\"elementor-widget-wrap elementor-element-populated\">\n\t\t\t\t\t\t\t\t<div class=\"elementor-element elementor-element-729d329 elementor-widget elementor-widget-heading\" data-id=\"729d329\" data-element_type=\"widget\" data-widget_type=\"heading.default\">\n\t\t\t\t<div class=\"elementor-widget-container\">\n\t\t\t<h2 class=\"elementor-heading-title elementor-size-default\">Psic\u00f2leg disf\u00f2ria de g\u00e8nere<\/h2>\t\t<\/div>\n\t\t\t\t<\/div>\n\t\t\t\t<div class=\"elementor-element elementor-element-7f3a6ebc elementor-widget elementor-widget-text-editor\" data-id=\"7f3a6ebc\" data-element_type=\"widget\" data-widget_type=\"text-editor.default\">\n\t\t\t\t<div class=\"elementor-widget-container\">\n\t\t\t\t\t\t\t<div class=\"kc-elm kc-css-3751822 kc_text_block\"><p><span><span class=\"VIpgJd-yAWNEb-VIpgJd-fmcmS-sn54Q\">I b\u00e9 \u00e9s cert que les diverses <\/span><\/span><b><span><span class=\"VIpgJd-yAWNEb-VIpgJd-fmcmS-sn54Q\">identitats de g\u00e8nere\u00a0<\/span><\/span><\/b><span><span class=\"VIpgJd-yAWNEb-VIpgJd-fmcmS-sn54Q\">no suposen\u00a0<\/span><\/span><i><span><span class=\"VIpgJd-yAWNEb-VIpgJd-fmcmS-sn54Q\">per si<\/span><\/span><\/i><span><span class=\"VIpgJd-yAWNEb-VIpgJd-fmcmS-sn54Q\">\u00a0cap patologia, \u00e9s igualment cert que la\u00a0<\/span><\/span><b><span><span class=\"VIpgJd-yAWNEb-VIpgJd-fmcmS-sn54Q\">identitat de g\u00e8nere\u00a0<\/span><\/span><\/b><span><span class=\"VIpgJd-yAWNEb-VIpgJd-fmcmS-sn54Q\">, en qualsevol de les seves variants i per diverses causes, pot venir acompanyada d&#8217;\u00a0<\/span><\/span><b><span><span class=\"VIpgJd-yAWNEb-VIpgJd-fmcmS-sn54Q\">angoixa\u00a0<\/span><\/span><\/b><span><span class=\"VIpgJd-yAWNEb-VIpgJd-fmcmS-sn54Q\">,\u00a0<\/span><\/span><b><span><span class=\"VIpgJd-yAWNEb-VIpgJd-fmcmS-sn54Q\">ansietat\u00a0<\/span><\/span><\/b><span><span class=\"VIpgJd-yAWNEb-VIpgJd-fmcmS-sn54Q\">o\u00a0<\/span><\/span><b><span><span class=\"VIpgJd-yAWNEb-VIpgJd-fmcmS-sn54Q\">depressi\u00f3\u00a0<\/span><\/span><\/b><span><span class=\"VIpgJd-yAWNEb-VIpgJd-fmcmS-sn54Q\">.\u00a0<\/span>No es tracta, doncs, de tractar la\u00a0<\/span><b><span>identitat de g\u00e8nere\u00a0<\/span><\/b><span>amb ter\u00e0pia psicol\u00f2gica, sin\u00f3 el malestar de la persona.\u00a0Tot i que socialment hem avan\u00e7at molt en aquest sentit, encara estem lluny d&#8217;una bona comprensi\u00f3 de la identitat de g\u00e8nere.<\/span><\/p><\/div>\t\t\t\t\t\t<\/div>\n\t\t\t\t<\/div>\n\t\t\t\t\t<\/div>\n\t\t<\/div>\n\t\t\t\t\t\t\t<\/div>\n\t\t<\/section>\n\t\t\t\t\t<\/div>\n\t\t<\/div>\n\t\t\t\t\t\t\t<\/div>\n\t\t<\/section>\n\t\t\t\t<section class=\"elementor-section elementor-top-section elementor-element elementor-element-2383b7d0 elementor-section-stretched elementor-section-boxed elementor-section-height-default elementor-section-height-default\" data-id=\"2383b7d0\" data-element_type=\"section\" data-settings=\"{&quot;stretch_section&quot;:&quot;section-stretched&quot;}\">\n\t\t\t\t\t\t<div class=\"elementor-container elementor-column-gap-default\">\n\t\t\t\t\t<div class=\"elementor-column elementor-col-50 elementor-top-column elementor-element elementor-element-3040aed0\" data-id=\"3040aed0\" data-element_type=\"column\">\n\t\t\t<div class=\"elementor-widget-wrap elementor-element-populated\">\n\t\t\t\t\t\t\t\t<div class=\"elementor-element elementor-element-28b7151a elementor-widget elementor-widget-image\" data-id=\"28b7151a\" data-element_type=\"widget\" data-widget_type=\"image.default\">\n\t\t\t\t<div class=\"elementor-widget-container\">\n\t\t\t\t\t\t\t\t\t\t\t\t\t\t\t\t<a href=\"\/quienes-somos\/\">\n\t\t\t\t\t\t\t<img loading=\"lazy\" decoding=\"async\" width=\"1400\" height=\"500\" src=\"https:\/\/clinicaviher.com\/cat\/wp-content\/uploads\/2023\/06\/ficha-Sergi.webp\" class=\"attachment-full size-full wp-image-1728\" alt=\"ver ficha de Sergi Vilardell\" srcset=\"https:\/\/clinicaviher.com\/cat\/wp-content\/uploads\/2023\/06\/ficha-Sergi.webp 1400w, https:\/\/clinicaviher.com\/cat\/wp-content\/uploads\/2023\/06\/ficha-Sergi-300x107.webp 300w, https:\/\/clinicaviher.com\/cat\/wp-content\/uploads\/2023\/06\/ficha-Sergi-1024x366.webp 1024w, https:\/\/clinicaviher.com\/cat\/wp-content\/uploads\/2023\/06\/ficha-Sergi-768x274.webp 768w, https:\/\/clinicaviher.com\/cat\/wp-content\/uploads\/2023\/06\/ficha-Sergi-600x214.webp 600w\" sizes=\"(max-width: 1400px) 100vw, 1400px\" \/>\t\t\t\t\t\t\t\t<\/a>\n\t\t\t\t\t\t\t\t\t\t\t\t\t\t\t<\/div>\n\t\t\t\t<\/div>\n\t\t\t\t\t<\/div>\n\t\t<\/div>\n\t\t\t\t<div class=\"elementor-column elementor-col-50 elementor-top-column elementor-element elementor-element-60bc5927\" data-id=\"60bc5927\" data-element_type=\"column\">\n\t\t\t<div class=\"elementor-widget-wrap elementor-element-populated\">\n\t\t\t\t\t\t\t\t<div class=\"elementor-element elementor-element-11bb98d5 elementor-widget elementor-widget-image\" data-id=\"11bb98d5\" data-element_type=\"widget\" data-widget_type=\"image.default\">\n\t\t\t\t<div class=\"elementor-widget-container\">\n\t\t\t\t\t\t\t\t\t\t\t\t\t\t\t\t<a href=\"\/quienes-somos\/\">\n\t\t\t\t\t\t\t<img loading=\"lazy\" decoding=\"async\" width=\"1400\" height=\"500\" src=\"https:\/\/clinicaviher.com\/cat\/wp-content\/uploads\/2023\/06\/mila-ficha.webp\" class=\"attachment-full size-full wp-image-1729\" alt=\"ver ficha de Mila Herrera\" srcset=\"https:\/\/clinicaviher.com\/cat\/wp-content\/uploads\/2023\/06\/mila-ficha.webp 1400w, https:\/\/clinicaviher.com\/cat\/wp-content\/uploads\/2023\/06\/mila-ficha-300x107.webp 300w, https:\/\/clinicaviher.com\/cat\/wp-content\/uploads\/2023\/06\/mila-ficha-1024x366.webp 1024w, https:\/\/clinicaviher.com\/cat\/wp-content\/uploads\/2023\/06\/mila-ficha-768x274.webp 768w, https:\/\/clinicaviher.com\/cat\/wp-content\/uploads\/2023\/06\/mila-ficha-600x214.webp 600w\" sizes=\"(max-width: 1400px) 100vw, 1400px\" \/>\t\t\t\t\t\t\t\t<\/a>\n\t\t\t\t\t\t\t\t\t\t\t\t\t\t\t<\/div>\n\t\t\t\t<\/div>\n\t\t\t\t\t<\/div>\n\t\t<\/div>\n\t\t\t\t\t\t\t<\/div>\n\t\t<\/section>\n\t\t\t\t\t\t\t<\/div>\n\t\t","protected":false},"excerpt":{"rendered":"<p>Psic\u00f2leg identitat de g\u00e8nere La\u00a0identitat de g\u00e8nere\u00a0no sempre correspon al sexe biol\u00f2gic, sin\u00f3 que \u00e9s una percepci\u00f3 subjectiva.\u00a0Aix\u00f2 \u00e9s un fet conegut per tothom.\u00a0En els darrers anys han aparegut amb for\u00e7a nous significants que r\u00e0pidament han calat a la societat i que han perm\u00e8s noves formes d&#8217;identificaci\u00f3, especialment entre els m\u00e9s joves. Psic\u00f2leg trastorns de &hellip;<\/p>\n<p class=\"read-more\"> <a class=\"\" href=\"https:\/\/clinicaviher.com\/cat\/identitat-de-gener\/\"> <span class=\"screen-reader-text\">Identitat de Gener<\/span> Leer m\u00e1s &raquo;<\/a><\/p>\n","protected":false},"author":1,"featured_media":0,"parent":0,"menu_order":0,"comment_status":"closed","ping_status":"closed","template":"elementor_header_footer","meta":{"site-sidebar-layout":"default","site-content-layout":"default","ast-global-header-display":"","ast-banner-title-visibility":"","ast-main-header-display":"","ast-hfb-above-header-display":"","ast-hfb-below-header-display":"","ast-hfb-mobile-header-display":"","site-post-title":"","ast-breadcrumbs-content":"","ast-featured-img":"","footer-sml-layout":"","theme-transparent-header-meta":"default","adv-header-id-meta":"","stick-header-meta":"default","header-above-stick-meta":"","header-main-stick-meta":"","header-below-stick-meta":"","footnotes":""},"yoast_head":"<!-- This site is optimized with the Yoast SEO plugin v24.3 - https:\/\/yoast.com\/wordpress\/plugins\/seo\/ -->\n<title>Identitat de Gener<\/title>\n<meta name=\"description\" content=\"Psic\u00f2leg identitat de g\u00e8nere La\u00a0identitat de g\u00e8nere\u00a0no sempre correspon al sexe biol\u00f2gic, sin\u00f3 que \u00e9s una percepci\u00f3 subjectiva.\u00a0Aix\u00f2 \u00e9s un fet conegut per\" \/>\n<meta name=\"robots\" content=\"index, follow, max-snippet:-1, max-image-preview:large, max-video-preview:-1\" \/>\n<link rel=\"canonical\" href=\"https:\/\/clinicaviher.com\/cat\/identitat-de-gener\/\" \/>\n<meta property=\"og:locale\" content=\"es_ES\" \/>\n<meta property=\"og:type\" content=\"article\" \/>\n<meta property=\"og:title\" content=\"Identitat de Gener\" \/>\n<meta property=\"og:description\" content=\"Psic\u00f2leg identitat de g\u00e8nere La\u00a0identitat de g\u00e8nere\u00a0no sempre correspon al sexe biol\u00f2gic, sin\u00f3 que \u00e9s una percepci\u00f3 subjectiva.\u00a0Aix\u00f2 \u00e9s un fet conegut per\" \/>\n<meta property=\"og:url\" content=\"https:\/\/clinicaviher.com\/cat\/identitat-de-gener\/\" \/>\n<meta property=\"og:site_name\" content=\"Cl\u00ednica Viher\" \/>\n<meta property=\"article:modified_time\" content=\"2023-09-18T12:15:36+00:00\" \/>\n<meta property=\"og:image\" content=\"https:\/\/clinicaviher.com\/cat\/wp-content\/uploads\/2023\/06\/psicologo-identidad-de-genero.webp\" \/>\n<meta name=\"twitter:card\" content=\"summary_large_image\" \/>\n<meta name=\"twitter:label1\" content=\"Tiempo de lectura\" \/>\n\t<meta name=\"twitter:data1\" content=\"3 minutos\" \/>\n<script type=\"application\/ld+json\" class=\"yoast-schema-graph\">{\"@context\":\"https:\/\/schema.org\",\"@graph\":[{\"@type\":\"WebPage\",\"@id\":\"https:\/\/clinicaviher.com\/cat\/identitat-de-gener\/\",\"url\":\"https:\/\/clinicaviher.com\/cat\/identitat-de-gener\/\",\"name\":\"Identitat de Gener\",\"isPartOf\":{\"@id\":\"https:\/\/clinicaviher.com\/cat\/#website\"},\"primaryImageOfPage\":{\"@id\":\"https:\/\/clinicaviher.com\/cat\/identitat-de-gener\/#primaryimage\"},\"image\":{\"@id\":\"https:\/\/clinicaviher.com\/cat\/identitat-de-gener\/#primaryimage\"},\"thumbnailUrl\":\"https:\/\/clinicaviher.com\/cat\/wp-content\/uploads\/2023\/06\/psicologo-identidad-de-genero.webp\",\"datePublished\":\"2018-11-08T12:34:28+00:00\",\"dateModified\":\"2023-09-18T12:15:36+00:00\",\"description\":\"Psic\u00f2leg identitat de g\u00e8nere La\u00a0identitat de g\u00e8nere\u00a0no sempre correspon al sexe biol\u00f2gic, sin\u00f3 que \u00e9s una percepci\u00f3 subjectiva.\u00a0Aix\u00f2 \u00e9s un fet conegut per\",\"breadcrumb\":{\"@id\":\"https:\/\/clinicaviher.com\/cat\/identitat-de-gener\/#breadcrumb\"},\"inLanguage\":\"es\",\"potentialAction\":[{\"@type\":\"ReadAction\",\"target\":[\"https:\/\/clinicaviher.com\/cat\/identitat-de-gener\/\"]}]},{\"@type\":\"ImageObject\",\"inLanguage\":\"es\",\"@id\":\"https:\/\/clinicaviher.com\/cat\/identitat-de-gener\/#primaryimage\",\"url\":\"https:\/\/clinicaviher.com\/cat\/wp-content\/uploads\/2023\/06\/psicologo-identidad-de-genero.webp\",\"contentUrl\":\"https:\/\/clinicaviher.com\/cat\/wp-content\/uploads\/2023\/06\/psicologo-identidad-de-genero.webp\",\"width\":1017,\"height\":672,\"caption\":\"psicologo para identidad de genero\"},{\"@type\":\"BreadcrumbList\",\"@id\":\"https:\/\/clinicaviher.com\/cat\/identitat-de-gener\/#breadcrumb\",\"itemListElement\":[{\"@type\":\"ListItem\",\"position\":1,\"name\":\"Portada\",\"item\":\"https:\/\/clinicaviher.com\/cat\/\"},{\"@type\":\"ListItem\",\"position\":2,\"name\":\"Identitat de Gener\"}]},{\"@type\":\"WebSite\",\"@id\":\"https:\/\/clinicaviher.com\/cat\/#website\",\"url\":\"https:\/\/clinicaviher.com\/cat\/\",\"name\":\"Cl\u00ednica Viher\",\"description\":\"Si buscas un psic\u00f3logo en Barcelona, contamos con algunos de los mejores profesionales en psicolog\u00eda, psicoterapia y psicoan\u00e1lisis\",\"publisher\":{\"@id\":\"https:\/\/clinicaviher.com\/cat\/#organization\"},\"potentialAction\":[{\"@type\":\"SearchAction\",\"target\":{\"@type\":\"EntryPoint\",\"urlTemplate\":\"https:\/\/clinicaviher.com\/cat\/?s={search_term_string}\"},\"query-input\":{\"@type\":\"PropertyValueSpecification\",\"valueRequired\":true,\"valueName\":\"search_term_string\"}}],\"inLanguage\":\"es\"},{\"@type\":\"Organization\",\"@id\":\"https:\/\/clinicaviher.com\/cat\/#organization\",\"name\":\"Cl\u00ednica Viher\",\"url\":\"https:\/\/clinicaviher.com\/cat\/\",\"logo\":{\"@type\":\"ImageObject\",\"inLanguage\":\"es\",\"@id\":\"https:\/\/clinicaviher.com\/cat\/#\/schema\/logo\/image\/\",\"url\":\"https:\/\/clinicaviher.com\/cat\/wp-content\/uploads\/2019\/02\/logoviher-new-web.png\",\"contentUrl\":\"https:\/\/clinicaviher.com\/cat\/wp-content\/uploads\/2019\/02\/logoviher-new-web.png\",\"width\":240,\"height\":52,\"caption\":\"Cl\u00ednica Viher\"},\"image\":{\"@id\":\"https:\/\/clinicaviher.com\/cat\/#\/schema\/logo\/image\/\"}}]}<\/script>\n<!-- \/ Yoast SEO plugin. -->","yoast_head_json":{"title":"Identitat de Gener","description":"Psic\u00f2leg identitat de g\u00e8nere La\u00a0identitat de g\u00e8nere\u00a0no sempre correspon al sexe biol\u00f2gic, sin\u00f3 que \u00e9s una percepci\u00f3 subjectiva.\u00a0Aix\u00f2 \u00e9s un fet conegut per","robots":{"index":"index","follow":"follow","max-snippet":"max-snippet:-1","max-image-preview":"max-image-preview:large","max-video-preview":"max-video-preview:-1"},"canonical":"https:\/\/clinicaviher.com\/cat\/identitat-de-gener\/","og_locale":"es_ES","og_type":"article","og_title":"Identitat de Gener","og_description":"Psic\u00f2leg identitat de g\u00e8nere La\u00a0identitat de g\u00e8nere\u00a0no sempre correspon al sexe biol\u00f2gic, sin\u00f3 que \u00e9s una percepci\u00f3 subjectiva.\u00a0Aix\u00f2 \u00e9s un fet conegut per","og_url":"https:\/\/clinicaviher.com\/cat\/identitat-de-gener\/","og_site_name":"Cl\u00ednica Viher","article_modified_time":"2023-09-18T12:15:36+00:00","og_image":[{"url":"https:\/\/clinicaviher.com\/cat\/wp-content\/uploads\/2023\/06\/psicologo-identidad-de-genero.webp","type":"","width":"","height":""}],"twitter_card":"summary_large_image","twitter_misc":{"Tiempo de lectura":"3 minutos"},"schema":{"@context":"https:\/\/schema.org","@graph":[{"@type":"WebPage","@id":"https:\/\/clinicaviher.com\/cat\/identitat-de-gener\/","url":"https:\/\/clinicaviher.com\/cat\/identitat-de-gener\/","name":"Identitat de Gener","isPartOf":{"@id":"https:\/\/clinicaviher.com\/cat\/#website"},"primaryImageOfPage":{"@id":"https:\/\/clinicaviher.com\/cat\/identitat-de-gener\/#primaryimage"},"image":{"@id":"https:\/\/clinicaviher.com\/cat\/identitat-de-gener\/#primaryimage"},"thumbnailUrl":"https:\/\/clinicaviher.com\/cat\/wp-content\/uploads\/2023\/06\/psicologo-identidad-de-genero.webp","datePublished":"2018-11-08T12:34:28+00:00","dateModified":"2023-09-18T12:15:36+00:00","description":"Psic\u00f2leg identitat de g\u00e8nere La\u00a0identitat de g\u00e8nere\u00a0no sempre correspon al sexe biol\u00f2gic, sin\u00f3 que \u00e9s una percepci\u00f3 subjectiva.\u00a0Aix\u00f2 \u00e9s un fet conegut per","breadcrumb":{"@id":"https:\/\/clinicaviher.com\/cat\/identitat-de-gener\/#breadcrumb"},"inLanguage":"es","potentialAction":[{"@type":"ReadAction","target":["https:\/\/clinicaviher.com\/cat\/identitat-de-gener\/"]}]},{"@type":"ImageObject","inLanguage":"es","@id":"https:\/\/clinicaviher.com\/cat\/identitat-de-gener\/#primaryimage","url":"https:\/\/clinicaviher.com\/cat\/wp-content\/uploads\/2023\/06\/psicologo-identidad-de-genero.webp","contentUrl":"https:\/\/clinicaviher.com\/cat\/wp-content\/uploads\/2023\/06\/psicologo-identidad-de-genero.webp","width":1017,"height":672,"caption":"psicologo para identidad de genero"},{"@type":"BreadcrumbList","@id":"https:\/\/clinicaviher.com\/cat\/identitat-de-gener\/#breadcrumb","itemListElement":[{"@type":"ListItem","position":1,"name":"Portada","item":"https:\/\/clinicaviher.com\/cat\/"},{"@type":"ListItem","position":2,"name":"Identitat de Gener"}]},{"@type":"WebSite","@id":"https:\/\/clinicaviher.com\/cat\/#website","url":"https:\/\/clinicaviher.com\/cat\/","name":"Cl\u00ednica Viher","description":"Si buscas un psic\u00f3logo en Barcelona, contamos con algunos de los mejores profesionales en psicolog\u00eda, psicoterapia y psicoan\u00e1lisis","publisher":{"@id":"https:\/\/clinicaviher.com\/cat\/#organization"},"potentialAction":[{"@type":"SearchAction","target":{"@type":"EntryPoint","urlTemplate":"https:\/\/clinicaviher.com\/cat\/?s={search_term_string}"},"query-input":{"@type":"PropertyValueSpecification","valueRequired":true,"valueName":"search_term_string"}}],"inLanguage":"es"},{"@type":"Organization","@id":"https:\/\/clinicaviher.com\/cat\/#organization","name":"Cl\u00ednica Viher","url":"https:\/\/clinicaviher.com\/cat\/","logo":{"@type":"ImageObject","inLanguage":"es","@id":"https:\/\/clinicaviher.com\/cat\/#\/schema\/logo\/image\/","url":"https:\/\/clinicaviher.com\/cat\/wp-content\/uploads\/2019\/02\/logoviher-new-web.png","contentUrl":"https:\/\/clinicaviher.com\/cat\/wp-content\/uploads\/2019\/02\/logoviher-new-web.png","width":240,"height":52,"caption":"Cl\u00ednica Viher"},"image":{"@id":"https:\/\/clinicaviher.com\/cat\/#\/schema\/logo\/image\/"}}]}},"_links":{"self":[{"href":"https:\/\/clinicaviher.com\/cat\/wp-json\/wp\/v2\/pages\/993"}],"collection":[{"href":"https:\/\/clinicaviher.com\/cat\/wp-json\/wp\/v2\/pages"}],"about":[{"href":"https:\/\/clinicaviher.com\/cat\/wp-json\/wp\/v2\/types\/page"}],"author":[{"embeddable":true,"href":"https:\/\/clinicaviher.com\/cat\/wp-json\/wp\/v2\/users\/1"}],"replies":[{"embeddable":true,"href":"https:\/\/clinicaviher.com\/cat\/wp-json\/wp\/v2\/comments?post=993"}],"version-history":[{"count":10,"href":"https:\/\/clinicaviher.com\/cat\/wp-json\/wp\/v2\/pages\/993\/revisions"}],"predecessor-version":[{"id":2424,"href":"https:\/\/clinicaviher.com\/cat\/wp-json\/wp\/v2\/pages\/993\/revisions\/2424"}],"wp:attachment":[{"href":"https:\/\/clinicaviher.com\/cat\/wp-json\/wp\/v2\/media?parent=993"}],"curies":[{"name":"wp","href":"https:\/\/api.w.org\/{rel}","templated":true}]}}